{"id":7158,"date":"2025-01-21T15:26:15","date_gmt":"2025-01-21T14:26:15","guid":{"rendered":"https:\/\/www.foretdesainthubert-accessible.be\/mochamps-wandeling-van-5-km\/"},"modified":"2025-02-01T15:14:52","modified_gmt":"2025-02-01T14:14:52","slug":"mochamps-wandeling-van-5-km","status":"publish","type":"page","link":"https:\/\/www.foretdesainthubert-accessible.be\/nl\/mochamps-wandeling-van-5-km\/","title":{"rendered":"Mochamps: wandeling van 5 km"},"content":{"rendered":"\t\t<div data-elementor-type=\"wp-page\" data-elementor-id=\"7158\" class=\"elementor elementor-7158 elementor-6819\" data-elementor-post-type=\"page\">\n\t\t\t\t<div class=\"elementor-element elementor-element-b2325fd e-flex e-con-boxed e-con e-parent\" data-id=\"b2325fd\" data-element_type=\"container\" data-e-type=\"container\">\n\t\t\t\t\t<div class=\"e-con-inner\">\n\t\t\t\t<div class=\"elementor-element elementor-element-a3b470b elementor-widget elementor-widget-heading\" data-id=\"a3b470b\" data-element_type=\"widget\" data-e-type=\"widget\" data-widget_type=\"heading.default\">\n\t\t\t\t<div class=\"elementor-widget-container\">\n\t\t\t\t\t<h2 class=\"elementor-heading-title elementor-size-default\">5 km wandeling in de gemeente Tenneville<\/h2>\t\t\t\t<\/div>\n\t\t\t\t<\/div>\n\t\t\t\t\t<\/div>\n\t\t\t\t<\/div>\n\t\t<div class=\"elementor-element elementor-element-22697ab e-flex e-con-boxed e-con e-parent\" data-id=\"22697ab\" data-element_type=\"container\" data-e-type=\"container\">\n\t\t\t\t\t<div class=\"e-con-inner\">\n\t\t\t\t<div class=\"elementor-element elementor-element-48fdaf0 elementor-widget elementor-widget-text-editor\" data-id=\"48fdaf0\" data-element_type=\"widget\" data-e-type=\"widget\" data-widget_type=\"text-editor.default\">\n\t\t\t\t<div class=\"elementor-widget-container\">\n\t\t\t\t\t\t\t\t\t<p>In samenwerking met All Access willen we u graag informeren dat er voorzieningen zijn getroffen voor :<\/p>\n<ul>\n<li>mensen die slecht ter been zijn<\/li>\n<li>mensen in een rolstoel<\/li>\n<li>mensen met gehoorproblemen<\/li>\n<li>mensen met visuele beperkingen<\/li>\n<li>mensen met begripsproblemen<\/li>\n<li>mensen met autisme<\/li>\n<\/ul>\n\t\t\t\t\t\t\t\t<\/div>\n\t\t\t\t<\/div>\n\t\t\t\t\t<\/div>\n\t\t\t\t<\/div>\n\t\t<div class=\"elementor-element elementor-element-502dedd e-flex e-con-boxed e-con e-parent\" data-id=\"502dedd\" data-element_type=\"container\" data-e-type=\"container\">\n\t\t\t\t\t<div class=\"e-con-inner\">\n\t\t<div class=\"elementor-element elementor-element-82903de e-con-full e-flex e-con e-child\" data-id=\"82903de\" data-element_type=\"container\" data-e-type=\"container\">\n\t\t\t\t<div class=\"elementor-element elementor-element-f1805f9 elementor-widget elementor-widget-image\" data-id=\"f1805f9\" data-element_type=\"widget\" data-e-type=\"widget\" data-widget_type=\"image.default\">\n\t\t\t\t<div class=\"elementor-widget-container\">\n\t\t\t\t\t\t\t\t\t\t\t\t\t\t\t<img fetchpriority=\"high\" decoding=\"async\" width=\"800\" height=\"800\" src=\"https:\/\/www.foretdesainthubert-accessible.be\/wp-content\/uploads\/2024\/04\/adresse.webp\" class=\"attachment-large size-large wp-image-555\" alt=\"Pictogramme maison (adresse)\" srcset=\"https:\/\/www.foretdesainthubert-accessible.be\/wp-content\/uploads\/2024\/04\/adresse.webp 1024w, https:\/\/www.foretdesainthubert-accessible.be\/wp-content\/uploads\/2024\/04\/adresse-300x300.webp 300w, https:\/\/www.foretdesainthubert-accessible.be\/wp-content\/uploads\/2024\/04\/adresse-150x150.webp 150w, https:\/\/www.foretdesainthubert-accessible.be\/wp-content\/uploads\/2024\/04\/adresse-768x768.webp 768w\" sizes=\"(max-width: 800px) 100vw, 800px\" \/>\t\t\t\t\t\t\t\t\t\t\t\t\t\t\t<\/div>\n\t\t\t\t<\/div>\n\t\t\t\t<\/div>\n\t\t<div class=\"elementor-element elementor-element-3f4172d e-con-full e-flex e-con e-child\" data-id=\"3f4172d\" data-element_type=\"container\" data-e-type=\"container\">\n\t\t\t\t<div class=\"elementor-element elementor-element-ddb2931 elementor-widget elementor-widget-text-editor\" data-id=\"ddb2931\" data-element_type=\"widget\" data-e-type=\"widget\" data-widget_type=\"text-editor.default\">\n\t\t\t\t<div class=\"elementor-widget-container\">\n\t\t\t\t\t\t\t\t\t<p>Deze rondwandeling van 5 km begint bij het Parc \u00e0 Grume.<br \/>\nHet ligt tussen Barri\u00e8re Mathieu en Mochamps in de gemeente Tenneville.<br \/>\nHet adres is Mochamps, 6970 Tenneville.<\/p>\n\t\t\t\t\t\t\t\t<\/div>\n\t\t\t\t<\/div>\n\t\t\t\t<\/div>\n\t\t\t\t\t<\/div>\n\t\t\t\t<\/div>\n\t\t<div class=\"elementor-element elementor-element-bb967b9 e-flex e-con-boxed e-con e-parent\" data-id=\"bb967b9\" data-element_type=\"container\" data-e-type=\"container\">\n\t\t\t\t\t<div class=\"e-con-inner\">\n\t\t<div class=\"elementor-element elementor-element-447c9d8 e-con-full e-flex e-con e-child\" data-id=\"447c9d8\" data-element_type=\"container\" data-e-type=\"container\">\n\t\t\t\t<div class=\"elementor-element elementor-element-52a9369 elementor-widget elementor-widget-image\" data-id=\"52a9369\" data-element_type=\"widget\" data-e-type=\"widget\" data-widget_type=\"image.default\">\n\t\t\t\t<div class=\"elementor-widget-container\">\n\t\t\t\t\t\t\t\t\t\t\t\t\t\t\t<img decoding=\"async\" width=\"800\" height=\"800\" src=\"https:\/\/www.foretdesainthubert-accessible.be\/wp-content\/uploads\/2024\/04\/telephone.webp\" class=\"attachment-large size-large wp-image-551\" alt=\"Pictogramme t\u00e9l\u00e9phone\" srcset=\"https:\/\/www.foretdesainthubert-accessible.be\/wp-content\/uploads\/2024\/04\/telephone.webp 1024w, https:\/\/www.foretdesainthubert-accessible.be\/wp-content\/uploads\/2024\/04\/telephone-300x300.webp 300w, https:\/\/www.foretdesainthubert-accessible.be\/wp-content\/uploads\/2024\/04\/telephone-150x150.webp 150w, https:\/\/www.foretdesainthubert-accessible.be\/wp-content\/uploads\/2024\/04\/telephone-768x768.webp 768w\" sizes=\"(max-width: 800px) 100vw, 800px\" \/>\t\t\t\t\t\t\t\t\t\t\t\t\t\t\t<\/div>\n\t\t\t\t<\/div>\n\t\t\t\t<\/div>\n\t\t<div class=\"elementor-element elementor-element-c9bdce6 e-con-full e-flex e-con e-child\" data-id=\"c9bdce6\" data-element_type=\"container\" data-e-type=\"container\">\n\t\t\t\t<div class=\"elementor-element elementor-element-2709ff2 elementor-widget elementor-widget-text-editor\" data-id=\"2709ff2\" data-element_type=\"widget\" data-e-type=\"widget\" data-widget_type=\"text-editor.default\">\n\t\t\t\t<div class=\"elementor-widget-container\">\n\t\t\t\t\t\t\t\t\t<p>Als je via de Nationale 89 tussen Barri\u00e8re de Champlon en Saint-Hubert komt: verlaat de Nationale 89 bij Barri\u00e8re Mathieu.<br \/>\nGa rechtdoor richting Mochamps.<br \/>\nAan uw rechterhand ziet u het bord van het Parc \u00e0 Grume.<br \/>\nDe parkeerplaats bevindt zich aan de overkant (aan uw linkerhand).<\/p>\n\t\t\t\t\t\t\t\t<\/div>\n\t\t\t\t<\/div>\n\t\t\t\t<\/div>\n\t\t\t\t\t<\/div>\n\t\t\t\t<\/div>\n\t\t<div class=\"elementor-element elementor-element-73c3178 e-flex e-con-boxed e-con e-parent\" data-id=\"73c3178\" data-element_type=\"container\" data-e-type=\"container\">\n\t\t\t\t\t<div class=\"e-con-inner\">\n\t\t<div class=\"elementor-element elementor-element-401bc9d e-con-full e-flex e-con e-child\" data-id=\"401bc9d\" data-element_type=\"container\" data-e-type=\"container\">\n\t\t\t\t<div class=\"elementor-element elementor-element-8a78bc5 elementor-widget elementor-widget-image\" data-id=\"8a78bc5\" data-element_type=\"widget\" data-e-type=\"widget\" data-widget_type=\"image.default\">\n\t\t\t\t<div class=\"elementor-widget-container\">\n\t\t\t\t\t\t\t\t\t\t\t\t\t\t\t<img decoding=\"async\" width=\"800\" height=\"800\" src=\"https:\/\/www.foretdesainthubert-accessible.be\/wp-content\/uploads\/2024\/04\/mail-1024x1024.png\" class=\"attachment-large size-large wp-image-871\" alt=\"Pictogramme e-mail\" srcset=\"https:\/\/www.foretdesainthubert-accessible.be\/wp-content\/uploads\/2024\/04\/mail-1024x1024.png 1024w, https:\/\/www.foretdesainthubert-accessible.be\/wp-content\/uploads\/2024\/04\/mail-300x300.png 300w, https:\/\/www.foretdesainthubert-accessible.be\/wp-content\/uploads\/2024\/04\/mail-150x150.png 150w, https:\/\/www.foretdesainthubert-accessible.be\/wp-content\/uploads\/2024\/04\/mail-768x768.png 768w, https:\/\/www.foretdesainthubert-accessible.be\/wp-content\/uploads\/2024\/04\/mail.png 1280w\" sizes=\"(max-width: 800px) 100vw, 800px\" \/>\t\t\t\t\t\t\t\t\t\t\t\t\t\t\t<\/div>\n\t\t\t\t<\/div>\n\t\t\t\t<\/div>\n\t\t<div class=\"elementor-element elementor-element-3302580 e-con-full e-flex e-con e-child\" data-id=\"3302580\" data-element_type=\"container\" data-e-type=\"container\">\n\t\t\t\t<div class=\"elementor-element elementor-element-7cefae5 elementor-widget elementor-widget-text-editor\" data-id=\"7cefae5\" data-element_type=\"widget\" data-e-type=\"widget\" data-widget_type=\"text-editor.default\">\n\t\t\t\t<div class=\"elementor-widget-container\">\n\t\t\t\t\t\t\t\t\t<p>Stuur voor meer informatie een e-mail naar tourisme@tenneville.com<\/p>\n\t\t\t\t\t\t\t\t<\/div>\n\t\t\t\t<\/div>\n\t\t\t\t<\/div>\n\t\t\t\t\t<\/div>\n\t\t\t\t<\/div>\n\t\t<div class=\"elementor-element elementor-element-728626a e-flex e-con-boxed e-con e-parent\" data-id=\"728626a\" data-element_type=\"container\" data-e-type=\"container\">\n\t\t\t\t\t<div class=\"e-con-inner\">\n\t\t<div class=\"elementor-element elementor-element-6e8b711 e-con-full e-flex e-con e-child\" data-id=\"6e8b711\" data-element_type=\"container\" data-e-type=\"container\">\n\t\t\t\t<div class=\"elementor-element elementor-element-8abbf0c elementor-widget elementor-widget-image\" data-id=\"8abbf0c\" data-element_type=\"widget\" data-e-type=\"widget\" data-widget_type=\"image.default\">\n\t\t\t\t<div class=\"elementor-widget-container\">\n\t\t\t\t\t\t\t\t\t\t\t\t\t\t\t<img loading=\"lazy\" decoding=\"async\" width=\"800\" height=\"916\" src=\"https:\/\/www.foretdesainthubert-accessible.be\/wp-content\/uploads\/2025\/01\/attention-894x1024.png\" class=\"attachment-large size-large wp-image-6660\" alt=\"\" srcset=\"https:\/\/www.foretdesainthubert-accessible.be\/wp-content\/uploads\/2025\/01\/attention-894x1024.png 894w, https:\/\/www.foretdesainthubert-accessible.be\/wp-content\/uploads\/2025\/01\/attention-262x300.png 262w, https:\/\/www.foretdesainthubert-accessible.be\/wp-content\/uploads\/2025\/01\/attention-768x879.png 768w, https:\/\/www.foretdesainthubert-accessible.be\/wp-content\/uploads\/2025\/01\/attention.png 1118w\" sizes=\"(max-width: 800px) 100vw, 800px\" \/>\t\t\t\t\t\t\t\t\t\t\t\t\t\t\t<\/div>\n\t\t\t\t<\/div>\n\t\t\t\t<\/div>\n\t\t<div class=\"elementor-element elementor-element-b291751 e-con-full e-flex e-con e-child\" data-id=\"b291751\" data-element_type=\"container\" data-e-type=\"container\">\n\t\t\t\t<div class=\"elementor-element elementor-element-8b3c80e elementor-widget elementor-widget-text-editor\" data-id=\"8b3c80e\" data-element_type=\"widget\" data-e-type=\"widget\" data-widget_type=\"text-editor.default\">\n\t\t\t\t<div class=\"elementor-widget-container\">\n\t\t\t\t\t\t\t\t\t<p>Een deel van de route is toegankelijk voor auto&#8217;s.<br \/>\nVoor uw veiligheid raden wij u aan een fluorescerend vest of kleurrijke kleding te dragen.<\/p>\n<p>Tijdens het jachtseizoen, dat loopt van 1 oktober tot 31 december, en soms in januari en februari, kan de wandeling op bepaalde dagen gesloten zijn.<br \/>\nNeem contact op met het Syndicat d&#8217;Initiative de Tenneville om de sluitingsdata te weten te komen.<\/p>\n\t\t\t\t\t\t\t\t<\/div>\n\t\t\t\t<\/div>\n\t\t\t\t<\/div>\n\t\t\t\t\t<\/div>\n\t\t\t\t<\/div>\n\t\t<div class=\"elementor-element elementor-element-699bc10 e-flex e-con-boxed e-con e-parent\" data-id=\"699bc10\" data-element_type=\"container\" data-e-type=\"container\">\n\t\t\t\t\t<div class=\"e-con-inner\">\n\t\t<div class=\"elementor-element elementor-element-1d3b9fc e-con-full e-flex e-con e-child\" data-id=\"1d3b9fc\" data-element_type=\"container\" data-e-type=\"container\">\n\t\t\t\t<div class=\"elementor-element elementor-element-2dd3828 elementor-widget elementor-widget-image\" data-id=\"2dd3828\" data-element_type=\"widget\" data-e-type=\"widget\" data-widget_type=\"image.default\">\n\t\t\t\t<div class=\"elementor-widget-container\">\n\t\t\t\t\t\t\t\t\t\t\t\t\t\t\t<img loading=\"lazy\" decoding=\"async\" width=\"800\" height=\"800\" src=\"https:\/\/www.foretdesainthubert-accessible.be\/wp-content\/uploads\/2024\/04\/parking-1024x1024-1.webp\" class=\"attachment-large size-large wp-image-680\" alt=\"Pictogramme parking\" srcset=\"https:\/\/www.foretdesainthubert-accessible.be\/wp-content\/uploads\/2024\/04\/parking-1024x1024-1.webp 1024w, https:\/\/www.foretdesainthubert-accessible.be\/wp-content\/uploads\/2024\/04\/parking-1024x1024-1-300x300.webp 300w, https:\/\/www.foretdesainthubert-accessible.be\/wp-content\/uploads\/2024\/04\/parking-1024x1024-1-150x150.webp 150w, https:\/\/www.foretdesainthubert-accessible.be\/wp-content\/uploads\/2024\/04\/parking-1024x1024-1-768x768.webp 768w\" sizes=\"(max-width: 800px) 100vw, 800px\" \/>\t\t\t\t\t\t\t\t\t\t\t\t\t\t\t<\/div>\n\t\t\t\t<\/div>\n\t\t\t\t<\/div>\n\t\t<div class=\"elementor-element elementor-element-e9598cf e-con-full e-flex e-con e-child\" data-id=\"e9598cf\" data-element_type=\"container\" data-e-type=\"container\">\n\t\t\t\t<div class=\"elementor-element elementor-element-842ab54 elementor-widget elementor-widget-text-editor\" data-id=\"842ab54\" data-element_type=\"widget\" data-e-type=\"widget\" data-widget_type=\"text-editor.default\">\n\t\t\t\t<div class=\"elementor-widget-container\">\n\t\t\t\t\t\t\t\t\t<p>Er zijn geen speciaal uitgeruste parkeerplaatsen voor mensen met beperkte mobiliteit.<\/p>\n\t\t\t\t\t\t\t\t<\/div>\n\t\t\t\t<\/div>\n\t\t\t\t<\/div>\n\t\t\t\t\t<\/div>\n\t\t\t\t<\/div>\n\t\t<div class=\"elementor-element elementor-element-97046eb e-flex e-con-boxed e-con e-parent\" data-id=\"97046eb\" data-element_type=\"container\" data-e-type=\"container\">\n\t\t\t\t\t<div class=\"e-con-inner\">\n\t\t<div class=\"elementor-element elementor-element-c1546cf e-con-full e-flex e-con e-child\" data-id=\"c1546cf\" data-element_type=\"container\" data-e-type=\"container\">\n\t\t\t\t<div class=\"elementor-element elementor-element-4e2b532 elementor-widget elementor-widget-image\" data-id=\"4e2b532\" data-element_type=\"widget\" data-e-type=\"widget\" data-widget_type=\"image.default\">\n\t\t\t\t<div class=\"elementor-widget-container\">\n\t\t\t\t\t\t\t\t\t\t\t\t\t\t\t<img loading=\"lazy\" decoding=\"async\" width=\"800\" height=\"676\" src=\"https:\/\/www.foretdesainthubert-accessible.be\/wp-content\/uploads\/2024\/04\/toilette-pmr.webp\" class=\"attachment-large size-large wp-image-562\" alt=\"Pictogramme toilette PMR\" srcset=\"https:\/\/www.foretdesainthubert-accessible.be\/wp-content\/uploads\/2024\/04\/toilette-pmr.webp 1024w, https:\/\/www.foretdesainthubert-accessible.be\/wp-content\/uploads\/2024\/04\/toilette-pmr-300x253.webp 300w, https:\/\/www.foretdesainthubert-accessible.be\/wp-content\/uploads\/2024\/04\/toilette-pmr-768x649.webp 768w\" sizes=\"(max-width: 800px) 100vw, 800px\" \/>\t\t\t\t\t\t\t\t\t\t\t\t\t\t\t<\/div>\n\t\t\t\t<\/div>\n\t\t\t\t<\/div>\n\t\t<div class=\"elementor-element elementor-element-0cb1403 e-con-full e-flex e-con e-child\" data-id=\"0cb1403\" data-element_type=\"container\" data-e-type=\"container\">\n\t\t\t\t<div class=\"elementor-element elementor-element-59b0a8d elementor-widget elementor-widget-text-editor\" data-id=\"59b0a8d\" data-element_type=\"widget\" data-e-type=\"widget\" data-widget_type=\"text-editor.default\">\n\t\t\t\t<div class=\"elementor-widget-container\">\n\t\t\t\t\t\t\t\t\t<p>Er zijn geen toiletten ter plaatse.<\/p>\n<p>Er is een aangepast toilet beschikbaar bij het Genin Total benzinestation.<br \/>\nHet bevindt zich langs de Nationale 4 in de rue de la Barri\u00e8re 10, 6970 Tenneville.<\/p>\n<p>Het Genin Total benzinestation ligt op ongeveer 10 kilometer van het begin van de wandeling.<br \/>\nHet is mogelijk om voor de winkel te parkeren.<br \/>\nOm binnen te komen is er een toegangshelling aan de linkerkant bij de kapsalon.<br \/>\nDe deuren gaan automatisch open.<\/p>\n<p>Om toegang te krijgen tot de toiletten moet je de sleutel vragen bij de kassa.<br \/>\nVoor iedereen is de toegang \u20ac 0,50 per persoon als de persoon die het toilet gebruikt geen consumpties nuttigt.<\/p>\n<p>Als je in een rolstoel zit, raden we je aan om achteruit het toilet in te gaan.<\/p>\n\t\t\t\t\t\t\t\t<\/div>\n\t\t\t\t<\/div>\n\t\t\t\t<\/div>\n\t\t\t\t\t<\/div>\n\t\t\t\t<\/div>\n\t\t<div class=\"elementor-element elementor-element-5585f41 e-flex e-con-boxed e-con e-parent\" data-id=\"5585f41\" data-element_type=\"container\" data-e-type=\"container\">\n\t\t\t\t\t<div class=\"e-con-inner\">\n\t\t<div class=\"elementor-element elementor-element-a768330 e-con-full e-flex e-con e-child\" data-id=\"a768330\" data-element_type=\"container\" data-e-type=\"container\">\n\t\t\t\t<div class=\"elementor-element elementor-element-565a07f elementor-widget elementor-widget-image\" data-id=\"565a07f\" data-element_type=\"widget\" data-e-type=\"widget\" data-widget_type=\"image.default\">\n\t\t\t\t<div class=\"elementor-widget-container\">\n\t\t\t\t\t\t\t\t\t\t\t\t\t\t\t<img loading=\"lazy\" decoding=\"async\" width=\"752\" height=\"1024\" src=\"https:\/\/www.foretdesainthubert-accessible.be\/wp-content\/uploads\/2024\/04\/20240403-Autocollant-chien-dassistance-1080x1920-px-ep-752x1024.png\" class=\"attachment-large size-large wp-image-651\" alt=\"Pictogramme chiens d&#039;assistance admis\" srcset=\"https:\/\/www.foretdesainthubert-accessible.be\/wp-content\/uploads\/2024\/04\/20240403-Autocollant-chien-dassistance-1080x1920-px-ep-752x1024.png 752w, https:\/\/www.foretdesainthubert-accessible.be\/wp-content\/uploads\/2024\/04\/20240403-Autocollant-chien-dassistance-1080x1920-px-ep-220x300.png 220w, https:\/\/www.foretdesainthubert-accessible.be\/wp-content\/uploads\/2024\/04\/20240403-Autocollant-chien-dassistance-1080x1920-px-ep-768x1046.png 768w, https:\/\/www.foretdesainthubert-accessible.be\/wp-content\/uploads\/2024\/04\/20240403-Autocollant-chien-dassistance-1080x1920-px-ep-1128x1536.png 1128w, https:\/\/www.foretdesainthubert-accessible.be\/wp-content\/uploads\/2024\/04\/20240403-Autocollant-chien-dassistance-1080x1920-px-ep.png 1410w\" sizes=\"(max-width: 752px) 100vw, 752px\" \/>\t\t\t\t\t\t\t\t\t\t\t\t\t\t\t<\/div>\n\t\t\t\t<\/div>\n\t\t\t\t<\/div>\n\t\t<div class=\"elementor-element elementor-element-30dc9f3 e-con-full e-flex e-con e-child\" data-id=\"30dc9f3\" data-element_type=\"container\" data-e-type=\"container\">\n\t\t\t\t<div class=\"elementor-element elementor-element-dd248d6 elementor-widget elementor-widget-text-editor\" data-id=\"dd248d6\" data-element_type=\"widget\" data-e-type=\"widget\" data-widget_type=\"text-editor.default\">\n\t\t\t\t<div class=\"elementor-widget-container\">\n\t\t\t\t\t\t\t\t\t<p>Hulphonden zijn welkom.<br \/>\nZe moeten wel aan de lijn worden gehouden.<\/p>\n\t\t\t\t\t\t\t\t<\/div>\n\t\t\t\t<\/div>\n\t\t\t\t<\/div>\n\t\t\t\t\t<\/div>\n\t\t\t\t<\/div>\n\t\t<div class=\"elementor-element elementor-element-f762bf3 e-flex e-con-boxed e-con e-parent\" data-id=\"f762bf3\" data-element_type=\"container\" data-e-type=\"container\">\n\t\t\t\t\t<div class=\"e-con-inner\">\n\t\t\t\t<div class=\"elementor-element elementor-element-5235758 elementor-widget elementor-widget-heading\" data-id=\"5235758\" data-element_type=\"widget\" data-e-type=\"widget\" data-widget_type=\"heading.default\">\n\t\t\t\t<div class=\"elementor-widget-container\">\n\t\t\t\t\t<h2 class=\"elementor-heading-title elementor-size-default\">Foto's van de wandeling<\/h2>\t\t\t\t<\/div>\n\t\t\t\t<\/div>\n\t\t\t\t\t<\/div>\n\t\t\t\t<\/div>\n\t\t<div class=\"elementor-element elementor-element-39d3049 e-flex e-con-boxed e-con e-parent\" data-id=\"39d3049\" data-element_type=\"container\" data-e-type=\"container\">\n\t\t\t\t\t<div class=\"e-con-inner\">\n\t\t<div class=\"elementor-element elementor-element-92e3d2f e-con-full e-flex e-con e-child\" data-id=\"92e3d2f\" data-element_type=\"container\" data-e-type=\"container\">\n\t\t\t\t<div class=\"elementor-element elementor-element-804e6bf elementor-widget elementor-widget-image\" data-id=\"804e6bf\" data-element_type=\"widget\" data-e-type=\"widget\" data-widget_type=\"image.default\">\n\t\t\t\t<div class=\"elementor-widget-container\">\n\t\t\t\t\t\t\t\t\t\t\t\t\t\t\t<img loading=\"lazy\" decoding=\"async\" width=\"800\" height=\"600\" src=\"https:\/\/www.foretdesainthubert-accessible.be\/wp-content\/uploads\/2025\/01\/tourdepriesse\u00a9IJusseret-90-1024x768-1.jpg\" class=\"attachment-large size-large wp-image-6863\" alt=\"\" srcset=\"https:\/\/www.foretdesainthubert-accessible.be\/wp-content\/uploads\/2025\/01\/tourdepriesse\u00a9IJusseret-90-1024x768-1.jpg 1024w, https:\/\/www.foretdesainthubert-accessible.be\/wp-content\/uploads\/2025\/01\/tourdepriesse\u00a9IJusseret-90-1024x768-1-300x225.jpg 300w, https:\/\/www.foretdesainthubert-accessible.be\/wp-content\/uploads\/2025\/01\/tourdepriesse\u00a9IJusseret-90-1024x768-1-768x576.jpg 768w\" sizes=\"(max-width: 800px) 100vw, 800px\" \/>\t\t\t\t\t\t\t\t\t\t\t\t\t\t\t<\/div>\n\t\t\t\t<\/div>\n\t\t\t\t<\/div>\n\t\t<div class=\"elementor-element elementor-element-356e568 e-con-full e-flex e-con e-child\" data-id=\"356e568\" data-element_type=\"container\" data-e-type=\"container\">\n\t\t\t\t<div class=\"elementor-element elementor-element-8dbdc4d elementor-widget elementor-widget-image\" data-id=\"8dbdc4d\" data-element_type=\"widget\" data-e-type=\"widget\" data-widget_type=\"image.default\">\n\t\t\t\t<div class=\"elementor-widget-container\">\n\t\t\t\t\t\t\t\t\t\t\t\t\t\t\t<img loading=\"lazy\" decoding=\"async\" width=\"768\" height=\"512\" src=\"https:\/\/www.foretdesainthubert-accessible.be\/wp-content\/uploads\/2025\/01\/promenade_mochamps_8-768x512-1.webp\" class=\"attachment-large size-large wp-image-6867\" alt=\"\" srcset=\"https:\/\/www.foretdesainthubert-accessible.be\/wp-content\/uploads\/2025\/01\/promenade_mochamps_8-768x512-1.webp 768w, https:\/\/www.foretdesainthubert-accessible.be\/wp-content\/uploads\/2025\/01\/promenade_mochamps_8-768x512-1-300x200.webp 300w\" sizes=\"(max-width: 768px) 100vw, 768px\" \/>\t\t\t\t\t\t\t\t\t\t\t\t\t\t\t<\/div>\n\t\t\t\t<\/div>\n\t\t\t\t<\/div>\n\t\t\t\t\t<\/div>\n\t\t\t\t<\/div>\n\t\t<div class=\"elementor-element elementor-element-ad038da e-flex e-con-boxed e-con e-parent\" data-id=\"ad038da\" data-element_type=\"container\" data-e-type=\"container\">\n\t\t\t\t\t<div class=\"e-con-inner\">\n\t\t\t\t<div class=\"elementor-element elementor-element-0e31a44 elementor-widget elementor-widget-heading\" data-id=\"0e31a44\" data-element_type=\"widget\" data-e-type=\"widget\" data-widget_type=\"heading.default\">\n\t\t\t\t<div class=\"elementor-widget-container\">\n\t\t\t\t\t<h2 class=\"elementor-heading-title elementor-size-default\">Foto's van de observatiezone van Fagne \u00e0 la Fontaine<\/h2>\t\t\t\t<\/div>\n\t\t\t\t<\/div>\n\t\t\t\t\t<\/div>\n\t\t\t\t<\/div>\n\t\t<div class=\"elementor-element elementor-element-f0f3b10 e-flex e-con-boxed e-con e-parent\" data-id=\"f0f3b10\" data-element_type=\"container\" data-e-type=\"container\">\n\t\t\t\t\t<div class=\"e-con-inner\">\n\t\t\t\t<div class=\"elementor-element elementor-element-f5482b8 elementor-widget elementor-widget-text-editor\" data-id=\"f5482b8\" data-element_type=\"widget\" data-e-type=\"widget\" data-widget_type=\"text-editor.default\">\n\t\t\t\t<div class=\"elementor-widget-container\">\n\t\t\t\t\t\t\t\t\t<p><em>Photos bient\u00f4t disponibles<\/em><\/p>\n\t\t\t\t\t\t\t\t<\/div>\n\t\t\t\t<\/div>\n\t\t\t\t\t<\/div>\n\t\t\t\t<\/div>\n\t\t<div class=\"elementor-element elementor-element-9647c9b e-flex e-con-boxed e-con e-parent\" data-id=\"9647c9b\" data-element_type=\"container\" data-e-type=\"container\">\n\t\t\t\t\t<div class=\"e-con-inner\">\n\t\t\t\t<div class=\"elementor-element elementor-element-6c25ce3 elementor-widget elementor-widget-heading\" data-id=\"6c25ce3\" data-element_type=\"widget\" data-e-type=\"widget\" data-widget_type=\"heading.default\">\n\t\t\t\t<div class=\"elementor-widget-container\">\n\t\t\t\t\t<h2 class=\"elementor-heading-title elementor-size-default\">Foto's van de observatiezone van Bilaude<\/h2>\t\t\t\t<\/div>\n\t\t\t\t<\/div>\n\t\t\t\t\t<\/div>\n\t\t\t\t<\/div>\n\t\t<div class=\"elementor-element elementor-element-610ca20 e-flex e-con-boxed e-con e-parent\" data-id=\"610ca20\" data-element_type=\"container\" data-e-type=\"container\">\n\t\t\t\t\t<div class=\"e-con-inner\">\n\t\t<div class=\"elementor-element elementor-element-ab8d1b3 e-con-full e-flex e-con e-child\" data-id=\"ab8d1b3\" data-element_type=\"container\" data-e-type=\"container\">\n\t\t\t\t<div class=\"elementor-element elementor-element-541f021 elementor-widget elementor-widget-image\" data-id=\"541f021\" data-element_type=\"widget\" data-e-type=\"widget\" data-widget_type=\"image.default\">\n\t\t\t\t<div class=\"elementor-widget-container\">\n\t\t\t\t\t\t\t\t\t\t\t\t\t\t\t<img loading=\"lazy\" decoding=\"async\" width=\"768\" height=\"510\" src=\"https:\/\/www.foretdesainthubert-accessible.be\/wp-content\/uploads\/2025\/01\/bilaude2-768x510-1.webp\" class=\"attachment-large size-large wp-image-6887\" alt=\"\" srcset=\"https:\/\/www.foretdesainthubert-accessible.be\/wp-content\/uploads\/2025\/01\/bilaude2-768x510-1.webp 768w, https:\/\/www.foretdesainthubert-accessible.be\/wp-content\/uploads\/2025\/01\/bilaude2-768x510-1-300x199.webp 300w\" sizes=\"(max-width: 768px) 100vw, 768px\" \/>\t\t\t\t\t\t\t\t\t\t\t\t\t\t\t<\/div>\n\t\t\t\t<\/div>\n\t\t\t\t<\/div>\n\t\t<div class=\"elementor-element elementor-element-35947a6 e-con-full e-flex e-con e-child\" data-id=\"35947a6\" data-element_type=\"container\" data-e-type=\"container\">\n\t\t\t\t<div class=\"elementor-element elementor-element-df2b556 elementor-widget elementor-widget-image\" data-id=\"df2b556\" data-element_type=\"widget\" data-e-type=\"widget\" data-widget_type=\"image.default\">\n\t\t\t\t<div class=\"elementor-widget-container\">\n\t\t\t\t\t\t\t\t\t\t\t\t\t\t\t<img loading=\"lazy\" decoding=\"async\" width=\"768\" height=\"512\" src=\"https:\/\/www.foretdesainthubert-accessible.be\/wp-content\/uploads\/2025\/01\/bilaude-768x512-1.webp\" class=\"attachment-large size-large wp-image-6891\" alt=\"\" srcset=\"https:\/\/www.foretdesainthubert-accessible.be\/wp-content\/uploads\/2025\/01\/bilaude-768x512-1.webp 768w, https:\/\/www.foretdesainthubert-accessible.be\/wp-content\/uploads\/2025\/01\/bilaude-768x512-1-300x200.webp 300w\" sizes=\"(max-width: 768px) 100vw, 768px\" \/>\t\t\t\t\t\t\t\t\t\t\t\t\t\t\t<\/div>\n\t\t\t\t<\/div>\n\t\t\t\t<\/div>\n\t\t\t\t\t<\/div>\n\t\t\t\t<\/div>\n\t\t<div class=\"elementor-element elementor-element-bfd8b5e e-flex e-con-boxed e-con e-parent\" data-id=\"bfd8b5e\" data-element_type=\"container\" data-e-type=\"container\">\n\t\t\t\t\t<div class=\"e-con-inner\">\n\t\t\t\t<div class=\"elementor-element elementor-element-535a73a elementor-widget elementor-widget-heading\" data-id=\"535a73a\" data-element_type=\"widget\" data-e-type=\"widget\" data-widget_type=\"heading.default\">\n\t\t\t\t<div class=\"elementor-widget-container\">\n\t\t\t\t\t<h2 class=\"elementor-heading-title elementor-size-default\">Foto's van het observatiegebied van de Tour de Priesse<\/h2>\t\t\t\t<\/div>\n\t\t\t\t<\/div>\n\t\t\t\t\t<\/div>\n\t\t\t\t<\/div>\n\t\t<div class=\"elementor-element elementor-element-e0939b4 e-flex e-con-boxed e-con e-parent\" data-id=\"e0939b4\" data-element_type=\"container\" data-e-type=\"container\">\n\t\t\t\t\t<div class=\"e-con-inner\">\n\t\t<div class=\"elementor-element elementor-element-511eb31 e-con-full e-flex e-con e-child\" data-id=\"511eb31\" data-element_type=\"container\" data-e-type=\"container\">\n\t\t\t\t<div class=\"elementor-element elementor-element-2e47b7e elementor-widget elementor-widget-image\" data-id=\"2e47b7e\" data-element_type=\"widget\" data-e-type=\"widget\" data-widget_type=\"image.default\">\n\t\t\t\t<div class=\"elementor-widget-container\">\n\t\t\t\t\t\t\t\t\t\t\t\t\t\t\t<img loading=\"lazy\" decoding=\"async\" width=\"800\" height=\"600\" src=\"https:\/\/www.foretdesainthubert-accessible.be\/wp-content\/uploads\/2025\/01\/tourdepriesse\u00a9IJusseret-71-1024x768-1.webp\" class=\"attachment-large size-large wp-image-6899\" alt=\"\" srcset=\"https:\/\/www.foretdesainthubert-accessible.be\/wp-content\/uploads\/2025\/01\/tourdepriesse\u00a9IJusseret-71-1024x768-1.webp 1024w, https:\/\/www.foretdesainthubert-accessible.be\/wp-content\/uploads\/2025\/01\/tourdepriesse\u00a9IJusseret-71-1024x768-1-300x225.webp 300w, https:\/\/www.foretdesainthubert-accessible.be\/wp-content\/uploads\/2025\/01\/tourdepriesse\u00a9IJusseret-71-1024x768-1-768x576.webp 768w\" sizes=\"(max-width: 800px) 100vw, 800px\" \/>\t\t\t\t\t\t\t\t\t\t\t\t\t\t\t<\/div>\n\t\t\t\t<\/div>\n\t\t\t\t<\/div>\n\t\t<div class=\"elementor-element elementor-element-488f46f e-con-full e-flex e-con e-child\" data-id=\"488f46f\" data-element_type=\"container\" data-e-type=\"container\">\n\t\t\t\t<div class=\"elementor-element elementor-element-35ca2c8 elementor-widget elementor-widget-image\" data-id=\"35ca2c8\" data-element_type=\"widget\" data-e-type=\"widget\" data-widget_type=\"image.default\">\n\t\t\t\t<div class=\"elementor-widget-container\">\n\t\t\t\t\t\t\t\t\t\t\t\t\t\t\t<img loading=\"lazy\" decoding=\"async\" width=\"768\" height=\"1024\" src=\"https:\/\/www.foretdesainthubert-accessible.be\/wp-content\/uploads\/2025\/01\/tourdepriesse\u00a9IJusseret-69-1-768x1024-1.webp\" class=\"attachment-large size-large wp-image-6903\" alt=\"\" srcset=\"https:\/\/www.foretdesainthubert-accessible.be\/wp-content\/uploads\/2025\/01\/tourdepriesse\u00a9IJusseret-69-1-768x1024-1.webp 768w, https:\/\/www.foretdesainthubert-accessible.be\/wp-content\/uploads\/2025\/01\/tourdepriesse\u00a9IJusseret-69-1-768x1024-1-225x300.webp 225w\" sizes=\"(max-width: 768px) 100vw, 768px\" \/>\t\t\t\t\t\t\t\t\t\t\t\t\t\t\t<\/div>\n\t\t\t\t<\/div>\n\t\t\t\t<\/div>\n\t\t\t\t\t<\/div>\n\t\t\t\t<\/div>\n\t\t<div class=\"elementor-element elementor-element-b963805 e-flex e-con-boxed e-con e-parent\" data-id=\"b963805\" data-element_type=\"container\" data-e-type=\"container\">\n\t\t\t\t\t<div class=\"e-con-inner\">\n\t\t\t\t<div class=\"elementor-element elementor-element-9ad7db3 elementor-widget elementor-widget-heading\" data-id=\"9ad7db3\" data-element_type=\"widget\" data-e-type=\"widget\" data-widget_type=\"heading.default\">\n\t\t\t\t<div class=\"elementor-widget-container\">\n\t\t\t\t\t<h2 class=\"elementor-heading-title elementor-size-default\">Nuttige informatie<\/h2>\t\t\t\t<\/div>\n\t\t\t\t<\/div>\n\t\t\t\t\t<\/div>\n\t\t\t\t<\/div>\n\t\t<div class=\"elementor-element elementor-element-9de22f4 e-flex e-con-boxed e-con e-parent\" data-id=\"9de22f4\" data-element_type=\"container\" data-e-type=\"container\">\n\t\t\t\t\t<div class=\"e-con-inner\">\n\t\t<div class=\"elementor-element elementor-element-a9c2ad1 e-con-full e-flex e-con e-child\" data-id=\"a9c2ad1\" data-element_type=\"container\" data-e-type=\"container\">\n\t\t\t\t<div class=\"elementor-element elementor-element-a9d458a elementor-widget elementor-widget-image\" data-id=\"a9d458a\" data-element_type=\"widget\" data-e-type=\"widget\" data-widget_type=\"image.default\">\n\t\t\t\t<div class=\"elementor-widget-container\">\n\t\t\t\t\t\t\t\t\t\t\t\t\t\t\t<img loading=\"lazy\" decoding=\"async\" width=\"500\" height=\"500\" src=\"https:\/\/www.foretdesainthubert-accessible.be\/wp-content\/uploads\/2025\/01\/balisage-2.png\" class=\"attachment-large size-large wp-image-6841\" alt=\"\" srcset=\"https:\/\/www.foretdesainthubert-accessible.be\/wp-content\/uploads\/2025\/01\/balisage-2.png 500w, https:\/\/www.foretdesainthubert-accessible.be\/wp-content\/uploads\/2025\/01\/balisage-2-300x300.png 300w, https:\/\/www.foretdesainthubert-accessible.be\/wp-content\/uploads\/2025\/01\/balisage-2-150x150.png 150w\" sizes=\"(max-width: 500px) 100vw, 500px\" \/>\t\t\t\t\t\t\t\t\t\t\t\t\t\t\t<\/div>\n\t\t\t\t<\/div>\n\t\t\t\t<\/div>\n\t\t<div class=\"elementor-element elementor-element-8af4702 e-con-full e-flex e-con e-child\" data-id=\"8af4702\" data-element_type=\"container\" data-e-type=\"container\">\n\t\t\t\t<div class=\"elementor-element elementor-element-98bf2c8 elementor-widget elementor-widget-text-editor\" data-id=\"98bf2c8\" data-element_type=\"widget\" data-e-type=\"widget\" data-widget_type=\"text-editor.default\">\n\t\t\t\t<div class=\"elementor-widget-container\">\n\t\t\t\t\t\t\t\t\t<p>Deze lus van 5 km ligt op de wandeling van Mochamps, die ongeveer 10 km lang is.<br \/>\nDe wandeling is slechts in \u00e9\u00e9n richting bewegwijzerd.<br \/>\nDe markeringen zijn een gele rechthoek op een witte achtergrond.<\/p>\n\t\t\t\t\t\t\t\t<\/div>\n\t\t\t\t<\/div>\n\t\t\t\t<\/div>\n\t\t\t\t\t<\/div>\n\t\t\t\t<\/div>\n\t\t<div class=\"elementor-element elementor-element-2bbc27d e-flex e-con-boxed e-con e-parent\" data-id=\"2bbc27d\" data-element_type=\"container\" data-e-type=\"container\">\n\t\t\t\t\t<div class=\"e-con-inner\">\n\t\t<div class=\"elementor-element elementor-element-003082b e-con-full e-flex e-con e-child\" data-id=\"003082b\" data-element_type=\"container\" data-e-type=\"container\">\n\t\t\t\t<div class=\"elementor-element elementor-element-e653ea5 elementor-widget elementor-widget-image\" data-id=\"e653ea5\" data-element_type=\"widget\" data-e-type=\"widget\" data-widget_type=\"image.default\">\n\t\t\t\t<div class=\"elementor-widget-container\">\n\t\t\t\t\t\t\t\t\t\t\t\t\t\t\t<img loading=\"lazy\" decoding=\"async\" width=\"500\" height=\"500\" src=\"https:\/\/www.foretdesainthubert-accessible.be\/wp-content\/uploads\/2025\/01\/direction-promenade-pmr.png\" class=\"attachment-large size-large wp-image-6833\" alt=\"\" srcset=\"https:\/\/www.foretdesainthubert-accessible.be\/wp-content\/uploads\/2025\/01\/direction-promenade-pmr.png 500w, https:\/\/www.foretdesainthubert-accessible.be\/wp-content\/uploads\/2025\/01\/direction-promenade-pmr-300x300.png 300w, https:\/\/www.foretdesainthubert-accessible.be\/wp-content\/uploads\/2025\/01\/direction-promenade-pmr-150x150.png 150w\" sizes=\"(max-width: 500px) 100vw, 500px\" \/>\t\t\t\t\t\t\t\t\t\t\t\t\t\t\t<\/div>\n\t\t\t\t<\/div>\n\t\t\t\t<\/div>\n\t\t<div class=\"elementor-element elementor-element-c5fc11b e-con-full e-flex e-con e-child\" data-id=\"c5fc11b\" data-element_type=\"container\" data-e-type=\"container\">\n\t\t\t\t<div class=\"elementor-element elementor-element-c314acb elementor-widget elementor-widget-text-editor\" data-id=\"c314acb\" data-element_type=\"widget\" data-e-type=\"widget\" data-widget_type=\"text-editor.default\">\n\t\t\t\t<div class=\"elementor-widget-container\">\n\t\t\t\t\t\t\t\t\t<p>Er zijn twee opties om deze lus van 5 km te lopen.<\/p>\n<p><strong>Optie 1: Sportieve wandeling<\/strong><br \/>\nEr zijn twee beklimmingen en de hellingen zijn lang.<br \/>\nVolg vanaf de parkeerplaats de borden naar Mochamps.<br \/>\nWanneer u het Parc \u00e0 Grume aan uw rechterhand ziet, gaat u rechtdoor.<br \/>\nDe wandeling begint door de weg te volgen die door auto&#8217;s wordt gebruikt.<\/p>\n<p><strong>Optie 2: Een gemakkelijkere wandeling<\/strong><br \/>\nIn plaats van de twee stukken bergop van de sportieve wandeling, zijn er twee stukken bergaf.<br \/>\nVolg de wandeling in tegenovergestelde richting.<br \/>\nEr zijn geen wegwijzers.<\/p>\n\t\t\t\t\t\t\t\t<\/div>\n\t\t\t\t<\/div>\n\t\t\t\t<\/div>\n\t\t\t\t\t<\/div>\n\t\t\t\t<\/div>\n\t\t<div class=\"elementor-element elementor-element-62fb24a e-flex e-con-boxed e-con e-parent\" data-id=\"62fb24a\" data-element_type=\"container\" data-e-type=\"container\">\n\t\t\t\t\t<div class=\"e-con-inner\">\n\t\t<div class=\"elementor-element elementor-element-e376692 e-con-full e-flex e-con e-child\" data-id=\"e376692\" data-element_type=\"container\" data-e-type=\"container\">\n\t\t\t\t<\/div>\n\t\t<div class=\"elementor-element elementor-element-fa9c3fd e-con-full e-flex e-con e-child\" data-id=\"fa9c3fd\" data-element_type=\"container\" data-e-type=\"container\">\n\t\t\t\t<div class=\"elementor-element elementor-element-18e96d9 elementor-widget elementor-widget-image\" data-id=\"18e96d9\" data-element_type=\"widget\" data-e-type=\"widget\" data-widget_type=\"image.default\">\n\t\t\t\t<div class=\"elementor-widget-container\">\n\t\t\t\t\t\t\t\t\t\t\t\t\t\t\t<img loading=\"lazy\" decoding=\"async\" width=\"800\" height=\"568\" src=\"https:\/\/www.foretdesainthubert-accessible.be\/wp-content\/uploads\/2025\/01\/accessibilite_PBS-1024x727-1.webp\" class=\"attachment-large size-large wp-image-6848\" alt=\"\" srcset=\"https:\/\/www.foretdesainthubert-accessible.be\/wp-content\/uploads\/2025\/01\/accessibilite_PBS-1024x727-1.webp 1024w, https:\/\/www.foretdesainthubert-accessible.be\/wp-content\/uploads\/2025\/01\/accessibilite_PBS-1024x727-1-300x213.webp 300w, https:\/\/www.foretdesainthubert-accessible.be\/wp-content\/uploads\/2025\/01\/accessibilite_PBS-1024x727-1-768x545.webp 768w\" sizes=\"(max-width: 800px) 100vw, 800px\" \/>\t\t\t\t\t\t\t\t\t\t\t\t\t\t\t<\/div>\n\t\t\t\t<\/div>\n\t\t\t\t<\/div>\n\t\t<div class=\"elementor-element elementor-element-ac5c4d7 e-con-full e-flex e-con e-child\" data-id=\"ac5c4d7\" data-element_type=\"container\" data-e-type=\"container\">\n\t\t\t\t<\/div>\n\t\t\t\t\t<\/div>\n\t\t\t\t<\/div>\n\t\t<div class=\"elementor-element elementor-element-8b945a3 e-flex e-con-boxed e-con e-parent\" data-id=\"8b945a3\" data-element_type=\"container\" data-e-type=\"container\">\n\t\t\t\t\t<div class=\"e-con-inner\">\n\t\t<div class=\"elementor-element elementor-element-5b34f59 e-con-full e-flex e-con e-child\" data-id=\"5b34f59\" data-element_type=\"container\" data-e-type=\"container\">\n\t\t\t\t<div class=\"elementor-element elementor-element-e8a0087 elementor-widget elementor-widget-image\" data-id=\"e8a0087\" data-element_type=\"widget\" data-e-type=\"widget\" data-widget_type=\"image.default\">\n\t\t\t\t<div class=\"elementor-widget-container\">\n\t\t\t\t\t\t\t\t\t\t\t\t\t\t\t<img loading=\"lazy\" decoding=\"async\" width=\"150\" height=\"150\" src=\"https:\/\/www.foretdesainthubert-accessible.be\/wp-content\/uploads\/2025\/01\/Picto-14-150x150-1.webp\" class=\"attachment-large size-large wp-image-6877\" alt=\"\" \/>\t\t\t\t\t\t\t\t\t\t\t\t\t\t\t<\/div>\n\t\t\t\t<\/div>\n\t\t\t\t<\/div>\n\t\t<div class=\"elementor-element elementor-element-402b5a0 e-con-full e-flex e-con e-child\" data-id=\"402b5a0\" data-element_type=\"container\" data-e-type=\"container\">\n\t\t\t\t<div class=\"elementor-element elementor-element-9b884bd elementor-widget elementor-widget-text-editor\" data-id=\"9b884bd\" data-element_type=\"widget\" data-e-type=\"widget\" data-widget_type=\"text-editor.default\">\n\t\t\t\t<div class=\"elementor-widget-container\">\n\t\t\t\t\t\t\t\t\t<p>Er zijn 3 bezienswaardigheden op deze wandeling.<br \/>\nDit zijn rustige gebieden.<br \/>\nHet zijn plekken om de natuur, landschappen en dieren te observeren.<\/p>\n<p><strong>De observatiezone van Fagne \u00e0 la Fontaine<\/strong><br \/>\nBinnenkort informatie<\/p>\n<p><strong>De observatiezone van Tour de Priesse<\/strong><br \/>\nEr is hulp nodig om de trap op en af te gaan.<br \/>\nDe trappen zijn steil.<br \/>\nDe toren is vanwege de trappen niet toegankelijk voor rolstoelgebruikers.<br \/>\nKinderen onder de 10 jaar hebben geen toegang.<\/p>\n<p><strong>De observatiezone Bilaude<\/strong><br \/>\nAfhankelijk van je behoeften en fysieke conditie kan hulp nodig zijn.<br \/>\nHet pad daalt licht en is deels steenachtig.<\/p>\n\t\t\t\t\t\t\t\t<\/div>\n\t\t\t\t<\/div>\n\t\t\t\t<\/div>\n\t\t\t\t\t<\/div>\n\t\t\t\t<\/div>\n\t\t<div class=\"elementor-element elementor-element-681b31c e-flex e-con-boxed e-con e-parent\" data-id=\"681b31c\" data-element_type=\"container\" data-e-type=\"container\">\n\t\t\t\t\t<div class=\"e-con-inner\">\n\t\t\t\t\t<\/div>\n\t\t\t\t<\/div>\n\t\t\t\t<\/div>\n\t\t","protected":false},"excerpt":{"rendered":"<p>5 km wandeling in de gemeente Tenneville In samenwerking met All Access willen we u graag informeren dat er voorzieningen zijn getroffen voor : mensen die slecht ter been zijn mensen in een rolstoel mensen met gehoorproblemen mensen met visuele beperkingen mensen met begripsproblemen mensen met autisme Deze rondwandeling van 5 km begint bij het [&hellip;]<\/p>\n","protected":false},"author":4,"featured_media":0,"parent":0,"menu_order":0,"comment_status":"closed","ping_status":"closed","template":"","meta":{"_seopress_robots_primary_cat":"","_seopress_titles_title":"Toerisme en handicap in Belgi\u00eb (Walloni\u00eb)","_seopress_titles_desc":"Een rondwandeling van 5 km die toegankelijk is voor rolstoelgebruikers in het For\u00eat de Saint-Hubert.","_seopress_robots_index":"","footnotes":""},"class_list":["post-7158","page","type-page","status-publish","hentry"],"_links":{"self":[{"href":"https:\/\/www.foretdesainthubert-accessible.be\/nl\/wp-json\/wp\/v2\/pages\/7158","targetHints":{"allow":["GET"]}}],"collection":[{"href":"https:\/\/www.foretdesainthubert-accessible.be\/nl\/wp-json\/wp\/v2\/pages"}],"about":[{"href":"https:\/\/www.foretdesainthubert-accessible.be\/nl\/wp-json\/wp\/v2\/types\/page"}],"author":[{"embeddable":true,"href":"https:\/\/www.foretdesainthubert-accessible.be\/nl\/wp-json\/wp\/v2\/users\/4"}],"replies":[{"embeddable":true,"href":"https:\/\/www.foretdesainthubert-accessible.be\/nl\/wp-json\/wp\/v2\/comments?post=7158"}],"version-history":[{"count":1,"href":"https:\/\/www.foretdesainthubert-accessible.be\/nl\/wp-json\/wp\/v2\/pages\/7158\/revisions"}],"predecessor-version":[{"id":7159,"href":"https:\/\/www.foretdesainthubert-accessible.be\/nl\/wp-json\/wp\/v2\/pages\/7158\/revisions\/7159"}],"wp:attachment":[{"href":"https:\/\/www.foretdesainthubert-accessible.be\/nl\/wp-json\/wp\/v2\/media?parent=7158"}],"curies":[{"name":"wp","href":"https:\/\/api.w.org\/{rel}","templated":true}]}}