{"id":4669,"date":"2024-04-08T14:56:17","date_gmt":"2024-04-08T12:56:17","guid":{"rendered":"https:\/\/www.foretdesainthubert-accessible.be\/wellin\/"},"modified":"2026-02-15T13:25:07","modified_gmt":"2026-02-15T12:25:07","slug":"wellin","status":"publish","type":"page","link":"https:\/\/www.foretdesainthubert-accessible.be\/nl\/wellin\/","title":{"rendered":"Wellin"},"content":{"rendered":"\t\t<div data-elementor-type=\"wp-page\" data-elementor-id=\"4669\" class=\"elementor elementor-4669 elementor-946\" data-elementor-post-type=\"page\">\n\t\t\t\t<div class=\"elementor-element elementor-element-c77e008 e-flex e-con-boxed e-con e-parent\" data-id=\"c77e008\" data-element_type=\"container\" data-e-type=\"container\">\n\t\t\t\t\t<div class=\"e-con-inner\">\n\t\t\t\t<div class=\"elementor-element elementor-element-b104c5a elementor-widget elementor-widget-heading\" data-id=\"b104c5a\" data-element_type=\"widget\" data-e-type=\"widget\" data-widget_type=\"heading.default\">\n\t\t\t\t<div class=\"elementor-widget-container\">\n\t\t\t\t\t<h1 class=\"elementor-heading-title elementor-size-default\">Onthaal in Wellin<\/h1>\t\t\t\t<\/div>\n\t\t\t\t<\/div>\n\t\t\t\t\t<\/div>\n\t\t\t\t<\/div>\n\t\t<div class=\"elementor-element elementor-element-a754080 e-flex e-con-boxed e-con e-parent\" data-id=\"a754080\" data-element_type=\"container\" data-e-type=\"container\">\n\t\t\t\t\t<div class=\"e-con-inner\">\n\t\t\t\t<div class=\"elementor-element elementor-element-2300349 elementor-widget elementor-widget-text-editor\" data-id=\"2300349\" data-element_type=\"widget\" data-e-type=\"widget\" data-widget_type=\"text-editor.default\">\n\t\t\t\t<div class=\"elementor-widget-container\">\n\t\t\t\t\t\t\t\t\t<p>In samenwerking met All Access (Provincie Luxemburg) willen wij u informeren dat deze site toegankelijk is voor :<\/p>\n<ul>\n<li>mensen in een rolstoel<\/li>\n<li>mensen die moeilijk ter been zijn<\/li>\n<li>slechtzienden<\/li>\n<li>slechthorenden (geen visueel alarmsysteem)<\/li>\n<li>mensen met begripsproblemen<\/li>\n<li>mensen met autisme<\/li>\n<\/ul>\n\t\t\t\t\t\t\t\t<\/div>\n\t\t\t\t<\/div>\n\t\t\t\t\t<\/div>\n\t\t\t\t<\/div>\n\t\t<div class=\"elementor-element elementor-element-67f04ab e-flex e-con-boxed e-con e-parent\" data-id=\"67f04ab\" data-element_type=\"container\" data-e-type=\"container\">\n\t\t\t\t\t<div class=\"e-con-inner\">\n\t\t<div class=\"elementor-element elementor-element-0f8c107 e-con-full e-flex e-con e-child\" data-id=\"0f8c107\" data-element_type=\"container\" data-e-type=\"container\">\n\t\t\t\t<div class=\"elementor-element elementor-element-0a4e3b7 elementor-widget elementor-widget-image\" data-id=\"0a4e3b7\" data-element_type=\"widget\" data-e-type=\"widget\" data-widget_type=\"image.default\">\n\t\t\t\t<div class=\"elementor-widget-container\">\n\t\t\t\t\t\t\t\t\t\t\t\t\t\t\t<img fetchpriority=\"high\" decoding=\"async\" width=\"800\" height=\"800\" src=\"https:\/\/www.foretdesainthubert-accessible.be\/wp-content\/uploads\/2024\/04\/adresse.webp\" class=\"attachment-large size-large wp-image-555\" alt=\"Pictogramme maison (adresse)\" srcset=\"https:\/\/www.foretdesainthubert-accessible.be\/wp-content\/uploads\/2024\/04\/adresse.webp 1024w, https:\/\/www.foretdesainthubert-accessible.be\/wp-content\/uploads\/2024\/04\/adresse-300x300.webp 300w, https:\/\/www.foretdesainthubert-accessible.be\/wp-content\/uploads\/2024\/04\/adresse-150x150.webp 150w, https:\/\/www.foretdesainthubert-accessible.be\/wp-content\/uploads\/2024\/04\/adresse-768x768.webp 768w\" sizes=\"(max-width: 800px) 100vw, 800px\" \/>\t\t\t\t\t\t\t\t\t\t\t\t\t\t\t<\/div>\n\t\t\t\t<\/div>\n\t\t\t\t<\/div>\n\t\t<div class=\"elementor-element elementor-element-47e4de5 e-con-full e-flex e-con e-child\" data-id=\"47e4de5\" data-element_type=\"container\" data-e-type=\"container\">\n\t\t\t\t<div class=\"elementor-element elementor-element-b0abd34 elementor-widget elementor-widget-text-editor\" data-id=\"b0abd34\" data-element_type=\"widget\" data-e-type=\"widget\" data-widget_type=\"text-editor.default\">\n\t\t\t\t<div class=\"elementor-widget-container\">\n\t\t\t\t\t\t\t\t\t<p>Het adres is Grand Place 2, 6920 Wellin.<br \/>De receptie van het Office du Tourisme is gemakkelijk te vinden.<br \/>Het woord \u201cOffice du Tourisme\u201d staat in grote letters op de gevel.<br \/>Er is een toegangshelling.<br \/>Er is ook een bel als je hulp nodig hebt om binnen te komen.<\/p>\n\t\t\t\t\t\t\t\t<\/div>\n\t\t\t\t<\/div>\n\t\t\t\t<\/div>\n\t\t\t\t\t<\/div>\n\t\t\t\t<\/div>\n\t\t<div class=\"elementor-element elementor-element-4a30506 e-flex e-con-boxed e-con e-parent\" data-id=\"4a30506\" data-element_type=\"container\" data-e-type=\"container\">\n\t\t\t\t\t<div class=\"e-con-inner\">\n\t\t<div class=\"elementor-element elementor-element-31791e0 e-con-full e-flex e-con e-child\" data-id=\"31791e0\" data-element_type=\"container\" data-e-type=\"container\">\n\t\t\t\t<div class=\"elementor-element elementor-element-d3f076a elementor-widget elementor-widget-image\" data-id=\"d3f076a\" data-element_type=\"widget\" data-e-type=\"widget\" data-widget_type=\"image.default\">\n\t\t\t\t<div class=\"elementor-widget-container\">\n\t\t\t\t\t\t\t\t\t\t\t\t\t\t\t<img decoding=\"async\" width=\"800\" height=\"800\" src=\"https:\/\/www.foretdesainthubert-accessible.be\/wp-content\/uploads\/2024\/04\/telephone.webp\" class=\"attachment-large size-large wp-image-551\" alt=\"Pictogramme t\u00e9l\u00e9phone\" srcset=\"https:\/\/www.foretdesainthubert-accessible.be\/wp-content\/uploads\/2024\/04\/telephone.webp 1024w, https:\/\/www.foretdesainthubert-accessible.be\/wp-content\/uploads\/2024\/04\/telephone-300x300.webp 300w, https:\/\/www.foretdesainthubert-accessible.be\/wp-content\/uploads\/2024\/04\/telephone-150x150.webp 150w, https:\/\/www.foretdesainthubert-accessible.be\/wp-content\/uploads\/2024\/04\/telephone-768x768.webp 768w\" sizes=\"(max-width: 800px) 100vw, 800px\" \/>\t\t\t\t\t\t\t\t\t\t\t\t\t\t\t<\/div>\n\t\t\t\t<\/div>\n\t\t\t\t<\/div>\n\t\t<div class=\"elementor-element elementor-element-a887821 e-con-full e-flex e-con e-child\" data-id=\"a887821\" data-element_type=\"container\" data-e-type=\"container\">\n\t\t\t\t<div class=\"elementor-element elementor-element-19c2e6f elementor-widget elementor-widget-text-editor\" data-id=\"19c2e6f\" data-element_type=\"widget\" data-e-type=\"widget\" data-widget_type=\"text-editor.default\">\n\t\t\t\t<div class=\"elementor-widget-container\">\n\t\t\t\t\t\t\t\t\t<p>Bel het toeristenbureau op 084 41 33 59.<\/p>\n\t\t\t\t\t\t\t\t<\/div>\n\t\t\t\t<\/div>\n\t\t\t\t<\/div>\n\t\t\t\t\t<\/div>\n\t\t\t\t<\/div>\n\t\t<div class=\"elementor-element elementor-element-80338e5 e-flex e-con-boxed e-con e-parent\" data-id=\"80338e5\" data-element_type=\"container\" data-e-type=\"container\">\n\t\t\t\t\t<div class=\"e-con-inner\">\n\t\t<div class=\"elementor-element elementor-element-f1d0dfa e-con-full e-flex e-con e-child\" data-id=\"f1d0dfa\" data-element_type=\"container\" data-e-type=\"container\">\n\t\t\t\t<div class=\"elementor-element elementor-element-605d1c8 elementor-widget elementor-widget-image\" data-id=\"605d1c8\" data-element_type=\"widget\" data-e-type=\"widget\" data-widget_type=\"image.default\">\n\t\t\t\t<div class=\"elementor-widget-container\">\n\t\t\t\t\t\t\t\t\t\t\t\t\t\t\t<img decoding=\"async\" width=\"800\" height=\"800\" src=\"https:\/\/www.foretdesainthubert-accessible.be\/wp-content\/uploads\/2024\/04\/mail-1024x1024.png\" class=\"attachment-large size-large wp-image-871\" alt=\"Pictogramme e-mail\" srcset=\"https:\/\/www.foretdesainthubert-accessible.be\/wp-content\/uploads\/2024\/04\/mail-1024x1024.png 1024w, https:\/\/www.foretdesainthubert-accessible.be\/wp-content\/uploads\/2024\/04\/mail-300x300.png 300w, https:\/\/www.foretdesainthubert-accessible.be\/wp-content\/uploads\/2024\/04\/mail-150x150.png 150w, https:\/\/www.foretdesainthubert-accessible.be\/wp-content\/uploads\/2024\/04\/mail-768x768.png 768w, https:\/\/www.foretdesainthubert-accessible.be\/wp-content\/uploads\/2024\/04\/mail.png 1280w\" sizes=\"(max-width: 800px) 100vw, 800px\" \/>\t\t\t\t\t\t\t\t\t\t\t\t\t\t\t<\/div>\n\t\t\t\t<\/div>\n\t\t\t\t<\/div>\n\t\t<div class=\"elementor-element elementor-element-59e492e e-con-full e-flex e-con e-child\" data-id=\"59e492e\" data-element_type=\"container\" data-e-type=\"container\">\n\t\t\t\t<div class=\"elementor-element elementor-element-38a4b41 elementor-widget elementor-widget-text-editor\" data-id=\"38a4b41\" data-element_type=\"widget\" data-e-type=\"widget\" data-widget_type=\"text-editor.default\">\n\t\t\t\t<div class=\"elementor-widget-container\">\n\t\t\t\t\t\t\t\t\t<p>Voor meer informatie kun je een e-mail sturen naar tourisme@wellin.be<\/p>\n\t\t\t\t\t\t\t\t<\/div>\n\t\t\t\t<\/div>\n\t\t\t\t<\/div>\n\t\t\t\t\t<\/div>\n\t\t\t\t<\/div>\n\t\t<div class=\"elementor-element elementor-element-066a0b9 e-flex e-con-boxed e-con e-parent\" data-id=\"066a0b9\" data-element_type=\"container\" data-e-type=\"container\">\n\t\t\t\t\t<div class=\"e-con-inner\">\n\t\t<div class=\"elementor-element elementor-element-c8e1ff2 e-con-full e-flex e-con e-child\" data-id=\"c8e1ff2\" data-element_type=\"container\" data-e-type=\"container\">\n\t\t\t\t<div class=\"elementor-element elementor-element-8bdabb4 elementor-widget elementor-widget-image\" data-id=\"8bdabb4\" data-element_type=\"widget\" data-e-type=\"widget\" data-widget_type=\"image.default\">\n\t\t\t\t<div class=\"elementor-widget-container\">\n\t\t\t\t\t\t\t\t\t\t\t\t\t\t\t<img loading=\"lazy\" decoding=\"async\" width=\"800\" height=\"800\" src=\"https:\/\/www.foretdesainthubert-accessible.be\/wp-content\/uploads\/2024\/04\/reservation.webp\" class=\"attachment-large size-large wp-image-547\" alt=\"Pictogramme calendrier\" srcset=\"https:\/\/www.foretdesainthubert-accessible.be\/wp-content\/uploads\/2024\/04\/reservation.webp 1024w, https:\/\/www.foretdesainthubert-accessible.be\/wp-content\/uploads\/2024\/04\/reservation-300x300.webp 300w, https:\/\/www.foretdesainthubert-accessible.be\/wp-content\/uploads\/2024\/04\/reservation-150x150.webp 150w, https:\/\/www.foretdesainthubert-accessible.be\/wp-content\/uploads\/2024\/04\/reservation-768x768.webp 768w\" sizes=\"(max-width: 800px) 100vw, 800px\" \/>\t\t\t\t\t\t\t\t\t\t\t\t\t\t\t<\/div>\n\t\t\t\t<\/div>\n\t\t\t\t<\/div>\n\t\t<div class=\"elementor-element elementor-element-5801eba e-con-full e-flex e-con e-child\" data-id=\"5801eba\" data-element_type=\"container\" data-e-type=\"container\">\n\t\t\t\t<div class=\"elementor-element elementor-element-27559c9 elementor-widget elementor-widget-text-editor\" data-id=\"27559c9\" data-element_type=\"widget\" data-e-type=\"widget\" data-widget_type=\"text-editor.default\">\n\t\t\t\t<div class=\"elementor-widget-container\">\n\t\t\t\t\t\t\t\t\t<p>De receptie van het Office du Tourisme in Wellin is geopend op de volgende tijden:<\/p>\n<ul>\n<li>1 september tot 30 juni: maandag, dinsdag, woensdag, vrijdag en zaterdag van 9 tot 13 uur.<\/li>\n<li>1 juli tot 31 augustus: maandag, dinsdag, woensdag, vrijdag, zaterdag en zondag van 10.00 tot 16.00 uur.<\/li>\n<\/ul>\n\t\t\t\t\t\t\t\t<\/div>\n\t\t\t\t<\/div>\n\t\t\t\t<\/div>\n\t\t\t\t\t<\/div>\n\t\t\t\t<\/div>\n\t\t<div class=\"elementor-element elementor-element-c81eb1b e-flex e-con-boxed e-con e-parent\" data-id=\"c81eb1b\" data-element_type=\"container\" data-e-type=\"container\">\n\t\t\t\t\t<div class=\"e-con-inner\">\n\t\t<div class=\"elementor-element elementor-element-a4d5aed e-con-full e-flex e-con e-child\" data-id=\"a4d5aed\" data-element_type=\"container\" data-e-type=\"container\">\n\t\t\t\t<div class=\"elementor-element elementor-element-ffec5df elementor-widget elementor-widget-image\" data-id=\"ffec5df\" data-element_type=\"widget\" data-e-type=\"widget\" data-widget_type=\"image.default\">\n\t\t\t\t<div class=\"elementor-widget-container\">\n\t\t\t\t\t\t\t\t\t\t\t\t\t\t\t<img loading=\"lazy\" decoding=\"async\" width=\"800\" height=\"800\" src=\"https:\/\/www.foretdesainthubert-accessible.be\/wp-content\/uploads\/2024\/04\/parking-1024x1024-1.webp\" class=\"attachment-large size-large wp-image-680\" alt=\"Pictogramme parking\" srcset=\"https:\/\/www.foretdesainthubert-accessible.be\/wp-content\/uploads\/2024\/04\/parking-1024x1024-1.webp 1024w, https:\/\/www.foretdesainthubert-accessible.be\/wp-content\/uploads\/2024\/04\/parking-1024x1024-1-300x300.webp 300w, https:\/\/www.foretdesainthubert-accessible.be\/wp-content\/uploads\/2024\/04\/parking-1024x1024-1-150x150.webp 150w, https:\/\/www.foretdesainthubert-accessible.be\/wp-content\/uploads\/2024\/04\/parking-1024x1024-1-768x768.webp 768w\" sizes=\"(max-width: 800px) 100vw, 800px\" \/>\t\t\t\t\t\t\t\t\t\t\t\t\t\t\t<\/div>\n\t\t\t\t<\/div>\n\t\t\t\t<\/div>\n\t\t<div class=\"elementor-element elementor-element-ef551f8 e-con-full e-flex e-con e-child\" data-id=\"ef551f8\" data-element_type=\"container\" data-e-type=\"container\">\n\t\t\t\t<div class=\"elementor-element elementor-element-da5488a elementor-widget elementor-widget-text-editor\" data-id=\"da5488a\" data-element_type=\"widget\" data-e-type=\"widget\" data-widget_type=\"text-editor.default\">\n\t\t\t\t<div class=\"elementor-widget-container\">\n\t\t\t\t\t\t\t\t\t<p>Er is een parkeerplaats met 3 plaatsen voor het Office du Tourisme.<\/p>\n<p>Het pad naar de ingang van het Office du Tourisme is geplaveid met in elkaar grijpende kasseien.<br \/>Er zijn geen hellingen, stoepranden of wegkruisingen.<\/p>\n<p>Er is een PRM-parkeerplaats op ongeveer 50 meter van het Office du Tourisme.<\/p>\n\t\t\t\t\t\t\t\t<\/div>\n\t\t\t\t<\/div>\n\t\t\t\t<\/div>\n\t\t\t\t\t<\/div>\n\t\t\t\t<\/div>\n\t\t<div class=\"elementor-element elementor-element-9984ff1 e-flex e-con-boxed e-con e-parent\" data-id=\"9984ff1\" data-element_type=\"container\" data-e-type=\"container\">\n\t\t\t\t\t<div class=\"e-con-inner\">\n\t\t<div class=\"elementor-element elementor-element-5d75139 e-con-full e-flex e-con e-child\" data-id=\"5d75139\" data-element_type=\"container\" data-e-type=\"container\">\n\t\t\t\t<div class=\"elementor-element elementor-element-3f9019b elementor-widget elementor-widget-image\" data-id=\"3f9019b\" data-element_type=\"widget\" data-e-type=\"widget\" data-widget_type=\"image.default\">\n\t\t\t\t<div class=\"elementor-widget-container\">\n\t\t\t\t\t\t\t\t\t\t\t\t\t\t\t<img loading=\"lazy\" decoding=\"async\" width=\"800\" height=\"676\" src=\"https:\/\/www.foretdesainthubert-accessible.be\/wp-content\/uploads\/2024\/04\/toilette-pmr.webp\" class=\"attachment-large size-large wp-image-562\" alt=\"Pictogramme toilette PMR\" srcset=\"https:\/\/www.foretdesainthubert-accessible.be\/wp-content\/uploads\/2024\/04\/toilette-pmr.webp 1024w, https:\/\/www.foretdesainthubert-accessible.be\/wp-content\/uploads\/2024\/04\/toilette-pmr-300x253.webp 300w, https:\/\/www.foretdesainthubert-accessible.be\/wp-content\/uploads\/2024\/04\/toilette-pmr-768x649.webp 768w\" sizes=\"(max-width: 800px) 100vw, 800px\" \/>\t\t\t\t\t\t\t\t\t\t\t\t\t\t\t<\/div>\n\t\t\t\t<\/div>\n\t\t\t\t<\/div>\n\t\t<div class=\"elementor-element elementor-element-9856afb e-con-full e-flex e-con e-child\" data-id=\"9856afb\" data-element_type=\"container\" data-e-type=\"container\">\n\t\t\t\t<div class=\"elementor-element elementor-element-0d398ca elementor-widget elementor-widget-text-editor\" data-id=\"0d398ca\" data-element_type=\"widget\" data-e-type=\"widget\" data-widget_type=\"text-editor.default\">\n\t\t\t\t<div class=\"elementor-widget-container\">\n\t\t\t\t\t\t\t\t\t<p>Er is een toegankelijk toilet op aanvraag.<br \/>Het is uitgerust voor mensen met beperkte mobiliteit.<\/p>\n\t\t\t\t\t\t\t\t<\/div>\n\t\t\t\t<\/div>\n\t\t\t\t<\/div>\n\t\t\t\t\t<\/div>\n\t\t\t\t<\/div>\n\t\t<div class=\"elementor-element elementor-element-8bb2d96 e-flex e-con-boxed e-con e-parent\" data-id=\"8bb2d96\" data-element_type=\"container\" data-e-type=\"container\">\n\t\t\t\t\t<div class=\"e-con-inner\">\n\t\t<div class=\"elementor-element elementor-element-0e524f3 e-con-full e-flex e-con e-child\" data-id=\"0e524f3\" data-element_type=\"container\" data-e-type=\"container\">\n\t\t\t\t<div class=\"elementor-element elementor-element-ee72606 elementor-widget elementor-widget-image\" data-id=\"ee72606\" data-element_type=\"widget\" data-e-type=\"widget\" data-widget_type=\"image.default\">\n\t\t\t\t<div class=\"elementor-widget-container\">\n\t\t\t\t\t\t\t\t\t\t\t\t\t\t\t<img loading=\"lazy\" decoding=\"async\" width=\"800\" height=\"708\" src=\"https:\/\/www.foretdesainthubert-accessible.be\/wp-content\/uploads\/2024\/04\/wifi.webp\" class=\"attachment-large size-large wp-image-543\" alt=\"Pictogramme wifi\" srcset=\"https:\/\/www.foretdesainthubert-accessible.be\/wp-content\/uploads\/2024\/04\/wifi.webp 1024w, https:\/\/www.foretdesainthubert-accessible.be\/wp-content\/uploads\/2024\/04\/wifi-300x265.webp 300w, https:\/\/www.foretdesainthubert-accessible.be\/wp-content\/uploads\/2024\/04\/wifi-768x680.webp 768w\" sizes=\"(max-width: 800px) 100vw, 800px\" \/>\t\t\t\t\t\t\t\t\t\t\t\t\t\t\t<\/div>\n\t\t\t\t<\/div>\n\t\t\t\t<\/div>\n\t\t<div class=\"elementor-element elementor-element-673894a e-con-full e-flex e-con e-child\" data-id=\"673894a\" data-element_type=\"container\" data-e-type=\"container\">\n\t\t\t\t<div class=\"elementor-element elementor-element-a58b5ba elementor-widget elementor-widget-text-editor\" data-id=\"a58b5ba\" data-element_type=\"widget\" data-e-type=\"widget\" data-widget_type=\"text-editor.default\">\n\t\t\t\t<div class=\"elementor-widget-container\">\n\t\t\t\t\t\t\t\t\t<p>Wifi is gratis beschikbaar.<\/p>\n\t\t\t\t\t\t\t\t<\/div>\n\t\t\t\t<\/div>\n\t\t\t\t<\/div>\n\t\t\t\t\t<\/div>\n\t\t\t\t<\/div>\n\t\t<div class=\"elementor-element elementor-element-48d733a e-flex e-con-boxed e-con e-parent\" data-id=\"48d733a\" data-element_type=\"container\" data-e-type=\"container\">\n\t\t\t\t\t<div class=\"e-con-inner\">\n\t\t<div class=\"elementor-element elementor-element-eeefb94 e-con-full e-flex e-con e-child\" data-id=\"eeefb94\" data-element_type=\"container\" data-e-type=\"container\">\n\t\t\t\t<div class=\"elementor-element elementor-element-b36f04f elementor-widget elementor-widget-image\" data-id=\"b36f04f\" data-element_type=\"widget\" data-e-type=\"widget\" data-widget_type=\"image.default\">\n\t\t\t\t<div class=\"elementor-widget-container\">\n\t\t\t\t\t\t\t\t\t\t\t\t\t\t\t<img loading=\"lazy\" decoding=\"async\" width=\"752\" height=\"1024\" src=\"https:\/\/www.foretdesainthubert-accessible.be\/wp-content\/uploads\/2024\/04\/20240403-Autocollant-chien-dassistance-1080x1920-px-ep-752x1024.png\" class=\"attachment-large size-large wp-image-651\" alt=\"Pictogramme chiens d&#039;assistance admis\" srcset=\"https:\/\/www.foretdesainthubert-accessible.be\/wp-content\/uploads\/2024\/04\/20240403-Autocollant-chien-dassistance-1080x1920-px-ep-752x1024.png 752w, https:\/\/www.foretdesainthubert-accessible.be\/wp-content\/uploads\/2024\/04\/20240403-Autocollant-chien-dassistance-1080x1920-px-ep-220x300.png 220w, https:\/\/www.foretdesainthubert-accessible.be\/wp-content\/uploads\/2024\/04\/20240403-Autocollant-chien-dassistance-1080x1920-px-ep-768x1046.png 768w, https:\/\/www.foretdesainthubert-accessible.be\/wp-content\/uploads\/2024\/04\/20240403-Autocollant-chien-dassistance-1080x1920-px-ep-1128x1536.png 1128w, https:\/\/www.foretdesainthubert-accessible.be\/wp-content\/uploads\/2024\/04\/20240403-Autocollant-chien-dassistance-1080x1920-px-ep.png 1410w\" sizes=\"(max-width: 752px) 100vw, 752px\" \/>\t\t\t\t\t\t\t\t\t\t\t\t\t\t\t<\/div>\n\t\t\t\t<\/div>\n\t\t\t\t<\/div>\n\t\t<div class=\"elementor-element elementor-element-242bafe e-con-full e-flex e-con e-child\" data-id=\"242bafe\" data-element_type=\"container\" data-e-type=\"container\">\n\t\t\t\t<div class=\"elementor-element elementor-element-f11e3e0 elementor-widget elementor-widget-text-editor\" data-id=\"f11e3e0\" data-element_type=\"widget\" data-e-type=\"widget\" data-widget_type=\"text-editor.default\">\n\t\t\t\t<div class=\"elementor-widget-container\">\n\t\t\t\t\t\t\t\t\t<p>Hulphonden zijn welkom.<br \/>Een waterbak is beschikbaar op aanvraag.<\/p>\n\t\t\t\t\t\t\t\t<\/div>\n\t\t\t\t<\/div>\n\t\t\t\t<\/div>\n\t\t\t\t\t<\/div>\n\t\t\t\t<\/div>\n\t\t<div class=\"elementor-element elementor-element-fe7aee1 e-flex e-con-boxed e-con e-parent\" data-id=\"fe7aee1\" data-element_type=\"container\" data-e-type=\"container\">\n\t\t\t\t\t<div class=\"e-con-inner\">\n\t\t<div class=\"elementor-element elementor-element-561b919 e-con-full e-flex e-con e-child\" data-id=\"561b919\" data-element_type=\"container\" data-e-type=\"container\">\n\t\t\t\t<div class=\"elementor-element elementor-element-866f9f8 elementor-widget elementor-widget-image\" data-id=\"866f9f8\" data-element_type=\"widget\" data-e-type=\"widget\" data-widget_type=\"image.default\">\n\t\t\t\t<div class=\"elementor-widget-container\">\n\t\t\t\t\t\t\t\t\t\t\t\t\t\t\t<img loading=\"lazy\" decoding=\"async\" width=\"800\" height=\"696\" src=\"https:\/\/www.foretdesainthubert-accessible.be\/wp-content\/uploads\/2024\/04\/aide-1024x891-1.webp\" class=\"attachment-large size-large wp-image-566\" alt=\"\" srcset=\"https:\/\/www.foretdesainthubert-accessible.be\/wp-content\/uploads\/2024\/04\/aide-1024x891-1.webp 1024w, https:\/\/www.foretdesainthubert-accessible.be\/wp-content\/uploads\/2024\/04\/aide-1024x891-1-300x261.webp 300w, https:\/\/www.foretdesainthubert-accessible.be\/wp-content\/uploads\/2024\/04\/aide-1024x891-1-768x668.webp 768w\" sizes=\"(max-width: 800px) 100vw, 800px\" \/>\t\t\t\t\t\t\t\t\t\t\t\t\t\t\t<\/div>\n\t\t\t\t<\/div>\n\t\t\t\t<\/div>\n\t\t<div class=\"elementor-element elementor-element-3d1678c e-con-full e-flex e-con e-child\" data-id=\"3d1678c\" data-element_type=\"container\" data-e-type=\"container\">\n\t\t\t\t<div class=\"elementor-element elementor-element-6f15406 elementor-widget elementor-widget-text-editor\" data-id=\"6f15406\" data-element_type=\"widget\" data-e-type=\"widget\" data-widget_type=\"text-editor.default\">\n\t\t\t\t<div class=\"elementor-widget-container\">\n\t\t\t\t\t\t\t\t\t<p>Als je hulp nodig hebt, staat er een medewerker klaar bij de receptie.<br \/>Hij of zij kan je zien aankomen, je helpen en informatie geven.<br \/>Het personeel staat altijd klaar om hulp en advies te bieden.<\/p>\n\t\t\t\t\t\t\t\t<\/div>\n\t\t\t\t<\/div>\n\t\t\t\t<\/div>\n\t\t\t\t\t<\/div>\n\t\t\t\t<\/div>\n\t\t<div class=\"elementor-element elementor-element-fa202cb e-flex e-con-boxed e-con e-parent\" data-id=\"fa202cb\" data-element_type=\"container\" data-e-type=\"container\">\n\t\t\t\t\t<div class=\"e-con-inner\">\n\t\t<div class=\"elementor-element elementor-element-d2144df e-con-full e-flex e-con e-child\" data-id=\"d2144df\" data-element_type=\"container\" data-e-type=\"container\">\n\t\t\t\t<div class=\"elementor-element elementor-element-026cb6a elementor-widget elementor-widget-image\" data-id=\"026cb6a\" data-element_type=\"widget\" data-e-type=\"widget\" data-widget_type=\"image.default\">\n\t\t\t\t<div class=\"elementor-widget-container\">\n\t\t\t\t\t\t\t\t\t\t\t\t\t\t\t<img loading=\"lazy\" decoding=\"async\" width=\"745\" height=\"555\" src=\"https:\/\/www.foretdesainthubert-accessible.be\/wp-content\/uploads\/2024\/04\/bienvenue-velo.jpg\" class=\"attachment-large size-large wp-image-539\" alt=\"Pictogramme Bienvenue v\u00e9lo\" srcset=\"https:\/\/www.foretdesainthubert-accessible.be\/wp-content\/uploads\/2024\/04\/bienvenue-velo.jpg 745w, https:\/\/www.foretdesainthubert-accessible.be\/wp-content\/uploads\/2024\/04\/bienvenue-velo-300x223.jpg 300w\" sizes=\"(max-width: 745px) 100vw, 745px\" \/>\t\t\t\t\t\t\t\t\t\t\t\t\t\t\t<\/div>\n\t\t\t\t<\/div>\n\t\t\t\t<\/div>\n\t\t<div class=\"elementor-element elementor-element-3ba639f e-con-full e-flex e-con e-child\" data-id=\"3ba639f\" data-element_type=\"container\" data-e-type=\"container\">\n\t\t\t\t<div class=\"elementor-element elementor-element-d093200 elementor-widget elementor-widget-text-editor\" data-id=\"d093200\" data-element_type=\"widget\" data-e-type=\"widget\" data-widget_type=\"text-editor.default\">\n\t\t\t\t<div class=\"elementor-widget-container\">\n\t\t\t\t\t\t\t\t\t<p>Je kunt je fiets meenemen, want dit toeristenbureau heeft het label \u201cBienvenue v\u00e9lo\u201d (Welkom op de fiets) gekregen.<br \/>Dit betekent onder andere dat er routes in de buurt zijn, dat je je fiets veilig kunt stallen en dat er een kit aanwezig is voor basisreparaties.<\/p>\n\t\t\t\t\t\t\t\t<\/div>\n\t\t\t\t<\/div>\n\t\t\t\t<\/div>\n\t\t\t\t\t<\/div>\n\t\t\t\t<\/div>\n\t\t<div class=\"elementor-element elementor-element-92afc44 e-flex e-con-boxed e-con e-parent\" data-id=\"92afc44\" data-element_type=\"container\" data-e-type=\"container\">\n\t\t\t\t\t<div class=\"e-con-inner\">\n\t\t\t\t<div class=\"elementor-element elementor-element-372f0c2 elementor-widget elementor-widget-heading\" data-id=\"372f0c2\" data-element_type=\"widget\" data-e-type=\"widget\" data-widget_type=\"heading.default\">\n\t\t\t\t<div class=\"elementor-widget-container\">\n\t\t\t\t\t<h2 class=\"elementor-heading-title elementor-size-default\">Nuttige informatie<\/h2>\t\t\t\t<\/div>\n\t\t\t\t<\/div>\n\t\t\t\t\t<\/div>\n\t\t\t\t<\/div>\n\t\t<div class=\"elementor-element elementor-element-afa3277 e-flex e-con-boxed e-con e-parent\" data-id=\"afa3277\" data-element_type=\"container\" data-e-type=\"container\">\n\t\t\t\t\t<div class=\"e-con-inner\">\n\t\t\t\t<div class=\"elementor-element elementor-element-1af78b0 elementor-widget elementor-widget-text-editor\" data-id=\"1af78b0\" data-element_type=\"widget\" data-e-type=\"widget\" data-widget_type=\"text-editor.default\">\n\t\t\t\t<div class=\"elementor-widget-container\">\n\t\t\t\t\t\t\t\t\t<p><strong>Toegang tot het gebouw<\/strong><\/p>\n<ul>\n<li>Het toeristenbureau is zeer goed aangegeven.<\/li>\n<li>De toegangsdeur heeft een doorgang van 85 cm.<\/li>\n<li>Er is een kleine stoeprand bij de drempel van de toegangsdeur.<\/li>\n<li>Als u in een rolstoel zit, is hulp bij het betreden vereist.<br \/>Er staat personeel klaar om te helpen.\n<\/li>\n<\/ul>\n<p><strong>Binnen in het gebouw:<\/strong><\/p>\n<ul>\n<li>De verlichting is van goede kwaliteit en niet verblindend.<\/li>\n<li>Het pad van de deur naar de receptie is breed, intu\u00eftief en vrij van obstakels.<\/li>\n<li>De muren hebben contrasterende kleuren.<\/li>\n<li>Een deel van de receptie is verlaagd.<\/li>\n<li>Er zijn banken en stoelen met armleuningen aanwezig.<\/li>\n<li>Brochures, kaarten, routes en diverse kleine producten zijn verkrijgbaar.<\/li>\n<li>De meeste brochures en kaarten hebben een handige hoogte voor mensen met een klein postuur en rolstoelgebruikers.<\/li>\n<li>Betalen kan met een kaart of contant.\n<\/li>\n<\/ul>\n<p><strong>Andere nuttige informatie:<\/strong><\/p>\n<ul>\n<li>Een becassine is verkrijgbaar bij het Office du Tourisme.<br \/>Deze is beschikbaar voor mensen die slecht ter been zijn.<br \/>Je kunt meer te weten komen over de snipe door op de volgende link te klikken: <a href=\"https:\/\/www.wellin.be\/tourisme\/bouger\/la-becasine\/la-becasine\" target=\"_blank\" rel=\"noopener\" data-mce-href=\"https:\/\/www.wellin.be\/tourisme\/bouger\/la-becasine\/la-becasine\">https:\/\/www.wellin.be\/tourisme\/bouger\/la-becasine\/la-becasinea<\/a><br \/>Het personeel kan je vertellen hoe je de snipe moet gebruiken en welke rondleidingen er zijn.<br \/>Er is een rondleiding vanaf het Office du Tourisme.<\/li>\n<li>In het toeristenbureau worden soms exposities van kunstenaars gehouden.<\/li>\n<\/ul>\n\t\t\t\t\t\t\t\t<\/div>\n\t\t\t\t<\/div>\n\t\t\t\t\t<\/div>\n\t\t\t\t<\/div>\n\t\t<div class=\"elementor-element elementor-element-1e8e68f e-flex e-con-boxed e-con e-parent\" data-id=\"1e8e68f\" data-element_type=\"container\" data-e-type=\"container\">\n\t\t\t\t\t<div class=\"e-con-inner\">\n\t\t<div class=\"elementor-element elementor-element-bd373f9 e-con-full e-flex e-con e-child\" data-id=\"bd373f9\" data-element_type=\"container\" data-e-type=\"container\">\n\t\t\t\t<div class=\"elementor-element elementor-element-db8b8ea elementor-widget elementor-widget-image\" data-id=\"db8b8ea\" data-element_type=\"widget\" data-e-type=\"widget\" data-widget_type=\"image.default\">\n\t\t\t\t<div class=\"elementor-widget-container\">\n\t\t\t\t\t\t\t\t\t\t\t\t\t\t\t<img loading=\"lazy\" decoding=\"async\" width=\"800\" height=\"800\" src=\"https:\/\/www.foretdesainthubert-accessible.be\/wp-content\/uploads\/2024\/04\/falc.webp\" class=\"attachment-large size-large wp-image-626\" alt=\"\" srcset=\"https:\/\/www.foretdesainthubert-accessible.be\/wp-content\/uploads\/2024\/04\/falc.webp 1024w, https:\/\/www.foretdesainthubert-accessible.be\/wp-content\/uploads\/2024\/04\/falc-300x300.webp 300w, https:\/\/www.foretdesainthubert-accessible.be\/wp-content\/uploads\/2024\/04\/falc-150x150.webp 150w, https:\/\/www.foretdesainthubert-accessible.be\/wp-content\/uploads\/2024\/04\/falc-768x768.webp 768w\" sizes=\"(max-width: 800px) 100vw, 800px\" \/>\t\t\t\t\t\t\t\t\t\t\t\t\t\t\t<\/div>\n\t\t\t\t<\/div>\n\t\t\t\t<\/div>\n\t\t<div class=\"elementor-element elementor-element-1863c9b e-con-full e-flex e-con e-child\" data-id=\"1863c9b\" data-element_type=\"container\" data-e-type=\"container\">\n\t\t\t\t<div class=\"elementor-element elementor-element-a3cf1db elementor-widget elementor-widget-heading\" data-id=\"a3cf1db\" data-element_type=\"widget\" data-e-type=\"widget\" data-widget_type=\"heading.default\">\n\t\t\t\t<div class=\"elementor-widget-container\">\n\t\t\t\t\t<h3 class=\"elementor-heading-title elementor-size-default\">Gemakkelijk te lezen en te begrijpen<\/h3>\t\t\t\t<\/div>\n\t\t\t\t<\/div>\n\t\t\t\t<\/div>\n\t\t\t\t\t<\/div>\n\t\t\t\t<\/div>\n\t\t<div class=\"elementor-element elementor-element-3ebfbf3 e-flex e-con-boxed e-con e-parent\" data-id=\"3ebfbf3\" data-element_type=\"container\" data-e-type=\"container\">\n\t\t\t\t\t<div class=\"e-con-inner\">\n\t\t\t\t<div class=\"elementor-element elementor-element-e1cb7ae elementor-widget elementor-widget-text-editor\" data-id=\"e1cb7ae\" data-element_type=\"widget\" data-e-type=\"widget\" data-widget_type=\"text-editor.default\">\n\t\t\t\t<div class=\"elementor-widget-container\">\n\t\t\t\t\t\t\t\t\t<p>Deze tekst is geschreven in gemakkelijk te lezen en te begrijpen.<\/p>\n<p>Bij het Office du Tourisme in Wellin kun je vragen naar :<\/p>\n<p>Bezienswaardigheden in de regio, zoals :<\/p>\n<ul>\n<li>Musea.<\/li>\n<li>Wandelen en fietsen.<\/li>\n<li>Pretparken.<\/li>\n<li>Restaurants<\/li>\n<\/ul>\n<p><strong><br \/>Het Office du Tourisme Wellin heeft ook :<\/strong><\/p>\n<ul>\n<li>Een becassine.<br \/>Is de naam van een stoel met wielen.<br \/>Een becassine wordt gebruikt om te wandelen.<br \/>Mensen die moeite hebben met lopen kunnen in een bcassine gaan zitten.<br \/>Er zijn twee mensen nodig om de becassine te gebruiken.<\/li>\n<li>Soms zijn er tekeningen, schilderijen, foto\u2019s of sculpturen.<br \/>Een sculptuur is een voorwerp gemaakt door \u00e9\u00e9n persoon.<br \/>Het voorwerp kan gemaakt zijn van hout, klei, steen of andere materialen.<br \/>Sculpturen zijn objecten om naar te kijken.<\/li>\n<li>Kaarten, dingen om te kopen en boekjes met uitleg over dingen die je in de omgeving kunt doen.<\/li>\n<\/ul>\n<p><strong><br \/>Parkeerplaats:<\/strong><\/p>\n<ul>\n<li>De parkeerplaats is voor het toeristenbureau.<\/li>\n<li>Er zijn 3 parkeerplaatsen.<br \/>Alles is vlak vanaf de parkeerplaats tot aan het VVV-kantoor.<\/li>\n<li>Er is een PMR-parkeerplaats tegenover het Office du Tourisme.<br \/>PRM staat voor Person with Reduced Mobility (persoon met beperkte mobiliteit).<br \/>PRM&#8217;s hebben moeite met lopen.<\/li>\n<\/ul>\n<p><strong><br \/>Toegang tot het gebouw<\/strong><\/p>\n<ul>\n<li>Het bord van het Office du Tourisme hangt boven de toegangsdeur.<\/li>\n<li>Er is een kleine trede om het kantoor binnen te gaan.<\/li>\n<li>Als je in een rolstoel zit, heb je hulp nodig om binnen te komen.<\/li>\n<li>Er is iemand aanwezig die je kan helpen.<\/li>\n<\/ul>\n<p><strong><br \/>Binnen in het gebouw:<\/strong><\/p>\n<ul>\n<li>Het is lekker licht in de Office du Tourisme.<\/li>\n<li>Er is genoeg ruimte in het Office du Tourisme.<\/li>\n<li>De kleuren op de muren zijn duidelijk zichtbaar.<\/li>\n<li>Er is een lagere balie zodat mensen in een stoel comfortabel kunnen zitten.<\/li>\n<li>Er zijn banken en stoelen.<\/li>\n<li>Er is een toilet in het Office du Tourisme.<br \/>Het toilet is groot genoeg voor rolstoelgebruikers.<br \/>Je moet wel voorzichtig zijn, want de leuning is niet goed aangebracht.<\/li>\n<li>Je kunt betalen met een bankpas of contant.<\/li>\n<li>Je kunt vragen om water voor honden.<\/li>\n<\/ul>\n\t\t\t\t\t\t\t\t<\/div>\n\t\t\t\t<\/div>\n\t\t\t\t\t<\/div>\n\t\t\t\t<\/div>\n\t\t<div class=\"elementor-element elementor-element-6dcb6d8 e-flex e-con-boxed e-con e-parent\" data-id=\"6dcb6d8\" data-element_type=\"container\" data-e-type=\"container\">\n\t\t\t\t\t<div class=\"e-con-inner\">\n\t\t\t\t<div class=\"elementor-element elementor-element-d6ad58e elementor-widget elementor-widget-heading\" data-id=\"d6ad58e\" data-element_type=\"widget\" data-e-type=\"widget\" data-widget_type=\"heading.default\">\n\t\t\t\t<div class=\"elementor-widget-container\">\n\t\t\t\t\t<h2 class=\"elementor-heading-title elementor-size-default\">Foto's van parkeerplaatsen<\/h2>\t\t\t\t<\/div>\n\t\t\t\t<\/div>\n\t\t\t\t\t<\/div>\n\t\t\t\t<\/div>\n\t\t<div class=\"elementor-element elementor-element-16813a6 e-flex e-con-boxed e-con e-parent\" data-id=\"16813a6\" data-element_type=\"container\" data-e-type=\"container\">\n\t\t\t\t\t<div class=\"e-con-inner\">\n\t\t<div class=\"elementor-element elementor-element-fca0c10 e-con-full e-flex e-con e-child\" data-id=\"fca0c10\" data-element_type=\"container\" data-e-type=\"container\">\n\t\t\t\t<div class=\"elementor-element elementor-element-2002d9b elementor-widget elementor-widget-image\" data-id=\"2002d9b\" data-element_type=\"widget\" data-e-type=\"widget\" data-widget_type=\"image.default\">\n\t\t\t\t<div class=\"elementor-widget-container\">\n\t\t\t\t\t\t\t\t\t\t\t\t\t\t\t<img loading=\"lazy\" decoding=\"async\" width=\"768\" height=\"1024\" src=\"https:\/\/www.foretdesainthubert-accessible.be\/wp-content\/uploads\/2024\/04\/office-du-tourisme-wellin-2-768x1024-1.webp\" class=\"attachment-large size-large wp-image-951\" alt=\"\" srcset=\"https:\/\/www.foretdesainthubert-accessible.be\/wp-content\/uploads\/2024\/04\/office-du-tourisme-wellin-2-768x1024-1.webp 768w, https:\/\/www.foretdesainthubert-accessible.be\/wp-content\/uploads\/2024\/04\/office-du-tourisme-wellin-2-768x1024-1-225x300.webp 225w\" sizes=\"(max-width: 768px) 100vw, 768px\" \/>\t\t\t\t\t\t\t\t\t\t\t\t\t\t\t<\/div>\n\t\t\t\t<\/div>\n\t\t\t\t<\/div>\n\t\t<div class=\"elementor-element elementor-element-1a06d6d e-con-full e-flex e-con e-child\" data-id=\"1a06d6d\" data-element_type=\"container\" data-e-type=\"container\">\n\t\t\t\t<div class=\"elementor-element elementor-element-6e1257d elementor-widget elementor-widget-image\" data-id=\"6e1257d\" data-element_type=\"widget\" data-e-type=\"widget\" data-widget_type=\"image.default\">\n\t\t\t\t<div class=\"elementor-widget-container\">\n\t\t\t\t\t\t\t\t\t\t\t\t\t\t\t<img loading=\"lazy\" decoding=\"async\" width=\"800\" height=\"600\" src=\"https:\/\/www.foretdesainthubert-accessible.be\/wp-content\/uploads\/2024\/04\/office-du-tourisme-wellin-1-1024x768-1.webp\" class=\"attachment-large size-large wp-image-955\" alt=\"\" srcset=\"https:\/\/www.foretdesainthubert-accessible.be\/wp-content\/uploads\/2024\/04\/office-du-tourisme-wellin-1-1024x768-1.webp 1024w, https:\/\/www.foretdesainthubert-accessible.be\/wp-content\/uploads\/2024\/04\/office-du-tourisme-wellin-1-1024x768-1-300x225.webp 300w, https:\/\/www.foretdesainthubert-accessible.be\/wp-content\/uploads\/2024\/04\/office-du-tourisme-wellin-1-1024x768-1-768x576.webp 768w\" sizes=\"(max-width: 800px) 100vw, 800px\" \/>\t\t\t\t\t\t\t\t\t\t\t\t\t\t\t<\/div>\n\t\t\t\t<\/div>\n\t\t\t\t<\/div>\n\t\t\t\t\t<\/div>\n\t\t\t\t<\/div>\n\t\t<div class=\"elementor-element elementor-element-37b0073 e-flex e-con-boxed e-con e-parent\" data-id=\"37b0073\" data-element_type=\"container\" data-e-type=\"container\">\n\t\t\t\t\t<div class=\"e-con-inner\">\n\t\t\t\t<div class=\"elementor-element elementor-element-b6196fd elementor-widget elementor-widget-heading\" data-id=\"b6196fd\" data-element_type=\"widget\" data-e-type=\"widget\" data-widget_type=\"heading.default\">\n\t\t\t\t<div class=\"elementor-widget-container\">\n\t\t\t\t\t<h2 class=\"elementor-heading-title elementor-size-default\">Foto van de gevel<\/h2>\t\t\t\t<\/div>\n\t\t\t\t<\/div>\n\t\t\t\t\t<\/div>\n\t\t\t\t<\/div>\n\t\t<div class=\"elementor-element elementor-element-29d9efe e-grid e-con-boxed e-con e-parent\" data-id=\"29d9efe\" data-element_type=\"container\" data-e-type=\"container\">\n\t\t\t\t\t<div class=\"e-con-inner\">\n\t\t\t\t<div class=\"elementor-element elementor-element-59c1a13 elementor-widget elementor-widget-image\" data-id=\"59c1a13\" data-element_type=\"widget\" data-e-type=\"widget\" data-widget_type=\"image.default\">\n\t\t\t\t<div class=\"elementor-widget-container\">\n\t\t\t\t\t\t\t\t\t\t\t\t\t\t\t<img loading=\"lazy\" decoding=\"async\" width=\"800\" height=\"600\" src=\"https:\/\/www.foretdesainthubert-accessible.be\/wp-content\/uploads\/2024\/10\/wc-pmr-ot-wellin-4-1024x768.jpg\" class=\"attachment-large size-large wp-image-4237\" alt=\"Vue sur la sonnette permettant d&#039;appeler si besoin d&#039;aide pour entrer dans l&#039;Office du Tourisme de Wellin\" srcset=\"https:\/\/www.foretdesainthubert-accessible.be\/wp-content\/uploads\/2024\/10\/wc-pmr-ot-wellin-4-1024x768.jpg 1024w, https:\/\/www.foretdesainthubert-accessible.be\/wp-content\/uploads\/2024\/10\/wc-pmr-ot-wellin-4-300x225.jpg 300w, https:\/\/www.foretdesainthubert-accessible.be\/wp-content\/uploads\/2024\/10\/wc-pmr-ot-wellin-4-768x576.jpg 768w, https:\/\/www.foretdesainthubert-accessible.be\/wp-content\/uploads\/2024\/10\/wc-pmr-ot-wellin-4-1536x1152.jpg 1536w, https:\/\/www.foretdesainthubert-accessible.be\/wp-content\/uploads\/2024\/10\/wc-pmr-ot-wellin-4-2048x1536.jpg 2048w\" sizes=\"(max-width: 800px) 100vw, 800px\" \/>\t\t\t\t\t\t\t\t\t\t\t\t\t\t\t<\/div>\n\t\t\t\t<\/div>\n\t\t\t\t<div class=\"elementor-element elementor-element-60db21d elementor-widget elementor-widget-image\" data-id=\"60db21d\" data-element_type=\"widget\" data-e-type=\"widget\" data-widget_type=\"image.default\">\n\t\t\t\t<div class=\"elementor-widget-container\">\n\t\t\t\t\t\t\t\t\t\t\t\t\t\t\t<img loading=\"lazy\" decoding=\"async\" width=\"768\" height=\"1024\" src=\"https:\/\/www.foretdesainthubert-accessible.be\/wp-content\/uploads\/2024\/10\/wc-pmr-ot-wellin-1-1-768x1024.jpg\" class=\"attachment-large size-large wp-image-4252\" alt=\"Vue sur l&#039;entr\u00e9e de l&#039;Office du Tourisme \u00e0 Wellin\" srcset=\"https:\/\/www.foretdesainthubert-accessible.be\/wp-content\/uploads\/2024\/10\/wc-pmr-ot-wellin-1-1-768x1024.jpg 768w, https:\/\/www.foretdesainthubert-accessible.be\/wp-content\/uploads\/2024\/10\/wc-pmr-ot-wellin-1-1-225x300.jpg 225w, https:\/\/www.foretdesainthubert-accessible.be\/wp-content\/uploads\/2024\/10\/wc-pmr-ot-wellin-1-1-1152x1536.jpg 1152w, https:\/\/www.foretdesainthubert-accessible.be\/wp-content\/uploads\/2024\/10\/wc-pmr-ot-wellin-1-1-1536x2048.jpg 1536w, https:\/\/www.foretdesainthubert-accessible.be\/wp-content\/uploads\/2024\/10\/wc-pmr-ot-wellin-1-1-scaled.jpg 1920w\" sizes=\"(max-width: 768px) 100vw, 768px\" \/>\t\t\t\t\t\t\t\t\t\t\t\t\t\t\t<\/div>\n\t\t\t\t<\/div>\n\t\t\t\t\t<\/div>\n\t\t\t\t<\/div>\n\t\t<div class=\"elementor-element elementor-element-5b07d97 e-flex e-con-boxed e-con e-parent\" data-id=\"5b07d97\" data-element_type=\"container\" data-e-type=\"container\">\n\t\t\t\t\t<div class=\"e-con-inner\">\n\t\t\t\t<div class=\"elementor-element elementor-element-ce11675 elementor-widget elementor-widget-heading\" data-id=\"ce11675\" data-element_type=\"widget\" data-e-type=\"widget\" data-widget_type=\"heading.default\">\n\t\t\t\t<div class=\"elementor-widget-container\">\n\t\t\t\t\t<h2 class=\"elementor-heading-title elementor-size-default\">Foto van de ingangshall<\/h2>\t\t\t\t<\/div>\n\t\t\t\t<\/div>\n\t\t\t\t\t<\/div>\n\t\t\t\t<\/div>\n\t\t<div class=\"elementor-element elementor-element-d3b3f35 e-grid e-con-boxed e-con e-parent\" data-id=\"d3b3f35\" data-element_type=\"container\" data-e-type=\"container\">\n\t\t\t\t\t<div class=\"e-con-inner\">\n\t\t\t\t<div class=\"elementor-element elementor-element-11033a9 elementor-widget elementor-widget-image\" data-id=\"11033a9\" data-element_type=\"widget\" data-e-type=\"widget\" data-widget_type=\"image.default\">\n\t\t\t\t<div class=\"elementor-widget-container\">\n\t\t\t\t\t\t\t\t\t\t\t\t\t\t\t<img loading=\"lazy\" decoding=\"async\" width=\"800\" height=\"600\" src=\"https:\/\/www.foretdesainthubert-accessible.be\/wp-content\/uploads\/2024\/04\/officedutourisme-wellin-3-1024x768-1.webp\" class=\"attachment-large size-large wp-image-972\" alt=\"\" srcset=\"https:\/\/www.foretdesainthubert-accessible.be\/wp-content\/uploads\/2024\/04\/officedutourisme-wellin-3-1024x768-1.webp 1024w, https:\/\/www.foretdesainthubert-accessible.be\/wp-content\/uploads\/2024\/04\/officedutourisme-wellin-3-1024x768-1-300x225.webp 300w, https:\/\/www.foretdesainthubert-accessible.be\/wp-content\/uploads\/2024\/04\/officedutourisme-wellin-3-1024x768-1-768x576.webp 768w\" sizes=\"(max-width: 800px) 100vw, 800px\" \/>\t\t\t\t\t\t\t\t\t\t\t\t\t\t\t<\/div>\n\t\t\t\t<\/div>\n\t\t\t\t\t<\/div>\n\t\t\t\t<\/div>\n\t\t<div class=\"elementor-element elementor-element-834ead8 e-flex e-con-boxed e-con e-parent\" data-id=\"834ead8\" data-element_type=\"container\" data-e-type=\"container\">\n\t\t\t\t\t<div class=\"e-con-inner\">\n\t\t\t\t<div class=\"elementor-element elementor-element-afaa635 elementor-widget elementor-widget-heading\" data-id=\"afaa635\" data-element_type=\"widget\" data-e-type=\"widget\" data-widget_type=\"heading.default\">\n\t\t\t\t<div class=\"elementor-widget-container\">\n\t\t\t\t\t<h2 class=\"elementor-heading-title elementor-size-default\">Foto's van de binnenkant<\/h2>\t\t\t\t<\/div>\n\t\t\t\t<\/div>\n\t\t\t\t\t<\/div>\n\t\t\t\t<\/div>\n\t\t<div class=\"elementor-element elementor-element-07f29d5 e-grid e-con-boxed e-con e-parent\" data-id=\"07f29d5\" data-element_type=\"container\" data-e-type=\"container\">\n\t\t\t\t\t<div class=\"e-con-inner\">\n\t\t\t\t<div class=\"elementor-element elementor-element-31d749b elementor-widget elementor-widget-image\" data-id=\"31d749b\" data-element_type=\"widget\" data-e-type=\"widget\" data-widget_type=\"image.default\">\n\t\t\t\t<div class=\"elementor-widget-container\">\n\t\t\t\t\t\t\t\t\t\t\t\t\t\t\t<img loading=\"lazy\" decoding=\"async\" width=\"800\" height=\"601\" src=\"https:\/\/www.foretdesainthubert-accessible.be\/wp-content\/uploads\/2024\/04\/officedutourisme-wellin-6-1024x769-1.webp\" class=\"attachment-large size-large wp-image-976\" alt=\"\" srcset=\"https:\/\/www.foretdesainthubert-accessible.be\/wp-content\/uploads\/2024\/04\/officedutourisme-wellin-6-1024x769-1.webp 1024w, https:\/\/www.foretdesainthubert-accessible.be\/wp-content\/uploads\/2024\/04\/officedutourisme-wellin-6-1024x769-1-300x225.webp 300w, https:\/\/www.foretdesainthubert-accessible.be\/wp-content\/uploads\/2024\/04\/officedutourisme-wellin-6-1024x769-1-768x577.webp 768w\" sizes=\"(max-width: 800px) 100vw, 800px\" \/>\t\t\t\t\t\t\t\t\t\t\t\t\t\t\t<\/div>\n\t\t\t\t<\/div>\n\t\t\t\t<div class=\"elementor-element elementor-element-e511776 elementor-widget elementor-widget-image\" data-id=\"e511776\" data-element_type=\"widget\" data-e-type=\"widget\" data-widget_type=\"image.default\">\n\t\t\t\t<div class=\"elementor-widget-container\">\n\t\t\t\t\t\t\t\t\t\t\t\t\t\t\t<img loading=\"lazy\" decoding=\"async\" width=\"800\" height=\"602\" src=\"https:\/\/www.foretdesainthubert-accessible.be\/wp-content\/uploads\/2024\/04\/officedutourisme-wellin-4-1024x770-1.webp\" class=\"attachment-large size-large wp-image-980\" alt=\"\" srcset=\"https:\/\/www.foretdesainthubert-accessible.be\/wp-content\/uploads\/2024\/04\/officedutourisme-wellin-4-1024x770-1.webp 1024w, https:\/\/www.foretdesainthubert-accessible.be\/wp-content\/uploads\/2024\/04\/officedutourisme-wellin-4-1024x770-1-300x226.webp 300w, https:\/\/www.foretdesainthubert-accessible.be\/wp-content\/uploads\/2024\/04\/officedutourisme-wellin-4-1024x770-1-768x578.webp 768w\" sizes=\"(max-width: 800px) 100vw, 800px\" \/>\t\t\t\t\t\t\t\t\t\t\t\t\t\t\t<\/div>\n\t\t\t\t<\/div>\n\t\t\t\t<div class=\"elementor-element elementor-element-b59fc5c elementor-widget elementor-widget-image\" data-id=\"b59fc5c\" data-element_type=\"widget\" data-e-type=\"widget\" data-widget_type=\"image.default\">\n\t\t\t\t<div class=\"elementor-widget-container\">\n\t\t\t\t\t\t\t\t\t\t\t\t\t\t\t<img loading=\"lazy\" decoding=\"async\" width=\"800\" height=\"600\" src=\"https:\/\/www.foretdesainthubert-accessible.be\/wp-content\/uploads\/2024\/04\/office-du-tourisme-wellin-3-1024x768-1.webp\" class=\"attachment-large size-large wp-image-984\" alt=\"\" srcset=\"https:\/\/www.foretdesainthubert-accessible.be\/wp-content\/uploads\/2024\/04\/office-du-tourisme-wellin-3-1024x768-1.webp 1024w, https:\/\/www.foretdesainthubert-accessible.be\/wp-content\/uploads\/2024\/04\/office-du-tourisme-wellin-3-1024x768-1-300x225.webp 300w, https:\/\/www.foretdesainthubert-accessible.be\/wp-content\/uploads\/2024\/04\/office-du-tourisme-wellin-3-1024x768-1-768x576.webp 768w\" sizes=\"(max-width: 800px) 100vw, 800px\" \/>\t\t\t\t\t\t\t\t\t\t\t\t\t\t\t<\/div>\n\t\t\t\t<\/div>\n\t\t\t\t<div class=\"elementor-element elementor-element-ade1c65 elementor-widget elementor-widget-image\" data-id=\"ade1c65\" data-element_type=\"widget\" data-e-type=\"widget\" data-widget_type=\"image.default\">\n\t\t\t\t<div class=\"elementor-widget-container\">\n\t\t\t\t\t\t\t\t\t\t\t\t\t\t\t<img loading=\"lazy\" decoding=\"async\" width=\"800\" height=\"600\" src=\"https:\/\/www.foretdesainthubert-accessible.be\/wp-content\/uploads\/2024\/04\/officedutourisme-wellin-2-1024x768-1.webp\" class=\"attachment-large size-large wp-image-988\" alt=\"\" srcset=\"https:\/\/www.foretdesainthubert-accessible.be\/wp-content\/uploads\/2024\/04\/officedutourisme-wellin-2-1024x768-1.webp 1024w, https:\/\/www.foretdesainthubert-accessible.be\/wp-content\/uploads\/2024\/04\/officedutourisme-wellin-2-1024x768-1-300x225.webp 300w, https:\/\/www.foretdesainthubert-accessible.be\/wp-content\/uploads\/2024\/04\/officedutourisme-wellin-2-1024x768-1-768x576.webp 768w\" sizes=\"(max-width: 800px) 100vw, 800px\" \/>\t\t\t\t\t\t\t\t\t\t\t\t\t\t\t<\/div>\n\t\t\t\t<\/div>\n\t\t\t\t\t<\/div>\n\t\t\t\t<\/div>\n\t\t<div class=\"elementor-element elementor-element-9bc8a0b e-flex e-con-boxed e-con e-parent\" data-id=\"9bc8a0b\" data-element_type=\"container\" data-e-type=\"container\">\n\t\t\t\t\t<div class=\"e-con-inner\">\n\t\t\t\t<div class=\"elementor-element elementor-element-7209fe4 elementor-widget elementor-widget-heading\" data-id=\"7209fe4\" data-element_type=\"widget\" data-e-type=\"widget\" data-widget_type=\"heading.default\">\n\t\t\t\t<div class=\"elementor-widget-container\">\n\t\t\t\t\t<h2 class=\"elementor-heading-title elementor-size-default\">Foto's van het PBMtoilet:<\/h2>\t\t\t\t<\/div>\n\t\t\t\t<\/div>\n\t\t\t\t\t<\/div>\n\t\t\t\t<\/div>\n\t\t<div class=\"elementor-element elementor-element-82b8cca e-flex e-con-boxed e-con e-parent\" data-id=\"82b8cca\" data-element_type=\"container\" data-e-type=\"container\">\n\t\t\t\t\t<div class=\"e-con-inner\">\n\t\t<div class=\"elementor-element elementor-element-22f2973 e-con-full e-flex e-con e-child\" data-id=\"22f2973\" data-element_type=\"container\" data-e-type=\"container\">\n\t\t\t\t<div class=\"elementor-element elementor-element-673f0cd elementor-widget elementor-widget-image\" data-id=\"673f0cd\" data-element_type=\"widget\" data-e-type=\"widget\" data-widget_type=\"image.default\">\n\t\t\t\t<div class=\"elementor-widget-container\">\n\t\t\t\t\t\t\t\t\t\t\t\t\t\t\t<img loading=\"lazy\" decoding=\"async\" width=\"800\" height=\"600\" src=\"https:\/\/www.foretdesainthubert-accessible.be\/wp-content\/uploads\/2024\/10\/wc-pmr-ot-wellin-2-1024x768.jpg\" class=\"attachment-large size-large wp-image-4233\" alt=\"Toilette adapt\u00e9e dans les locaux de l&#039;Office du Tourisme de Wellin\" srcset=\"https:\/\/www.foretdesainthubert-accessible.be\/wp-content\/uploads\/2024\/10\/wc-pmr-ot-wellin-2-1024x768.jpg 1024w, https:\/\/www.foretdesainthubert-accessible.be\/wp-content\/uploads\/2024\/10\/wc-pmr-ot-wellin-2-300x225.jpg 300w, https:\/\/www.foretdesainthubert-accessible.be\/wp-content\/uploads\/2024\/10\/wc-pmr-ot-wellin-2-768x576.jpg 768w, https:\/\/www.foretdesainthubert-accessible.be\/wp-content\/uploads\/2024\/10\/wc-pmr-ot-wellin-2-1536x1152.jpg 1536w, https:\/\/www.foretdesainthubert-accessible.be\/wp-content\/uploads\/2024\/10\/wc-pmr-ot-wellin-2-2048x1536.jpg 2048w\" sizes=\"(max-width: 800px) 100vw, 800px\" \/>\t\t\t\t\t\t\t\t\t\t\t\t\t\t\t<\/div>\n\t\t\t\t<\/div>\n\t\t\t\t<\/div>\n\t\t<div class=\"elementor-element elementor-element-b9ea2b7 e-con-full e-flex e-con e-child\" data-id=\"b9ea2b7\" data-element_type=\"container\" data-e-type=\"container\">\n\t\t\t\t<\/div>\n\t\t\t\t\t<\/div>\n\t\t\t\t<\/div>\n\t\t\t\t<\/div>\n\t\t","protected":false},"excerpt":{"rendered":"<p>Onthaal in Wellin In samenwerking met All Access (Provincie Luxemburg) willen wij u informeren dat deze site toegankelijk is voor : mensen in een rolstoel mensen die moeilijk ter been zijn slechtzienden slechthorenden (geen visueel alarmsysteem) mensen met begripsproblemen mensen met autisme Het adres is Grand Place 2, 6920 Wellin.De receptie van het Office du [&hellip;]<\/p>\n","protected":false},"author":4,"featured_media":980,"parent":0,"menu_order":0,"comment_status":"closed","ping_status":"closed","template":"","meta":{"_seopress_robots_primary_cat":"","_seopress_titles_title":"Toerisme en handicap - Vrije tijd in Belgi\u00eb (Walloni\u00eb)","_seopress_titles_desc":"Informatie over de toegankelijkheid van het toeristische onthaal in Wellin in het For\u00eat de Saint-Hubert (Belgische Ardennen).","_seopress_robots_index":"","footnotes":""},"class_list":["post-4669","page","type-page","status-publish","has-post-thumbnail","hentry"],"_links":{"self":[{"href":"https:\/\/www.foretdesainthubert-accessible.be\/nl\/wp-json\/wp\/v2\/pages\/4669","targetHints":{"allow":["GET"]}}],"collection":[{"href":"https:\/\/www.foretdesainthubert-accessible.be\/nl\/wp-json\/wp\/v2\/pages"}],"about":[{"href":"https:\/\/www.foretdesainthubert-accessible.be\/nl\/wp-json\/wp\/v2\/types\/page"}],"author":[{"embeddable":true,"href":"https:\/\/www.foretdesainthubert-accessible.be\/nl\/wp-json\/wp\/v2\/users\/4"}],"replies":[{"embeddable":true,"href":"https:\/\/www.foretdesainthubert-accessible.be\/nl\/wp-json\/wp\/v2\/comments?post=4669"}],"version-history":[{"count":5,"href":"https:\/\/www.foretdesainthubert-accessible.be\/nl\/wp-json\/wp\/v2\/pages\/4669\/revisions"}],"predecessor-version":[{"id":8701,"href":"https:\/\/www.foretdesainthubert-accessible.be\/nl\/wp-json\/wp\/v2\/pages\/4669\/revisions\/8701"}],"wp:featuredmedia":[{"embeddable":true,"href":"https:\/\/www.foretdesainthubert-accessible.be\/nl\/wp-json\/wp\/v2\/media\/980"}],"wp:attachment":[{"href":"https:\/\/www.foretdesainthubert-accessible.be\/nl\/wp-json\/wp\/v2\/media?parent=4669"}],"curies":[{"name":"wp","href":"https:\/\/api.w.org\/{rel}","templated":true}]}}