{"id":3521,"date":"2024-04-23T10:58:59","date_gmt":"2024-04-23T08:58:59","guid":{"rendered":"https:\/\/www.foretdesainthubert-accessible.be\/?page_id=3521"},"modified":"2025-05-11T10:05:08","modified_gmt":"2025-05-11T08:05:08","slug":"gite-chardonpre","status":"publish","type":"page","link":"https:\/\/www.foretdesainthubert-accessible.be\/nl\/gite-chardonpre\/","title":{"rendered":"G\u00eete Chardonpr\u00e9"},"content":{"rendered":"\t\t<div data-elementor-type=\"wp-page\" data-elementor-id=\"3521\" class=\"elementor elementor-3521 elementor-1225\" data-elementor-post-type=\"page\">\n\t\t\t\t<div class=\"elementor-element elementor-element-3c0cc23 e-flex e-con-boxed e-con e-parent\" data-id=\"3c0cc23\" data-element_type=\"container\" data-e-type=\"container\">\n\t\t\t\t\t<div class=\"e-con-inner\">\n\t\t\t\t<div class=\"elementor-element elementor-element-2fa88be elementor-widget elementor-widget-heading\" data-id=\"2fa88be\" data-element_type=\"widget\" data-e-type=\"widget\" data-widget_type=\"heading.default\">\n\t\t\t\t<div class=\"elementor-widget-container\">\n\t\t\t\t\t<h1 class=\"elementor-heading-title elementor-size-default\">Vakantiehuis \"Chardonpr\u00e9\"<\/h1>\t\t\t\t<\/div>\n\t\t\t\t<\/div>\n\t\t\t\t\t<\/div>\n\t\t\t\t<\/div>\n\t\t<div class=\"elementor-element elementor-element-0aaa5d9 e-flex e-con-boxed e-con e-parent\" data-id=\"0aaa5d9\" data-element_type=\"container\" data-e-type=\"container\">\n\t\t\t\t\t<div class=\"e-con-inner\">\n\t\t\t\t<div class=\"elementor-element elementor-element-2245dc0 elementor-widget elementor-widget-text-editor\" data-id=\"2245dc0\" data-element_type=\"widget\" data-e-type=\"widget\" data-widget_type=\"text-editor.default\">\n\t\t\t\t<div class=\"elementor-widget-container\">\n\t\t\t\t\t\t\t\t\t<p>In samenwerking met All Access (Provincie Luxemburg) willen we u informeren dat er faciliteiten worden geboden:<\/p>\n<ul>\n<li>mensen die moeilijk ter been zijn<\/li>\n<li>slechtzienden<\/li>\n<li>slechthorenden (geen visueel alarmsysteem)<\/li>\n<li>mensen met begripsproblemen<\/li>\n<li>mensen met autisme<\/li>\n<li>gedesori\u00ebnteerde personen<\/li>\n<\/ul>\n\t\t\t\t\t\t\t\t<\/div>\n\t\t\t\t<\/div>\n\t\t\t\t\t<\/div>\n\t\t\t\t<\/div>\n\t\t<div class=\"elementor-element elementor-element-ce7afd3 e-flex e-con-boxed e-con e-parent\" data-id=\"ce7afd3\" data-element_type=\"container\" data-e-type=\"container\">\n\t\t\t\t\t<div class=\"e-con-inner\">\n\t\t<div class=\"elementor-element elementor-element-a9917a2 e-con-full e-flex e-con e-child\" data-id=\"a9917a2\" data-element_type=\"container\" data-e-type=\"container\">\n\t\t\t\t<div class=\"elementor-element elementor-element-302a41e elementor-widget elementor-widget-image\" data-id=\"302a41e\" data-element_type=\"widget\" data-e-type=\"widget\" data-widget_type=\"image.default\">\n\t\t\t\t<div class=\"elementor-widget-container\">\n\t\t\t\t\t\t\t\t\t\t\t\t\t\t\t<img decoding=\"async\" width=\"150\" height=\"150\" src=\"https:\/\/www.foretdesainthubert-accessible.be\/wp-content\/uploads\/2024\/04\/adresse-150x150.webp\" class=\"attachment-thumbnail size-thumbnail wp-image-555\" alt=\"Pictogramme maison (adresse)\" srcset=\"https:\/\/www.foretdesainthubert-accessible.be\/wp-content\/uploads\/2024\/04\/adresse-150x150.webp 150w, https:\/\/www.foretdesainthubert-accessible.be\/wp-content\/uploads\/2024\/04\/adresse-300x300.webp 300w, https:\/\/www.foretdesainthubert-accessible.be\/wp-content\/uploads\/2024\/04\/adresse-768x768.webp 768w, https:\/\/www.foretdesainthubert-accessible.be\/wp-content\/uploads\/2024\/04\/adresse.webp 1024w\" sizes=\"(max-width: 150px) 100vw, 150px\" \/>\t\t\t\t\t\t\t\t\t\t\t\t\t\t\t<\/div>\n\t\t\t\t<\/div>\n\t\t\t\t<\/div>\n\t\t<div class=\"elementor-element elementor-element-03d1312 e-con-full e-flex e-con e-child\" data-id=\"03d1312\" data-element_type=\"container\" data-e-type=\"container\">\n\t\t\t\t<div class=\"elementor-element elementor-element-74a9aee elementor-widget elementor-widget-text-editor\" data-id=\"74a9aee\" data-element_type=\"widget\" data-e-type=\"widget\" data-widget_type=\"text-editor.default\">\n\t\t\t\t<div class=\"elementor-widget-container\">\n\t\t\t\t\t\t\t\t\t<p>Het adres is Lesse 146B, 6890 Redu (Libin)<\/p>\n<p>Dit huis is geschikt voor maximaal 14 personen.<br \/>Er zijn 6 slaapkamers, waaronder 2 en-suite slaapkamers op de begane grond.<\/p>\n\t\t\t\t\t\t\t\t<\/div>\n\t\t\t\t<\/div>\n\t\t\t\t<\/div>\n\t\t\t\t\t<\/div>\n\t\t\t\t<\/div>\n\t\t<div class=\"elementor-element elementor-element-ae72d28 e-flex e-con-boxed e-con e-parent\" data-id=\"ae72d28\" data-element_type=\"container\" data-e-type=\"container\">\n\t\t\t\t\t<div class=\"e-con-inner\">\n\t\t<div class=\"elementor-element elementor-element-afac063 e-con-full e-flex e-con e-child\" data-id=\"afac063\" data-element_type=\"container\" data-e-type=\"container\">\n\t\t\t\t<div class=\"elementor-element elementor-element-bda51ee elementor-widget elementor-widget-image\" data-id=\"bda51ee\" data-element_type=\"widget\" data-e-type=\"widget\" data-widget_type=\"image.default\">\n\t\t\t\t<div class=\"elementor-widget-container\">\n\t\t\t\t\t\t\t\t\t\t\t\t\t\t\t<img decoding=\"async\" width=\"150\" height=\"150\" src=\"https:\/\/www.foretdesainthubert-accessible.be\/wp-content\/uploads\/2024\/04\/telephone-150x150.webp\" class=\"attachment-thumbnail size-thumbnail wp-image-551\" alt=\"Pictogramme t\u00e9l\u00e9phone\" srcset=\"https:\/\/www.foretdesainthubert-accessible.be\/wp-content\/uploads\/2024\/04\/telephone-150x150.webp 150w, https:\/\/www.foretdesainthubert-accessible.be\/wp-content\/uploads\/2024\/04\/telephone-300x300.webp 300w, https:\/\/www.foretdesainthubert-accessible.be\/wp-content\/uploads\/2024\/04\/telephone-768x768.webp 768w, https:\/\/www.foretdesainthubert-accessible.be\/wp-content\/uploads\/2024\/04\/telephone.webp 1024w\" sizes=\"(max-width: 150px) 100vw, 150px\" \/>\t\t\t\t\t\t\t\t\t\t\t\t\t\t\t<\/div>\n\t\t\t\t<\/div>\n\t\t\t\t<\/div>\n\t\t<div class=\"elementor-element elementor-element-73a49c8 e-con-full e-flex e-con e-child\" data-id=\"73a49c8\" data-element_type=\"container\" data-e-type=\"container\">\n\t\t\t\t<div class=\"elementor-element elementor-element-66c9c77 elementor-widget elementor-widget-text-editor\" data-id=\"66c9c77\" data-element_type=\"widget\" data-e-type=\"widget\" data-widget_type=\"text-editor.default\">\n\t\t\t\t<div class=\"elementor-widget-container\">\n\t\t\t\t\t\t\t\t\t<p>Bel 0496 16 26 37 voor informatie en om de Chardonpr\u00e9 g\u00eete te reserveren.<\/p>\n\t\t\t\t\t\t\t\t<\/div>\n\t\t\t\t<\/div>\n\t\t\t\t<\/div>\n\t\t\t\t\t<\/div>\n\t\t\t\t<\/div>\n\t\t<div class=\"elementor-element elementor-element-46cdbfc e-flex e-con-boxed e-con e-parent\" data-id=\"46cdbfc\" data-element_type=\"container\" data-e-type=\"container\">\n\t\t\t\t\t<div class=\"e-con-inner\">\n\t\t<div class=\"elementor-element elementor-element-9847622 e-con-full e-flex e-con e-child\" data-id=\"9847622\" data-element_type=\"container\" data-e-type=\"container\">\n\t\t\t\t<div class=\"elementor-element elementor-element-71a2819 elementor-widget elementor-widget-image\" data-id=\"71a2819\" data-element_type=\"widget\" data-e-type=\"widget\" data-widget_type=\"image.default\">\n\t\t\t\t<div class=\"elementor-widget-container\">\n\t\t\t\t\t\t\t\t\t\t\t\t\t\t\t<img decoding=\"async\" width=\"150\" height=\"150\" src=\"https:\/\/www.foretdesainthubert-accessible.be\/wp-content\/uploads\/2024\/04\/mail-150x150.png\" class=\"attachment-thumbnail size-thumbnail wp-image-871\" alt=\"Pictogramme e-mail\" srcset=\"https:\/\/www.foretdesainthubert-accessible.be\/wp-content\/uploads\/2024\/04\/mail-150x150.png 150w, https:\/\/www.foretdesainthubert-accessible.be\/wp-content\/uploads\/2024\/04\/mail-300x300.png 300w, https:\/\/www.foretdesainthubert-accessible.be\/wp-content\/uploads\/2024\/04\/mail-1024x1024.png 1024w, https:\/\/www.foretdesainthubert-accessible.be\/wp-content\/uploads\/2024\/04\/mail-768x768.png 768w, https:\/\/www.foretdesainthubert-accessible.be\/wp-content\/uploads\/2024\/04\/mail.png 1280w\" sizes=\"(max-width: 150px) 100vw, 150px\" \/>\t\t\t\t\t\t\t\t\t\t\t\t\t\t\t<\/div>\n\t\t\t\t<\/div>\n\t\t\t\t<\/div>\n\t\t<div class=\"elementor-element elementor-element-eb5b4bd e-con-full e-flex e-con e-child\" data-id=\"eb5b4bd\" data-element_type=\"container\" data-e-type=\"container\">\n\t\t\t\t<div class=\"elementor-element elementor-element-4645827 elementor-widget elementor-widget-text-editor\" data-id=\"4645827\" data-element_type=\"widget\" data-e-type=\"widget\" data-widget_type=\"text-editor.default\">\n\t\t\t\t<div class=\"elementor-widget-container\">\n\t\t\t\t\t\t\t\t\t<p>Stuur een e-mail om informatie te ontvangen en te reserveren naar info@chardonpre.be<\/p>\n\t\t\t\t\t\t\t\t<\/div>\n\t\t\t\t<\/div>\n\t\t\t\t<\/div>\n\t\t\t\t\t<\/div>\n\t\t\t\t<\/div>\n\t\t<div class=\"elementor-element elementor-element-b6228c8 e-flex e-con-boxed e-con e-parent\" data-id=\"b6228c8\" data-element_type=\"container\" data-e-type=\"container\">\n\t\t\t\t\t<div class=\"e-con-inner\">\n\t\t<div class=\"elementor-element elementor-element-f0fef21 e-con-full e-flex e-con e-child\" data-id=\"f0fef21\" data-element_type=\"container\" data-e-type=\"container\">\n\t\t\t\t<div class=\"elementor-element elementor-element-747a008 elementor-widget elementor-widget-image\" data-id=\"747a008\" data-element_type=\"widget\" data-e-type=\"widget\" data-widget_type=\"image.default\">\n\t\t\t\t<div class=\"elementor-widget-container\">\n\t\t\t\t\t\t\t\t\t\t\t\t\t\t\t<img loading=\"lazy\" decoding=\"async\" width=\"150\" height=\"150\" src=\"https:\/\/www.foretdesainthubert-accessible.be\/wp-content\/uploads\/2024\/04\/reservation-150x150.webp\" class=\"attachment-thumbnail size-thumbnail wp-image-547\" alt=\"Pictogramme calendrier\" srcset=\"https:\/\/www.foretdesainthubert-accessible.be\/wp-content\/uploads\/2024\/04\/reservation-150x150.webp 150w, https:\/\/www.foretdesainthubert-accessible.be\/wp-content\/uploads\/2024\/04\/reservation-300x300.webp 300w, https:\/\/www.foretdesainthubert-accessible.be\/wp-content\/uploads\/2024\/04\/reservation-768x768.webp 768w, https:\/\/www.foretdesainthubert-accessible.be\/wp-content\/uploads\/2024\/04\/reservation.webp 1024w\" sizes=\"(max-width: 150px) 100vw, 150px\" \/>\t\t\t\t\t\t\t\t\t\t\t\t\t\t\t<\/div>\n\t\t\t\t<\/div>\n\t\t\t\t<\/div>\n\t\t<div class=\"elementor-element elementor-element-7b6b1ca e-con-full e-flex e-con e-child\" data-id=\"7b6b1ca\" data-element_type=\"container\" data-e-type=\"container\">\n\t\t\t\t<div class=\"elementor-element elementor-element-c8a339d elementor-widget elementor-widget-text-editor\" data-id=\"c8a339d\" data-element_type=\"widget\" data-e-type=\"widget\" data-widget_type=\"text-editor.default\">\n\t\t\t\t<div class=\"elementor-widget-container\">\n\t\t\t\t\t\t\t\t\t<p>Vooraf reserveren is noodzakelijk.<\/p>\n\t\t\t\t\t\t\t\t<\/div>\n\t\t\t\t<\/div>\n\t\t\t\t<\/div>\n\t\t\t\t\t<\/div>\n\t\t\t\t<\/div>\n\t\t<div class=\"elementor-element elementor-element-2adbff9 e-flex e-con-boxed e-con e-parent\" data-id=\"2adbff9\" data-element_type=\"container\" data-e-type=\"container\">\n\t\t\t\t\t<div class=\"e-con-inner\">\n\t\t<div class=\"elementor-element elementor-element-64c9ae2 e-con-full e-flex e-con e-child\" data-id=\"64c9ae2\" data-element_type=\"container\" data-e-type=\"container\">\n\t\t\t\t<div class=\"elementor-element elementor-element-e63c15b elementor-widget elementor-widget-image\" data-id=\"e63c15b\" data-element_type=\"widget\" data-e-type=\"widget\" data-widget_type=\"image.default\">\n\t\t\t\t<div class=\"elementor-widget-container\">\n\t\t\t\t\t\t\t\t\t\t\t\t\t\t\t<img loading=\"lazy\" decoding=\"async\" width=\"150\" height=\"150\" src=\"https:\/\/www.foretdesainthubert-accessible.be\/wp-content\/uploads\/2024\/04\/parking-1024x1024-1-150x150.webp\" class=\"attachment-thumbnail size-thumbnail wp-image-680\" alt=\"Pictogramme parking\" srcset=\"https:\/\/www.foretdesainthubert-accessible.be\/wp-content\/uploads\/2024\/04\/parking-1024x1024-1-150x150.webp 150w, https:\/\/www.foretdesainthubert-accessible.be\/wp-content\/uploads\/2024\/04\/parking-1024x1024-1-300x300.webp 300w, https:\/\/www.foretdesainthubert-accessible.be\/wp-content\/uploads\/2024\/04\/parking-1024x1024-1-768x768.webp 768w, https:\/\/www.foretdesainthubert-accessible.be\/wp-content\/uploads\/2024\/04\/parking-1024x1024-1.webp 1024w\" sizes=\"(max-width: 150px) 100vw, 150px\" \/>\t\t\t\t\t\t\t\t\t\t\t\t\t\t\t<\/div>\n\t\t\t\t<\/div>\n\t\t\t\t<\/div>\n\t\t<div class=\"elementor-element elementor-element-9f2ed82 e-con-full e-flex e-con e-child\" data-id=\"9f2ed82\" data-element_type=\"container\" data-e-type=\"container\">\n\t\t\t\t<div class=\"elementor-element elementor-element-2066454 elementor-widget elementor-widget-text-editor\" data-id=\"2066454\" data-element_type=\"widget\" data-e-type=\"widget\" data-widget_type=\"text-editor.default\">\n\t\t\t\t<div class=\"elementor-widget-container\">\n\t\t\t\t\t\t\t\t\t<p>De parkeerplaats bestaat uit grind.<br \/>Het is moeilijk voor mensen in een rolstoel en mensen die slecht ter been zijn.<br \/>Het is niet toegankelijk voor aleenzijnde rolstoelgebruikers.<\/p>\n\t\t\t\t\t\t\t\t<\/div>\n\t\t\t\t<\/div>\n\t\t\t\t<\/div>\n\t\t\t\t\t<\/div>\n\t\t\t\t<\/div>\n\t\t<div class=\"elementor-element elementor-element-cef5015 e-flex e-con-boxed e-con e-parent\" data-id=\"cef5015\" data-element_type=\"container\" data-e-type=\"container\">\n\t\t\t\t\t<div class=\"e-con-inner\">\n\t\t<div class=\"elementor-element elementor-element-10ff61b e-con-full e-flex e-con e-child\" data-id=\"10ff61b\" data-element_type=\"container\" data-e-type=\"container\">\n\t\t\t\t<div class=\"elementor-element elementor-element-7cce588 elementor-widget elementor-widget-image\" data-id=\"7cce588\" data-element_type=\"widget\" data-e-type=\"widget\" data-widget_type=\"image.default\">\n\t\t\t\t<div class=\"elementor-widget-container\">\n\t\t\t\t\t\t\t\t\t\t\t\t\t\t\t<img loading=\"lazy\" decoding=\"async\" width=\"150\" height=\"150\" src=\"https:\/\/www.foretdesainthubert-accessible.be\/wp-content\/uploads\/2024\/04\/toilette-pmr-150x150.webp\" class=\"attachment-thumbnail size-thumbnail wp-image-562\" alt=\"Pictogramme toilette PMR\" \/>\t\t\t\t\t\t\t\t\t\t\t\t\t\t\t<\/div>\n\t\t\t\t<\/div>\n\t\t\t\t<\/div>\n\t\t<div class=\"elementor-element elementor-element-9ae7d1b e-con-full e-flex e-con e-child\" data-id=\"9ae7d1b\" data-element_type=\"container\" data-e-type=\"container\">\n\t\t\t\t<div class=\"elementor-element elementor-element-65022eb elementor-widget elementor-widget-text-editor\" data-id=\"65022eb\" data-element_type=\"widget\" data-e-type=\"widget\" data-widget_type=\"text-editor.default\">\n\t\t\t\t<div class=\"elementor-widget-container\">\n\t\t\t\t\t\t\t\t\t<p>Het is niet mogelijk om met een rolstoel in het toilet te komen.<\/p>\n<p>Het toilet heeft geen handgreep.<\/p>\n\t\t\t\t\t\t\t\t<\/div>\n\t\t\t\t<\/div>\n\t\t\t\t<\/div>\n\t\t\t\t\t<\/div>\n\t\t\t\t<\/div>\n\t\t<div class=\"elementor-element elementor-element-a7fb0bb e-flex e-con-boxed e-con e-parent\" data-id=\"a7fb0bb\" data-element_type=\"container\" data-e-type=\"container\">\n\t\t\t\t\t<div class=\"e-con-inner\">\n\t\t<div class=\"elementor-element elementor-element-06d093d e-con-full e-flex e-con e-child\" data-id=\"06d093d\" data-element_type=\"container\" data-e-type=\"container\">\n\t\t\t\t<div class=\"elementor-element elementor-element-7ae1382 elementor-widget elementor-widget-image\" data-id=\"7ae1382\" data-element_type=\"widget\" data-e-type=\"widget\" data-widget_type=\"image.default\">\n\t\t\t\t<div class=\"elementor-widget-container\">\n\t\t\t\t\t\t\t\t\t\t\t\t\t\t\t<img loading=\"lazy\" decoding=\"async\" width=\"150\" height=\"150\" src=\"https:\/\/www.foretdesainthubert-accessible.be\/wp-content\/uploads\/2024\/04\/wifi-150x150.webp\" class=\"attachment-thumbnail size-thumbnail wp-image-543\" alt=\"Pictogramme wifi\" \/>\t\t\t\t\t\t\t\t\t\t\t\t\t\t\t<\/div>\n\t\t\t\t<\/div>\n\t\t\t\t<\/div>\n\t\t<div class=\"elementor-element elementor-element-9fe18d2 e-con-full e-flex e-con e-child\" data-id=\"9fe18d2\" data-element_type=\"container\" data-e-type=\"container\">\n\t\t\t\t<div class=\"elementor-element elementor-element-cebc830 elementor-widget elementor-widget-text-editor\" data-id=\"cebc830\" data-element_type=\"widget\" data-e-type=\"widget\" data-widget_type=\"text-editor.default\">\n\t\t\t\t<div class=\"elementor-widget-container\">\n\t\t\t\t\t\t\t\t\t<p>Wi-fi beschikbaar<\/p>\n\t\t\t\t\t\t\t\t<\/div>\n\t\t\t\t<\/div>\n\t\t\t\t<\/div>\n\t\t\t\t\t<\/div>\n\t\t\t\t<\/div>\n\t\t<div class=\"elementor-element elementor-element-c9821c1 e-flex e-con-boxed e-con e-parent\" data-id=\"c9821c1\" data-element_type=\"container\" data-e-type=\"container\">\n\t\t\t\t\t<div class=\"e-con-inner\">\n\t\t<div class=\"elementor-element elementor-element-88a3b23 e-con-full e-flex e-con e-child\" data-id=\"88a3b23\" data-element_type=\"container\" data-e-type=\"container\">\n\t\t\t\t<div class=\"elementor-element elementor-element-b4335eb elementor-widget elementor-widget-image\" data-id=\"b4335eb\" data-element_type=\"widget\" data-e-type=\"widget\" data-widget_type=\"image.default\">\n\t\t\t\t<div class=\"elementor-widget-container\">\n\t\t\t\t\t\t\t\t\t\t\t\t\t\t\t<img loading=\"lazy\" decoding=\"async\" width=\"752\" height=\"1024\" src=\"https:\/\/www.foretdesainthubert-accessible.be\/wp-content\/uploads\/2024\/04\/20240403-Autocollant-chien-dassistance-1080x1920-px-ep-752x1024.png\" class=\"attachment-large size-large wp-image-651\" alt=\"Pictogramme chiens d&#039;assistance admis\" srcset=\"https:\/\/www.foretdesainthubert-accessible.be\/wp-content\/uploads\/2024\/04\/20240403-Autocollant-chien-dassistance-1080x1920-px-ep-752x1024.png 752w, https:\/\/www.foretdesainthubert-accessible.be\/wp-content\/uploads\/2024\/04\/20240403-Autocollant-chien-dassistance-1080x1920-px-ep-220x300.png 220w, https:\/\/www.foretdesainthubert-accessible.be\/wp-content\/uploads\/2024\/04\/20240403-Autocollant-chien-dassistance-1080x1920-px-ep-768x1046.png 768w, https:\/\/www.foretdesainthubert-accessible.be\/wp-content\/uploads\/2024\/04\/20240403-Autocollant-chien-dassistance-1080x1920-px-ep-1128x1536.png 1128w, https:\/\/www.foretdesainthubert-accessible.be\/wp-content\/uploads\/2024\/04\/20240403-Autocollant-chien-dassistance-1080x1920-px-ep.png 1410w\" sizes=\"(max-width: 752px) 100vw, 752px\" \/>\t\t\t\t\t\t\t\t\t\t\t\t\t\t\t<\/div>\n\t\t\t\t<\/div>\n\t\t\t\t<\/div>\n\t\t<div class=\"elementor-element elementor-element-8e372a2 e-con-full e-flex e-con e-child\" data-id=\"8e372a2\" data-element_type=\"container\" data-e-type=\"container\">\n\t\t\t\t<div class=\"elementor-element elementor-element-33ac7c9 elementor-widget elementor-widget-text-editor\" data-id=\"33ac7c9\" data-element_type=\"widget\" data-e-type=\"widget\" data-widget_type=\"text-editor.default\">\n\t\t\t\t<div class=\"elementor-widget-container\">\n\t\t\t\t\t\t\t\t\t<p>Hulphonden zijn welkom, maar moeten wel worden aangemeld bij de reservering.<\/p>\n\t\t\t\t\t\t\t\t<\/div>\n\t\t\t\t<\/div>\n\t\t\t\t<\/div>\n\t\t\t\t\t<\/div>\n\t\t\t\t<\/div>\n\t\t<div class=\"elementor-element elementor-element-61991b5 e-flex e-con-boxed e-con e-parent\" data-id=\"61991b5\" data-element_type=\"container\" data-e-type=\"container\">\n\t\t\t\t\t<div class=\"e-con-inner\">\n\t\t<div class=\"elementor-element elementor-element-0d8e1b8 e-con-full e-flex e-con e-child\" data-id=\"0d8e1b8\" data-element_type=\"container\" data-e-type=\"container\">\n\t\t\t\t<div class=\"elementor-element elementor-element-457363b elementor-widget elementor-widget-image\" data-id=\"457363b\" data-element_type=\"widget\" data-e-type=\"widget\" data-widget_type=\"image.default\">\n\t\t\t\t<div class=\"elementor-widget-container\">\n\t\t\t\t\t\t\t\t\t\t\t\t\t\t\t<img loading=\"lazy\" decoding=\"async\" width=\"150\" height=\"150\" src=\"https:\/\/www.foretdesainthubert-accessible.be\/wp-content\/uploads\/2024\/04\/aide-1024x891-1-150x150.webp\" class=\"attachment-thumbnail size-thumbnail wp-image-566\" alt=\"\" \/>\t\t\t\t\t\t\t\t\t\t\t\t\t\t\t<\/div>\n\t\t\t\t<\/div>\n\t\t\t\t<\/div>\n\t\t<div class=\"elementor-element elementor-element-828e304 e-con-full e-flex e-con e-child\" data-id=\"828e304\" data-element_type=\"container\" data-e-type=\"container\">\n\t\t\t\t<div class=\"elementor-element elementor-element-5aca423 elementor-widget elementor-widget-text-editor\" data-id=\"5aca423\" data-element_type=\"widget\" data-e-type=\"widget\" data-widget_type=\"text-editor.default\">\n\t\t\t\t<div class=\"elementor-widget-container\">\n\t\t\t\t\t\t\t\t\tDe eigenaren, de heer en mevrouw De Cleyn \u2013 Van den Eynde, staan klaar om advies te geven over hoe het best aan de behoeften van de vakantiegangers kan worden voldaan.<br>Ze wonen in een huis naast de g\u00eete. \t\t\t\t\t\t\t\t<\/div>\n\t\t\t\t<\/div>\n\t\t\t\t<\/div>\n\t\t\t\t\t<\/div>\n\t\t\t\t<\/div>\n\t\t<div class=\"elementor-element elementor-element-d1541c2 e-flex e-con-boxed e-con e-parent\" data-id=\"d1541c2\" data-element_type=\"container\" data-e-type=\"container\">\n\t\t\t\t\t<div class=\"e-con-inner\">\n\t\t<div class=\"elementor-element elementor-element-9094bc8 e-con-full e-flex e-con e-child\" data-id=\"9094bc8\" data-element_type=\"container\" data-e-type=\"container\">\n\t\t\t\t<div class=\"elementor-element elementor-element-cb690a9 elementor-widget elementor-widget-image\" data-id=\"cb690a9\" data-element_type=\"widget\" data-e-type=\"widget\" data-widget_type=\"image.default\">\n\t\t\t\t<div class=\"elementor-widget-container\">\n\t\t\t\t\t\t\t\t\t\t\t\t\t\t\t<img loading=\"lazy\" decoding=\"async\" width=\"150\" height=\"150\" src=\"https:\/\/www.foretdesainthubert-accessible.be\/wp-content\/uploads\/2024\/04\/bienvenue-velo-1-150x150.jpg\" class=\"attachment-thumbnail size-thumbnail wp-image-1046\" alt=\"\" \/>\t\t\t\t\t\t\t\t\t\t\t\t\t\t\t<\/div>\n\t\t\t\t<\/div>\n\t\t\t\t<\/div>\n\t\t<div class=\"elementor-element elementor-element-80bdd46 e-con-full e-flex e-con e-child\" data-id=\"80bdd46\" data-element_type=\"container\" data-e-type=\"container\">\n\t\t\t\t<div class=\"elementor-element elementor-element-667c384 elementor-widget elementor-widget-text-editor\" data-id=\"667c384\" data-element_type=\"widget\" data-e-type=\"widget\" data-widget_type=\"text-editor.default\">\n\t\t\t\t<div class=\"elementor-widget-container\">\n\t\t\t\t\t\t\t\t\t<p>Het is mogelijk om je eigen fiets mee te nemen, want dit vakantiehuis heeft het label \u201cWelcome by Bike\u201d.<br \/>Dit betekent onder andere dat er routes in de buurt zijn, dat je je fiets veilig kunt stallen en dat er een kit aanwezig is voor basisreparaties.<\/p>\n\t\t\t\t\t\t\t\t<\/div>\n\t\t\t\t<\/div>\n\t\t\t\t<\/div>\n\t\t\t\t\t<\/div>\n\t\t\t\t<\/div>\n\t\t<div class=\"elementor-element elementor-element-591fa2b e-flex e-con-boxed e-con e-parent\" data-id=\"591fa2b\" data-element_type=\"container\" data-e-type=\"container\">\n\t\t\t\t\t<div class=\"e-con-inner\">\n\t\t\t\t<div class=\"elementor-element elementor-element-431e685 elementor-widget elementor-widget-heading\" data-id=\"431e685\" data-element_type=\"widget\" data-e-type=\"widget\" data-widget_type=\"heading.default\">\n\t\t\t\t<div class=\"elementor-widget-container\">\n\t\t\t\t\t<h2 class=\"elementor-heading-title elementor-size-default\">Nuttige informatie<\/h2>\t\t\t\t<\/div>\n\t\t\t\t<\/div>\n\t\t\t\t\t<\/div>\n\t\t\t\t<\/div>\n\t\t<div class=\"elementor-element elementor-element-d94670d e-flex e-con-boxed e-con e-parent\" data-id=\"d94670d\" data-element_type=\"container\" data-e-type=\"container\">\n\t\t\t\t\t<div class=\"e-con-inner\">\n\t\t\t\t<div class=\"elementor-element elementor-element-0c48db5 elementor-widget elementor-widget-text-editor\" data-id=\"0c48db5\" data-element_type=\"widget\" data-e-type=\"widget\" data-widget_type=\"text-editor.default\">\n\t\t\t\t<div class=\"elementor-widget-container\">\n\t\t\t\t\t\t\t\t\t<p><strong>Toegang tot de g\u00eete:<\/strong><\/p>\n<ul>\n<li>Er zijn drie treden naar de g\u00eete.<\/li>\n<li>Op aanvraag kan een oprijplaat worden voorzien om de toegang tot het huis te vergemakkelijken.<\/li>\n<\/ul>\n<p><strong><br \/>\nBegane grond:<\/strong><\/p>\n<ul>\n<li>Er is een grote ruimte met een keuken en eethoek, evenals een zithoek.<br \/>\nEr zijn stoelen en fauteuils van verschillende hoogtes met of zonder armleuningen.<\/li>\n<li>Er zijn 2 slaapkamers met en-suite badkamers.<br \/>\nDe bedden hebben de juiste hoogte.<br \/>\nDe verlichting is voldoende.<br \/>\nDe inloopdouches hebben geen zitje of steungreep.<\/li>\n<\/ul>\n<p><strong><br \/>\nTrappen:<\/strong><\/p>\n<ul>\n<li>Er is slechts \u00e9\u00e9n leuning op de trap.<\/li>\n<li>De treden zijn niet beveiligd met een waarschuwingsstrip.<\/li>\n<\/ul>\n<p><strong><br \/>\nEerste verdieping:<\/strong><\/p>\n<ul>\n<li>Er zijn 3 slaapkamers met en-suite badkamers.<\/li>\n<li>De bedden hebben de juiste hoogte.<\/li>\n<li>De verlichting is voldoende.<\/li>\n<li>De inloopdouches hebben geen zitje of steungreep.<\/li>\n<li>Er is een slaapkamer met een stapelbed (geen badkamer).<\/li>\n<\/ul>\n<p><strong><br \/>\nTweede verdieping:<br \/>\n<\/strong><\/p>\n<ul>\n<li>Er is een speel- en ontspanningsruimte.<br \/>\nDeze bevindt zich op zolder.<br \/>\nDe ingang geeft je de kans om er even tussenuit te gaan en te genieten van de rust.<\/li>\n<\/ul>\n<p><strong>Tuin en terrassen:<\/strong><\/p>\n<ul>\n<li>Er is een terras naast de woonkamer.<br \/>\nOm het terras te bereiken is er een deur met een opstapje.<br \/>\nHet terras is beveiligd.<\/li>\n<li>Er is nog een terras naast de tuin.<br \/>\nOm daar te komen, moet je een trap af of om de buitenkant van het huis heen.<\/li>\n<li>Er is een beekje onderaan de tuin.<br \/>\nDe beek is beveiligd met een hek.<\/li>\n<\/ul>\n<p><strong>Verdere informatie:<\/strong><\/p>\n<ul>\n<li>De kamers zijn ruim.<\/li>\n<li>De deuropeningen zijn breed.<\/li>\n<li>Over het algemeen zijn er contrasten tussen de vloer en de muren.<br \/>\nEr is geen visueel alarmsysteem.<\/li>\n<li>De deuren zijn identiek en niet gemakkelijk te onderscheiden.<\/li>\n<\/ul>\n\t\t\t\t\t\t\t\t<\/div>\n\t\t\t\t<\/div>\n\t\t\t\t\t<\/div>\n\t\t\t\t<\/div>\n\t\t<div class=\"elementor-element elementor-element-4031d13 e-flex e-con-boxed e-con e-parent\" data-id=\"4031d13\" data-element_type=\"container\" data-e-type=\"container\">\n\t\t\t\t\t<div class=\"e-con-inner\">\n\t\t<div class=\"elementor-element elementor-element-288069e e-con-full e-flex e-con e-child\" data-id=\"288069e\" data-element_type=\"container\" data-e-type=\"container\">\n\t\t\t\t<div class=\"elementor-element elementor-element-61bb471 elementor-widget elementor-widget-image\" data-id=\"61bb471\" data-element_type=\"widget\" data-e-type=\"widget\" data-widget_type=\"image.default\">\n\t\t\t\t<div class=\"elementor-widget-container\">\n\t\t\t\t\t\t\t\t\t\t\t\t\t\t\t<img loading=\"lazy\" decoding=\"async\" width=\"150\" height=\"150\" src=\"https:\/\/www.foretdesainthubert-accessible.be\/wp-content\/uploads\/2024\/04\/falc-150x150.webp\" class=\"attachment-thumbnail size-thumbnail wp-image-626\" alt=\"\" srcset=\"https:\/\/www.foretdesainthubert-accessible.be\/wp-content\/uploads\/2024\/04\/falc-150x150.webp 150w, https:\/\/www.foretdesainthubert-accessible.be\/wp-content\/uploads\/2024\/04\/falc-300x300.webp 300w, https:\/\/www.foretdesainthubert-accessible.be\/wp-content\/uploads\/2024\/04\/falc-768x768.webp 768w, https:\/\/www.foretdesainthubert-accessible.be\/wp-content\/uploads\/2024\/04\/falc.webp 1024w\" sizes=\"(max-width: 150px) 100vw, 150px\" \/>\t\t\t\t\t\t\t\t\t\t\t\t\t\t\t<\/div>\n\t\t\t\t<\/div>\n\t\t\t\t<\/div>\n\t\t<div class=\"elementor-element elementor-element-0c69bbd e-con-full e-flex e-con e-child\" data-id=\"0c69bbd\" data-element_type=\"container\" data-e-type=\"container\">\n\t\t\t\t<div class=\"elementor-element elementor-element-efd601a elementor-widget elementor-widget-heading\" data-id=\"efd601a\" data-element_type=\"widget\" data-e-type=\"widget\" data-widget_type=\"heading.default\">\n\t\t\t\t<div class=\"elementor-widget-container\">\n\t\t\t\t\t<h3 class=\"elementor-heading-title elementor-size-default\">Gemakkelijk te lezen en te begrijpen<\/h3>\t\t\t\t<\/div>\n\t\t\t\t<\/div>\n\t\t\t\t<\/div>\n\t\t\t\t\t<\/div>\n\t\t\t\t<\/div>\n\t\t<div class=\"elementor-element elementor-element-1fae1fa e-flex e-con-boxed e-con e-parent\" data-id=\"1fae1fa\" data-element_type=\"container\" data-e-type=\"container\">\n\t\t\t\t\t<div class=\"e-con-inner\">\n\t\t\t\t<div class=\"elementor-element elementor-element-edb0aa0 elementor-widget elementor-widget-text-editor\" data-id=\"edb0aa0\" data-element_type=\"widget\" data-e-type=\"widget\" data-widget_type=\"text-editor.default\">\n\t\t\t\t<div class=\"elementor-widget-container\">\n\t\t\t\t\t\t\t\t\t<p>Deze tekst is geschreven in gemakkelijk te lezen en te begrijpen.<\/p>\n<p><strong>Parking:<\/strong><\/p>\n<ul>\n<li>De vloer van de parkeerplaats bestaat uit kleine stenen.<\/li>\n<li>Als je in een rolstoel zit of moeilijk ter been bent, moet je iemand meenemen om je te helpen.<\/li>\n<\/ul>\n<p><strong><br \/>\nOm de g\u00eete binnen te gaan:<\/strong><\/p>\n<ul>\n<li>Als je in een rolstoel zit of moeilijk ter been bent:<br \/>\nmoet je vragen om de oprit te gebruiken, want er zijn 3 treden om binnen te komen.<\/li>\n<\/ul>\n<p><strong><br \/>\nBeneden:<\/strong><\/p>\n<p>In de grote ruimte zijn er:<\/p>\n<ul>\n<li>Een keuken.<\/li>\n<li>Een eetkamer.<\/li>\n<li>De woonkamer met zetels.<\/li>\n<\/ul>\n<p><strong><br \/>\nEr zijn ook:<\/strong><\/p>\n<ul>\n<li>2 slaapkamers met badkamers.<\/li>\n<li>2 grote inloopdouches.<\/li>\n<li>Toilet zonder steungrepen.<br \/>\nHet is niet mogelijk om met een rolstoel in het toilet te komen.<\/li>\n<li>Er zijn geen doucherails.<\/li>\n<li>Er zijn geen stoelen om op te zitten in de douche.<\/li>\n<\/ul>\n<p><strong><br \/>\nOp de trap:<\/strong><\/p>\n<ul>\n<li>Er is een leuning op de trap.<\/li>\n<li>De treden zijn moeilijk te zien.<\/li>\n<\/ul>\n<p><strong><br \/>\nOp de eerste verdieping:<\/strong><\/p>\n<ul>\n<li>Er zijn 3 slaapkamers met en-suite badkamers.<\/li>\n<li>2 grote inloopdouches.<\/li>\n<li>Er zijn geen doucherails.<\/li>\n<li>Er zijn geen stoelen om op te zitten in de douche.<\/li>\n<li>Er zijn geen steungrepen in het toilet.<br \/>\nHet is niet mogelijk om met een rolstoel het toilet te betreden.<\/li>\n<li>Er is \u00e9\u00e9n slaapkamer met een stapelbed.<br \/>\nEr staan 2 bedden boven elkaar.<\/li>\n<\/ul>\n<p><strong><br \/>\nOp de tweede verdieping:<\/strong><\/p>\n<ul>\n<li>Er is een speelkamer.<\/li>\n<li>Daar kun je ook terecht om rustig te zijn.<\/li>\n<\/ul>\n<p><strong><br \/>\nTuin en terrassen:<\/strong><\/p>\n<p>Er zijn:<\/p>\n<ul>\n<li>2 Terrassen<\/li>\n<li>Een prachtige tuin<\/li>\n<li>Er is een beekje met een afsluiting om te voorkomen dat je in het water valt.<\/li>\n<\/ul>\n<p><strong><br \/>\nVerdere informatie:<\/strong><\/p>\n<ul>\n<li>In de g\u00eete zijn de kamers en deuren groot.<\/li>\n<li>Er staan geen tekeningen of namen op de slaapkamerdeuren.<\/li>\n<li>Er is overal licht in de g\u00eete omdat er veel ramen zijn.<\/li>\n<\/ul>\n<p><strong><br \/>\nAls er brand is, is er :<\/strong><\/p>\n<ul>\n<li>Een geluidsalarm dat afgaat om mensen te waarschuwen.<\/li>\n<li>Maar er is geen visueel alarm met licht.<\/li>\n<\/ul>\n\t\t\t\t\t\t\t\t<\/div>\n\t\t\t\t<\/div>\n\t\t\t\t\t<\/div>\n\t\t\t\t<\/div>\n\t\t<div class=\"elementor-element elementor-element-c69985b e-flex e-con-boxed e-con e-parent\" data-id=\"c69985b\" data-element_type=\"container\" data-e-type=\"container\">\n\t\t\t\t\t<div class=\"e-con-inner\">\n\t\t\t\t<div class=\"elementor-element elementor-element-cdd8ddd elementor-widget elementor-widget-heading\" data-id=\"cdd8ddd\" data-element_type=\"widget\" data-e-type=\"widget\" data-widget_type=\"heading.default\">\n\t\t\t\t<div class=\"elementor-widget-container\">\n\t\t\t\t\t<h2 class=\"elementor-heading-title elementor-size-default\">Foto's van het huis en de ingang<\/h2>\t\t\t\t<\/div>\n\t\t\t\t<\/div>\n\t\t\t\t\t<\/div>\n\t\t\t\t<\/div>\n\t\t<div class=\"elementor-element elementor-element-e685496 e-flex e-con-boxed e-con e-parent\" data-id=\"e685496\" data-element_type=\"container\" data-e-type=\"container\">\n\t\t\t\t\t<div class=\"e-con-inner\">\n\t\t<div class=\"elementor-element elementor-element-dd4d77a e-con-full e-flex e-con e-child\" data-id=\"dd4d77a\" data-element_type=\"container\" data-e-type=\"container\">\n\t\t\t\t<div class=\"elementor-element elementor-element-4d6c399 elementor-widget elementor-widget-image\" data-id=\"4d6c399\" data-element_type=\"widget\" data-e-type=\"widget\" data-widget_type=\"image.default\">\n\t\t\t\t<div class=\"elementor-widget-container\">\n\t\t\t\t\t\t\t\t\t\t\t\t\t\t\t<img loading=\"lazy\" decoding=\"async\" width=\"800\" height=\"600\" src=\"https:\/\/www.foretdesainthubert-accessible.be\/wp-content\/uploads\/2024\/04\/tourisme-handicap-gite-chardonpre-26-1.webp\" class=\"attachment-large size-large wp-image-1524\" alt=\"\" \/>\t\t\t\t\t\t\t\t\t\t\t\t\t\t\t<\/div>\n\t\t\t\t<\/div>\n\t\t\t\t<\/div>\n\t\t<div class=\"elementor-element elementor-element-3ebc854 e-con-full e-flex e-con e-child\" data-id=\"3ebc854\" data-element_type=\"container\" data-e-type=\"container\">\n\t\t\t\t<div class=\"elementor-element elementor-element-2901715 elementor-widget elementor-widget-image\" data-id=\"2901715\" data-element_type=\"widget\" data-e-type=\"widget\" data-widget_type=\"image.default\">\n\t\t\t\t<div class=\"elementor-widget-container\">\n\t\t\t\t\t\t\t\t\t\t\t\t\t\t\t<img loading=\"lazy\" decoding=\"async\" width=\"800\" height=\"600\" src=\"https:\/\/www.foretdesainthubert-accessible.be\/wp-content\/uploads\/2024\/04\/tourisme-handicap-gite-chardonpre-25.webp\" class=\"attachment-large size-large wp-image-1520\" alt=\"\" \/>\t\t\t\t\t\t\t\t\t\t\t\t\t\t\t<\/div>\n\t\t\t\t<\/div>\n\t\t\t\t<\/div>\n\t\t\t\t\t<\/div>\n\t\t\t\t<\/div>\n\t\t<div class=\"elementor-element elementor-element-2566210 e-flex e-con-boxed e-con e-parent\" data-id=\"2566210\" data-element_type=\"container\" data-e-type=\"container\">\n\t\t\t\t\t<div class=\"e-con-inner\">\n\t\t\t\t<div class=\"elementor-element elementor-element-60b3de6 elementor-widget elementor-widget-heading\" data-id=\"60b3de6\" data-element_type=\"widget\" data-e-type=\"widget\" data-widget_type=\"heading.default\">\n\t\t\t\t<div class=\"elementor-widget-container\">\n\t\t\t\t\t<h2 class=\"elementor-heading-title elementor-size-default\">foto van de ingangshall<\/h2>\t\t\t\t<\/div>\n\t\t\t\t<\/div>\n\t\t\t\t\t<\/div>\n\t\t\t\t<\/div>\n\t\t<div class=\"elementor-element elementor-element-ba90ab2 e-flex e-con-boxed e-con e-parent\" data-id=\"ba90ab2\" data-element_type=\"container\" data-e-type=\"container\">\n\t\t\t\t\t<div class=\"e-con-inner\">\n\t\t<div class=\"elementor-element elementor-element-fe9587d e-con-full e-flex e-con e-child\" data-id=\"fe9587d\" data-element_type=\"container\" data-e-type=\"container\">\n\t\t\t\t<div class=\"elementor-element elementor-element-1beec92 elementor-widget elementor-widget-image\" data-id=\"1beec92\" data-element_type=\"widget\" data-e-type=\"widget\" data-widget_type=\"image.default\">\n\t\t\t\t<div class=\"elementor-widget-container\">\n\t\t\t\t\t\t\t\t\t\t\t\t\t\t\t<img loading=\"lazy\" decoding=\"async\" width=\"800\" height=\"599\" src=\"https:\/\/www.foretdesainthubert-accessible.be\/wp-content\/uploads\/2024\/04\/tourisme-handicap-gite-chardonpre-21.webp\" class=\"attachment-large size-large wp-image-1504\" alt=\"\" srcset=\"https:\/\/www.foretdesainthubert-accessible.be\/wp-content\/uploads\/2024\/04\/tourisme-handicap-gite-chardonpre-21.webp 1024w, https:\/\/www.foretdesainthubert-accessible.be\/wp-content\/uploads\/2024\/04\/tourisme-handicap-gite-chardonpre-21-300x225.webp 300w, https:\/\/www.foretdesainthubert-accessible.be\/wp-content\/uploads\/2024\/04\/tourisme-handicap-gite-chardonpre-21-768x575.webp 768w\" sizes=\"(max-width: 800px) 100vw, 800px\" \/>\t\t\t\t\t\t\t\t\t\t\t\t\t\t\t<\/div>\n\t\t\t\t<\/div>\n\t\t\t\t<\/div>\n\t\t<div class=\"elementor-element elementor-element-b177020 e-con-full e-flex e-con e-child\" data-id=\"b177020\" data-element_type=\"container\" data-e-type=\"container\">\n\t\t\t\t<\/div>\n\t\t\t\t\t<\/div>\n\t\t\t\t<\/div>\n\t\t<div class=\"elementor-element elementor-element-f2386ce e-flex e-con-boxed e-con e-parent\" data-id=\"f2386ce\" data-element_type=\"container\" data-e-type=\"container\">\n\t\t\t\t\t<div class=\"e-con-inner\">\n\t\t\t\t<div class=\"elementor-element elementor-element-e608898 elementor-widget elementor-widget-heading\" data-id=\"e608898\" data-element_type=\"widget\" data-e-type=\"widget\" data-widget_type=\"heading.default\">\n\t\t\t\t<div class=\"elementor-widget-container\">\n\t\t\t\t\t<h2 class=\"elementor-heading-title elementor-size-default\">Foto's van de keuken en de eetkamer<\/h2>\t\t\t\t<\/div>\n\t\t\t\t<\/div>\n\t\t\t\t\t<\/div>\n\t\t\t\t<\/div>\n\t\t<div class=\"elementor-element elementor-element-c67d7d3 e-flex e-con-boxed e-con e-parent\" data-id=\"c67d7d3\" data-element_type=\"container\" data-e-type=\"container\">\n\t\t\t\t\t<div class=\"e-con-inner\">\n\t\t<div class=\"elementor-element elementor-element-b39b6a0 e-con-full e-flex e-con e-child\" data-id=\"b39b6a0\" data-element_type=\"container\" data-e-type=\"container\">\n\t\t\t\t<div class=\"elementor-element elementor-element-ca53c37 elementor-widget elementor-widget-image\" data-id=\"ca53c37\" data-element_type=\"widget\" data-e-type=\"widget\" data-widget_type=\"image.default\">\n\t\t\t\t<div class=\"elementor-widget-container\">\n\t\t\t\t\t\t\t\t\t\t\t\t\t\t\t<img loading=\"lazy\" decoding=\"async\" width=\"800\" height=\"595\" src=\"https:\/\/www.foretdesainthubert-accessible.be\/wp-content\/uploads\/2024\/04\/tourisme-handicap-gite-chardonpre-28.webp\" class=\"attachment-large size-large wp-image-1532\" alt=\"\" srcset=\"https:\/\/www.foretdesainthubert-accessible.be\/wp-content\/uploads\/2024\/04\/tourisme-handicap-gite-chardonpre-28.webp 1024w, https:\/\/www.foretdesainthubert-accessible.be\/wp-content\/uploads\/2024\/04\/tourisme-handicap-gite-chardonpre-28-300x223.webp 300w, https:\/\/www.foretdesainthubert-accessible.be\/wp-content\/uploads\/2024\/04\/tourisme-handicap-gite-chardonpre-28-768x571.webp 768w\" sizes=\"(max-width: 800px) 100vw, 800px\" \/>\t\t\t\t\t\t\t\t\t\t\t\t\t\t\t<\/div>\n\t\t\t\t<\/div>\n\t\t\t\t<\/div>\n\t\t<div class=\"elementor-element elementor-element-05ba8ba e-con-full e-flex e-con e-child\" data-id=\"05ba8ba\" data-element_type=\"container\" data-e-type=\"container\">\n\t\t\t\t<div class=\"elementor-element elementor-element-51948bb elementor-widget elementor-widget-image\" data-id=\"51948bb\" data-element_type=\"widget\" data-e-type=\"widget\" data-widget_type=\"image.default\">\n\t\t\t\t<div class=\"elementor-widget-container\">\n\t\t\t\t\t\t\t\t\t\t\t\t\t\t\t<img loading=\"lazy\" decoding=\"async\" width=\"800\" height=\"599\" src=\"https:\/\/www.foretdesainthubert-accessible.be\/wp-content\/uploads\/2024\/04\/tourisme-handicap-gite-chardonpre-29.webp\" class=\"attachment-large size-large wp-image-1536\" alt=\"\" srcset=\"https:\/\/www.foretdesainthubert-accessible.be\/wp-content\/uploads\/2024\/04\/tourisme-handicap-gite-chardonpre-29.webp 1024w, https:\/\/www.foretdesainthubert-accessible.be\/wp-content\/uploads\/2024\/04\/tourisme-handicap-gite-chardonpre-29-300x225.webp 300w, https:\/\/www.foretdesainthubert-accessible.be\/wp-content\/uploads\/2024\/04\/tourisme-handicap-gite-chardonpre-29-768x575.webp 768w\" sizes=\"(max-width: 800px) 100vw, 800px\" \/>\t\t\t\t\t\t\t\t\t\t\t\t\t\t\t<\/div>\n\t\t\t\t<\/div>\n\t\t\t\t<\/div>\n\t\t\t\t\t<\/div>\n\t\t\t\t<\/div>\n\t\t<div class=\"elementor-element elementor-element-f7c984f e-flex e-con-boxed e-con e-parent\" data-id=\"f7c984f\" data-element_type=\"container\" data-e-type=\"container\">\n\t\t\t\t\t<div class=\"e-con-inner\">\n\t\t\t\t<div class=\"elementor-element elementor-element-992bbcd elementor-widget elementor-widget-heading\" data-id=\"992bbcd\" data-element_type=\"widget\" data-e-type=\"widget\" data-widget_type=\"heading.default\">\n\t\t\t\t<div class=\"elementor-widget-container\">\n\t\t\t\t\t<h2 class=\"elementor-heading-title elementor-size-default\">Foto's van het salon<\/h2>\t\t\t\t<\/div>\n\t\t\t\t<\/div>\n\t\t\t\t\t<\/div>\n\t\t\t\t<\/div>\n\t\t<div class=\"elementor-element elementor-element-5eeee00 e-flex e-con-boxed e-con e-parent\" data-id=\"5eeee00\" data-element_type=\"container\" data-e-type=\"container\">\n\t\t\t\t\t<div class=\"e-con-inner\">\n\t\t<div class=\"elementor-element elementor-element-819f209 e-con-full e-flex e-con e-child\" data-id=\"819f209\" data-element_type=\"container\" data-e-type=\"container\">\n\t\t\t\t<div class=\"elementor-element elementor-element-288f2b6 elementor-widget elementor-widget-image\" data-id=\"288f2b6\" data-element_type=\"widget\" data-e-type=\"widget\" data-widget_type=\"image.default\">\n\t\t\t\t<div class=\"elementor-widget-container\">\n\t\t\t\t\t\t\t\t\t\t\t\t\t\t\t<img loading=\"lazy\" decoding=\"async\" width=\"800\" height=\"596\" src=\"https:\/\/www.foretdesainthubert-accessible.be\/wp-content\/uploads\/2024\/04\/tourisme-handicap-gite-chardonpre-27.webp\" class=\"attachment-large size-large wp-image-1528\" alt=\"\" srcset=\"https:\/\/www.foretdesainthubert-accessible.be\/wp-content\/uploads\/2024\/04\/tourisme-handicap-gite-chardonpre-27.webp 1024w, https:\/\/www.foretdesainthubert-accessible.be\/wp-content\/uploads\/2024\/04\/tourisme-handicap-gite-chardonpre-27-300x224.webp 300w, https:\/\/www.foretdesainthubert-accessible.be\/wp-content\/uploads\/2024\/04\/tourisme-handicap-gite-chardonpre-27-768x572.webp 768w\" sizes=\"(max-width: 800px) 100vw, 800px\" \/>\t\t\t\t\t\t\t\t\t\t\t\t\t\t\t<\/div>\n\t\t\t\t<\/div>\n\t\t\t\t<\/div>\n\t\t<div class=\"elementor-element elementor-element-258a342 e-con-full e-flex e-con e-child\" data-id=\"258a342\" data-element_type=\"container\" data-e-type=\"container\">\n\t\t\t\t<div class=\"elementor-element elementor-element-e5fe38d elementor-widget elementor-widget-image\" data-id=\"e5fe38d\" data-element_type=\"widget\" data-e-type=\"widget\" data-widget_type=\"image.default\">\n\t\t\t\t<div class=\"elementor-widget-container\">\n\t\t\t\t\t\t\t\t\t\t\t\t\t\t\t<img loading=\"lazy\" decoding=\"async\" width=\"800\" height=\"602\" src=\"https:\/\/www.foretdesainthubert-accessible.be\/wp-content\/uploads\/2024\/04\/tourisme-handicap-gite-chardonpre-32.webp\" class=\"attachment-large size-large wp-image-1548\" alt=\"\" srcset=\"https:\/\/www.foretdesainthubert-accessible.be\/wp-content\/uploads\/2024\/04\/tourisme-handicap-gite-chardonpre-32.webp 1024w, https:\/\/www.foretdesainthubert-accessible.be\/wp-content\/uploads\/2024\/04\/tourisme-handicap-gite-chardonpre-32-300x226.webp 300w, https:\/\/www.foretdesainthubert-accessible.be\/wp-content\/uploads\/2024\/04\/tourisme-handicap-gite-chardonpre-32-768x578.webp 768w\" sizes=\"(max-width: 800px) 100vw, 800px\" \/>\t\t\t\t\t\t\t\t\t\t\t\t\t\t\t<\/div>\n\t\t\t\t<\/div>\n\t\t\t\t<\/div>\n\t\t\t\t\t<\/div>\n\t\t\t\t<\/div>\n\t\t<div class=\"elementor-element elementor-element-11636b7 e-flex e-con-boxed e-con e-parent\" data-id=\"11636b7\" data-element_type=\"container\" data-e-type=\"container\">\n\t\t\t\t\t<div class=\"e-con-inner\">\n\t\t\t\t<div class=\"elementor-element elementor-element-a727242 elementor-widget elementor-widget-heading\" data-id=\"a727242\" data-element_type=\"widget\" data-e-type=\"widget\" data-widget_type=\"heading.default\">\n\t\t\t\t<div class=\"elementor-widget-container\">\n\t\t\t\t\t<h2 class=\"elementor-heading-title elementor-size-default\">Foto's van een kamer met badkamer (gelijkvloers)<\/h2>\t\t\t\t<\/div>\n\t\t\t\t<\/div>\n\t\t\t\t\t<\/div>\n\t\t\t\t<\/div>\n\t\t<div class=\"elementor-element elementor-element-2d6e932 e-flex e-con-boxed e-con e-parent\" data-id=\"2d6e932\" data-element_type=\"container\" data-e-type=\"container\">\n\t\t\t\t\t<div class=\"e-con-inner\">\n\t\t<div class=\"elementor-element elementor-element-3e5b092 e-con-full e-flex e-con e-child\" data-id=\"3e5b092\" data-element_type=\"container\" data-e-type=\"container\">\n\t\t\t\t<div class=\"elementor-element elementor-element-3821800 elementor-widget elementor-widget-image\" data-id=\"3821800\" data-element_type=\"widget\" data-e-type=\"widget\" data-widget_type=\"image.default\">\n\t\t\t\t<div class=\"elementor-widget-container\">\n\t\t\t\t\t\t\t\t\t\t\t\t\t\t\t<img loading=\"lazy\" decoding=\"async\" width=\"607\" height=\"822\" src=\"https:\/\/www.foretdesainthubert-accessible.be\/wp-content\/uploads\/2024\/04\/tourisme-handicap-gite-chardonpre-33.webp\" class=\"attachment-large size-large wp-image-1552\" alt=\"\" srcset=\"https:\/\/www.foretdesainthubert-accessible.be\/wp-content\/uploads\/2024\/04\/tourisme-handicap-gite-chardonpre-33.webp 607w, https:\/\/www.foretdesainthubert-accessible.be\/wp-content\/uploads\/2024\/04\/tourisme-handicap-gite-chardonpre-33-222x300.webp 222w\" sizes=\"(max-width: 607px) 100vw, 607px\" \/>\t\t\t\t\t\t\t\t\t\t\t\t\t\t\t<\/div>\n\t\t\t\t<\/div>\n\t\t\t\t<\/div>\n\t\t<div class=\"elementor-element elementor-element-80c58ad e-con-full e-flex e-con e-child\" data-id=\"80c58ad\" data-element_type=\"container\" data-e-type=\"container\">\n\t\t\t\t<div class=\"elementor-element elementor-element-41a4d91 elementor-widget elementor-widget-image\" data-id=\"41a4d91\" data-element_type=\"widget\" data-e-type=\"widget\" data-widget_type=\"image.default\">\n\t\t\t\t<div class=\"elementor-widget-container\">\n\t\t\t\t\t\t\t\t\t\t\t\t\t\t\t<img loading=\"lazy\" decoding=\"async\" width=\"800\" height=\"596\" src=\"https:\/\/www.foretdesainthubert-accessible.be\/wp-content\/uploads\/2024\/04\/tourisme-handicap-gite-chardonpre-38.webp\" class=\"attachment-large size-large wp-image-1572\" alt=\"\" srcset=\"https:\/\/www.foretdesainthubert-accessible.be\/wp-content\/uploads\/2024\/04\/tourisme-handicap-gite-chardonpre-38.webp 1024w, https:\/\/www.foretdesainthubert-accessible.be\/wp-content\/uploads\/2024\/04\/tourisme-handicap-gite-chardonpre-38-300x224.webp 300w, https:\/\/www.foretdesainthubert-accessible.be\/wp-content\/uploads\/2024\/04\/tourisme-handicap-gite-chardonpre-38-768x572.webp 768w\" sizes=\"(max-width: 800px) 100vw, 800px\" \/>\t\t\t\t\t\t\t\t\t\t\t\t\t\t\t<\/div>\n\t\t\t\t<\/div>\n\t\t\t\t<\/div>\n\t\t\t\t\t<\/div>\n\t\t\t\t<\/div>\n\t\t<div class=\"elementor-element elementor-element-5ad96ce e-flex e-con-boxed e-con e-parent\" data-id=\"5ad96ce\" data-element_type=\"container\" data-e-type=\"container\">\n\t\t\t\t\t<div class=\"e-con-inner\">\n\t\t<div class=\"elementor-element elementor-element-e8d6226 e-con-full e-flex e-con e-child\" data-id=\"e8d6226\" data-element_type=\"container\" data-e-type=\"container\">\n\t\t\t\t<div class=\"elementor-element elementor-element-970e0f3 elementor-widget elementor-widget-image\" data-id=\"970e0f3\" data-element_type=\"widget\" data-e-type=\"widget\" data-widget_type=\"image.default\">\n\t\t\t\t<div class=\"elementor-widget-container\">\n\t\t\t\t\t\t\t\t\t\t\t\t\t\t\t<img loading=\"lazy\" decoding=\"async\" width=\"800\" height=\"595\" src=\"https:\/\/www.foretdesainthubert-accessible.be\/wp-content\/uploads\/2024\/04\/tourisme-handicap-gite-chardonpre-36.webp\" class=\"attachment-large size-large wp-image-1564\" alt=\"\" srcset=\"https:\/\/www.foretdesainthubert-accessible.be\/wp-content\/uploads\/2024\/04\/tourisme-handicap-gite-chardonpre-36.webp 1024w, https:\/\/www.foretdesainthubert-accessible.be\/wp-content\/uploads\/2024\/04\/tourisme-handicap-gite-chardonpre-36-300x223.webp 300w, https:\/\/www.foretdesainthubert-accessible.be\/wp-content\/uploads\/2024\/04\/tourisme-handicap-gite-chardonpre-36-768x571.webp 768w\" sizes=\"(max-width: 800px) 100vw, 800px\" \/>\t\t\t\t\t\t\t\t\t\t\t\t\t\t\t<\/div>\n\t\t\t\t<\/div>\n\t\t\t\t<\/div>\n\t\t<div class=\"elementor-element elementor-element-e71c76a e-con-full e-flex e-con e-child\" data-id=\"e71c76a\" data-element_type=\"container\" data-e-type=\"container\">\n\t\t\t\t<div class=\"elementor-element elementor-element-ebc40ec elementor-widget elementor-widget-image\" data-id=\"ebc40ec\" data-element_type=\"widget\" data-e-type=\"widget\" data-widget_type=\"image.default\">\n\t\t\t\t<div class=\"elementor-widget-container\">\n\t\t\t\t\t\t\t\t\t\t\t\t\t\t\t<img loading=\"lazy\" decoding=\"async\" width=\"800\" height=\"602\" src=\"https:\/\/www.foretdesainthubert-accessible.be\/wp-content\/uploads\/2024\/04\/tourisme-handicap-gite-chardonpre-37.webp\" class=\"attachment-large size-large wp-image-1568\" alt=\"\" srcset=\"https:\/\/www.foretdesainthubert-accessible.be\/wp-content\/uploads\/2024\/04\/tourisme-handicap-gite-chardonpre-37.webp 1024w, https:\/\/www.foretdesainthubert-accessible.be\/wp-content\/uploads\/2024\/04\/tourisme-handicap-gite-chardonpre-37-300x226.webp 300w, https:\/\/www.foretdesainthubert-accessible.be\/wp-content\/uploads\/2024\/04\/tourisme-handicap-gite-chardonpre-37-768x578.webp 768w\" sizes=\"(max-width: 800px) 100vw, 800px\" \/>\t\t\t\t\t\t\t\t\t\t\t\t\t\t\t<\/div>\n\t\t\t\t<\/div>\n\t\t\t\t<\/div>\n\t\t\t\t\t<\/div>\n\t\t\t\t<\/div>\n\t\t<div class=\"elementor-element elementor-element-f463d5f e-flex e-con-boxed e-con e-parent\" data-id=\"f463d5f\" data-element_type=\"container\" data-e-type=\"container\">\n\t\t\t\t\t<div class=\"e-con-inner\">\n\t\t<div class=\"elementor-element elementor-element-91279dd e-con-full e-flex e-con e-child\" data-id=\"91279dd\" data-element_type=\"container\" data-e-type=\"container\">\n\t\t\t\t<div class=\"elementor-element elementor-element-e6b644f elementor-widget elementor-widget-image\" data-id=\"e6b644f\" data-element_type=\"widget\" data-e-type=\"widget\" data-widget_type=\"image.default\">\n\t\t\t\t<div class=\"elementor-widget-container\">\n\t\t\t\t\t\t\t\t\t\t\t\t\t\t\t<img loading=\"lazy\" decoding=\"async\" width=\"608\" height=\"817\" src=\"https:\/\/www.foretdesainthubert-accessible.be\/wp-content\/uploads\/2024\/04\/tourisme-handicap-gite-chardonpre-35.webp\" class=\"attachment-large size-large wp-image-1560\" alt=\"\" srcset=\"https:\/\/www.foretdesainthubert-accessible.be\/wp-content\/uploads\/2024\/04\/tourisme-handicap-gite-chardonpre-35.webp 608w, https:\/\/www.foretdesainthubert-accessible.be\/wp-content\/uploads\/2024\/04\/tourisme-handicap-gite-chardonpre-35-223x300.webp 223w\" sizes=\"(max-width: 608px) 100vw, 608px\" \/>\t\t\t\t\t\t\t\t\t\t\t\t\t\t\t<\/div>\n\t\t\t\t<\/div>\n\t\t\t\t<\/div>\n\t\t<div class=\"elementor-element elementor-element-8084dea e-con-full e-flex e-con e-child\" data-id=\"8084dea\" data-element_type=\"container\" data-e-type=\"container\">\n\t\t\t\t<div class=\"elementor-element elementor-element-93cb40c elementor-widget elementor-widget-image\" data-id=\"93cb40c\" data-element_type=\"widget\" data-e-type=\"widget\" data-widget_type=\"image.default\">\n\t\t\t\t<div class=\"elementor-widget-container\">\n\t\t\t\t\t\t\t\t\t\t\t\t\t\t\t<img loading=\"lazy\" decoding=\"async\" width=\"608\" height=\"817\" src=\"https:\/\/www.foretdesainthubert-accessible.be\/wp-content\/uploads\/2024\/04\/tourisme-handicap-gite-chardonpre-35.webp\" class=\"attachment-large size-large wp-image-1560\" alt=\"\" srcset=\"https:\/\/www.foretdesainthubert-accessible.be\/wp-content\/uploads\/2024\/04\/tourisme-handicap-gite-chardonpre-35.webp 608w, https:\/\/www.foretdesainthubert-accessible.be\/wp-content\/uploads\/2024\/04\/tourisme-handicap-gite-chardonpre-35-223x300.webp 223w\" sizes=\"(max-width: 608px) 100vw, 608px\" \/>\t\t\t\t\t\t\t\t\t\t\t\t\t\t\t<\/div>\n\t\t\t\t<\/div>\n\t\t\t\t<\/div>\n\t\t\t\t\t<\/div>\n\t\t\t\t<\/div>\n\t\t<div class=\"elementor-element elementor-element-7ef2240 e-flex e-con-boxed e-con e-parent\" data-id=\"7ef2240\" data-element_type=\"container\" data-e-type=\"container\">\n\t\t\t\t\t<div class=\"e-con-inner\">\n\t\t\t\t<div class=\"elementor-element elementor-element-d926fe6 elementor-widget elementor-widget-heading\" data-id=\"d926fe6\" data-element_type=\"widget\" data-e-type=\"widget\" data-widget_type=\"heading.default\">\n\t\t\t\t<div class=\"elementor-widget-container\">\n\t\t\t\t\t<h2 class=\"elementor-heading-title elementor-size-default\">Foto's van een kamer met badkamer (gelijkvloers)<\/h2>\t\t\t\t<\/div>\n\t\t\t\t<\/div>\n\t\t\t\t\t<\/div>\n\t\t\t\t<\/div>\n\t\t<div class=\"elementor-element elementor-element-1aec31c e-flex e-con-boxed e-con e-parent\" data-id=\"1aec31c\" data-element_type=\"container\" data-e-type=\"container\">\n\t\t\t\t\t<div class=\"e-con-inner\">\n\t\t<div class=\"elementor-element elementor-element-e8b027a e-con-full e-flex e-con e-child\" data-id=\"e8b027a\" data-element_type=\"container\" data-e-type=\"container\">\n\t\t\t\t<div class=\"elementor-element elementor-element-a6dcf4c elementor-widget elementor-widget-image\" data-id=\"a6dcf4c\" data-element_type=\"widget\" data-e-type=\"widget\" data-widget_type=\"image.default\">\n\t\t\t\t<div class=\"elementor-widget-container\">\n\t\t\t\t\t\t\t\t\t\t\t\t\t\t\t<img loading=\"lazy\" decoding=\"async\" width=\"800\" height=\"596\" src=\"https:\/\/www.foretdesainthubert-accessible.be\/wp-content\/uploads\/2024\/04\/tourisme-handicap-gite-chardonpre-39.webp\" class=\"attachment-large size-large wp-image-1576\" alt=\"\" srcset=\"https:\/\/www.foretdesainthubert-accessible.be\/wp-content\/uploads\/2024\/04\/tourisme-handicap-gite-chardonpre-39.webp 1024w, https:\/\/www.foretdesainthubert-accessible.be\/wp-content\/uploads\/2024\/04\/tourisme-handicap-gite-chardonpre-39-300x224.webp 300w, https:\/\/www.foretdesainthubert-accessible.be\/wp-content\/uploads\/2024\/04\/tourisme-handicap-gite-chardonpre-39-768x572.webp 768w\" sizes=\"(max-width: 800px) 100vw, 800px\" \/>\t\t\t\t\t\t\t\t\t\t\t\t\t\t\t<\/div>\n\t\t\t\t<\/div>\n\t\t\t\t<\/div>\n\t\t<div class=\"elementor-element elementor-element-f672cd9 e-con-full e-flex e-con e-child\" data-id=\"f672cd9\" data-element_type=\"container\" data-e-type=\"container\">\n\t\t\t\t<div class=\"elementor-element elementor-element-c32022d elementor-widget elementor-widget-image\" data-id=\"c32022d\" data-element_type=\"widget\" data-e-type=\"widget\" data-widget_type=\"image.default\">\n\t\t\t\t<div class=\"elementor-widget-container\">\n\t\t\t\t\t\t\t\t\t\t\t\t\t\t\t<img loading=\"lazy\" decoding=\"async\" width=\"800\" height=\"598\" src=\"https:\/\/www.foretdesainthubert-accessible.be\/wp-content\/uploads\/2024\/04\/tourisme-handicap-gite-chardonpre-12-1.webp\" class=\"attachment-large size-large wp-image-1608\" alt=\"\" srcset=\"https:\/\/www.foretdesainthubert-accessible.be\/wp-content\/uploads\/2024\/04\/tourisme-handicap-gite-chardonpre-12-1.webp 1024w, https:\/\/www.foretdesainthubert-accessible.be\/wp-content\/uploads\/2024\/04\/tourisme-handicap-gite-chardonpre-12-1-300x224.webp 300w, https:\/\/www.foretdesainthubert-accessible.be\/wp-content\/uploads\/2024\/04\/tourisme-handicap-gite-chardonpre-12-1-768x574.webp 768w\" sizes=\"(max-width: 800px) 100vw, 800px\" \/>\t\t\t\t\t\t\t\t\t\t\t\t\t\t\t<\/div>\n\t\t\t\t<\/div>\n\t\t\t\t<\/div>\n\t\t\t\t\t<\/div>\n\t\t\t\t<\/div>\n\t\t<div class=\"elementor-element elementor-element-f15856f e-flex e-con-boxed e-con e-parent\" data-id=\"f15856f\" data-element_type=\"container\" data-e-type=\"container\">\n\t\t\t\t\t<div class=\"e-con-inner\">\n\t\t\t\t<div class=\"elementor-element elementor-element-53a37bd elementor-widget elementor-widget-heading\" data-id=\"53a37bd\" data-element_type=\"widget\" data-e-type=\"widget\" data-widget_type=\"heading.default\">\n\t\t\t\t<div class=\"elementor-widget-container\">\n\t\t\t\t\t<h2 class=\"elementor-heading-title elementor-size-default\">Foto's van de trappen<\/h2>\t\t\t\t<\/div>\n\t\t\t\t<\/div>\n\t\t\t\t\t<\/div>\n\t\t\t\t<\/div>\n\t\t<div class=\"elementor-element elementor-element-a912f02 e-grid e-con-boxed e-con e-parent\" data-id=\"a912f02\" data-element_type=\"container\" data-e-type=\"container\">\n\t\t\t\t\t<div class=\"e-con-inner\">\n\t\t\t\t<div class=\"elementor-element elementor-element-fe61b1b elementor-widget elementor-widget-image\" data-id=\"fe61b1b\" data-element_type=\"widget\" data-e-type=\"widget\" data-widget_type=\"image.default\">\n\t\t\t\t<div class=\"elementor-widget-container\">\n\t\t\t\t\t\t\t\t\t\t\t\t\t\t\t<img loading=\"lazy\" decoding=\"async\" width=\"607\" height=\"817\" src=\"https:\/\/www.foretdesainthubert-accessible.be\/wp-content\/uploads\/2024\/04\/tourisme-handicap-gite-chardonpre-20-1.webp\" class=\"attachment-large size-large wp-image-1616\" alt=\"\" srcset=\"https:\/\/www.foretdesainthubert-accessible.be\/wp-content\/uploads\/2024\/04\/tourisme-handicap-gite-chardonpre-20-1.webp 607w, https:\/\/www.foretdesainthubert-accessible.be\/wp-content\/uploads\/2024\/04\/tourisme-handicap-gite-chardonpre-20-1-223x300.webp 223w\" sizes=\"(max-width: 607px) 100vw, 607px\" \/>\t\t\t\t\t\t\t\t\t\t\t\t\t\t\t<\/div>\n\t\t\t\t<\/div>\n\t\t\t\t<div class=\"elementor-element elementor-element-c052661 elementor-widget elementor-widget-image\" data-id=\"c052661\" data-element_type=\"widget\" data-e-type=\"widget\" data-widget_type=\"image.default\">\n\t\t\t\t<div class=\"elementor-widget-container\">\n\t\t\t\t\t\t\t\t\t\t\t\t\t\t\t<img loading=\"lazy\" decoding=\"async\" width=\"800\" height=\"601\" src=\"https:\/\/www.foretdesainthubert-accessible.be\/wp-content\/uploads\/2024\/04\/tourisme-handicap-gite-chardonpre-24-1.webp\" class=\"attachment-large size-large wp-image-1620\" alt=\"\" srcset=\"https:\/\/www.foretdesainthubert-accessible.be\/wp-content\/uploads\/2024\/04\/tourisme-handicap-gite-chardonpre-24-1.webp 1024w, https:\/\/www.foretdesainthubert-accessible.be\/wp-content\/uploads\/2024\/04\/tourisme-handicap-gite-chardonpre-24-1-300x225.webp 300w, https:\/\/www.foretdesainthubert-accessible.be\/wp-content\/uploads\/2024\/04\/tourisme-handicap-gite-chardonpre-24-1-768x577.webp 768w\" sizes=\"(max-width: 800px) 100vw, 800px\" \/>\t\t\t\t\t\t\t\t\t\t\t\t\t\t\t<\/div>\n\t\t\t\t<\/div>\n\t\t\t\t<div class=\"elementor-element elementor-element-cb47102 elementor-widget elementor-widget-image\" data-id=\"cb47102\" data-element_type=\"widget\" data-e-type=\"widget\" data-widget_type=\"image.default\">\n\t\t\t\t<div class=\"elementor-widget-container\">\n\t\t\t\t\t\t\t\t\t\t\t\t\t\t\t<img loading=\"lazy\" decoding=\"async\" width=\"607\" height=\"815\" src=\"https:\/\/www.foretdesainthubert-accessible.be\/wp-content\/uploads\/2024\/04\/tourisme-handicap-gite-chardonpre-16-1.webp\" class=\"attachment-large size-large wp-image-1612\" alt=\"\" srcset=\"https:\/\/www.foretdesainthubert-accessible.be\/wp-content\/uploads\/2024\/04\/tourisme-handicap-gite-chardonpre-16-1.webp 607w, https:\/\/www.foretdesainthubert-accessible.be\/wp-content\/uploads\/2024\/04\/tourisme-handicap-gite-chardonpre-16-1-223x300.webp 223w\" sizes=\"(max-width: 607px) 100vw, 607px\" \/>\t\t\t\t\t\t\t\t\t\t\t\t\t\t\t<\/div>\n\t\t\t\t<\/div>\n\t\t\t\t\t<\/div>\n\t\t\t\t<\/div>\n\t\t<div class=\"elementor-element elementor-element-fc1baad e-flex e-con-boxed e-con e-parent\" data-id=\"fc1baad\" data-element_type=\"container\" data-e-type=\"container\">\n\t\t\t\t\t<div class=\"e-con-inner\">\n\t\t\t\t<div class=\"elementor-element elementor-element-def94c4 elementor-widget elementor-widget-heading\" data-id=\"def94c4\" data-element_type=\"widget\" data-e-type=\"widget\" data-widget_type=\"heading.default\">\n\t\t\t\t<div class=\"elementor-widget-container\">\n\t\t\t\t\t<h2 class=\"elementor-heading-title elementor-size-default\">Foto's van een kamer met badkamer (eerste verdieping)<\/h2>\t\t\t\t<\/div>\n\t\t\t\t<\/div>\n\t\t\t\t\t<\/div>\n\t\t\t\t<\/div>\n\t\t<div class=\"elementor-element elementor-element-d12ac50 e-flex e-con-boxed e-con e-parent\" data-id=\"d12ac50\" data-element_type=\"container\" data-e-type=\"container\">\n\t\t\t\t\t<div class=\"e-con-inner\">\n\t\t<div class=\"elementor-element elementor-element-5488ba2 e-con-full e-flex e-con e-child\" data-id=\"5488ba2\" data-element_type=\"container\" data-e-type=\"container\">\n\t\t\t\t<div class=\"elementor-element elementor-element-cfaea72 elementor-widget elementor-widget-image\" data-id=\"cfaea72\" data-element_type=\"widget\" data-e-type=\"widget\" data-widget_type=\"image.default\">\n\t\t\t\t<div class=\"elementor-widget-container\">\n\t\t\t\t\t\t\t\t\t\t\t\t\t\t\t<img loading=\"lazy\" decoding=\"async\" width=\"800\" height=\"597\" src=\"https:\/\/www.foretdesainthubert-accessible.be\/wp-content\/uploads\/2024\/04\/tourisme-handicap-gite-chardonpre-9-1.webp\" class=\"attachment-large size-large wp-image-1635\" alt=\"\" srcset=\"https:\/\/www.foretdesainthubert-accessible.be\/wp-content\/uploads\/2024\/04\/tourisme-handicap-gite-chardonpre-9-1.webp 1024w, https:\/\/www.foretdesainthubert-accessible.be\/wp-content\/uploads\/2024\/04\/tourisme-handicap-gite-chardonpre-9-1-300x224.webp 300w, https:\/\/www.foretdesainthubert-accessible.be\/wp-content\/uploads\/2024\/04\/tourisme-handicap-gite-chardonpre-9-1-768x573.webp 768w\" sizes=\"(max-width: 800px) 100vw, 800px\" \/>\t\t\t\t\t\t\t\t\t\t\t\t\t\t\t<\/div>\n\t\t\t\t<\/div>\n\t\t\t\t<\/div>\n\t\t<div class=\"elementor-element elementor-element-071a747 e-con-full e-flex e-con e-child\" data-id=\"071a747\" data-element_type=\"container\" data-e-type=\"container\">\n\t\t\t\t<div class=\"elementor-element elementor-element-14097cd elementor-widget elementor-widget-image\" data-id=\"14097cd\" data-element_type=\"widget\" data-e-type=\"widget\" data-widget_type=\"image.default\">\n\t\t\t\t<div class=\"elementor-widget-container\">\n\t\t\t\t\t\t\t\t\t\t\t\t\t\t\t<img loading=\"lazy\" decoding=\"async\" width=\"800\" height=\"598\" src=\"https:\/\/www.foretdesainthubert-accessible.be\/wp-content\/uploads\/2024\/04\/tourisme-handicap-gite-chardonpre-8-1.webp\" class=\"attachment-large size-large wp-image-1631\" alt=\"\" srcset=\"https:\/\/www.foretdesainthubert-accessible.be\/wp-content\/uploads\/2024\/04\/tourisme-handicap-gite-chardonpre-8-1.webp 1024w, https:\/\/www.foretdesainthubert-accessible.be\/wp-content\/uploads\/2024\/04\/tourisme-handicap-gite-chardonpre-8-1-300x224.webp 300w, https:\/\/www.foretdesainthubert-accessible.be\/wp-content\/uploads\/2024\/04\/tourisme-handicap-gite-chardonpre-8-1-768x574.webp 768w\" sizes=\"(max-width: 800px) 100vw, 800px\" \/>\t\t\t\t\t\t\t\t\t\t\t\t\t\t\t<\/div>\n\t\t\t\t<\/div>\n\t\t\t\t<\/div>\n\t\t\t\t\t<\/div>\n\t\t\t\t<\/div>\n\t\t<div class=\"elementor-element elementor-element-bcb62ef e-grid e-con-boxed e-con e-parent\" data-id=\"bcb62ef\" data-element_type=\"container\" data-e-type=\"container\">\n\t\t\t\t\t<div class=\"e-con-inner\">\n\t\t\t\t<div class=\"elementor-element elementor-element-333dcfa elementor-widget elementor-widget-image\" data-id=\"333dcfa\" data-element_type=\"widget\" data-e-type=\"widget\" data-widget_type=\"image.default\">\n\t\t\t\t<div class=\"elementor-widget-container\">\n\t\t\t\t\t\t\t\t\t\t\t\t\t\t\t<img loading=\"lazy\" decoding=\"async\" width=\"611\" height=\"813\" src=\"https:\/\/www.foretdesainthubert-accessible.be\/wp-content\/uploads\/2024\/04\/tourisme-handicap-gite-chardonpre-7-1.webp\" class=\"attachment-large size-large wp-image-1627\" alt=\"\" srcset=\"https:\/\/www.foretdesainthubert-accessible.be\/wp-content\/uploads\/2024\/04\/tourisme-handicap-gite-chardonpre-7-1.webp 611w, https:\/\/www.foretdesainthubert-accessible.be\/wp-content\/uploads\/2024\/04\/tourisme-handicap-gite-chardonpre-7-1-225x300.webp 225w\" sizes=\"(max-width: 611px) 100vw, 611px\" \/>\t\t\t\t\t\t\t\t\t\t\t\t\t\t\t<\/div>\n\t\t\t\t<\/div>\n\t\t\t\t<div class=\"elementor-element elementor-element-1822267 elementor-widget elementor-widget-image\" data-id=\"1822267\" data-element_type=\"widget\" data-e-type=\"widget\" data-widget_type=\"image.default\">\n\t\t\t\t<div class=\"elementor-widget-container\">\n\t\t\t\t\t\t\t\t\t\t\t\t\t\t\t<img loading=\"lazy\" decoding=\"async\" width=\"603\" height=\"818\" src=\"https:\/\/www.foretdesainthubert-accessible.be\/wp-content\/uploads\/2024\/04\/tourisme-handicap-gite-chardonpre-10-1.webp\" class=\"attachment-large size-large wp-image-1639\" alt=\"\" srcset=\"https:\/\/www.foretdesainthubert-accessible.be\/wp-content\/uploads\/2024\/04\/tourisme-handicap-gite-chardonpre-10-1.webp 603w, https:\/\/www.foretdesainthubert-accessible.be\/wp-content\/uploads\/2024\/04\/tourisme-handicap-gite-chardonpre-10-1-221x300.webp 221w\" sizes=\"(max-width: 603px) 100vw, 603px\" \/>\t\t\t\t\t\t\t\t\t\t\t\t\t\t\t<\/div>\n\t\t\t\t<\/div>\n\t\t\t\t<div class=\"elementor-element elementor-element-c0ddb34 elementor-widget elementor-widget-image\" data-id=\"c0ddb34\" data-element_type=\"widget\" data-e-type=\"widget\" data-widget_type=\"image.default\">\n\t\t\t\t<div class=\"elementor-widget-container\">\n\t\t\t\t\t\t\t\t\t\t\t\t\t\t\t<img loading=\"lazy\" decoding=\"async\" width=\"611\" height=\"817\" src=\"https:\/\/www.foretdesainthubert-accessible.be\/wp-content\/uploads\/2024\/04\/tourisme-handicap-gite-chardonpre-11-1.webp\" class=\"attachment-large size-large wp-image-1643\" alt=\"\" srcset=\"https:\/\/www.foretdesainthubert-accessible.be\/wp-content\/uploads\/2024\/04\/tourisme-handicap-gite-chardonpre-11-1.webp 611w, https:\/\/www.foretdesainthubert-accessible.be\/wp-content\/uploads\/2024\/04\/tourisme-handicap-gite-chardonpre-11-1-224x300.webp 224w\" sizes=\"(max-width: 611px) 100vw, 611px\" \/>\t\t\t\t\t\t\t\t\t\t\t\t\t\t\t<\/div>\n\t\t\t\t<\/div>\n\t\t\t\t\t<\/div>\n\t\t\t\t<\/div>\n\t\t<div class=\"elementor-element elementor-element-262d63e e-flex e-con-boxed e-con e-parent\" data-id=\"262d63e\" data-element_type=\"container\" data-e-type=\"container\">\n\t\t\t\t\t<div class=\"e-con-inner\">\n\t\t\t\t<div class=\"elementor-element elementor-element-559d2f0 elementor-widget elementor-widget-heading\" data-id=\"559d2f0\" data-element_type=\"widget\" data-e-type=\"widget\" data-widget_type=\"heading.default\">\n\t\t\t\t<div class=\"elementor-widget-container\">\n\t\t\t\t\t<h2 class=\"elementor-heading-title elementor-size-default\">Foto's van een kamer (eerste verdieping)<\/h2>\t\t\t\t<\/div>\n\t\t\t\t<\/div>\n\t\t\t\t\t<\/div>\n\t\t\t\t<\/div>\n\t\t<div class=\"elementor-element elementor-element-d044b6d e-grid e-con-boxed e-con e-parent\" data-id=\"d044b6d\" data-element_type=\"container\" data-e-type=\"container\">\n\t\t\t\t\t<div class=\"e-con-inner\">\n\t\t\t\t<div class=\"elementor-element elementor-element-ea71384 elementor-widget elementor-widget-image\" data-id=\"ea71384\" data-element_type=\"widget\" data-e-type=\"widget\" data-widget_type=\"image.default\">\n\t\t\t\t<div class=\"elementor-widget-container\">\n\t\t\t\t\t\t\t\t\t\t\t\t\t\t\t<img loading=\"lazy\" decoding=\"async\" width=\"602\" height=\"813\" src=\"https:\/\/www.foretdesainthubert-accessible.be\/wp-content\/uploads\/2024\/04\/tourisme-handicap-gite-chardonpre-4.webp\" class=\"attachment-large size-large wp-image-1436\" alt=\"\" srcset=\"https:\/\/www.foretdesainthubert-accessible.be\/wp-content\/uploads\/2024\/04\/tourisme-handicap-gite-chardonpre-4.webp 602w, https:\/\/www.foretdesainthubert-accessible.be\/wp-content\/uploads\/2024\/04\/tourisme-handicap-gite-chardonpre-4-222x300.webp 222w\" sizes=\"(max-width: 602px) 100vw, 602px\" \/>\t\t\t\t\t\t\t\t\t\t\t\t\t\t\t<\/div>\n\t\t\t\t<\/div>\n\t\t\t\t<div class=\"elementor-element elementor-element-b1b0adb elementor-widget elementor-widget-image\" data-id=\"b1b0adb\" data-element_type=\"widget\" data-e-type=\"widget\" data-widget_type=\"image.default\">\n\t\t\t\t<div class=\"elementor-widget-container\">\n\t\t\t\t\t\t\t\t\t\t\t\t\t\t\t<img loading=\"lazy\" decoding=\"async\" width=\"602\" height=\"813\" src=\"https:\/\/www.foretdesainthubert-accessible.be\/wp-content\/uploads\/2024\/04\/tourisme-handicap-gite-chardonpre-4.webp\" class=\"attachment-large size-large wp-image-1436\" alt=\"\" srcset=\"https:\/\/www.foretdesainthubert-accessible.be\/wp-content\/uploads\/2024\/04\/tourisme-handicap-gite-chardonpre-4.webp 602w, https:\/\/www.foretdesainthubert-accessible.be\/wp-content\/uploads\/2024\/04\/tourisme-handicap-gite-chardonpre-4-222x300.webp 222w\" sizes=\"(max-width: 602px) 100vw, 602px\" \/>\t\t\t\t\t\t\t\t\t\t\t\t\t\t\t<\/div>\n\t\t\t\t<\/div>\n\t\t\t\t<div class=\"elementor-element elementor-element-2b379e4 elementor-widget elementor-widget-image\" data-id=\"2b379e4\" data-element_type=\"widget\" data-e-type=\"widget\" data-widget_type=\"image.default\">\n\t\t\t\t<div class=\"elementor-widget-container\">\n\t\t\t\t\t\t\t\t\t\t\t\t\t\t\t<img loading=\"lazy\" decoding=\"async\" width=\"612\" height=\"816\" src=\"https:\/\/www.foretdesainthubert-accessible.be\/wp-content\/uploads\/2024\/04\/tourisme-handicap-gite-chardonpre-5.webp\" class=\"attachment-large size-large wp-image-1440\" alt=\"\" srcset=\"https:\/\/www.foretdesainthubert-accessible.be\/wp-content\/uploads\/2024\/04\/tourisme-handicap-gite-chardonpre-5.webp 612w, https:\/\/www.foretdesainthubert-accessible.be\/wp-content\/uploads\/2024\/04\/tourisme-handicap-gite-chardonpre-5-225x300.webp 225w\" sizes=\"(max-width: 612px) 100vw, 612px\" \/>\t\t\t\t\t\t\t\t\t\t\t\t\t\t\t<\/div>\n\t\t\t\t<\/div>\n\t\t\t\t\t<\/div>\n\t\t\t\t<\/div>\n\t\t<div class=\"elementor-element elementor-element-fce63fe e-flex e-con-boxed e-con e-parent\" data-id=\"fce63fe\" data-element_type=\"container\" data-e-type=\"container\">\n\t\t\t\t\t<div class=\"e-con-inner\">\n\t\t\t\t<div class=\"elementor-element elementor-element-9305c64 elementor-widget elementor-widget-heading\" data-id=\"9305c64\" data-element_type=\"widget\" data-e-type=\"widget\" data-widget_type=\"heading.default\">\n\t\t\t\t<div class=\"elementor-widget-container\">\n\t\t\t\t\t<h2 class=\"elementor-heading-title elementor-size-default\">Foto's van een kamer met badkamer (eerste verdieping)<\/h2>\t\t\t\t<\/div>\n\t\t\t\t<\/div>\n\t\t\t\t\t<\/div>\n\t\t\t\t<\/div>\n\t\t<div class=\"elementor-element elementor-element-62c6c88 e-flex e-con-boxed e-con e-parent\" data-id=\"62c6c88\" data-element_type=\"container\" data-e-type=\"container\">\n\t\t\t\t\t<div class=\"e-con-inner\">\n\t\t<div class=\"elementor-element elementor-element-749eb0b e-con-full e-flex e-con e-child\" data-id=\"749eb0b\" data-element_type=\"container\" data-e-type=\"container\">\n\t\t\t\t<div class=\"elementor-element elementor-element-fe5b647 elementor-widget elementor-widget-image\" data-id=\"fe5b647\" data-element_type=\"widget\" data-e-type=\"widget\" data-widget_type=\"image.default\">\n\t\t\t\t<div class=\"elementor-widget-container\">\n\t\t\t\t\t\t\t\t\t\t\t\t\t\t\t<img loading=\"lazy\" decoding=\"async\" width=\"800\" height=\"601\" src=\"https:\/\/www.foretdesainthubert-accessible.be\/wp-content\/uploads\/2024\/04\/tourisme-handicap-gite-chardonpre-13-1.webp\" class=\"attachment-large size-large wp-image-1650\" alt=\"\" srcset=\"https:\/\/www.foretdesainthubert-accessible.be\/wp-content\/uploads\/2024\/04\/tourisme-handicap-gite-chardonpre-13-1.webp 1024w, https:\/\/www.foretdesainthubert-accessible.be\/wp-content\/uploads\/2024\/04\/tourisme-handicap-gite-chardonpre-13-1-300x225.webp 300w, https:\/\/www.foretdesainthubert-accessible.be\/wp-content\/uploads\/2024\/04\/tourisme-handicap-gite-chardonpre-13-1-768x577.webp 768w\" sizes=\"(max-width: 800px) 100vw, 800px\" \/>\t\t\t\t\t\t\t\t\t\t\t\t\t\t\t<\/div>\n\t\t\t\t<\/div>\n\t\t\t\t<\/div>\n\t\t<div class=\"elementor-element elementor-element-d9ef5df e-con-full e-flex e-con e-child\" data-id=\"d9ef5df\" data-element_type=\"container\" data-e-type=\"container\">\n\t\t\t\t<div class=\"elementor-element elementor-element-74cacdf elementor-widget elementor-widget-image\" data-id=\"74cacdf\" data-element_type=\"widget\" data-e-type=\"widget\" data-widget_type=\"image.default\">\n\t\t\t\t<div class=\"elementor-widget-container\">\n\t\t\t\t\t\t\t\t\t\t\t\t\t\t\t<img loading=\"lazy\" decoding=\"async\" width=\"800\" height=\"593\" src=\"https:\/\/www.foretdesainthubert-accessible.be\/wp-content\/uploads\/2024\/04\/tourisme-handicap-gite-chardonpre-14-1.webp\" class=\"attachment-large size-large wp-image-1654\" alt=\"\" srcset=\"https:\/\/www.foretdesainthubert-accessible.be\/wp-content\/uploads\/2024\/04\/tourisme-handicap-gite-chardonpre-14-1.webp 1024w, https:\/\/www.foretdesainthubert-accessible.be\/wp-content\/uploads\/2024\/04\/tourisme-handicap-gite-chardonpre-14-1-300x222.webp 300w, https:\/\/www.foretdesainthubert-accessible.be\/wp-content\/uploads\/2024\/04\/tourisme-handicap-gite-chardonpre-14-1-768x569.webp 768w\" sizes=\"(max-width: 800px) 100vw, 800px\" \/>\t\t\t\t\t\t\t\t\t\t\t\t\t\t\t<\/div>\n\t\t\t\t<\/div>\n\t\t\t\t<\/div>\n\t\t\t\t\t<\/div>\n\t\t\t\t<\/div>\n\t\t<div class=\"elementor-element elementor-element-5064ea3 e-flex e-con-boxed e-con e-parent\" data-id=\"5064ea3\" data-element_type=\"container\" data-e-type=\"container\">\n\t\t\t\t\t<div class=\"e-con-inner\">\n\t\t\t\t<div class=\"elementor-element elementor-element-ba56c36 elementor-widget elementor-widget-heading\" data-id=\"ba56c36\" data-element_type=\"widget\" data-e-type=\"widget\" data-widget_type=\"heading.default\">\n\t\t\t\t<div class=\"elementor-widget-container\">\n\t\t\t\t\t<h2 class=\"elementor-heading-title elementor-size-default\">Foto's van een kamer met badkamer (eerste verdieping)<\/h2>\t\t\t\t<\/div>\n\t\t\t\t<\/div>\n\t\t\t\t\t<\/div>\n\t\t\t\t<\/div>\n\t\t<div class=\"elementor-element elementor-element-30e0395 e-grid e-con-boxed e-con e-parent\" data-id=\"30e0395\" data-element_type=\"container\" data-e-type=\"container\">\n\t\t\t\t\t<div class=\"e-con-inner\">\n\t\t\t\t<div class=\"elementor-element elementor-element-c146280 elementor-widget elementor-widget-image\" data-id=\"c146280\" data-element_type=\"widget\" data-e-type=\"widget\" data-widget_type=\"image.default\">\n\t\t\t\t<div class=\"elementor-widget-container\">\n\t\t\t\t\t\t\t\t\t\t\t\t\t\t\t<img loading=\"lazy\" decoding=\"async\" width=\"800\" height=\"599\" src=\"https:\/\/www.foretdesainthubert-accessible.be\/wp-content\/uploads\/2024\/04\/tourisme-handicap-gite-chardonpre-2-1.webp\" class=\"attachment-large size-large wp-image-1661\" alt=\"\" srcset=\"https:\/\/www.foretdesainthubert-accessible.be\/wp-content\/uploads\/2024\/04\/tourisme-handicap-gite-chardonpre-2-1.webp 1024w, https:\/\/www.foretdesainthubert-accessible.be\/wp-content\/uploads\/2024\/04\/tourisme-handicap-gite-chardonpre-2-1-300x225.webp 300w, https:\/\/www.foretdesainthubert-accessible.be\/wp-content\/uploads\/2024\/04\/tourisme-handicap-gite-chardonpre-2-1-768x575.webp 768w\" sizes=\"(max-width: 800px) 100vw, 800px\" \/>\t\t\t\t\t\t\t\t\t\t\t\t\t\t\t<\/div>\n\t\t\t\t<\/div>\n\t\t\t\t<div class=\"elementor-element elementor-element-f5572ac elementor-widget elementor-widget-image\" data-id=\"f5572ac\" data-element_type=\"widget\" data-e-type=\"widget\" data-widget_type=\"image.default\">\n\t\t\t\t<div class=\"elementor-widget-container\">\n\t\t\t\t\t\t\t\t\t\t\t\t\t\t\t<img loading=\"lazy\" decoding=\"async\" width=\"610\" height=\"813\" src=\"https:\/\/www.foretdesainthubert-accessible.be\/wp-content\/uploads\/2024\/04\/tourisme-handicap-gite-chardonpre-15-1.webp\" class=\"attachment-large size-large wp-image-1669\" alt=\"\" srcset=\"https:\/\/www.foretdesainthubert-accessible.be\/wp-content\/uploads\/2024\/04\/tourisme-handicap-gite-chardonpre-15-1.webp 610w, https:\/\/www.foretdesainthubert-accessible.be\/wp-content\/uploads\/2024\/04\/tourisme-handicap-gite-chardonpre-15-1-225x300.webp 225w\" sizes=\"(max-width: 610px) 100vw, 610px\" \/>\t\t\t\t\t\t\t\t\t\t\t\t\t\t\t<\/div>\n\t\t\t\t<\/div>\n\t\t\t\t<div class=\"elementor-element elementor-element-495535e elementor-widget elementor-widget-image\" data-id=\"495535e\" data-element_type=\"widget\" data-e-type=\"widget\" data-widget_type=\"image.default\">\n\t\t\t\t<div class=\"elementor-widget-container\">\n\t\t\t\t\t\t\t\t\t\t\t\t\t\t\t<img loading=\"lazy\" decoding=\"async\" width=\"612\" height=\"816\" src=\"https:\/\/www.foretdesainthubert-accessible.be\/wp-content\/uploads\/2024\/04\/tourisme-handicap-gite-chardonpre-3-1.webp\" class=\"attachment-large size-large wp-image-1665\" alt=\"\" srcset=\"https:\/\/www.foretdesainthubert-accessible.be\/wp-content\/uploads\/2024\/04\/tourisme-handicap-gite-chardonpre-3-1.webp 612w, https:\/\/www.foretdesainthubert-accessible.be\/wp-content\/uploads\/2024\/04\/tourisme-handicap-gite-chardonpre-3-1-225x300.webp 225w\" sizes=\"(max-width: 612px) 100vw, 612px\" \/>\t\t\t\t\t\t\t\t\t\t\t\t\t\t\t<\/div>\n\t\t\t\t<\/div>\n\t\t\t\t\t<\/div>\n\t\t\t\t<\/div>\n\t\t<div class=\"elementor-element elementor-element-ab07849 e-flex e-con-boxed e-con e-parent\" data-id=\"ab07849\" data-element_type=\"container\" data-e-type=\"container\">\n\t\t\t\t\t<div class=\"e-con-inner\">\n\t\t\t\t<div class=\"elementor-element elementor-element-60d5893 elementor-widget elementor-widget-heading\" data-id=\"60d5893\" data-element_type=\"widget\" data-e-type=\"widget\" data-widget_type=\"heading.default\">\n\t\t\t\t<div class=\"elementor-widget-container\">\n\t\t\t\t\t<h2 class=\"elementor-heading-title elementor-size-default\">Foto's van de speelkamer op de tweede verdieping<\/h2>\t\t\t\t<\/div>\n\t\t\t\t<\/div>\n\t\t\t\t\t<\/div>\n\t\t\t\t<\/div>\n\t\t<div class=\"elementor-element elementor-element-2ef9029 e-grid e-con-boxed e-con e-parent\" data-id=\"2ef9029\" data-element_type=\"container\" data-e-type=\"container\">\n\t\t\t\t\t<div class=\"e-con-inner\">\n\t\t\t\t<div class=\"elementor-element elementor-element-6fb3317 elementor-widget elementor-widget-image\" data-id=\"6fb3317\" data-element_type=\"widget\" data-e-type=\"widget\" data-widget_type=\"image.default\">\n\t\t\t\t<div class=\"elementor-widget-container\">\n\t\t\t\t\t\t\t\t\t\t\t\t\t\t\t<img loading=\"lazy\" decoding=\"async\" width=\"800\" height=\"597\" src=\"https:\/\/www.foretdesainthubert-accessible.be\/wp-content\/uploads\/2024\/04\/tourisme-handicap-gite-chardonpre-19-1.webp\" class=\"attachment-large size-large wp-image-1673\" alt=\"\" srcset=\"https:\/\/www.foretdesainthubert-accessible.be\/wp-content\/uploads\/2024\/04\/tourisme-handicap-gite-chardonpre-19-1.webp 1024w, https:\/\/www.foretdesainthubert-accessible.be\/wp-content\/uploads\/2024\/04\/tourisme-handicap-gite-chardonpre-19-1-300x224.webp 300w, https:\/\/www.foretdesainthubert-accessible.be\/wp-content\/uploads\/2024\/04\/tourisme-handicap-gite-chardonpre-19-1-768x573.webp 768w\" sizes=\"(max-width: 800px) 100vw, 800px\" \/>\t\t\t\t\t\t\t\t\t\t\t\t\t\t\t<\/div>\n\t\t\t\t<\/div>\n\t\t\t\t<div class=\"elementor-element elementor-element-c2f4137 elementor-widget elementor-widget-image\" data-id=\"c2f4137\" data-element_type=\"widget\" data-e-type=\"widget\" data-widget_type=\"image.default\">\n\t\t\t\t<div class=\"elementor-widget-container\">\n\t\t\t\t\t\t\t\t\t\t\t\t\t\t\t<img loading=\"lazy\" decoding=\"async\" width=\"800\" height=\"598\" src=\"https:\/\/www.foretdesainthubert-accessible.be\/wp-content\/uploads\/2024\/04\/tourisme-handicap-gite-chardonpre-17-1.webp\" class=\"attachment-large size-large wp-image-1677\" alt=\"\" srcset=\"https:\/\/www.foretdesainthubert-accessible.be\/wp-content\/uploads\/2024\/04\/tourisme-handicap-gite-chardonpre-17-1.webp 1024w, https:\/\/www.foretdesainthubert-accessible.be\/wp-content\/uploads\/2024\/04\/tourisme-handicap-gite-chardonpre-17-1-300x224.webp 300w, https:\/\/www.foretdesainthubert-accessible.be\/wp-content\/uploads\/2024\/04\/tourisme-handicap-gite-chardonpre-17-1-768x575.webp 768w\" sizes=\"(max-width: 800px) 100vw, 800px\" \/>\t\t\t\t\t\t\t\t\t\t\t\t\t\t\t<\/div>\n\t\t\t\t<\/div>\n\t\t\t\t<div class=\"elementor-element elementor-element-4adb41b elementor-widget elementor-widget-image\" data-id=\"4adb41b\" data-element_type=\"widget\" data-e-type=\"widget\" data-widget_type=\"image.default\">\n\t\t\t\t<div class=\"elementor-widget-container\">\n\t\t\t\t\t\t\t\t\t\t\t\t\t\t\t<img loading=\"lazy\" decoding=\"async\" width=\"800\" height=\"593\" src=\"https:\/\/www.foretdesainthubert-accessible.be\/wp-content\/uploads\/2024\/04\/tourisme-handicap-gite-chardonpre-18-1.webp\" class=\"attachment-large size-large wp-image-1681\" alt=\"\" srcset=\"https:\/\/www.foretdesainthubert-accessible.be\/wp-content\/uploads\/2024\/04\/tourisme-handicap-gite-chardonpre-18-1.webp 1024w, https:\/\/www.foretdesainthubert-accessible.be\/wp-content\/uploads\/2024\/04\/tourisme-handicap-gite-chardonpre-18-1-300x222.webp 300w, https:\/\/www.foretdesainthubert-accessible.be\/wp-content\/uploads\/2024\/04\/tourisme-handicap-gite-chardonpre-18-1-768x569.webp 768w\" sizes=\"(max-width: 800px) 100vw, 800px\" \/>\t\t\t\t\t\t\t\t\t\t\t\t\t\t\t<\/div>\n\t\t\t\t<\/div>\n\t\t\t\t\t<\/div>\n\t\t\t\t<\/div>\n\t\t<div class=\"elementor-element elementor-element-bb014d7 e-flex e-con-boxed e-con e-parent\" data-id=\"bb014d7\" data-element_type=\"container\" data-e-type=\"container\">\n\t\t\t\t\t<div class=\"e-con-inner\">\n\t\t\t\t<div class=\"elementor-element elementor-element-3093579 elementor-widget elementor-widget-heading\" data-id=\"3093579\" data-element_type=\"widget\" data-e-type=\"widget\" data-widget_type=\"heading.default\">\n\t\t\t\t<div class=\"elementor-widget-container\">\n\t\t\t\t\t<h2 class=\"elementor-heading-title elementor-size-default\">Foto van het terras toegankelijk vanuit de woonkamer (met treden)<\/h2>\t\t\t\t<\/div>\n\t\t\t\t<\/div>\n\t\t\t\t\t<\/div>\n\t\t\t\t<\/div>\n\t\t<div class=\"elementor-element elementor-element-84ba458 e-grid e-con-boxed e-con e-parent\" data-id=\"84ba458\" data-element_type=\"container\" data-e-type=\"container\">\n\t\t\t\t\t<div class=\"e-con-inner\">\n\t\t\t\t<div class=\"elementor-element elementor-element-065e2ac elementor-widget elementor-widget-image\" data-id=\"065e2ac\" data-element_type=\"widget\" data-e-type=\"widget\" data-widget_type=\"image.default\">\n\t\t\t\t<div class=\"elementor-widget-container\">\n\t\t\t\t\t\t\t\t\t\t\t\t\t\t\t<img loading=\"lazy\" decoding=\"async\" width=\"800\" height=\"602\" src=\"https:\/\/www.foretdesainthubert-accessible.be\/wp-content\/uploads\/2024\/04\/tourisme-handicap-gite-chardonpre-22-1.webp\" class=\"attachment-large size-large wp-image-1688\" alt=\"\" srcset=\"https:\/\/www.foretdesainthubert-accessible.be\/wp-content\/uploads\/2024\/04\/tourisme-handicap-gite-chardonpre-22-1.webp 1024w, https:\/\/www.foretdesainthubert-accessible.be\/wp-content\/uploads\/2024\/04\/tourisme-handicap-gite-chardonpre-22-1-300x226.webp 300w, https:\/\/www.foretdesainthubert-accessible.be\/wp-content\/uploads\/2024\/04\/tourisme-handicap-gite-chardonpre-22-1-768x578.webp 768w\" sizes=\"(max-width: 800px) 100vw, 800px\" \/>\t\t\t\t\t\t\t\t\t\t\t\t\t\t\t<\/div>\n\t\t\t\t<\/div>\n\t\t\t\t<div class=\"elementor-element elementor-element-99dc9af elementor-widget elementor-widget-image\" data-id=\"99dc9af\" data-element_type=\"widget\" data-e-type=\"widget\" data-widget_type=\"image.default\">\n\t\t\t\t<div class=\"elementor-widget-container\">\n\t\t\t\t\t\t\t\t\t\t\t\t\t\t\t<img loading=\"lazy\" decoding=\"async\" width=\"800\" height=\"595\" src=\"https:\/\/www.foretdesainthubert-accessible.be\/wp-content\/uploads\/2024\/04\/tourisme-handicap-gite-chardonpre-30.webp\" class=\"attachment-large size-large wp-image-1540\" alt=\"\" srcset=\"https:\/\/www.foretdesainthubert-accessible.be\/wp-content\/uploads\/2024\/04\/tourisme-handicap-gite-chardonpre-30.webp 1024w, https:\/\/www.foretdesainthubert-accessible.be\/wp-content\/uploads\/2024\/04\/tourisme-handicap-gite-chardonpre-30-300x223.webp 300w, https:\/\/www.foretdesainthubert-accessible.be\/wp-content\/uploads\/2024\/04\/tourisme-handicap-gite-chardonpre-30-768x572.webp 768w\" sizes=\"(max-width: 800px) 100vw, 800px\" \/>\t\t\t\t\t\t\t\t\t\t\t\t\t\t\t<\/div>\n\t\t\t\t<\/div>\n\t\t\t\t<div class=\"elementor-element elementor-element-c3afb33 elementor-widget elementor-widget-image\" data-id=\"c3afb33\" data-element_type=\"widget\" data-e-type=\"widget\" data-widget_type=\"image.default\">\n\t\t\t\t<div class=\"elementor-widget-container\">\n\t\t\t\t\t\t\t\t\t\t\t\t\t\t\t<img loading=\"lazy\" decoding=\"async\" width=\"800\" height=\"598\" src=\"https:\/\/www.foretdesainthubert-accessible.be\/wp-content\/uploads\/2024\/04\/tourisme-handicap-gite-chardonpre-23-1.webp\" class=\"attachment-large size-large wp-image-1692\" alt=\"\" srcset=\"https:\/\/www.foretdesainthubert-accessible.be\/wp-content\/uploads\/2024\/04\/tourisme-handicap-gite-chardonpre-23-1.webp 1024w, https:\/\/www.foretdesainthubert-accessible.be\/wp-content\/uploads\/2024\/04\/tourisme-handicap-gite-chardonpre-23-1-300x224.webp 300w, https:\/\/www.foretdesainthubert-accessible.be\/wp-content\/uploads\/2024\/04\/tourisme-handicap-gite-chardonpre-23-1-768x574.webp 768w\" sizes=\"(max-width: 800px) 100vw, 800px\" \/>\t\t\t\t\t\t\t\t\t\t\t\t\t\t\t<\/div>\n\t\t\t\t<\/div>\n\t\t\t\t\t<\/div>\n\t\t\t\t<\/div>\n\t\t<div class=\"elementor-element elementor-element-565055b e-flex e-con-boxed e-con e-parent\" data-id=\"565055b\" data-element_type=\"container\" data-e-type=\"container\">\n\t\t\t\t\t<div class=\"e-con-inner\">\n\t\t\t\t<div class=\"elementor-element elementor-element-29232f1 elementor-widget elementor-widget-heading\" data-id=\"29232f1\" data-element_type=\"widget\" data-e-type=\"widget\" data-widget_type=\"heading.default\">\n\t\t\t\t<div class=\"elementor-widget-container\">\n\t\t\t\t\t<h2 class=\"elementor-heading-title elementor-size-default\">Foto's van het terras en de tuin <\/h2>\t\t\t\t<\/div>\n\t\t\t\t<\/div>\n\t\t\t\t\t<\/div>\n\t\t\t\t<\/div>\n\t\t<div class=\"elementor-element elementor-element-6a61dc0 e-flex e-con-boxed e-con e-parent\" data-id=\"6a61dc0\" data-element_type=\"container\" data-e-type=\"container\">\n\t\t\t\t\t<div class=\"e-con-inner\">\n\t\t<div class=\"elementor-element elementor-element-b26bf53 e-con-full e-flex e-con e-child\" data-id=\"b26bf53\" data-element_type=\"container\" data-e-type=\"container\">\n\t\t\t\t<div class=\"elementor-element elementor-element-18c9979 elementor-widget elementor-widget-image\" data-id=\"18c9979\" data-element_type=\"widget\" data-e-type=\"widget\" data-widget_type=\"image.default\">\n\t\t\t\t<div class=\"elementor-widget-container\">\n\t\t\t\t\t\t\t\t\t\t\t\t\t\t\t<img loading=\"lazy\" decoding=\"async\" width=\"800\" height=\"600\" src=\"https:\/\/www.foretdesainthubert-accessible.be\/wp-content\/uploads\/2024\/04\/tourisme-handicap-gite-chardonpre-1-1.jpg\" class=\"attachment-large size-large wp-image-1696\" alt=\"\" \/>\t\t\t\t\t\t\t\t\t\t\t\t\t\t\t<\/div>\n\t\t\t\t<\/div>\n\t\t\t\t<\/div>\n\t\t<div class=\"elementor-element elementor-element-42f1cc3 e-con-full e-flex e-con e-child\" data-id=\"42f1cc3\" data-element_type=\"container\" data-e-type=\"container\">\n\t\t\t\t<div class=\"elementor-element elementor-element-e54d5e4 elementor-widget elementor-widget-image\" data-id=\"e54d5e4\" data-element_type=\"widget\" data-e-type=\"widget\" data-widget_type=\"image.default\">\n\t\t\t\t<div class=\"elementor-widget-container\">\n\t\t\t\t\t\t\t\t\t\t\t\t\t\t\t<img loading=\"lazy\" decoding=\"async\" width=\"800\" height=\"602\" src=\"https:\/\/www.foretdesainthubert-accessible.be\/wp-content\/uploads\/2024\/04\/tourisme-handicap-gite-chardonpre-1-1.webp\" class=\"attachment-large size-large wp-image-1700\" alt=\"\" srcset=\"https:\/\/www.foretdesainthubert-accessible.be\/wp-content\/uploads\/2024\/04\/tourisme-handicap-gite-chardonpre-1-1.webp 1024w, https:\/\/www.foretdesainthubert-accessible.be\/wp-content\/uploads\/2024\/04\/tourisme-handicap-gite-chardonpre-1-1-300x226.webp 300w, https:\/\/www.foretdesainthubert-accessible.be\/wp-content\/uploads\/2024\/04\/tourisme-handicap-gite-chardonpre-1-1-768x578.webp 768w\" sizes=\"(max-width: 800px) 100vw, 800px\" \/>\t\t\t\t\t\t\t\t\t\t\t\t\t\t\t<\/div>\n\t\t\t\t<\/div>\n\t\t\t\t<\/div>\n\t\t\t\t\t<\/div>\n\t\t\t\t<\/div>\n\t\t\t\t<\/div>\n\t\t","protected":false},"excerpt":{"rendered":"<p>Vakantiehuis &#8220;Chardonpr\u00e9&#8221; In samenwerking met All Access (Provincie Luxemburg) willen we u informeren dat er faciliteiten worden geboden: mensen die moeilijk ter been zijn slechtzienden slechthorenden (geen visueel alarmsysteem) mensen met begripsproblemen mensen met autisme gedesori\u00ebnteerde personen Het adres is Lesse 146B, 6890 Redu (Libin) Dit huis is geschikt voor maximaal 14 personen.Er zijn 6 [&hellip;]<\/p>\n","protected":false},"author":4,"featured_media":0,"parent":0,"menu_order":0,"comment_status":"closed","ping_status":"closed","template":"","meta":{"_seopress_robots_primary_cat":"","_seopress_titles_title":"Toerisme en Handicap - Vakantie in Belgi\u00eb (Walloni\u00eb)","_seopress_titles_desc":"G\u00eete te huur voor 14 personen (6 slaapkamers) gelegen in Lesse in de gemeente Libin in de regio For\u00eat de Saint-Hubert.","_seopress_robots_index":"","footnotes":""},"class_list":["post-3521","page","type-page","status-publish","hentry"],"_links":{"self":[{"href":"https:\/\/www.foretdesainthubert-accessible.be\/nl\/wp-json\/wp\/v2\/pages\/3521","targetHints":{"allow":["GET"]}}],"collection":[{"href":"https:\/\/www.foretdesainthubert-accessible.be\/nl\/wp-json\/wp\/v2\/pages"}],"about":[{"href":"https:\/\/www.foretdesainthubert-accessible.be\/nl\/wp-json\/wp\/v2\/types\/page"}],"author":[{"embeddable":true,"href":"https:\/\/www.foretdesainthubert-accessible.be\/nl\/wp-json\/wp\/v2\/users\/4"}],"replies":[{"embeddable":true,"href":"https:\/\/www.foretdesainthubert-accessible.be\/nl\/wp-json\/wp\/v2\/comments?post=3521"}],"version-history":[{"count":5,"href":"https:\/\/www.foretdesainthubert-accessible.be\/nl\/wp-json\/wp\/v2\/pages\/3521\/revisions"}],"predecessor-version":[{"id":8012,"href":"https:\/\/www.foretdesainthubert-accessible.be\/nl\/wp-json\/wp\/v2\/pages\/3521\/revisions\/8012"}],"wp:attachment":[{"href":"https:\/\/www.foretdesainthubert-accessible.be\/nl\/wp-json\/wp\/v2\/media?parent=3521"}],"curies":[{"name":"wp","href":"https:\/\/api.w.org\/{rel}","templated":true}]}}