{"id":3496,"date":"2024-05-06T14:03:19","date_gmt":"2024-05-06T12:03:19","guid":{"rendered":"https:\/\/www.foretdesainthubert-accessible.be\/?page_id=3496"},"modified":"2025-05-10T14:28:25","modified_gmt":"2025-05-10T12:28:25","slug":"voormalige-school-van-laneuville-au-bois","status":"publish","type":"page","link":"https:\/\/www.foretdesainthubert-accessible.be\/nl\/voormalige-school-van-laneuville-au-bois\/","title":{"rendered":"Voormalige school van Laneuville-au-Bois"},"content":{"rendered":"\t\t<div data-elementor-type=\"wp-page\" data-elementor-id=\"3496\" class=\"elementor elementor-3496 elementor-1739\" data-elementor-post-type=\"page\">\n\t\t\t\t<div class=\"elementor-element elementor-element-2d3371e e-flex e-con-boxed e-con e-parent\" data-id=\"2d3371e\" data-element_type=\"container\" data-e-type=\"container\">\n\t\t\t\t\t<div class=\"e-con-inner\">\n\t\t\t\t<div class=\"elementor-element elementor-element-8cc60cb elementor-widget elementor-widget-heading\" data-id=\"8cc60cb\" data-element_type=\"widget\" data-e-type=\"widget\" data-widget_type=\"heading.default\">\n\t\t\t\t<div class=\"elementor-widget-container\">\n\t\t\t\t\t<h1 class=\"elementor-heading-title elementor-size-default\">Voormalige school van Laneuville-au-Bois<\/h1>\t\t\t\t<\/div>\n\t\t\t\t<\/div>\n\t\t\t\t\t<\/div>\n\t\t\t\t<\/div>\n\t\t<div class=\"elementor-element elementor-element-3b2baf63 e-flex e-con-boxed e-con e-parent\" data-id=\"3b2baf63\" data-element_type=\"container\" data-e-type=\"container\">\n\t\t\t\t\t<div class=\"e-con-inner\">\n\t\t\t\t<div class=\"elementor-element elementor-element-7d0e09f8 elementor-widget elementor-widget-text-editor\" data-id=\"7d0e09f8\" data-element_type=\"widget\" data-e-type=\"widget\" data-widget_type=\"text-editor.default\">\n\t\t\t\t<div class=\"elementor-widget-container\">\n\t\t\t\t\t\t\t\t\t<p>In samenwerking met All Access (Provincie Luxemburg) willen wij u informeren dat deze site toegankelijk is voor :<\/p>\n<ul>\n<li>mensen die moeilijk ter been zijn<\/li>\n<li>slechtzienden<\/li>\n<li>mensen met een verstandelijke beperking<\/li>\n<li>mensen met autisme<\/li>\n<\/ul>\n\t\t\t\t\t\t\t\t<\/div>\n\t\t\t\t<\/div>\n\t\t\t\t\t<\/div>\n\t\t\t\t<\/div>\n\t\t<div class=\"elementor-element elementor-element-3413d5f e-flex e-con-boxed e-con e-parent\" data-id=\"3413d5f\" data-element_type=\"container\" data-e-type=\"container\">\n\t\t\t\t\t<div class=\"e-con-inner\">\n\t\t<div class=\"elementor-element elementor-element-1cb062d e-con-full e-flex e-con e-child\" data-id=\"1cb062d\" data-element_type=\"container\" data-e-type=\"container\">\n\t\t\t\t<div class=\"elementor-element elementor-element-be8cc2c elementor-widget elementor-widget-image\" data-id=\"be8cc2c\" data-element_type=\"widget\" data-e-type=\"widget\" data-widget_type=\"image.default\">\n\t\t\t\t<div class=\"elementor-widget-container\">\n\t\t\t\t\t\t\t\t\t\t\t\t\t\t\t<img fetchpriority=\"high\" decoding=\"async\" width=\"800\" height=\"800\" src=\"https:\/\/www.foretdesainthubert-accessible.be\/wp-content\/uploads\/2024\/04\/adresse.webp\" class=\"attachment-large size-large wp-image-555\" alt=\"Pictogramme maison (adresse)\" srcset=\"https:\/\/www.foretdesainthubert-accessible.be\/wp-content\/uploads\/2024\/04\/adresse.webp 1024w, https:\/\/www.foretdesainthubert-accessible.be\/wp-content\/uploads\/2024\/04\/adresse-300x300.webp 300w, https:\/\/www.foretdesainthubert-accessible.be\/wp-content\/uploads\/2024\/04\/adresse-150x150.webp 150w, https:\/\/www.foretdesainthubert-accessible.be\/wp-content\/uploads\/2024\/04\/adresse-768x768.webp 768w\" sizes=\"(max-width: 800px) 100vw, 800px\" \/>\t\t\t\t\t\t\t\t\t\t\t\t\t\t\t<\/div>\n\t\t\t\t<\/div>\n\t\t\t\t<\/div>\n\t\t<div class=\"elementor-element elementor-element-e5d4cc7 e-con-full e-flex e-con e-child\" data-id=\"e5d4cc7\" data-element_type=\"container\" data-e-type=\"container\">\n\t\t\t\t<div class=\"elementor-element elementor-element-66fa796 elementor-widget elementor-widget-text-editor\" data-id=\"66fa796\" data-element_type=\"widget\" data-e-type=\"widget\" data-widget_type=\"text-editor.default\">\n\t\t\t\t<div class=\"elementor-widget-container\">\n\t\t\t\t\t\t\t\t\t<p>Het adres is Laneuville-au-Bois 11, 6970 Tenneville.<\/p>\n<p>De voormalige school in Laneuville wordt in het Waals ook wel \u201cAl v\u00ee scole dol No\u00fbv\u00e8ye\u201d genoemd.<\/p>\n<p>Het gebouw ligt tegenover de kerk in het dorp Laneuville-au-Bois.<\/p>\n\t\t\t\t\t\t\t\t<\/div>\n\t\t\t\t<\/div>\n\t\t\t\t<\/div>\n\t\t\t\t\t<\/div>\n\t\t\t\t<\/div>\n\t\t<div class=\"elementor-element elementor-element-254c14b e-flex e-con-boxed e-con e-parent\" data-id=\"254c14b\" data-element_type=\"container\" data-e-type=\"container\">\n\t\t\t\t\t<div class=\"e-con-inner\">\n\t\t<div class=\"elementor-element elementor-element-f192282 e-con-full e-flex e-con e-child\" data-id=\"f192282\" data-element_type=\"container\" data-e-type=\"container\">\n\t\t\t\t<div class=\"elementor-element elementor-element-2a4fb72 elementor-widget elementor-widget-image\" data-id=\"2a4fb72\" data-element_type=\"widget\" data-e-type=\"widget\" data-widget_type=\"image.default\">\n\t\t\t\t<div class=\"elementor-widget-container\">\n\t\t\t\t\t\t\t\t\t\t\t\t\t\t\t<img decoding=\"async\" width=\"800\" height=\"800\" src=\"https:\/\/www.foretdesainthubert-accessible.be\/wp-content\/uploads\/2024\/04\/telephone.webp\" class=\"attachment-large size-large wp-image-551\" alt=\"Pictogramme t\u00e9l\u00e9phone\" srcset=\"https:\/\/www.foretdesainthubert-accessible.be\/wp-content\/uploads\/2024\/04\/telephone.webp 1024w, https:\/\/www.foretdesainthubert-accessible.be\/wp-content\/uploads\/2024\/04\/telephone-300x300.webp 300w, https:\/\/www.foretdesainthubert-accessible.be\/wp-content\/uploads\/2024\/04\/telephone-150x150.webp 150w, https:\/\/www.foretdesainthubert-accessible.be\/wp-content\/uploads\/2024\/04\/telephone-768x768.webp 768w\" sizes=\"(max-width: 800px) 100vw, 800px\" \/>\t\t\t\t\t\t\t\t\t\t\t\t\t\t\t<\/div>\n\t\t\t\t<\/div>\n\t\t\t\t<\/div>\n\t\t<div class=\"elementor-element elementor-element-60a7b51 e-con-full e-flex e-con e-child\" data-id=\"60a7b51\" data-element_type=\"container\" data-e-type=\"container\">\n\t\t\t\t<div class=\"elementor-element elementor-element-e07bd30 elementor-widget elementor-widget-text-editor\" data-id=\"e07bd30\" data-element_type=\"widget\" data-e-type=\"widget\" data-widget_type=\"text-editor.default\">\n\t\t\t\t<div class=\"elementor-widget-container\">\n\t\t\t\t\t\t\t\t\t<p>Boekingen kunnen per telefoon of e-mail worden gemaakt.<\/p>\n<p>Je kunt bellen naar 084 45 53 54.<\/p>\n\t\t\t\t\t\t\t\t<\/div>\n\t\t\t\t<\/div>\n\t\t\t\t<\/div>\n\t\t\t\t\t<\/div>\n\t\t\t\t<\/div>\n\t\t<div class=\"elementor-element elementor-element-b4a69ef e-flex e-con-boxed e-con e-parent\" data-id=\"b4a69ef\" data-element_type=\"container\" data-e-type=\"container\">\n\t\t\t\t\t<div class=\"e-con-inner\">\n\t\t<div class=\"elementor-element elementor-element-3ef684b e-con-full e-flex e-con e-child\" data-id=\"3ef684b\" data-element_type=\"container\" data-e-type=\"container\">\n\t\t\t\t<div class=\"elementor-element elementor-element-0b10d96 elementor-widget elementor-widget-image\" data-id=\"0b10d96\" data-element_type=\"widget\" data-e-type=\"widget\" data-widget_type=\"image.default\">\n\t\t\t\t<div class=\"elementor-widget-container\">\n\t\t\t\t\t\t\t\t\t\t\t\t\t\t\t<img decoding=\"async\" width=\"800\" height=\"800\" src=\"https:\/\/www.foretdesainthubert-accessible.be\/wp-content\/uploads\/2024\/04\/mail-1024x1024.png\" class=\"attachment-large size-large wp-image-871\" alt=\"Pictogramme e-mail\" srcset=\"https:\/\/www.foretdesainthubert-accessible.be\/wp-content\/uploads\/2024\/04\/mail-1024x1024.png 1024w, https:\/\/www.foretdesainthubert-accessible.be\/wp-content\/uploads\/2024\/04\/mail-300x300.png 300w, https:\/\/www.foretdesainthubert-accessible.be\/wp-content\/uploads\/2024\/04\/mail-150x150.png 150w, https:\/\/www.foretdesainthubert-accessible.be\/wp-content\/uploads\/2024\/04\/mail-768x768.png 768w, https:\/\/www.foretdesainthubert-accessible.be\/wp-content\/uploads\/2024\/04\/mail.png 1280w\" sizes=\"(max-width: 800px) 100vw, 800px\" \/>\t\t\t\t\t\t\t\t\t\t\t\t\t\t\t<\/div>\n\t\t\t\t<\/div>\n\t\t\t\t<\/div>\n\t\t<div class=\"elementor-element elementor-element-63f4e67 e-con-full e-flex e-con e-child\" data-id=\"63f4e67\" data-element_type=\"container\" data-e-type=\"container\">\n\t\t\t\t<div class=\"elementor-element elementor-element-a8f2cb4 elementor-widget elementor-widget-text-editor\" data-id=\"a8f2cb4\" data-element_type=\"widget\" data-e-type=\"widget\" data-widget_type=\"text-editor.default\">\n\t\t\t\t<div class=\"elementor-widget-container\">\n\t\t\t\t\t\t\t\t\t<p>Je kunt een e-mail sturen naar myriam.hesbois@skynet.be<\/p>\n\t\t\t\t\t\t\t\t<\/div>\n\t\t\t\t<\/div>\n\t\t\t\t<\/div>\n\t\t\t\t\t<\/div>\n\t\t\t\t<\/div>\n\t\t<div class=\"elementor-element elementor-element-42cdbd1 e-flex e-con-boxed e-con e-parent\" data-id=\"42cdbd1\" data-element_type=\"container\" data-e-type=\"container\">\n\t\t\t\t\t<div class=\"e-con-inner\">\n\t\t<div class=\"elementor-element elementor-element-8783edb e-con-full e-flex e-con e-child\" data-id=\"8783edb\" data-element_type=\"container\" data-e-type=\"container\">\n\t\t\t\t<div class=\"elementor-element elementor-element-9760581 elementor-widget elementor-widget-image\" data-id=\"9760581\" data-element_type=\"widget\" data-e-type=\"widget\" data-widget_type=\"image.default\">\n\t\t\t\t<div class=\"elementor-widget-container\">\n\t\t\t\t\t\t\t\t\t\t\t\t\t\t\t<img loading=\"lazy\" decoding=\"async\" width=\"800\" height=\"800\" src=\"https:\/\/www.foretdesainthubert-accessible.be\/wp-content\/uploads\/2024\/04\/reservation.webp\" class=\"attachment-large size-large wp-image-547\" alt=\"Pictogramme calendrier\" srcset=\"https:\/\/www.foretdesainthubert-accessible.be\/wp-content\/uploads\/2024\/04\/reservation.webp 1024w, https:\/\/www.foretdesainthubert-accessible.be\/wp-content\/uploads\/2024\/04\/reservation-300x300.webp 300w, https:\/\/www.foretdesainthubert-accessible.be\/wp-content\/uploads\/2024\/04\/reservation-150x150.webp 150w, https:\/\/www.foretdesainthubert-accessible.be\/wp-content\/uploads\/2024\/04\/reservation-768x768.webp 768w\" sizes=\"(max-width: 800px) 100vw, 800px\" \/>\t\t\t\t\t\t\t\t\t\t\t\t\t\t\t<\/div>\n\t\t\t\t<\/div>\n\t\t\t\t<\/div>\n\t\t<div class=\"elementor-element elementor-element-f4af1c7 e-con-full e-flex e-con e-child\" data-id=\"f4af1c7\" data-element_type=\"container\" data-e-type=\"container\">\n\t\t\t\t<div class=\"elementor-element elementor-element-68cf8f7 elementor-widget elementor-widget-text-editor\" data-id=\"68cf8f7\" data-element_type=\"widget\" data-e-type=\"widget\" data-widget_type=\"text-editor.default\">\n\t\t\t\t<div class=\"elementor-widget-container\">\n\t\t\t\t\t\t\t\t\t<p>De voormalige school van Laneuville-au-Bois kan alleen op afspraak worden bezocht.<\/p>\n<p>De duur van het bezoek hangt af van de interesse van de deelnemers.<br \/>Reken op ongeveer 1 uur.<\/p>\n\t\t\t\t\t\t\t\t<\/div>\n\t\t\t\t<\/div>\n\t\t\t\t<\/div>\n\t\t\t\t\t<\/div>\n\t\t\t\t<\/div>\n\t\t<div class=\"elementor-element elementor-element-b4fd4a7 e-flex e-con-boxed e-con e-parent\" data-id=\"b4fd4a7\" data-element_type=\"container\" data-e-type=\"container\">\n\t\t\t\t\t<div class=\"e-con-inner\">\n\t\t<div class=\"elementor-element elementor-element-098489f e-con-full e-flex e-con e-child\" data-id=\"098489f\" data-element_type=\"container\" data-e-type=\"container\">\n\t\t\t\t<div class=\"elementor-element elementor-element-29ea0ae elementor-widget elementor-widget-image\" data-id=\"29ea0ae\" data-element_type=\"widget\" data-e-type=\"widget\" data-widget_type=\"image.default\">\n\t\t\t\t<div class=\"elementor-widget-container\">\n\t\t\t\t\t\t\t\t\t\t\t\t\t\t\t<img loading=\"lazy\" decoding=\"async\" width=\"800\" height=\"800\" src=\"https:\/\/www.foretdesainthubert-accessible.be\/wp-content\/uploads\/2024\/04\/parking-1024x1024-1.webp\" class=\"attachment-large size-large wp-image-680\" alt=\"Pictogramme parking\" srcset=\"https:\/\/www.foretdesainthubert-accessible.be\/wp-content\/uploads\/2024\/04\/parking-1024x1024-1.webp 1024w, https:\/\/www.foretdesainthubert-accessible.be\/wp-content\/uploads\/2024\/04\/parking-1024x1024-1-300x300.webp 300w, https:\/\/www.foretdesainthubert-accessible.be\/wp-content\/uploads\/2024\/04\/parking-1024x1024-1-150x150.webp 150w, https:\/\/www.foretdesainthubert-accessible.be\/wp-content\/uploads\/2024\/04\/parking-1024x1024-1-768x768.webp 768w\" sizes=\"(max-width: 800px) 100vw, 800px\" \/>\t\t\t\t\t\t\t\t\t\t\t\t\t\t\t<\/div>\n\t\t\t\t<\/div>\n\t\t\t\t<\/div>\n\t\t<div class=\"elementor-element elementor-element-36efcba e-con-full e-flex e-con e-child\" data-id=\"36efcba\" data-element_type=\"container\" data-e-type=\"container\">\n\t\t\t\t<div class=\"elementor-element elementor-element-80b8755 elementor-widget elementor-widget-text-editor\" data-id=\"80b8755\" data-element_type=\"widget\" data-e-type=\"widget\" data-widget_type=\"text-editor.default\">\n\t\t\t\t<div class=\"elementor-widget-container\">\n\t\t\t\t\t\t\t\t\t<p>Er zijn drie parkeerplaatsen in de buurt van het voormalige klaslokaal.<br \/>Op verzoek is er ook een gehandicaptenparkeerplaats op de binnenplaats van het pand van de eigenaren.<br \/>Het terrein is vlak en beveiligd door een laag muurtje.<\/p>\n\t\t\t\t\t\t\t\t<\/div>\n\t\t\t\t<\/div>\n\t\t\t\t<\/div>\n\t\t\t\t\t<\/div>\n\t\t\t\t<\/div>\n\t\t<div class=\"elementor-element elementor-element-0b569e4 e-flex e-con-boxed e-con e-parent\" data-id=\"0b569e4\" data-element_type=\"container\" data-e-type=\"container\">\n\t\t\t\t\t<div class=\"e-con-inner\">\n\t\t<div class=\"elementor-element elementor-element-d7b8651 e-con-full e-flex e-con e-child\" data-id=\"d7b8651\" data-element_type=\"container\" data-e-type=\"container\">\n\t\t\t\t<div class=\"elementor-element elementor-element-336b92f elementor-widget elementor-widget-image\" data-id=\"336b92f\" data-element_type=\"widget\" data-e-type=\"widget\" data-widget_type=\"image.default\">\n\t\t\t\t<div class=\"elementor-widget-container\">\n\t\t\t\t\t\t\t\t\t\t\t\t\t\t\t<img loading=\"lazy\" decoding=\"async\" width=\"800\" height=\"676\" src=\"https:\/\/www.foretdesainthubert-accessible.be\/wp-content\/uploads\/2024\/04\/toilette-pmr.webp\" class=\"attachment-large size-large wp-image-562\" alt=\"Pictogramme toilette PMR\" srcset=\"https:\/\/www.foretdesainthubert-accessible.be\/wp-content\/uploads\/2024\/04\/toilette-pmr.webp 1024w, https:\/\/www.foretdesainthubert-accessible.be\/wp-content\/uploads\/2024\/04\/toilette-pmr-300x253.webp 300w, https:\/\/www.foretdesainthubert-accessible.be\/wp-content\/uploads\/2024\/04\/toilette-pmr-768x649.webp 768w\" sizes=\"(max-width: 800px) 100vw, 800px\" \/>\t\t\t\t\t\t\t\t\t\t\t\t\t\t\t<\/div>\n\t\t\t\t<\/div>\n\t\t\t\t<\/div>\n\t\t<div class=\"elementor-element elementor-element-e9b83f7 e-con-full e-flex e-con e-child\" data-id=\"e9b83f7\" data-element_type=\"container\" data-e-type=\"container\">\n\t\t\t\t<div class=\"elementor-element elementor-element-2d3de96 elementor-widget elementor-widget-text-editor\" data-id=\"2d3de96\" data-element_type=\"widget\" data-e-type=\"widget\" data-widget_type=\"text-editor.default\">\n\t\t\t\t<div class=\"elementor-widget-container\">\n\t\t\t\t\t\t\t\t\t<p>Er is geen PRM-toilet.<\/p>\n\t\t\t\t\t\t\t\t<\/div>\n\t\t\t\t<\/div>\n\t\t\t\t<\/div>\n\t\t\t\t\t<\/div>\n\t\t\t\t<\/div>\n\t\t<div class=\"elementor-element elementor-element-0c1fef7 e-flex e-con-boxed e-con e-parent\" data-id=\"0c1fef7\" data-element_type=\"container\" data-e-type=\"container\">\n\t\t\t\t\t<div class=\"e-con-inner\">\n\t\t<div class=\"elementor-element elementor-element-a9d6031 e-con-full e-flex e-con e-child\" data-id=\"a9d6031\" data-element_type=\"container\" data-e-type=\"container\">\n\t\t\t\t<div class=\"elementor-element elementor-element-60a2779 elementor-widget elementor-widget-image\" data-id=\"60a2779\" data-element_type=\"widget\" data-e-type=\"widget\" data-widget_type=\"image.default\">\n\t\t\t\t<div class=\"elementor-widget-container\">\n\t\t\t\t\t\t\t\t\t\t\t\t\t\t\t<img loading=\"lazy\" decoding=\"async\" width=\"752\" height=\"1024\" src=\"https:\/\/www.foretdesainthubert-accessible.be\/wp-content\/uploads\/2024\/04\/20240403-Autocollant-chien-dassistance-1080x1920-px-ep-752x1024.png\" class=\"attachment-large size-large wp-image-651\" alt=\"Pictogramme chiens d&#039;assistance admis\" srcset=\"https:\/\/www.foretdesainthubert-accessible.be\/wp-content\/uploads\/2024\/04\/20240403-Autocollant-chien-dassistance-1080x1920-px-ep-752x1024.png 752w, https:\/\/www.foretdesainthubert-accessible.be\/wp-content\/uploads\/2024\/04\/20240403-Autocollant-chien-dassistance-1080x1920-px-ep-220x300.png 220w, https:\/\/www.foretdesainthubert-accessible.be\/wp-content\/uploads\/2024\/04\/20240403-Autocollant-chien-dassistance-1080x1920-px-ep-768x1046.png 768w, https:\/\/www.foretdesainthubert-accessible.be\/wp-content\/uploads\/2024\/04\/20240403-Autocollant-chien-dassistance-1080x1920-px-ep-1128x1536.png 1128w, https:\/\/www.foretdesainthubert-accessible.be\/wp-content\/uploads\/2024\/04\/20240403-Autocollant-chien-dassistance-1080x1920-px-ep.png 1410w\" sizes=\"(max-width: 752px) 100vw, 752px\" \/>\t\t\t\t\t\t\t\t\t\t\t\t\t\t\t<\/div>\n\t\t\t\t<\/div>\n\t\t\t\t<\/div>\n\t\t<div class=\"elementor-element elementor-element-eb6b0b6 e-con-full e-flex e-con e-child\" data-id=\"eb6b0b6\" data-element_type=\"container\" data-e-type=\"container\">\n\t\t\t\t<div class=\"elementor-element elementor-element-71cfc12 elementor-widget elementor-widget-text-editor\" data-id=\"71cfc12\" data-element_type=\"widget\" data-e-type=\"widget\" data-widget_type=\"text-editor.default\">\n\t\t\t\t<div class=\"elementor-widget-container\">\n\t\t\t\t\t\t\t\t\t<p>Hulphonden zijn welkom.<\/p>\n\t\t\t\t\t\t\t\t<\/div>\n\t\t\t\t<\/div>\n\t\t\t\t<\/div>\n\t\t\t\t\t<\/div>\n\t\t\t\t<\/div>\n\t\t<div class=\"elementor-element elementor-element-2009ba2 e-flex e-con-boxed e-con e-parent\" data-id=\"2009ba2\" data-element_type=\"container\" data-e-type=\"container\">\n\t\t\t\t\t<div class=\"e-con-inner\">\n\t\t<div class=\"elementor-element elementor-element-9846cd3 e-con-full e-flex e-con e-child\" data-id=\"9846cd3\" data-element_type=\"container\" data-e-type=\"container\">\n\t\t\t\t<div class=\"elementor-element elementor-element-6e6e3ce elementor-widget elementor-widget-image\" data-id=\"6e6e3ce\" data-element_type=\"widget\" data-e-type=\"widget\" data-widget_type=\"image.default\">\n\t\t\t\t<div class=\"elementor-widget-container\">\n\t\t\t\t\t\t\t\t\t\t\t\t\t\t\t<img loading=\"lazy\" decoding=\"async\" width=\"800\" height=\"696\" src=\"https:\/\/www.foretdesainthubert-accessible.be\/wp-content\/uploads\/2024\/04\/aide-1024x891-1.webp\" class=\"attachment-large size-large wp-image-566\" alt=\"\" srcset=\"https:\/\/www.foretdesainthubert-accessible.be\/wp-content\/uploads\/2024\/04\/aide-1024x891-1.webp 1024w, https:\/\/www.foretdesainthubert-accessible.be\/wp-content\/uploads\/2024\/04\/aide-1024x891-1-300x261.webp 300w, https:\/\/www.foretdesainthubert-accessible.be\/wp-content\/uploads\/2024\/04\/aide-1024x891-1-768x668.webp 768w\" sizes=\"(max-width: 800px) 100vw, 800px\" \/>\t\t\t\t\t\t\t\t\t\t\t\t\t\t\t<\/div>\n\t\t\t\t<\/div>\n\t\t\t\t<\/div>\n\t\t<div class=\"elementor-element elementor-element-350e44c e-con-full e-flex e-con e-child\" data-id=\"350e44c\" data-element_type=\"container\" data-e-type=\"container\">\n\t\t\t\t<div class=\"elementor-element elementor-element-3ea318f elementor-widget elementor-widget-text-editor\" data-id=\"3ea318f\" data-element_type=\"widget\" data-e-type=\"widget\" data-widget_type=\"text-editor.default\">\n\t\t\t\t<div class=\"elementor-widget-container\">\n\t\t\t\t\t\t\t\t\t<p>Myriam, de eigenaresse, is toegewijd aan het verwelkomen van mensen met een handicap.<\/p>\n<p>Myriam staat klaar om je te verwelkomen en rond te leiden.<\/p>\n\t\t\t\t\t\t\t\t<\/div>\n\t\t\t\t<\/div>\n\t\t\t\t<\/div>\n\t\t\t\t\t<\/div>\n\t\t\t\t<\/div>\n\t\t<div class=\"elementor-element elementor-element-7baa9ad e-flex e-con-boxed e-con e-parent\" data-id=\"7baa9ad\" data-element_type=\"container\" data-e-type=\"container\">\n\t\t\t\t\t<div class=\"e-con-inner\">\n\t\t\t\t<div class=\"elementor-element elementor-element-f028a3a elementor-widget elementor-widget-heading\" data-id=\"f028a3a\" data-element_type=\"widget\" data-e-type=\"widget\" data-widget_type=\"heading.default\">\n\t\t\t\t<div class=\"elementor-widget-container\">\n\t\t\t\t\t<h2 class=\"elementor-heading-title elementor-size-default\">Nuttige informatie<\/h2>\t\t\t\t<\/div>\n\t\t\t\t<\/div>\n\t\t\t\t\t<\/div>\n\t\t\t\t<\/div>\n\t\t<div class=\"elementor-element elementor-element-556bb6b e-flex e-con-boxed e-con e-parent\" data-id=\"556bb6b\" data-element_type=\"container\" data-e-type=\"container\">\n\t\t\t\t\t<div class=\"e-con-inner\">\n\t\t\t\t<div class=\"elementor-element elementor-element-23cf78a elementor-widget elementor-widget-text-editor\" data-id=\"23cf78a\" data-element_type=\"widget\" data-e-type=\"widget\" data-widget_type=\"text-editor.default\">\n\t\t\t\t<div class=\"elementor-widget-container\">\n\t\t\t\t\t\t\t\t\t<p><strong>Toegang tot het gebouw<\/strong><\/p>\n<ul>\n<li>De hoofdingang van het museum is niet onafhankelijk toegankelijk voor rolstoelgebruikers, want er zijn treden en een deuropening die voor sommige rolstoelen te smal is.<\/li>\n<li>De deuropening is 84 cm breed.<\/li>\n<\/ul>\n<p><strong>In de oude school<\/strong><\/p>\n<ul>\n<li>Het oude klaslokaal is gelijkvloers.<\/li>\n<li>Er zijn zitplaatsen in het klaslokaal.<\/li>\n<li>Het klaslokaal wordt verlicht door neonbuizen.<br \/>\nGevoelige mensen en\/of mensen met autisme kunnen last hebben van dit soort verlichting.<\/li>\n<li>De borden zijn groot en gemakkelijk te lezen.<br \/>\nDe informatie op de borden is in het Frans.<\/li>\n<li>De rondleidingen zijn aangepast aan de specifieke behoeften van mensen met een handicap (blinden, mensen met een verstandelijke beperking en mensen met autisme).<\/li>\n<li>Er zijn veel voorwerpen aanwezig in het klaslokaal, die beurtelings een beroep doen op de zintuigen (tastzin, zicht, reuk, gehoor) als activiteiten zoals schrijven met een pen, paarse inkt of een aanraking op de lei worden voorgesteld.<\/li>\n<li>Er zijn veel voorwerpen binnen handbereik.<\/li>\n<li>Er zijn geen georganiseerde rondleidingen in Franse gebarentaal.<\/li>\n<\/ul>\n\t\t\t\t\t\t\t\t<\/div>\n\t\t\t\t<\/div>\n\t\t\t\t\t<\/div>\n\t\t\t\t<\/div>\n\t\t<div class=\"elementor-element elementor-element-0b8931c e-flex e-con-boxed e-con e-parent\" data-id=\"0b8931c\" data-element_type=\"container\" data-e-type=\"container\">\n\t\t\t\t\t<div class=\"e-con-inner\">\n\t\t<div class=\"elementor-element elementor-element-66961fc e-con-full e-flex e-con e-child\" data-id=\"66961fc\" data-element_type=\"container\" data-e-type=\"container\">\n\t\t\t\t<div class=\"elementor-element elementor-element-17ff7d2 elementor-widget elementor-widget-image\" data-id=\"17ff7d2\" data-element_type=\"widget\" data-e-type=\"widget\" data-widget_type=\"image.default\">\n\t\t\t\t<div class=\"elementor-widget-container\">\n\t\t\t\t\t\t\t\t\t\t\t\t\t\t\t<img loading=\"lazy\" decoding=\"async\" width=\"150\" height=\"150\" src=\"https:\/\/www.foretdesainthubert-accessible.be\/wp-content\/uploads\/2024\/04\/falc-150x150.webp\" class=\"attachment-thumbnail size-thumbnail wp-image-626\" alt=\"\" srcset=\"https:\/\/www.foretdesainthubert-accessible.be\/wp-content\/uploads\/2024\/04\/falc-150x150.webp 150w, https:\/\/www.foretdesainthubert-accessible.be\/wp-content\/uploads\/2024\/04\/falc-300x300.webp 300w, https:\/\/www.foretdesainthubert-accessible.be\/wp-content\/uploads\/2024\/04\/falc-768x768.webp 768w, https:\/\/www.foretdesainthubert-accessible.be\/wp-content\/uploads\/2024\/04\/falc.webp 1024w\" sizes=\"(max-width: 150px) 100vw, 150px\" \/>\t\t\t\t\t\t\t\t\t\t\t\t\t\t\t<\/div>\n\t\t\t\t<\/div>\n\t\t\t\t<\/div>\n\t\t<div class=\"elementor-element elementor-element-b9b789f e-con-full e-flex e-con e-child\" data-id=\"b9b789f\" data-element_type=\"container\" data-e-type=\"container\">\n\t\t\t\t<div class=\"elementor-element elementor-element-bebc860 elementor-widget elementor-widget-heading\" data-id=\"bebc860\" data-element_type=\"widget\" data-e-type=\"widget\" data-widget_type=\"heading.default\">\n\t\t\t\t<div class=\"elementor-widget-container\">\n\t\t\t\t\t<h3 class=\"elementor-heading-title elementor-size-default\">Gemakkelijk te lezen en te begrijpen<\/h3>\t\t\t\t<\/div>\n\t\t\t\t<\/div>\n\t\t\t\t<\/div>\n\t\t\t\t\t<\/div>\n\t\t\t\t<\/div>\n\t\t<div class=\"elementor-element elementor-element-ec6c30d e-flex e-con-boxed e-con e-parent\" data-id=\"ec6c30d\" data-element_type=\"container\" data-e-type=\"container\">\n\t\t\t\t\t<div class=\"e-con-inner\">\n\t\t\t\t<div class=\"elementor-element elementor-element-6408a00 elementor-widget elementor-widget-text-editor\" data-id=\"6408a00\" data-element_type=\"widget\" data-e-type=\"widget\" data-widget_type=\"text-editor.default\">\n\t\t\t\t<div class=\"elementor-widget-container\">\n\t\t\t\t\t\t\t\t\t<p>Deze tekst is geschreven in makkelijk te lezen en te begrijpen taal.<\/p>\n<p>De rondleidingen zijn aangepast voor mensen die blind zijn, moeite hebben met begrijpen of autisme hebben.<br \/>Dit betekent dat Myriam uitleg geeft zodat bezoekers ze volledig kunnen begrijpen.<br \/>Er zijn geen rondleidingen in gebarentaal voor doven.<br \/>Dove mensen zijn mensen die niet kunnen horen.<\/p>\n<p><strong>Parkeren<\/strong><\/p>\n<p>Er zijn 3 parkeerplaatsen.<\/p>\n<p>Er is ook een parkeerplaats op de binnenplaats van de oude school.<br \/>Je moet vragen om op deze parkeerplaats te parkeren.<br \/>De parkeerplaats is vlak en heeft een laag muurtje eromheen.<\/p>\n<p><strong>Het gebouw binnengaan<\/strong><\/p>\n<ul>\n<li>Rolstoelen kunnen de Old School niet in omdat de ingang te klein is.<\/li>\n<li>Myriam is de persoon die je rondleidt door het klaslokaal.<\/li>\n<li>Myriam luidt de bel voordat je binnenkomt.<br \/>\nJe moet het Myriam zeggen als je het geluid van de bel niet prettig vindt.<\/li>\n<\/ul>\n<p><strong><br \/>\nBinnen in het gebouw:<\/strong><\/p>\n<ul>\n<li>Het klaslokaal bevindt zich in een grote ruimte.<\/li>\n<li>Er staan stoelen en banken in het klaslokaal.<\/li>\n<li>De lampen in het klaslokaal zijn neon.<br \/>\nZe geven een sterk licht dat een beetje trilt.<br \/>\nSommige mensen houden er niet van omdat ze pijn doen.<\/li>\n<li>Er hangen grote panelen met foto\u2019s en teksten in het klaslokaal.<br \/>\nDe panelen zijn in het Frans.<\/li>\n<li>Er staan ook voorwerpen in de klas.<\/li>\n<li>Myriam laat je wat oude voorwerpen zien en je mag ze aanraken.<\/li>\n<li>Er zijn voorwerpen die je kunt gebruiken:\n<ul>\n<li>Schrijven met een veer<\/li>\n<li>Typen<\/li>\n<li>Schrijven op een lei<br \/>\nEen lei is een klein zwart of groen bord om op te schrijven.<\/li>\n<\/ul>\n<p><\/li>\n<p> \t<\/p>\n<li>Myriam zal je vertellen welke voorwerpen je niet mag aanraken omdat ze breekbaar zijn.<\/li>\n<p><\/ul>\n\t\t\t\t\t\t\t\t<\/div>\n\t\t\t\t<\/div>\n\t\t\t\t\t<\/div>\n\t\t\t\t<\/div>\n\t\t<div class=\"elementor-element elementor-element-cf04dfa e-flex e-con-boxed e-con e-parent\" data-id=\"cf04dfa\" data-element_type=\"container\" data-e-type=\"container\">\n\t\t\t\t\t<div class=\"e-con-inner\">\n\t\t\t\t<div class=\"elementor-element elementor-element-ee79dad elementor-widget elementor-widget-heading\" data-id=\"ee79dad\" data-element_type=\"widget\" data-e-type=\"widget\" data-widget_type=\"heading.default\">\n\t\t\t\t<div class=\"elementor-widget-container\">\n\t\t\t\t\t<h2 class=\"elementor-heading-title elementor-size-default\">foto's van de ingang<\/h2>\t\t\t\t<\/div>\n\t\t\t\t<\/div>\n\t\t\t\t\t<\/div>\n\t\t\t\t<\/div>\n\t\t<div class=\"elementor-element elementor-element-a9d5185 e-grid e-con-boxed e-con e-parent\" data-id=\"a9d5185\" data-element_type=\"container\" data-e-type=\"container\">\n\t\t\t\t\t<div class=\"e-con-inner\">\n\t\t\t\t<div class=\"elementor-element elementor-element-a4c1cab elementor-widget elementor-widget-image\" data-id=\"a4c1cab\" data-element_type=\"widget\" data-e-type=\"widget\" data-widget_type=\"image.default\">\n\t\t\t\t<div class=\"elementor-widget-container\">\n\t\t\t\t\t\t\t\t\t\t\t\t\t\t\t<img loading=\"lazy\" decoding=\"async\" width=\"800\" height=\"600\" src=\"https:\/\/www.foretdesainthubert-accessible.be\/wp-content\/uploads\/2024\/05\/ancienne-ecole-laneuvilleaubois-1.jpg\" class=\"attachment-large size-large wp-image-1746\" alt=\"\" \/>\t\t\t\t\t\t\t\t\t\t\t\t\t\t\t<\/div>\n\t\t\t\t<\/div>\n\t\t\t\t<div class=\"elementor-element elementor-element-5ed0367 elementor-widget elementor-widget-image\" data-id=\"5ed0367\" data-element_type=\"widget\" data-e-type=\"widget\" data-widget_type=\"image.default\">\n\t\t\t\t<div class=\"elementor-widget-container\">\n\t\t\t\t\t\t\t\t\t\t\t\t\t\t\t<img loading=\"lazy\" decoding=\"async\" width=\"800\" height=\"600\" src=\"https:\/\/www.foretdesainthubert-accessible.be\/wp-content\/uploads\/2024\/05\/ancienne-ecole-laneuvilleaubois-1.webp\" class=\"attachment-large size-large wp-image-1750\" alt=\"\" \/>\t\t\t\t\t\t\t\t\t\t\t\t\t\t\t<\/div>\n\t\t\t\t<\/div>\n\t\t\t\t<div class=\"elementor-element elementor-element-dd176d5 elementor-widget elementor-widget-image\" data-id=\"dd176d5\" data-element_type=\"widget\" data-e-type=\"widget\" data-widget_type=\"image.default\">\n\t\t\t\t<div class=\"elementor-widget-container\">\n\t\t\t\t\t\t\t\t\t\t\t\t\t\t\t<img loading=\"lazy\" decoding=\"async\" width=\"800\" height=\"600\" src=\"https:\/\/www.foretdesainthubert-accessible.be\/wp-content\/uploads\/2024\/05\/ancienne-ecole-laneuvilleaubois-2.webp\" class=\"attachment-large size-large wp-image-1754\" alt=\"\" \/>\t\t\t\t\t\t\t\t\t\t\t\t\t\t\t<\/div>\n\t\t\t\t<\/div>\n\t\t\t\t\t<\/div>\n\t\t\t\t<\/div>\n\t\t<div class=\"elementor-element elementor-element-7ac7057 e-flex e-con-boxed e-con e-parent\" data-id=\"7ac7057\" data-element_type=\"container\" data-e-type=\"container\">\n\t\t\t\t\t<div class=\"e-con-inner\">\n\t\t\t\t<div class=\"elementor-element elementor-element-ddc7c35 elementor-widget elementor-widget-heading\" data-id=\"ddc7c35\" data-element_type=\"widget\" data-e-type=\"widget\" data-widget_type=\"heading.default\">\n\t\t\t\t<div class=\"elementor-widget-container\">\n\t\t\t\t\t<h2 class=\"elementor-heading-title elementor-size-default\">foto's van de binnenkant van het klaslokaal<\/h2>\t\t\t\t<\/div>\n\t\t\t\t<\/div>\n\t\t\t\t\t<\/div>\n\t\t\t\t<\/div>\n\t\t<div class=\"elementor-element elementor-element-c42727c e-grid e-con-boxed e-con e-parent\" data-id=\"c42727c\" data-element_type=\"container\" data-e-type=\"container\">\n\t\t\t\t\t<div class=\"e-con-inner\">\n\t\t\t\t<div class=\"elementor-element elementor-element-7bc403f elementor-widget elementor-widget-image\" data-id=\"7bc403f\" data-element_type=\"widget\" data-e-type=\"widget\" data-widget_type=\"image.default\">\n\t\t\t\t<div class=\"elementor-widget-container\">\n\t\t\t\t\t\t\t\t\t\t\t\t\t\t\t<img loading=\"lazy\" decoding=\"async\" width=\"800\" height=\"600\" src=\"https:\/\/www.foretdesainthubert-accessible.be\/wp-content\/uploads\/2024\/05\/ancienne-ecole-laneuvilleaubois-4.webp\" class=\"attachment-large size-large wp-image-1758\" alt=\"\" \/>\t\t\t\t\t\t\t\t\t\t\t\t\t\t\t<\/div>\n\t\t\t\t<\/div>\n\t\t\t\t<div class=\"elementor-element elementor-element-655426a elementor-widget elementor-widget-image\" data-id=\"655426a\" data-element_type=\"widget\" data-e-type=\"widget\" data-widget_type=\"image.default\">\n\t\t\t\t<div class=\"elementor-widget-container\">\n\t\t\t\t\t\t\t\t\t\t\t\t\t\t\t<img loading=\"lazy\" decoding=\"async\" width=\"800\" height=\"600\" src=\"https:\/\/www.foretdesainthubert-accessible.be\/wp-content\/uploads\/2024\/05\/ancienne-ecole-laneuvilleaubois-5.webp\" class=\"attachment-large size-large wp-image-1762\" alt=\"\" \/>\t\t\t\t\t\t\t\t\t\t\t\t\t\t\t<\/div>\n\t\t\t\t<\/div>\n\t\t\t\t<div class=\"elementor-element elementor-element-0dd395d elementor-widget elementor-widget-image\" data-id=\"0dd395d\" data-element_type=\"widget\" data-e-type=\"widget\" data-widget_type=\"image.default\">\n\t\t\t\t<div class=\"elementor-widget-container\">\n\t\t\t\t\t\t\t\t\t\t\t\t\t\t\t<img loading=\"lazy\" decoding=\"async\" width=\"800\" height=\"600\" src=\"https:\/\/www.foretdesainthubert-accessible.be\/wp-content\/uploads\/2024\/05\/ancienne-ecole-laneuvilleaubois-7.webp\" class=\"attachment-large size-large wp-image-1766\" alt=\"\" \/>\t\t\t\t\t\t\t\t\t\t\t\t\t\t\t<\/div>\n\t\t\t\t<\/div>\n\t\t\t\t\t<\/div>\n\t\t\t\t<\/div>\n\t\t\t\t<\/div>\n\t\t","protected":false},"excerpt":{"rendered":"<p>Voormalige school van Laneuville-au-Bois In samenwerking met All Access (Provincie Luxemburg) willen wij u informeren dat deze site toegankelijk is voor : mensen die moeilijk ter been zijn slechtzienden mensen met een verstandelijke beperking mensen met autisme Het adres is Laneuville-au-Bois 11, 6970 Tenneville. De voormalige school in Laneuville wordt in het Waals ook wel [&hellip;]<\/p>\n","protected":false},"author":4,"featured_media":0,"parent":0,"menu_order":0,"comment_status":"closed","ping_status":"closed","template":"","meta":{"_seopress_robots_primary_cat":"","_seopress_titles_title":"Toerisme en handicap - Vrije tijd in Belgi\u00eb (Walloni\u00eb)","_seopress_titles_desc":"Bezoek het oude klaslokaal in het dorpje Laneuville-au-Bois in de gemeente Tenneville. Ontdek samen met de eigenaar de school van vroeger.","_seopress_robots_index":"","footnotes":""},"class_list":["post-3496","page","type-page","status-publish","hentry"],"_links":{"self":[{"href":"https:\/\/www.foretdesainthubert-accessible.be\/nl\/wp-json\/wp\/v2\/pages\/3496","targetHints":{"allow":["GET"]}}],"collection":[{"href":"https:\/\/www.foretdesainthubert-accessible.be\/nl\/wp-json\/wp\/v2\/pages"}],"about":[{"href":"https:\/\/www.foretdesainthubert-accessible.be\/nl\/wp-json\/wp\/v2\/types\/page"}],"author":[{"embeddable":true,"href":"https:\/\/www.foretdesainthubert-accessible.be\/nl\/wp-json\/wp\/v2\/users\/4"}],"replies":[{"embeddable":true,"href":"https:\/\/www.foretdesainthubert-accessible.be\/nl\/wp-json\/wp\/v2\/comments?post=3496"}],"version-history":[{"count":5,"href":"https:\/\/www.foretdesainthubert-accessible.be\/nl\/wp-json\/wp\/v2\/pages\/3496\/revisions"}],"predecessor-version":[{"id":7972,"href":"https:\/\/www.foretdesainthubert-accessible.be\/nl\/wp-json\/wp\/v2\/pages\/3496\/revisions\/7972"}],"wp:attachment":[{"href":"https:\/\/www.foretdesainthubert-accessible.be\/nl\/wp-json\/wp\/v2\/media?parent=3496"}],"curies":[{"name":"wp","href":"https:\/\/api.w.org\/{rel}","templated":true}]}}