{"id":3540,"date":"2024-06-04T11:05:49","date_gmt":"2024-06-04T09:05:49","guid":{"rendered":"https:\/\/www.foretdesainthubert-accessible.be\/?page_id=3540"},"modified":"2026-02-19T14:14:45","modified_gmt":"2026-02-19T13:14:45","slug":"gite-au-jardin-de-camille","status":"publish","type":"page","link":"https:\/\/www.foretdesainthubert-accessible.be\/en\/gite-au-jardin-de-camille\/","title":{"rendered":"G\u00eete Au jardin de Camille"},"content":{"rendered":"\t\t<div data-elementor-type=\"wp-page\" data-elementor-id=\"3540\" class=\"elementor elementor-3540 elementor-2640\" data-elementor-post-type=\"page\">\n\t\t\t\t<div class=\"elementor-element elementor-element-c99f6da e-flex e-con-boxed e-con e-parent\" data-id=\"c99f6da\" data-element_type=\"container\" data-e-type=\"container\">\n\t\t\t\t\t<div class=\"e-con-inner\">\n\t\t\t\t<div class=\"elementor-element elementor-element-6988583 elementor-widget elementor-widget-heading\" data-id=\"6988583\" data-element_type=\"widget\" data-e-type=\"widget\" data-widget_type=\"heading.default\">\n\t\t\t\t<div class=\"elementor-widget-container\">\n\t\t\t\t\t<h1 class=\"elementor-heading-title elementor-size-default\">The Au jardin de camille g\u00eete<\/h1>\t\t\t\t<\/div>\n\t\t\t\t<\/div>\n\t\t\t\t\t<\/div>\n\t\t\t\t<\/div>\n\t\t<div class=\"elementor-element elementor-element-1b9a3d2 e-flex e-con-boxed e-con e-parent\" data-id=\"1b9a3d2\" data-element_type=\"container\" data-e-type=\"container\">\n\t\t\t\t\t<div class=\"e-con-inner\">\n\t\t\t\t<div class=\"elementor-element elementor-element-0951a8e elementor-widget elementor-widget-text-editor\" data-id=\"0951a8e\" data-element_type=\"widget\" data-e-type=\"widget\" data-widget_type=\"text-editor.default\">\n\t\t\t\t<div class=\"elementor-widget-container\">\n\t\t\t\t\t\t\t\t\t<p>In collaboration with All Access (Province of Luxembourg), we would like to inform you that facilities have been made available for:<\/p>\n<ul>\n<li>the hearing impaired<\/li>\n<li>the visually impaired<\/li>\n<\/ul>\n\t\t\t\t\t\t\t\t<\/div>\n\t\t\t\t<\/div>\n\t\t\t\t\t<\/div>\n\t\t\t\t<\/div>\n\t\t<div class=\"elementor-element elementor-element-02ee25e e-flex e-con-boxed e-con e-parent\" data-id=\"02ee25e\" data-element_type=\"container\" data-e-type=\"container\">\n\t\t\t\t\t<div class=\"e-con-inner\">\n\t\t<div class=\"elementor-element elementor-element-c413f62 e-con-full e-flex e-con e-child\" data-id=\"c413f62\" data-element_type=\"container\" data-e-type=\"container\">\n\t\t\t\t<div class=\"elementor-element elementor-element-717591d elementor-widget elementor-widget-image\" data-id=\"717591d\" data-element_type=\"widget\" data-e-type=\"widget\" data-widget_type=\"image.default\">\n\t\t\t\t<div class=\"elementor-widget-container\">\n\t\t\t\t\t\t\t\t\t\t\t\t\t\t\t<img fetchpriority=\"high\" decoding=\"async\" width=\"800\" height=\"800\" src=\"https:\/\/www.foretdesainthubert-accessible.be\/wp-content\/uploads\/2024\/04\/adresse.webp\" class=\"attachment-large size-large wp-image-556\" alt=\"Pictogramme maison (adresse)\" srcset=\"https:\/\/www.foretdesainthubert-accessible.be\/wp-content\/uploads\/2024\/04\/adresse.webp 1024w, https:\/\/www.foretdesainthubert-accessible.be\/wp-content\/uploads\/2024\/04\/adresse-300x300.webp 300w, https:\/\/www.foretdesainthubert-accessible.be\/wp-content\/uploads\/2024\/04\/adresse-150x150.webp 150w, https:\/\/www.foretdesainthubert-accessible.be\/wp-content\/uploads\/2024\/04\/adresse-768x768.webp 768w\" sizes=\"(max-width: 800px) 100vw, 800px\" \/>\t\t\t\t\t\t\t\t\t\t\t\t\t\t\t<\/div>\n\t\t\t\t<\/div>\n\t\t\t\t<\/div>\n\t\t<div class=\"elementor-element elementor-element-d517e1c e-con-full e-flex e-con e-child\" data-id=\"d517e1c\" data-element_type=\"container\" data-e-type=\"container\">\n\t\t\t\t<div class=\"elementor-element elementor-element-1bc6818 elementor-widget elementor-widget-text-editor\" data-id=\"1bc6818\" data-element_type=\"widget\" data-e-type=\"widget\" data-widget_type=\"text-editor.default\">\n\t\t\t\t<div class=\"elementor-widget-container\">\n\t\t\t\t\t\t\t\t\t<p>The address is rue de Tribois 79, 6920 Wellin.<\/p>\n<p>There are 3 bedrooms in this holiday home.<\/p>\n\t\t\t\t\t\t\t\t<\/div>\n\t\t\t\t<\/div>\n\t\t\t\t<\/div>\n\t\t\t\t\t<\/div>\n\t\t\t\t<\/div>\n\t\t<div class=\"elementor-element elementor-element-824fd42 e-flex e-con-boxed e-con e-parent\" data-id=\"824fd42\" data-element_type=\"container\" data-e-type=\"container\">\n\t\t\t\t\t<div class=\"e-con-inner\">\n\t\t<div class=\"elementor-element elementor-element-8973485 e-con-full e-flex e-con e-child\" data-id=\"8973485\" data-element_type=\"container\" data-e-type=\"container\">\n\t\t\t\t<div class=\"elementor-element elementor-element-d682b72 elementor-widget elementor-widget-image\" data-id=\"d682b72\" data-element_type=\"widget\" data-e-type=\"widget\" data-widget_type=\"image.default\">\n\t\t\t\t<div class=\"elementor-widget-container\">\n\t\t\t\t\t\t\t\t\t\t\t\t\t\t\t<img decoding=\"async\" width=\"800\" height=\"800\" src=\"https:\/\/www.foretdesainthubert-accessible.be\/wp-content\/uploads\/2024\/04\/telephone.webp\" class=\"attachment-large size-large wp-image-552\" alt=\"Pictogramme t\u00e9l\u00e9phone\" srcset=\"https:\/\/www.foretdesainthubert-accessible.be\/wp-content\/uploads\/2024\/04\/telephone.webp 1024w, https:\/\/www.foretdesainthubert-accessible.be\/wp-content\/uploads\/2024\/04\/telephone-300x300.webp 300w, https:\/\/www.foretdesainthubert-accessible.be\/wp-content\/uploads\/2024\/04\/telephone-150x150.webp 150w, https:\/\/www.foretdesainthubert-accessible.be\/wp-content\/uploads\/2024\/04\/telephone-768x768.webp 768w\" sizes=\"(max-width: 800px) 100vw, 800px\" \/>\t\t\t\t\t\t\t\t\t\t\t\t\t\t\t<\/div>\n\t\t\t\t<\/div>\n\t\t\t\t<\/div>\n\t\t<div class=\"elementor-element elementor-element-1eb2e19 e-con-full e-flex e-con e-child\" data-id=\"1eb2e19\" data-element_type=\"container\" data-e-type=\"container\">\n\t\t\t\t<div class=\"elementor-element elementor-element-f29356e elementor-widget elementor-widget-text-editor\" data-id=\"f29356e\" data-element_type=\"widget\" data-e-type=\"widget\" data-widget_type=\"text-editor.default\">\n\t\t\t\t<div class=\"elementor-widget-container\">\n\t\t\t\t\t\t\t\t\t<p>Call 0497 42 85 22 for information and to book the Au Jardin de Camille g\u00eete.<\/p>\n\t\t\t\t\t\t\t\t<\/div>\n\t\t\t\t<\/div>\n\t\t\t\t<\/div>\n\t\t\t\t\t<\/div>\n\t\t\t\t<\/div>\n\t\t<div class=\"elementor-element elementor-element-bf2ee73 e-flex e-con-boxed e-con e-parent\" data-id=\"bf2ee73\" data-element_type=\"container\" data-e-type=\"container\">\n\t\t\t\t\t<div class=\"e-con-inner\">\n\t\t<div class=\"elementor-element elementor-element-c14a57e e-con-full e-flex e-con e-child\" data-id=\"c14a57e\" data-element_type=\"container\" data-e-type=\"container\">\n\t\t\t\t<div class=\"elementor-element elementor-element-eb530e3 elementor-widget elementor-widget-image\" data-id=\"eb530e3\" data-element_type=\"widget\" data-e-type=\"widget\" data-widget_type=\"image.default\">\n\t\t\t\t<div class=\"elementor-widget-container\">\n\t\t\t\t\t\t\t\t\t\t\t\t\t\t\t<img decoding=\"async\" width=\"800\" height=\"800\" src=\"https:\/\/www.foretdesainthubert-accessible.be\/wp-content\/uploads\/2024\/04\/mail-1024x1024.png\" class=\"attachment-large size-large wp-image-872\" alt=\"Pictogramme e-mail\" srcset=\"https:\/\/www.foretdesainthubert-accessible.be\/wp-content\/uploads\/2024\/04\/mail-1024x1024.png 1024w, https:\/\/www.foretdesainthubert-accessible.be\/wp-content\/uploads\/2024\/04\/mail-300x300.png 300w, https:\/\/www.foretdesainthubert-accessible.be\/wp-content\/uploads\/2024\/04\/mail-150x150.png 150w, https:\/\/www.foretdesainthubert-accessible.be\/wp-content\/uploads\/2024\/04\/mail-768x768.png 768w, https:\/\/www.foretdesainthubert-accessible.be\/wp-content\/uploads\/2024\/04\/mail.png 1280w\" sizes=\"(max-width: 800px) 100vw, 800px\" \/>\t\t\t\t\t\t\t\t\t\t\t\t\t\t\t<\/div>\n\t\t\t\t<\/div>\n\t\t\t\t<\/div>\n\t\t<div class=\"elementor-element elementor-element-19b050b e-con-full e-flex e-con e-child\" data-id=\"19b050b\" data-element_type=\"container\" data-e-type=\"container\">\n\t\t\t\t<div class=\"elementor-element elementor-element-448eba0 elementor-widget elementor-widget-text-editor\" data-id=\"448eba0\" data-element_type=\"widget\" data-e-type=\"widget\" data-widget_type=\"text-editor.default\">\n\t\t\t\t<div class=\"elementor-widget-container\">\n\t\t\t\t\t\t\t\t\t<p>Send an e-mail to receive information at annick.mahin@gmail.com<\/p>\n\t\t\t\t\t\t\t\t<\/div>\n\t\t\t\t<\/div>\n\t\t\t\t<\/div>\n\t\t\t\t\t<\/div>\n\t\t\t\t<\/div>\n\t\t<div class=\"elementor-element elementor-element-6c8622e e-flex e-con-boxed e-con e-parent\" data-id=\"6c8622e\" data-element_type=\"container\" data-e-type=\"container\">\n\t\t\t\t\t<div class=\"e-con-inner\">\n\t\t<div class=\"elementor-element elementor-element-380e687 e-con-full e-flex e-con e-child\" data-id=\"380e687\" data-element_type=\"container\" data-e-type=\"container\">\n\t\t\t\t<div class=\"elementor-element elementor-element-da42159 elementor-widget elementor-widget-image\" data-id=\"da42159\" data-element_type=\"widget\" data-e-type=\"widget\" data-widget_type=\"image.default\">\n\t\t\t\t<div class=\"elementor-widget-container\">\n\t\t\t\t\t\t\t\t\t\t\t\t\t\t\t<img loading=\"lazy\" decoding=\"async\" width=\"800\" height=\"800\" src=\"https:\/\/www.foretdesainthubert-accessible.be\/wp-content\/uploads\/2024\/04\/reservation.webp\" class=\"attachment-large size-large wp-image-548\" alt=\"Pictogramme calendrier\" srcset=\"https:\/\/www.foretdesainthubert-accessible.be\/wp-content\/uploads\/2024\/04\/reservation.webp 1024w, https:\/\/www.foretdesainthubert-accessible.be\/wp-content\/uploads\/2024\/04\/reservation-300x300.webp 300w, https:\/\/www.foretdesainthubert-accessible.be\/wp-content\/uploads\/2024\/04\/reservation-150x150.webp 150w, https:\/\/www.foretdesainthubert-accessible.be\/wp-content\/uploads\/2024\/04\/reservation-768x768.webp 768w\" sizes=\"(max-width: 800px) 100vw, 800px\" \/>\t\t\t\t\t\t\t\t\t\t\t\t\t\t\t<\/div>\n\t\t\t\t<\/div>\n\t\t\t\t<\/div>\n\t\t<div class=\"elementor-element elementor-element-5e21821 e-con-full e-flex e-con e-child\" data-id=\"5e21821\" data-element_type=\"container\" data-e-type=\"container\">\n\t\t\t\t<div class=\"elementor-element elementor-element-7976a86 elementor-widget elementor-widget-text-editor\" data-id=\"7976a86\" data-element_type=\"widget\" data-e-type=\"widget\" data-widget_type=\"text-editor.default\">\n\t\t\t\t<div class=\"elementor-widget-container\">\n\t\t\t\t\t\t\t\t\t<p>Booking in advance is essential.<\/p>\n\t\t\t\t\t\t\t\t<\/div>\n\t\t\t\t<\/div>\n\t\t\t\t<\/div>\n\t\t\t\t\t<\/div>\n\t\t\t\t<\/div>\n\t\t<div class=\"elementor-element elementor-element-b7edd61 e-flex e-con-boxed e-con e-parent\" data-id=\"b7edd61\" data-element_type=\"container\" data-e-type=\"container\">\n\t\t\t\t\t<div class=\"e-con-inner\">\n\t\t<div class=\"elementor-element elementor-element-c9dbaf2 e-con-full e-flex e-con e-child\" data-id=\"c9dbaf2\" data-element_type=\"container\" data-e-type=\"container\">\n\t\t\t\t<div class=\"elementor-element elementor-element-2e4d2ae elementor-widget elementor-widget-image\" data-id=\"2e4d2ae\" data-element_type=\"widget\" data-e-type=\"widget\" data-widget_type=\"image.default\">\n\t\t\t\t<div class=\"elementor-widget-container\">\n\t\t\t\t\t\t\t\t\t\t\t\t\t\t\t<img loading=\"lazy\" decoding=\"async\" width=\"800\" height=\"800\" src=\"https:\/\/www.foretdesainthubert-accessible.be\/wp-content\/uploads\/2024\/04\/parking-1024x1024-1.webp\" class=\"attachment-large size-large wp-image-681\" alt=\"Pictogramme parking\" srcset=\"https:\/\/www.foretdesainthubert-accessible.be\/wp-content\/uploads\/2024\/04\/parking-1024x1024-1.webp 1024w, https:\/\/www.foretdesainthubert-accessible.be\/wp-content\/uploads\/2024\/04\/parking-1024x1024-1-300x300.webp 300w, https:\/\/www.foretdesainthubert-accessible.be\/wp-content\/uploads\/2024\/04\/parking-1024x1024-1-150x150.webp 150w, https:\/\/www.foretdesainthubert-accessible.be\/wp-content\/uploads\/2024\/04\/parking-1024x1024-1-768x768.webp 768w\" sizes=\"(max-width: 800px) 100vw, 800px\" \/>\t\t\t\t\t\t\t\t\t\t\t\t\t\t\t<\/div>\n\t\t\t\t<\/div>\n\t\t\t\t<\/div>\n\t\t<div class=\"elementor-element elementor-element-efc440f e-con-full e-flex e-con e-child\" data-id=\"efc440f\" data-element_type=\"container\" data-e-type=\"container\">\n\t\t\t\t<div class=\"elementor-element elementor-element-3021158 elementor-widget elementor-widget-text-editor\" data-id=\"3021158\" data-element_type=\"widget\" data-e-type=\"widget\" data-widget_type=\"text-editor.default\">\n\t\t\t\t<div class=\"elementor-widget-container\">\n\t\t\t\t\t\t\t\t\t<p>There is a private car park for guests of the g\u00eete. <\/p>\n\t\t\t\t\t\t\t\t<\/div>\n\t\t\t\t<\/div>\n\t\t\t\t<\/div>\n\t\t\t\t\t<\/div>\n\t\t\t\t<\/div>\n\t\t<div class=\"elementor-element elementor-element-0ae0ffd e-flex e-con-boxed e-con e-parent\" data-id=\"0ae0ffd\" data-element_type=\"container\" data-e-type=\"container\">\n\t\t\t\t\t<div class=\"e-con-inner\">\n\t\t<div class=\"elementor-element elementor-element-76fb467 e-con-full e-flex e-con e-child\" data-id=\"76fb467\" data-element_type=\"container\" data-e-type=\"container\">\n\t\t\t\t<div class=\"elementor-element elementor-element-56933b4 elementor-widget elementor-widget-image\" data-id=\"56933b4\" data-element_type=\"widget\" data-e-type=\"widget\" data-widget_type=\"image.default\">\n\t\t\t\t<div class=\"elementor-widget-container\">\n\t\t\t\t\t\t\t\t\t\t\t\t\t\t\t<img loading=\"lazy\" decoding=\"async\" width=\"800\" height=\"676\" src=\"https:\/\/www.foretdesainthubert-accessible.be\/wp-content\/uploads\/2024\/04\/toilette-pmr.webp\" class=\"attachment-large size-large wp-image-563\" alt=\"Pictogramme toilette PMR\" srcset=\"https:\/\/www.foretdesainthubert-accessible.be\/wp-content\/uploads\/2024\/04\/toilette-pmr.webp 1024w, https:\/\/www.foretdesainthubert-accessible.be\/wp-content\/uploads\/2024\/04\/toilette-pmr-300x253.webp 300w, https:\/\/www.foretdesainthubert-accessible.be\/wp-content\/uploads\/2024\/04\/toilette-pmr-768x649.webp 768w\" sizes=\"(max-width: 800px) 100vw, 800px\" \/>\t\t\t\t\t\t\t\t\t\t\t\t\t\t\t<\/div>\n\t\t\t\t<\/div>\n\t\t\t\t<\/div>\n\t\t<div class=\"elementor-element elementor-element-19014f6 e-con-full e-flex e-con e-child\" data-id=\"19014f6\" data-element_type=\"container\" data-e-type=\"container\">\n\t\t\t\t<div class=\"elementor-element elementor-element-6174634 elementor-widget elementor-widget-text-editor\" data-id=\"6174634\" data-element_type=\"widget\" data-e-type=\"widget\" data-widget_type=\"text-editor.default\">\n\t\t\t\t<div class=\"elementor-widget-container\">\n\t\t\t\t\t\t\t\t\t<p>There is no adapted toilet.<\/p>\n\t\t\t\t\t\t\t\t<\/div>\n\t\t\t\t<\/div>\n\t\t\t\t<\/div>\n\t\t\t\t\t<\/div>\n\t\t\t\t<\/div>\n\t\t<div class=\"elementor-element elementor-element-5627cb3 e-flex e-con-boxed e-con e-parent\" data-id=\"5627cb3\" data-element_type=\"container\" data-e-type=\"container\">\n\t\t\t\t\t<div class=\"e-con-inner\">\n\t\t<div class=\"elementor-element elementor-element-5658a49 e-con-full e-flex e-con e-child\" data-id=\"5658a49\" data-element_type=\"container\" data-e-type=\"container\">\n\t\t\t\t<div class=\"elementor-element elementor-element-1c86812 elementor-widget elementor-widget-image\" data-id=\"1c86812\" data-element_type=\"widget\" data-e-type=\"widget\" data-widget_type=\"image.default\">\n\t\t\t\t<div class=\"elementor-widget-container\">\n\t\t\t\t\t\t\t\t\t\t\t\t\t\t\t<img loading=\"lazy\" decoding=\"async\" width=\"800\" height=\"708\" src=\"https:\/\/www.foretdesainthubert-accessible.be\/wp-content\/uploads\/2024\/04\/wifi.webp\" class=\"attachment-large size-large wp-image-544\" alt=\"Pictogramme wifi\" srcset=\"https:\/\/www.foretdesainthubert-accessible.be\/wp-content\/uploads\/2024\/04\/wifi.webp 1024w, https:\/\/www.foretdesainthubert-accessible.be\/wp-content\/uploads\/2024\/04\/wifi-300x265.webp 300w, https:\/\/www.foretdesainthubert-accessible.be\/wp-content\/uploads\/2024\/04\/wifi-768x680.webp 768w\" sizes=\"(max-width: 800px) 100vw, 800px\" \/>\t\t\t\t\t\t\t\t\t\t\t\t\t\t\t<\/div>\n\t\t\t\t<\/div>\n\t\t\t\t<\/div>\n\t\t<div class=\"elementor-element elementor-element-f704393 e-con-full e-flex e-con e-child\" data-id=\"f704393\" data-element_type=\"container\" data-e-type=\"container\">\n\t\t\t\t<div class=\"elementor-element elementor-element-4cbe0a2 elementor-widget elementor-widget-text-editor\" data-id=\"4cbe0a2\" data-element_type=\"widget\" data-e-type=\"widget\" data-widget_type=\"text-editor.default\">\n\t\t\t\t<div class=\"elementor-widget-container\">\n\t\t\t\t\t\t\t\t\t<p>Wifi is available in the g\u00eete.<\/p>\n\t\t\t\t\t\t\t\t<\/div>\n\t\t\t\t<\/div>\n\t\t\t\t<\/div>\n\t\t\t\t\t<\/div>\n\t\t\t\t<\/div>\n\t\t<div class=\"elementor-element elementor-element-12d5fcc e-flex e-con-boxed e-con e-parent\" data-id=\"12d5fcc\" data-element_type=\"container\" data-e-type=\"container\">\n\t\t\t\t\t<div class=\"e-con-inner\">\n\t\t<div class=\"elementor-element elementor-element-735fb8b e-con-full e-flex e-con e-child\" data-id=\"735fb8b\" data-element_type=\"container\" data-e-type=\"container\">\n\t\t\t\t<div class=\"elementor-element elementor-element-e3b759c elementor-widget elementor-widget-image\" data-id=\"e3b759c\" data-element_type=\"widget\" data-e-type=\"widget\" data-widget_type=\"image.default\">\n\t\t\t\t<div class=\"elementor-widget-container\">\n\t\t\t\t\t\t\t\t\t\t\t\t\t\t\t<img loading=\"lazy\" decoding=\"async\" width=\"752\" height=\"1024\" src=\"https:\/\/www.foretdesainthubert-accessible.be\/wp-content\/uploads\/2024\/04\/20240403-Autocollant-chien-dassistance-1080x1920-px-ep-752x1024.png\" class=\"attachment-large size-large wp-image-652\" alt=\"Pictogramme chiens d&#039;assistance admis\" srcset=\"https:\/\/www.foretdesainthubert-accessible.be\/wp-content\/uploads\/2024\/04\/20240403-Autocollant-chien-dassistance-1080x1920-px-ep-752x1024.png 752w, https:\/\/www.foretdesainthubert-accessible.be\/wp-content\/uploads\/2024\/04\/20240403-Autocollant-chien-dassistance-1080x1920-px-ep-220x300.png 220w, https:\/\/www.foretdesainthubert-accessible.be\/wp-content\/uploads\/2024\/04\/20240403-Autocollant-chien-dassistance-1080x1920-px-ep-768x1046.png 768w, https:\/\/www.foretdesainthubert-accessible.be\/wp-content\/uploads\/2024\/04\/20240403-Autocollant-chien-dassistance-1080x1920-px-ep-1128x1536.png 1128w, https:\/\/www.foretdesainthubert-accessible.be\/wp-content\/uploads\/2024\/04\/20240403-Autocollant-chien-dassistance-1080x1920-px-ep.png 1410w\" sizes=\"(max-width: 752px) 100vw, 752px\" \/>\t\t\t\t\t\t\t\t\t\t\t\t\t\t\t<\/div>\n\t\t\t\t<\/div>\n\t\t\t\t<\/div>\n\t\t<div class=\"elementor-element elementor-element-ce5177d e-con-full e-flex e-con e-child\" data-id=\"ce5177d\" data-element_type=\"container\" data-e-type=\"container\">\n\t\t\t\t<div class=\"elementor-element elementor-element-f58dd08 elementor-widget elementor-widget-text-editor\" data-id=\"f58dd08\" data-element_type=\"widget\" data-e-type=\"widget\" data-widget_type=\"text-editor.default\">\n\t\t\t\t<div class=\"elementor-widget-container\">\n\t\t\t\t\t\t\t\t\t<p>Assistance dogs are welcome, but their presence must be notified at the time of booking.<\/p>\n\t\t\t\t\t\t\t\t<\/div>\n\t\t\t\t<\/div>\n\t\t\t\t<\/div>\n\t\t\t\t\t<\/div>\n\t\t\t\t<\/div>\n\t\t<div class=\"elementor-element elementor-element-12dec36 e-flex e-con-boxed e-con e-parent\" data-id=\"12dec36\" data-element_type=\"container\" data-e-type=\"container\">\n\t\t\t\t\t<div class=\"e-con-inner\">\n\t\t<div class=\"elementor-element elementor-element-4733161 e-con-full e-flex e-con e-child\" data-id=\"4733161\" data-element_type=\"container\" data-e-type=\"container\">\n\t\t\t\t<div class=\"elementor-element elementor-element-303bfaa elementor-widget elementor-widget-image\" data-id=\"303bfaa\" data-element_type=\"widget\" data-e-type=\"widget\" data-widget_type=\"image.default\">\n\t\t\t\t<div class=\"elementor-widget-container\">\n\t\t\t\t\t\t\t\t\t\t\t\t\t\t\t<img loading=\"lazy\" decoding=\"async\" width=\"800\" height=\"696\" src=\"https:\/\/www.foretdesainthubert-accessible.be\/wp-content\/uploads\/2024\/04\/aide-1024x891-1.webp\" class=\"attachment-large size-large wp-image-567\" alt=\"\" srcset=\"https:\/\/www.foretdesainthubert-accessible.be\/wp-content\/uploads\/2024\/04\/aide-1024x891-1.webp 1024w, https:\/\/www.foretdesainthubert-accessible.be\/wp-content\/uploads\/2024\/04\/aide-1024x891-1-300x261.webp 300w, https:\/\/www.foretdesainthubert-accessible.be\/wp-content\/uploads\/2024\/04\/aide-1024x891-1-768x668.webp 768w\" sizes=\"(max-width: 800px) 100vw, 800px\" \/>\t\t\t\t\t\t\t\t\t\t\t\t\t\t\t<\/div>\n\t\t\t\t<\/div>\n\t\t\t\t<\/div>\n\t\t<div class=\"elementor-element elementor-element-fcea5e0 e-con-full e-flex e-con e-child\" data-id=\"fcea5e0\" data-element_type=\"container\" data-e-type=\"container\">\n\t\t\t\t<div class=\"elementor-element elementor-element-1cbbb62 elementor-widget elementor-widget-text-editor\" data-id=\"1cbbb62\" data-element_type=\"widget\" data-e-type=\"widget\" data-widget_type=\"text-editor.default\">\n\t\t\t\t<div class=\"elementor-widget-container\">\n\t\t\t\t\t\t\t\t\t<p>The owner, Annick Mahin, is on hand to do her utmost to meet holidaymakers\u2019 needs.<\/p>\n\t\t\t\t\t\t\t\t<\/div>\n\t\t\t\t<\/div>\n\t\t\t\t<\/div>\n\t\t\t\t\t<\/div>\n\t\t\t\t<\/div>\n\t\t<div class=\"elementor-element elementor-element-737ceb2 e-flex e-con-boxed e-con e-parent\" data-id=\"737ceb2\" data-element_type=\"container\" data-e-type=\"container\">\n\t\t\t\t\t<div class=\"e-con-inner\">\n\t\t<div class=\"elementor-element elementor-element-7cc4440 e-con-full e-flex e-con e-child\" data-id=\"7cc4440\" data-element_type=\"container\" data-e-type=\"container\">\n\t\t\t\t<div class=\"elementor-element elementor-element-7a91838 elementor-widget elementor-widget-image\" data-id=\"7a91838\" data-element_type=\"widget\" data-e-type=\"widget\" data-widget_type=\"image.default\">\n\t\t\t\t<div class=\"elementor-widget-container\">\n\t\t\t\t\t\t\t\t\t\t\t\t\t\t\t<img loading=\"lazy\" decoding=\"async\" width=\"745\" height=\"555\" src=\"https:\/\/www.foretdesainthubert-accessible.be\/wp-content\/uploads\/2024\/04\/bienvenue-velo-1.jpg\" class=\"attachment-large size-large wp-image-1047\" alt=\"\" srcset=\"https:\/\/www.foretdesainthubert-accessible.be\/wp-content\/uploads\/2024\/04\/bienvenue-velo-1.jpg 745w, https:\/\/www.foretdesainthubert-accessible.be\/wp-content\/uploads\/2024\/04\/bienvenue-velo-1-300x223.jpg 300w\" sizes=\"(max-width: 745px) 100vw, 745px\" \/>\t\t\t\t\t\t\t\t\t\t\t\t\t\t\t<\/div>\n\t\t\t\t<\/div>\n\t\t\t\t<\/div>\n\t\t<div class=\"elementor-element elementor-element-f987a1c e-con-full e-flex e-con e-child\" data-id=\"f987a1c\" data-element_type=\"container\" data-e-type=\"container\">\n\t\t\t\t<div class=\"elementor-element elementor-element-ba503b1 elementor-widget elementor-widget-text-editor\" data-id=\"ba503b1\" data-element_type=\"widget\" data-e-type=\"widget\" data-widget_type=\"text-editor.default\">\n\t\t\t\t<div class=\"elementor-widget-container\">\n\t\t\t\t\t\t\t\t\t<p>You can bring your own bike, as this holiday home has been awarded the \u2018Bienvenue v\u00e9lo\u2019 label.<br \/>This means, among other things, that there are routes nearby, that you can store your bike safely and that there is a kit on site for basic repairs.<\/p>\n\t\t\t\t\t\t\t\t<\/div>\n\t\t\t\t<\/div>\n\t\t\t\t<\/div>\n\t\t\t\t\t<\/div>\n\t\t\t\t<\/div>\n\t\t<div class=\"elementor-element elementor-element-155dbd8 e-flex e-con-boxed e-con e-parent\" data-id=\"155dbd8\" data-element_type=\"container\" data-e-type=\"container\">\n\t\t\t\t\t<div class=\"e-con-inner\">\n\t\t\t\t<div class=\"elementor-element elementor-element-73f69b2 elementor-widget elementor-widget-heading\" data-id=\"73f69b2\" data-element_type=\"widget\" data-e-type=\"widget\" data-widget_type=\"heading.default\">\n\t\t\t\t<div class=\"elementor-widget-container\">\n\t\t\t\t\t<h3 class=\"elementor-heading-title elementor-size-default\">Useful information<\/h3>\t\t\t\t<\/div>\n\t\t\t\t<\/div>\n\t\t\t\t\t<\/div>\n\t\t\t\t<\/div>\n\t\t<div class=\"elementor-element elementor-element-c06448b e-flex e-con-boxed e-con e-parent\" data-id=\"c06448b\" data-element_type=\"container\" data-e-type=\"container\">\n\t\t\t\t\t<div class=\"e-con-inner\">\n\t\t\t\t<div class=\"elementor-element elementor-element-1b9b231 elementor-widget elementor-widget-text-editor\" data-id=\"1b9b231\" data-element_type=\"widget\" data-e-type=\"widget\" data-widget_type=\"text-editor.default\">\n\t\t\t\t<div class=\"elementor-widget-container\">\n\t\t\t\t\t\t\t\t\t<p><strong>Ground floor:<\/strong><\/p>\n<ul>\n<li>The ground floor is barrier-free.<\/li>\n<li>The ground floor is well lit, making it easy to lip-read.<\/li>\n<li>There are blinds to black out the room if necessary, for example to reduce the glare of outside light.<\/li>\n<li>In the kitchen:\n<ul>\n<li>The oven and microwave are at standing height.<\/li>\n<li>The controls on these appliances are raised.<\/li>\n<li>The hob is tactile (there are no raised buttons).<\/li>\n<\/ul>\n<p><\/li>\n<p> \t<\/p>\n<li>A glass surface separates the corridor from the dining room.<br \/>\nThere is a green plant in front of the glass door to avoid bumping into it.<\/li>\n<p><\/ul>\n<p><strong><br \/>\nStairs:<\/strong><\/p>\n<ul>\n<li>There are 2 floors in the holiday home.<\/li>\n<li>To get to the 1st and 2nd floors, there is a staircase:\n<ul>\n<li>the steps are difficult for a visually impaired person to see.<\/li>\n<li>The handrail is on one side only (the side of the wall).<\/li>\n<\/ul>\n<p><\/li>\n<p><\/ul>\n<p><strong>Bedrooms:<\/strong><\/p>\n<ul>\n<li>The rooms are spacious and well lit.<\/li>\n<li>There are contrasting colours between the walls and floors.<\/li>\n<li>There are no obstacles in the passageways.<\/li>\n<li>The furniture is open and everything is visible.<\/li>\n<li>There is one attic bedroom.<\/li>\n<li>The windows are not secured.<\/li>\n<\/ul>\n<p><strong>Shower room (bathroom):<\/strong><\/p>\n<ul>\n<li>The shower room is spacious.<\/li>\n<li>The sink and taps are easy to use.<\/li>\n<\/ul>\n<p><strong>Wellness area:<\/strong><\/p>\n<ul>\n<li>The top floor is dedicated to well-being.<br \/>\nIt\u2019s a quiet space with a sauna, a hydro-massage shower and an exercise bike.<\/li>\n<li>There is a small terrace overlooking the garden.<\/li>\n<li>The windows are not secured.<\/li>\n<\/ul>\n<p><strong><br \/>\nGarden and terrace :<\/strong><\/p>\n<ul>\n<li>There is a garden.<\/li>\n<li>There is a gravel path to the garden.<\/li>\n<li>The path is marked by a concrete border which acts as a guide line.<\/li>\n<li>The garden and terrace can be accessed via the glazed door at the rear of the house.<br \/>\nThere is also another access from the side of the house.<\/li>\n<li>There are 3 steps from the terrace to the garden.<\/li>\n<li>The terrace has a flat, hard surface.<br \/>\nIt is bordered by a low wall.<\/li>\n<li>The garden is fenced off on all sides, which makes it safer.<br \/>\nIt\u2019s a very pleasant place for people who need to recharge their batteries.<\/li>\n<li>The end of the garden overlooks a small stream which is not secured by a fence.<\/li>\n<\/ul>\n<p><strong><br \/>\nOther information:<\/strong><\/p>\n<p>There is an audible and visual alarm (flash system) in the corridors only.<\/p>\n\t\t\t\t\t\t\t\t<\/div>\n\t\t\t\t<\/div>\n\t\t\t\t\t<\/div>\n\t\t\t\t<\/div>\n\t\t<div class=\"elementor-element elementor-element-22b7d38 e-flex e-con-boxed e-con e-parent\" data-id=\"22b7d38\" data-element_type=\"container\" data-e-type=\"container\">\n\t\t\t\t\t<div class=\"e-con-inner\">\n\t\t<div class=\"elementor-element elementor-element-3d90e62 e-con-full e-flex e-con e-child\" data-id=\"3d90e62\" data-element_type=\"container\" data-e-type=\"container\">\n\t\t\t\t<div class=\"elementor-element elementor-element-d93bff2 elementor-widget elementor-widget-image\" data-id=\"d93bff2\" data-element_type=\"widget\" data-e-type=\"widget\" data-widget_type=\"image.default\">\n\t\t\t\t<div class=\"elementor-widget-container\">\n\t\t\t\t\t\t\t\t\t\t\t\t\t\t\t<img loading=\"lazy\" decoding=\"async\" width=\"150\" height=\"150\" src=\"https:\/\/www.foretdesainthubert-accessible.be\/wp-content\/uploads\/2024\/04\/falc-150x150.webp\" class=\"attachment-thumbnail size-thumbnail wp-image-627\" alt=\"\" srcset=\"https:\/\/www.foretdesainthubert-accessible.be\/wp-content\/uploads\/2024\/04\/falc-150x150.webp 150w, https:\/\/www.foretdesainthubert-accessible.be\/wp-content\/uploads\/2024\/04\/falc-300x300.webp 300w, https:\/\/www.foretdesainthubert-accessible.be\/wp-content\/uploads\/2024\/04\/falc-768x768.webp 768w, https:\/\/www.foretdesainthubert-accessible.be\/wp-content\/uploads\/2024\/04\/falc.webp 1024w\" sizes=\"(max-width: 150px) 100vw, 150px\" \/>\t\t\t\t\t\t\t\t\t\t\t\t\t\t\t<\/div>\n\t\t\t\t<\/div>\n\t\t\t\t<\/div>\n\t\t<div class=\"elementor-element elementor-element-b3d7345 e-con-full e-flex e-con e-child\" data-id=\"b3d7345\" data-element_type=\"container\" data-e-type=\"container\">\n\t\t\t\t<div class=\"elementor-element elementor-element-cc1e8e5 elementor-widget elementor-widget-heading\" data-id=\"cc1e8e5\" data-element_type=\"widget\" data-e-type=\"widget\" data-widget_type=\"heading.default\">\n\t\t\t\t<div class=\"elementor-widget-container\">\n\t\t\t\t\t<h3 class=\"elementor-heading-title elementor-size-default\">Easy to read and understand<\/h3>\t\t\t\t<\/div>\n\t\t\t\t<\/div>\n\t\t\t\t<\/div>\n\t\t\t\t\t<\/div>\n\t\t\t\t<\/div>\n\t\t<div class=\"elementor-element elementor-element-b4d2569 e-flex e-con-boxed e-con e-parent\" data-id=\"b4d2569\" data-element_type=\"container\" data-e-type=\"container\">\n\t\t\t\t\t<div class=\"e-con-inner\">\n\t\t\t\t<div class=\"elementor-element elementor-element-3893e39 elementor-widget elementor-widget-text-editor\" data-id=\"3893e39\" data-element_type=\"widget\" data-e-type=\"widget\" data-widget_type=\"text-editor.default\">\n\t\t\t\t<div class=\"elementor-widget-container\">\n\t\t\t\t\t\t\t\t\t<p>This text is written in Easy to Read and Understand.<\/p>\n<p><strong>Car park:<\/strong><\/p>\n<ul>\n<li>There is a car park.<\/li>\n<\/ul>\n<p><strong>Ground floor:<\/strong><\/p>\n<ul>\n<li>There are no stairs on the ground floor.<\/li>\n<li>There is light throughout the ground floor.<\/li>\n<li>There are blinds on the windows.<\/li>\n<li>When the blinds are up, there is less light in the room.<\/li>\n<li>You have to be standing to use the oven and microwave.<\/li>\n<li>There is a large window between the corridor and the dining room.<br \/>\nA pot with a plant is in front of the window.<\/li>\n<li>You have to stand to use the oven and microwave.<\/li>\n<\/ul>\n<p><strong>Stairs:<\/strong><\/p>\n<ul>\n<li>There are 2 floors in the holiday home.<\/li>\n<li>The stairs are difficult to see for someone who cannot see very well.<\/li>\n<li>There is a handrail to stand on when climbing the stairs.<\/li>\n<\/ul>\n<p><strong><br \/>\nBedrooms:<\/strong><\/p>\n<ul>\n<li>The bedrooms are large.<\/li>\n<li>The colours are clearly visible.<\/li>\n<li>It is not possible to lock the windows.<\/li>\n<\/ul>\n<p><strong><br \/>\nShower room (bathroom):<\/strong><\/p>\n<ul>\n<li>There is a large shower room.<\/li>\n<\/ul>\n<p><strong><br \/>\nWellness area:<\/strong><\/p>\n<p>On the second floor there are:<\/p>\n<ul>\n<li>Armchairs for relaxing.<\/li>\n<li>A massage shower.<\/li>\n<li>A sauna.<br \/>\nA sauna is a small wooden cabin.<br \/>\nThe air in a sauna is warm.<br \/>\nGoing to a sauna helps people relax and stay healthy.<\/li>\n<li>A small terrace.<br \/>\nYou can see the garden from the terrace.<\/li>\n<li>The windows cannot be locked.<\/li>\n<\/ul>\n<p><strong><br \/>\nGarden and terrace :<\/strong><\/p>\n<ul>\n<li>There is a garden.<\/li>\n<li>The garden path is made of gravel.<br \/>\nGravel is small pebbles.<\/li>\n<li>There are 3 steps from the terrace to the garden.<\/li>\n<li>The terrace is completely flat.<\/li>\n<li>There\u2019s a table, chairs and a large parasol on the terrace.<br \/>\nA parasol is for protection from the sun.<\/li>\n<\/ul>\n<p>The garden is quiet.<br \/>In the garden, you can :<\/p>\n<ul>\n<li>Look at nature.<\/li>\n<li>Breathe calmly.<\/li>\n<li>Listen to the birds singing and the sound of the little stream.<\/li>\n<\/ul>\n<p>There is a fence around the garden.<br \/>There is no fence in front of the stream.<\/p>\n<ul>\n<li>Other information:<\/li>\n<\/ul>\n<p>If there is a fire in the g\u00eete, there is an alarm that :<\/p>\n<ul>\n<li>makes noise.<\/li>\n<li>lights up the corridors.<\/li>\n<\/ul>\n<p>If you hear the alarm, leave the house calmly.<\/p>\n\t\t\t\t\t\t\t\t<\/div>\n\t\t\t\t<\/div>\n\t\t\t\t\t<\/div>\n\t\t\t\t<\/div>\n\t\t<div class=\"elementor-element elementor-element-dc9c02d e-flex e-con-boxed e-con e-parent\" data-id=\"dc9c02d\" data-element_type=\"container\" data-e-type=\"container\">\n\t\t\t\t\t<div class=\"e-con-inner\">\n\t\t\t\t<div class=\"elementor-element elementor-element-ccc228b elementor-widget elementor-widget-heading\" data-id=\"ccc228b\" data-element_type=\"widget\" data-e-type=\"widget\" data-widget_type=\"heading.default\">\n\t\t\t\t<div class=\"elementor-widget-container\">\n\t\t\t\t\t<h2 class=\"elementor-heading-title elementor-size-default\">Photo of the front of the house<\/h2>\t\t\t\t<\/div>\n\t\t\t\t<\/div>\n\t\t\t\t\t<\/div>\n\t\t\t\t<\/div>\n\t\t<div class=\"elementor-element elementor-element-1a4f744 e-flex e-con-boxed e-con e-parent\" data-id=\"1a4f744\" data-element_type=\"container\" data-e-type=\"container\">\n\t\t\t\t\t<div class=\"e-con-inner\">\n\t\t<div class=\"elementor-element elementor-element-abcf12c e-con-full e-flex e-con e-child\" data-id=\"abcf12c\" data-element_type=\"container\" data-e-type=\"container\">\n\t\t\t\t<div class=\"elementor-element elementor-element-cbc61fd elementor-widget elementor-widget-image\" data-id=\"cbc61fd\" data-element_type=\"widget\" data-e-type=\"widget\" data-widget_type=\"image.default\">\n\t\t\t\t<div class=\"elementor-widget-container\">\n\t\t\t\t\t\t\t\t\t\t\t\t\t\t\t<img loading=\"lazy\" decoding=\"async\" width=\"800\" height=\"599\" src=\"https:\/\/www.foretdesainthubert-accessible.be\/wp-content\/uploads\/2024\/06\/gite-aujardindecamille-tourisme-handicap-foretdesainthubert-20.webp\" class=\"attachment-large size-large wp-image-2680\" alt=\"\" srcset=\"https:\/\/www.foretdesainthubert-accessible.be\/wp-content\/uploads\/2024\/06\/gite-aujardindecamille-tourisme-handicap-foretdesainthubert-20.webp 1024w, https:\/\/www.foretdesainthubert-accessible.be\/wp-content\/uploads\/2024\/06\/gite-aujardindecamille-tourisme-handicap-foretdesainthubert-20-300x225.webp 300w, https:\/\/www.foretdesainthubert-accessible.be\/wp-content\/uploads\/2024\/06\/gite-aujardindecamille-tourisme-handicap-foretdesainthubert-20-768x575.webp 768w\" sizes=\"(max-width: 800px) 100vw, 800px\" \/>\t\t\t\t\t\t\t\t\t\t\t\t\t\t\t<\/div>\n\t\t\t\t<\/div>\n\t\t\t\t<\/div>\n\t\t<div class=\"elementor-element elementor-element-f232e10 e-con-full e-flex e-con e-child\" data-id=\"f232e10\" data-element_type=\"container\" data-e-type=\"container\">\n\t\t\t\t<\/div>\n\t\t\t\t\t<\/div>\n\t\t\t\t<\/div>\n\t\t<div class=\"elementor-element elementor-element-5f5afaf e-flex e-con-boxed e-con e-parent\" data-id=\"5f5afaf\" data-element_type=\"container\" data-e-type=\"container\">\n\t\t\t\t\t<div class=\"e-con-inner\">\n\t\t\t\t<div class=\"elementor-element elementor-element-4758eba elementor-widget elementor-widget-heading\" data-id=\"4758eba\" data-element_type=\"widget\" data-e-type=\"widget\" data-widget_type=\"heading.default\">\n\t\t\t\t<div class=\"elementor-widget-container\">\n\t\t\t\t\t<h2 class=\"elementor-heading-title elementor-size-default\">Photo of the kitchen<\/h2>\t\t\t\t<\/div>\n\t\t\t\t<\/div>\n\t\t\t\t\t<\/div>\n\t\t\t\t<\/div>\n\t\t<div class=\"elementor-element elementor-element-a72c4f6 e-flex e-con-boxed e-con e-parent\" data-id=\"a72c4f6\" data-element_type=\"container\" data-e-type=\"container\">\n\t\t\t\t\t<div class=\"e-con-inner\">\n\t\t<div class=\"elementor-element elementor-element-f359804 e-con-full e-flex e-con e-child\" data-id=\"f359804\" data-element_type=\"container\" data-e-type=\"container\">\n\t\t\t\t<div class=\"elementor-element elementor-element-f515e8c elementor-widget elementor-widget-image\" data-id=\"f515e8c\" data-element_type=\"widget\" data-e-type=\"widget\" data-widget_type=\"image.default\">\n\t\t\t\t<div class=\"elementor-widget-container\">\n\t\t\t\t\t\t\t\t\t\t\t\t\t\t\t<img loading=\"lazy\" decoding=\"async\" width=\"800\" height=\"599\" src=\"https:\/\/www.foretdesainthubert-accessible.be\/wp-content\/uploads\/2024\/06\/gite-aujardindecamille-tourisme-handicap-foretdesainthubert-19.webp\" class=\"attachment-large size-large wp-image-2684\" alt=\"\" srcset=\"https:\/\/www.foretdesainthubert-accessible.be\/wp-content\/uploads\/2024\/06\/gite-aujardindecamille-tourisme-handicap-foretdesainthubert-19.webp 1024w, https:\/\/www.foretdesainthubert-accessible.be\/wp-content\/uploads\/2024\/06\/gite-aujardindecamille-tourisme-handicap-foretdesainthubert-19-300x225.webp 300w, https:\/\/www.foretdesainthubert-accessible.be\/wp-content\/uploads\/2024\/06\/gite-aujardindecamille-tourisme-handicap-foretdesainthubert-19-768x575.webp 768w\" sizes=\"(max-width: 800px) 100vw, 800px\" \/>\t\t\t\t\t\t\t\t\t\t\t\t\t\t\t<\/div>\n\t\t\t\t<\/div>\n\t\t\t\t<\/div>\n\t\t<div class=\"elementor-element elementor-element-0faedfd e-con-full e-flex e-con e-child\" data-id=\"0faedfd\" data-element_type=\"container\" data-e-type=\"container\">\n\t\t\t\t<\/div>\n\t\t\t\t\t<\/div>\n\t\t\t\t<\/div>\n\t\t<div class=\"elementor-element elementor-element-b5e26b1 e-flex e-con-boxed e-con e-parent\" data-id=\"b5e26b1\" data-element_type=\"container\" data-e-type=\"container\">\n\t\t\t\t\t<div class=\"e-con-inner\">\n\t\t\t\t<div class=\"elementor-element elementor-element-eeeacc3 elementor-widget elementor-widget-heading\" data-id=\"eeeacc3\" data-element_type=\"widget\" data-e-type=\"widget\" data-widget_type=\"heading.default\">\n\t\t\t\t<div class=\"elementor-widget-container\">\n\t\t\t\t\t<h2 class=\"elementor-heading-title elementor-size-default\">Photos of the dining room<\/h2>\t\t\t\t<\/div>\n\t\t\t\t<\/div>\n\t\t\t\t\t<\/div>\n\t\t\t\t<\/div>\n\t\t<div class=\"elementor-element elementor-element-ac56f30 e-flex e-con-boxed e-con e-parent\" data-id=\"ac56f30\" data-element_type=\"container\" data-e-type=\"container\">\n\t\t\t\t\t<div class=\"e-con-inner\">\n\t\t<div class=\"elementor-element elementor-element-7bec7e6 e-con-full e-flex e-con e-child\" data-id=\"7bec7e6\" data-element_type=\"container\" data-e-type=\"container\">\n\t\t\t\t<div class=\"elementor-element elementor-element-23aa45c elementor-widget elementor-widget-image\" data-id=\"23aa45c\" data-element_type=\"widget\" data-e-type=\"widget\" data-widget_type=\"image.default\">\n\t\t\t\t<div class=\"elementor-widget-container\">\n\t\t\t\t\t\t\t\t\t\t\t\t\t\t\t<img loading=\"lazy\" decoding=\"async\" width=\"800\" height=\"597\" src=\"https:\/\/www.foretdesainthubert-accessible.be\/wp-content\/uploads\/2024\/06\/gite-aujardindecamille-tourisme-handicap-foretdesainthubert-18.webp\" class=\"attachment-large size-large wp-image-2688\" alt=\"\" srcset=\"https:\/\/www.foretdesainthubert-accessible.be\/wp-content\/uploads\/2024\/06\/gite-aujardindecamille-tourisme-handicap-foretdesainthubert-18.webp 1024w, https:\/\/www.foretdesainthubert-accessible.be\/wp-content\/uploads\/2024\/06\/gite-aujardindecamille-tourisme-handicap-foretdesainthubert-18-300x224.webp 300w, https:\/\/www.foretdesainthubert-accessible.be\/wp-content\/uploads\/2024\/06\/gite-aujardindecamille-tourisme-handicap-foretdesainthubert-18-768x573.webp 768w\" sizes=\"(max-width: 800px) 100vw, 800px\" \/>\t\t\t\t\t\t\t\t\t\t\t\t\t\t\t<\/div>\n\t\t\t\t<\/div>\n\t\t\t\t<\/div>\n\t\t<div class=\"elementor-element elementor-element-513f793 e-con-full e-flex e-con e-child\" data-id=\"513f793\" data-element_type=\"container\" data-e-type=\"container\">\n\t\t\t\t<div class=\"elementor-element elementor-element-1267b4e elementor-widget elementor-widget-image\" data-id=\"1267b4e\" data-element_type=\"widget\" data-e-type=\"widget\" data-widget_type=\"image.default\">\n\t\t\t\t<div class=\"elementor-widget-container\">\n\t\t\t\t\t\t\t\t\t\t\t\t\t\t\t<img loading=\"lazy\" decoding=\"async\" width=\"800\" height=\"598\" src=\"https:\/\/www.foretdesainthubert-accessible.be\/wp-content\/uploads\/2024\/06\/gite-aujardindecamille-tourisme-handicap-foretdesainthubert-17.webp\" class=\"attachment-large size-large wp-image-2692\" alt=\"\" srcset=\"https:\/\/www.foretdesainthubert-accessible.be\/wp-content\/uploads\/2024\/06\/gite-aujardindecamille-tourisme-handicap-foretdesainthubert-17.webp 1024w, https:\/\/www.foretdesainthubert-accessible.be\/wp-content\/uploads\/2024\/06\/gite-aujardindecamille-tourisme-handicap-foretdesainthubert-17-300x224.webp 300w, https:\/\/www.foretdesainthubert-accessible.be\/wp-content\/uploads\/2024\/06\/gite-aujardindecamille-tourisme-handicap-foretdesainthubert-17-768x574.webp 768w\" sizes=\"(max-width: 800px) 100vw, 800px\" \/>\t\t\t\t\t\t\t\t\t\t\t\t\t\t\t<\/div>\n\t\t\t\t<\/div>\n\t\t\t\t<\/div>\n\t\t\t\t\t<\/div>\n\t\t\t\t<\/div>\n\t\t<div class=\"elementor-element elementor-element-498476d e-flex e-con-boxed e-con e-parent\" data-id=\"498476d\" data-element_type=\"container\" data-e-type=\"container\">\n\t\t\t\t\t<div class=\"e-con-inner\">\n\t\t\t\t<div class=\"elementor-element elementor-element-d23c532 elementor-widget elementor-widget-heading\" data-id=\"d23c532\" data-element_type=\"widget\" data-e-type=\"widget\" data-widget_type=\"heading.default\">\n\t\t\t\t<div class=\"elementor-widget-container\">\n\t\t\t\t\t<h2 class=\"elementor-heading-title elementor-size-default\">Photos of the lounge<\/h2>\t\t\t\t<\/div>\n\t\t\t\t<\/div>\n\t\t\t\t\t<\/div>\n\t\t\t\t<\/div>\n\t\t<div class=\"elementor-element elementor-element-c2609ff e-flex e-con-boxed e-con e-parent\" data-id=\"c2609ff\" data-element_type=\"container\" data-e-type=\"container\">\n\t\t\t\t\t<div class=\"e-con-inner\">\n\t\t<div class=\"elementor-element elementor-element-ea4bac2 e-con-full e-flex e-con e-child\" data-id=\"ea4bac2\" data-element_type=\"container\" data-e-type=\"container\">\n\t\t\t\t<div class=\"elementor-element elementor-element-29f1ef7 elementor-widget elementor-widget-image\" data-id=\"29f1ef7\" data-element_type=\"widget\" data-e-type=\"widget\" data-widget_type=\"image.default\">\n\t\t\t\t<div class=\"elementor-widget-container\">\n\t\t\t\t\t\t\t\t\t\t\t\t\t\t\t<img loading=\"lazy\" decoding=\"async\" width=\"800\" height=\"598\" src=\"https:\/\/www.foretdesainthubert-accessible.be\/wp-content\/uploads\/2024\/06\/gite-aujardindecamille-tourisme-handicap-foretdesainthubert-16.webp\" class=\"attachment-large size-large wp-image-2696\" alt=\"\" srcset=\"https:\/\/www.foretdesainthubert-accessible.be\/wp-content\/uploads\/2024\/06\/gite-aujardindecamille-tourisme-handicap-foretdesainthubert-16.webp 1024w, https:\/\/www.foretdesainthubert-accessible.be\/wp-content\/uploads\/2024\/06\/gite-aujardindecamille-tourisme-handicap-foretdesainthubert-16-300x224.webp 300w, https:\/\/www.foretdesainthubert-accessible.be\/wp-content\/uploads\/2024\/06\/gite-aujardindecamille-tourisme-handicap-foretdesainthubert-16-768x575.webp 768w\" sizes=\"(max-width: 800px) 100vw, 800px\" \/>\t\t\t\t\t\t\t\t\t\t\t\t\t\t\t<\/div>\n\t\t\t\t<\/div>\n\t\t\t\t<\/div>\n\t\t<div class=\"elementor-element elementor-element-2681ca9 e-con-full e-flex e-con e-child\" data-id=\"2681ca9\" data-element_type=\"container\" data-e-type=\"container\">\n\t\t\t\t<div class=\"elementor-element elementor-element-4090d9f elementor-widget elementor-widget-image\" data-id=\"4090d9f\" data-element_type=\"widget\" data-e-type=\"widget\" data-widget_type=\"image.default\">\n\t\t\t\t<div class=\"elementor-widget-container\">\n\t\t\t\t\t\t\t\t\t\t\t\t\t\t\t<img loading=\"lazy\" decoding=\"async\" width=\"800\" height=\"595\" src=\"https:\/\/www.foretdesainthubert-accessible.be\/wp-content\/uploads\/2024\/06\/gite-aujardindecamille-tourisme-handicap-foretdesainthubert-15.webp\" class=\"attachment-large size-large wp-image-2708\" alt=\"\" srcset=\"https:\/\/www.foretdesainthubert-accessible.be\/wp-content\/uploads\/2024\/06\/gite-aujardindecamille-tourisme-handicap-foretdesainthubert-15.webp 1024w, https:\/\/www.foretdesainthubert-accessible.be\/wp-content\/uploads\/2024\/06\/gite-aujardindecamille-tourisme-handicap-foretdesainthubert-15-300x223.webp 300w, https:\/\/www.foretdesainthubert-accessible.be\/wp-content\/uploads\/2024\/06\/gite-aujardindecamille-tourisme-handicap-foretdesainthubert-15-768x572.webp 768w\" sizes=\"(max-width: 800px) 100vw, 800px\" \/>\t\t\t\t\t\t\t\t\t\t\t\t\t\t\t<\/div>\n\t\t\t\t<\/div>\n\t\t\t\t<\/div>\n\t\t\t\t\t<\/div>\n\t\t\t\t<\/div>\n\t\t<div class=\"elementor-element elementor-element-827b169 e-flex e-con-boxed e-con e-parent\" data-id=\"827b169\" data-element_type=\"container\" data-e-type=\"container\">\n\t\t\t\t\t<div class=\"e-con-inner\">\n\t\t\t\t<div class=\"elementor-element elementor-element-dce9a27 elementor-widget elementor-widget-heading\" data-id=\"dce9a27\" data-element_type=\"widget\" data-e-type=\"widget\" data-widget_type=\"heading.default\">\n\t\t\t\t<div class=\"elementor-widget-container\">\n\t\t\t\t\t<h2 class=\"elementor-heading-title elementor-size-default\">Photo of the toilet on the ground floor<\/h2>\t\t\t\t<\/div>\n\t\t\t\t<\/div>\n\t\t\t\t\t<\/div>\n\t\t\t\t<\/div>\n\t\t<div class=\"elementor-element elementor-element-0066548 e-flex e-con-boxed e-con e-parent\" data-id=\"0066548\" data-element_type=\"container\" data-e-type=\"container\">\n\t\t\t\t\t<div class=\"e-con-inner\">\n\t\t<div class=\"elementor-element elementor-element-372116b e-con-full e-flex e-con e-child\" data-id=\"372116b\" data-element_type=\"container\" data-e-type=\"container\">\n\t\t\t\t<div class=\"elementor-element elementor-element-3bb2a88 elementor-widget elementor-widget-image\" data-id=\"3bb2a88\" data-element_type=\"widget\" data-e-type=\"widget\" data-widget_type=\"image.default\">\n\t\t\t\t<div class=\"elementor-widget-container\">\n\t\t\t\t\t\t\t\t\t\t\t\t\t\t\t<img loading=\"lazy\" decoding=\"async\" width=\"768\" height=\"1024\" src=\"https:\/\/www.foretdesainthubert-accessible.be\/wp-content\/uploads\/2024\/06\/gite-aujardindecamille-tourisme-handicap-foretdesainthubert-14.webp\" class=\"attachment-large size-large wp-image-2700\" alt=\"\" srcset=\"https:\/\/www.foretdesainthubert-accessible.be\/wp-content\/uploads\/2024\/06\/gite-aujardindecamille-tourisme-handicap-foretdesainthubert-14.webp 768w, https:\/\/www.foretdesainthubert-accessible.be\/wp-content\/uploads\/2024\/06\/gite-aujardindecamille-tourisme-handicap-foretdesainthubert-14-225x300.webp 225w\" sizes=\"(max-width: 768px) 100vw, 768px\" \/>\t\t\t\t\t\t\t\t\t\t\t\t\t\t\t<\/div>\n\t\t\t\t<\/div>\n\t\t\t\t<\/div>\n\t\t<div class=\"elementor-element elementor-element-763052c e-con-full e-flex e-con e-child\" data-id=\"763052c\" data-element_type=\"container\" data-e-type=\"container\">\n\t\t\t\t<\/div>\n\t\t\t\t\t<\/div>\n\t\t\t\t<\/div>\n\t\t<div class=\"elementor-element elementor-element-540b292 e-flex e-con-boxed e-con e-parent\" data-id=\"540b292\" data-element_type=\"container\" data-e-type=\"container\">\n\t\t\t\t\t<div class=\"e-con-inner\">\n\t\t\t\t<div class=\"elementor-element elementor-element-f8d725f elementor-widget elementor-widget-heading\" data-id=\"f8d725f\" data-element_type=\"widget\" data-e-type=\"widget\" data-widget_type=\"heading.default\">\n\t\t\t\t<div class=\"elementor-widget-container\">\n\t\t\t\t\t<h2 class=\"elementor-heading-title elementor-size-default\">Photos of the rooms on the first floor<\/h2>\t\t\t\t<\/div>\n\t\t\t\t<\/div>\n\t\t\t\t\t<\/div>\n\t\t\t\t<\/div>\n\t\t<div class=\"elementor-element elementor-element-e09723c e-grid e-con-boxed e-con e-parent\" data-id=\"e09723c\" data-element_type=\"container\" data-e-type=\"container\">\n\t\t\t\t\t<div class=\"e-con-inner\">\n\t\t\t\t<div class=\"elementor-element elementor-element-a47dc0f elementor-widget elementor-widget-image\" data-id=\"a47dc0f\" data-element_type=\"widget\" data-e-type=\"widget\" data-widget_type=\"image.default\">\n\t\t\t\t<div class=\"elementor-widget-container\">\n\t\t\t\t\t\t\t\t\t\t\t\t\t\t\t<img loading=\"lazy\" decoding=\"async\" width=\"800\" height=\"602\" src=\"https:\/\/www.foretdesainthubert-accessible.be\/wp-content\/uploads\/2024\/06\/gite-aujardindecamille-tourisme-handicap-foretdesainthubert-13.webp\" class=\"attachment-large size-large wp-image-2704\" alt=\"\" srcset=\"https:\/\/www.foretdesainthubert-accessible.be\/wp-content\/uploads\/2024\/06\/gite-aujardindecamille-tourisme-handicap-foretdesainthubert-13.webp 1024w, https:\/\/www.foretdesainthubert-accessible.be\/wp-content\/uploads\/2024\/06\/gite-aujardindecamille-tourisme-handicap-foretdesainthubert-13-300x226.webp 300w, https:\/\/www.foretdesainthubert-accessible.be\/wp-content\/uploads\/2024\/06\/gite-aujardindecamille-tourisme-handicap-foretdesainthubert-13-768x578.webp 768w\" sizes=\"(max-width: 800px) 100vw, 800px\" \/>\t\t\t\t\t\t\t\t\t\t\t\t\t\t\t<\/div>\n\t\t\t\t<\/div>\n\t\t\t\t<div class=\"elementor-element elementor-element-4d7b21c elementor-widget elementor-widget-image\" data-id=\"4d7b21c\" data-element_type=\"widget\" data-e-type=\"widget\" data-widget_type=\"image.default\">\n\t\t\t\t<div class=\"elementor-widget-container\">\n\t\t\t\t\t\t\t\t\t\t\t\t\t\t\t<img loading=\"lazy\" decoding=\"async\" width=\"800\" height=\"597\" src=\"https:\/\/www.foretdesainthubert-accessible.be\/wp-content\/uploads\/2024\/06\/gite-aujardindecamille-tourisme-handicap-foretdesainthubert-12.webp\" class=\"attachment-large size-large wp-image-2715\" alt=\"\" srcset=\"https:\/\/www.foretdesainthubert-accessible.be\/wp-content\/uploads\/2024\/06\/gite-aujardindecamille-tourisme-handicap-foretdesainthubert-12.webp 1024w, https:\/\/www.foretdesainthubert-accessible.be\/wp-content\/uploads\/2024\/06\/gite-aujardindecamille-tourisme-handicap-foretdesainthubert-12-300x224.webp 300w, https:\/\/www.foretdesainthubert-accessible.be\/wp-content\/uploads\/2024\/06\/gite-aujardindecamille-tourisme-handicap-foretdesainthubert-12-768x573.webp 768w\" sizes=\"(max-width: 800px) 100vw, 800px\" \/>\t\t\t\t\t\t\t\t\t\t\t\t\t\t\t<\/div>\n\t\t\t\t<\/div>\n\t\t\t\t<div class=\"elementor-element elementor-element-e212f35 elementor-widget elementor-widget-image\" data-id=\"e212f35\" data-element_type=\"widget\" data-e-type=\"widget\" data-widget_type=\"image.default\">\n\t\t\t\t<div class=\"elementor-widget-container\">\n\t\t\t\t\t\t\t\t\t\t\t\t\t\t\t<img loading=\"lazy\" decoding=\"async\" width=\"800\" height=\"597\" src=\"https:\/\/www.foretdesainthubert-accessible.be\/wp-content\/uploads\/2024\/06\/gite-aujardindecamille-tourisme-handicap-foretdesainthubert-11.webp\" class=\"attachment-large size-large wp-image-2719\" alt=\"\" srcset=\"https:\/\/www.foretdesainthubert-accessible.be\/wp-content\/uploads\/2024\/06\/gite-aujardindecamille-tourisme-handicap-foretdesainthubert-11.webp 1024w, https:\/\/www.foretdesainthubert-accessible.be\/wp-content\/uploads\/2024\/06\/gite-aujardindecamille-tourisme-handicap-foretdesainthubert-11-300x224.webp 300w, https:\/\/www.foretdesainthubert-accessible.be\/wp-content\/uploads\/2024\/06\/gite-aujardindecamille-tourisme-handicap-foretdesainthubert-11-768x573.webp 768w\" sizes=\"(max-width: 800px) 100vw, 800px\" \/>\t\t\t\t\t\t\t\t\t\t\t\t\t\t\t<\/div>\n\t\t\t\t<\/div>\n\t\t\t\t<div class=\"elementor-element elementor-element-91be730 elementor-widget elementor-widget-image\" data-id=\"91be730\" data-element_type=\"widget\" data-e-type=\"widget\" data-widget_type=\"image.default\">\n\t\t\t\t<div class=\"elementor-widget-container\">\n\t\t\t\t\t\t\t\t\t\t\t\t\t\t\t<img loading=\"lazy\" decoding=\"async\" width=\"800\" height=\"595\" src=\"https:\/\/www.foretdesainthubert-accessible.be\/wp-content\/uploads\/2024\/06\/gite-aujardindecamille-tourisme-handicap-foretdesainthubert-10.webp\" class=\"attachment-large size-large wp-image-2723\" alt=\"\" srcset=\"https:\/\/www.foretdesainthubert-accessible.be\/wp-content\/uploads\/2024\/06\/gite-aujardindecamille-tourisme-handicap-foretdesainthubert-10.webp 1024w, https:\/\/www.foretdesainthubert-accessible.be\/wp-content\/uploads\/2024\/06\/gite-aujardindecamille-tourisme-handicap-foretdesainthubert-10-300x223.webp 300w, https:\/\/www.foretdesainthubert-accessible.be\/wp-content\/uploads\/2024\/06\/gite-aujardindecamille-tourisme-handicap-foretdesainthubert-10-768x571.webp 768w\" sizes=\"(max-width: 800px) 100vw, 800px\" \/>\t\t\t\t\t\t\t\t\t\t\t\t\t\t\t<\/div>\n\t\t\t\t<\/div>\n\t\t\t\t\t<\/div>\n\t\t\t\t<\/div>\n\t\t<div class=\"elementor-element elementor-element-ebe0338 e-flex e-con-boxed e-con e-parent\" data-id=\"ebe0338\" data-element_type=\"container\" data-e-type=\"container\">\n\t\t\t\t\t<div class=\"e-con-inner\">\n\t\t\t\t<div class=\"elementor-element elementor-element-de10f7c elementor-widget elementor-widget-heading\" data-id=\"de10f7c\" data-element_type=\"widget\" data-e-type=\"widget\" data-widget_type=\"heading.default\">\n\t\t\t\t<div class=\"elementor-widget-container\">\n\t\t\t\t\t<h2 class=\"elementor-heading-title elementor-size-default\">Photos of the bathrooms on the first floor<\/h2>\t\t\t\t<\/div>\n\t\t\t\t<\/div>\n\t\t\t\t\t<\/div>\n\t\t\t\t<\/div>\n\t\t<div class=\"elementor-element elementor-element-1598a7c e-flex e-con-boxed e-con e-parent\" data-id=\"1598a7c\" data-element_type=\"container\" data-e-type=\"container\">\n\t\t\t\t\t<div class=\"e-con-inner\">\n\t\t<div class=\"elementor-element elementor-element-c3fa5c7 e-con-full e-flex e-con e-child\" data-id=\"c3fa5c7\" data-element_type=\"container\" data-e-type=\"container\">\n\t\t\t\t<div class=\"elementor-element elementor-element-81910c6 elementor-widget elementor-widget-image\" data-id=\"81910c6\" data-element_type=\"widget\" data-e-type=\"widget\" data-widget_type=\"image.default\">\n\t\t\t\t<div class=\"elementor-widget-container\">\n\t\t\t\t\t\t\t\t\t\t\t\t\t\t\t<img loading=\"lazy\" decoding=\"async\" width=\"800\" height=\"597\" src=\"https:\/\/www.foretdesainthubert-accessible.be\/wp-content\/uploads\/2024\/06\/gite-aujardindecamille-tourisme-handicap-foretdesainthubert-9.webp\" class=\"attachment-large size-large wp-image-2727\" alt=\"\" srcset=\"https:\/\/www.foretdesainthubert-accessible.be\/wp-content\/uploads\/2024\/06\/gite-aujardindecamille-tourisme-handicap-foretdesainthubert-9.webp 1024w, https:\/\/www.foretdesainthubert-accessible.be\/wp-content\/uploads\/2024\/06\/gite-aujardindecamille-tourisme-handicap-foretdesainthubert-9-300x224.webp 300w, https:\/\/www.foretdesainthubert-accessible.be\/wp-content\/uploads\/2024\/06\/gite-aujardindecamille-tourisme-handicap-foretdesainthubert-9-768x573.webp 768w\" sizes=\"(max-width: 800px) 100vw, 800px\" \/>\t\t\t\t\t\t\t\t\t\t\t\t\t\t\t<\/div>\n\t\t\t\t<\/div>\n\t\t\t\t<\/div>\n\t\t<div class=\"elementor-element elementor-element-93395c2 e-con-full e-flex e-con e-child\" data-id=\"93395c2\" data-element_type=\"container\" data-e-type=\"container\">\n\t\t\t\t<\/div>\n\t\t\t\t\t<\/div>\n\t\t\t\t<\/div>\n\t\t<div class=\"elementor-element elementor-element-3e6b20d e-flex e-con-boxed e-con e-parent\" data-id=\"3e6b20d\" data-element_type=\"container\" data-e-type=\"container\">\n\t\t\t\t\t<div class=\"e-con-inner\">\n\t\t<div class=\"elementor-element elementor-element-1e61728 e-con-full e-flex e-con e-child\" data-id=\"1e61728\" data-element_type=\"container\" data-e-type=\"container\">\n\t\t\t\t<div class=\"elementor-element elementor-element-7638339 elementor-widget elementor-widget-image\" data-id=\"7638339\" data-element_type=\"widget\" data-e-type=\"widget\" data-widget_type=\"image.default\">\n\t\t\t\t<div class=\"elementor-widget-container\">\n\t\t\t\t\t\t\t\t\t\t\t\t\t\t\t<img loading=\"lazy\" decoding=\"async\" width=\"800\" height=\"593\" src=\"https:\/\/www.foretdesainthubert-accessible.be\/wp-content\/uploads\/2024\/06\/gite-aujardindecamille-tourisme-handicap-foretdesainthubert-7.webp\" class=\"attachment-large size-large wp-image-2731\" alt=\"\" srcset=\"https:\/\/www.foretdesainthubert-accessible.be\/wp-content\/uploads\/2024\/06\/gite-aujardindecamille-tourisme-handicap-foretdesainthubert-7.webp 1024w, https:\/\/www.foretdesainthubert-accessible.be\/wp-content\/uploads\/2024\/06\/gite-aujardindecamille-tourisme-handicap-foretdesainthubert-7-300x222.webp 300w, https:\/\/www.foretdesainthubert-accessible.be\/wp-content\/uploads\/2024\/06\/gite-aujardindecamille-tourisme-handicap-foretdesainthubert-7-768x569.webp 768w\" sizes=\"(max-width: 800px) 100vw, 800px\" \/>\t\t\t\t\t\t\t\t\t\t\t\t\t\t\t<\/div>\n\t\t\t\t<\/div>\n\t\t\t\t<\/div>\n\t\t<div class=\"elementor-element elementor-element-97170ca e-con-full e-flex e-con e-child\" data-id=\"97170ca\" data-element_type=\"container\" data-e-type=\"container\">\n\t\t\t\t<div class=\"elementor-element elementor-element-bd8e35e elementor-widget elementor-widget-image\" data-id=\"bd8e35e\" data-element_type=\"widget\" data-e-type=\"widget\" data-widget_type=\"image.default\">\n\t\t\t\t<div class=\"elementor-widget-container\">\n\t\t\t\t\t\t\t\t\t\t\t\t\t\t\t<img loading=\"lazy\" decoding=\"async\" width=\"800\" height=\"601\" src=\"https:\/\/www.foretdesainthubert-accessible.be\/wp-content\/uploads\/2024\/06\/gite-aujardindecamille-tourisme-handicap-foretdesainthubert-8.webp\" class=\"attachment-large size-large wp-image-2735\" alt=\"\" srcset=\"https:\/\/www.foretdesainthubert-accessible.be\/wp-content\/uploads\/2024\/06\/gite-aujardindecamille-tourisme-handicap-foretdesainthubert-8.webp 1024w, https:\/\/www.foretdesainthubert-accessible.be\/wp-content\/uploads\/2024\/06\/gite-aujardindecamille-tourisme-handicap-foretdesainthubert-8-300x225.webp 300w, https:\/\/www.foretdesainthubert-accessible.be\/wp-content\/uploads\/2024\/06\/gite-aujardindecamille-tourisme-handicap-foretdesainthubert-8-768x577.webp 768w\" sizes=\"(max-width: 800px) 100vw, 800px\" \/>\t\t\t\t\t\t\t\t\t\t\t\t\t\t\t<\/div>\n\t\t\t\t<\/div>\n\t\t\t\t<\/div>\n\t\t\t\t\t<\/div>\n\t\t\t\t<\/div>\n\t\t<div class=\"elementor-element elementor-element-340f3cd e-flex e-con-boxed e-con e-parent\" data-id=\"340f3cd\" data-element_type=\"container\" data-e-type=\"container\">\n\t\t\t\t\t<div class=\"e-con-inner\">\n\t\t\t\t<div class=\"elementor-element elementor-element-5a4b2f8 elementor-widget elementor-widget-heading\" data-id=\"5a4b2f8\" data-element_type=\"widget\" data-e-type=\"widget\" data-widget_type=\"heading.default\">\n\t\t\t\t<div class=\"elementor-widget-container\">\n\t\t\t\t\t<h2 class=\"elementor-heading-title elementor-size-default\">Photos of the relaxation room on the second floor<\/h2>\t\t\t\t<\/div>\n\t\t\t\t<\/div>\n\t\t\t\t\t<\/div>\n\t\t\t\t<\/div>\n\t\t<div class=\"elementor-element elementor-element-5863658 e-grid e-con-boxed e-con e-parent\" data-id=\"5863658\" data-element_type=\"container\" data-e-type=\"container\">\n\t\t\t\t\t<div class=\"e-con-inner\">\n\t\t\t\t<div class=\"elementor-element elementor-element-325dd4c elementor-widget elementor-widget-image\" data-id=\"325dd4c\" data-element_type=\"widget\" data-e-type=\"widget\" data-widget_type=\"image.default\">\n\t\t\t\t<div class=\"elementor-widget-container\">\n\t\t\t\t\t\t\t\t\t\t\t\t\t\t\t<img loading=\"lazy\" decoding=\"async\" width=\"800\" height=\"601\" src=\"https:\/\/www.foretdesainthubert-accessible.be\/wp-content\/uploads\/2024\/06\/gite-aujardindecamille-tourisme-handicap-foretdesainthubert-6.webp\" class=\"attachment-large size-large wp-image-2742\" alt=\"\" srcset=\"https:\/\/www.foretdesainthubert-accessible.be\/wp-content\/uploads\/2024\/06\/gite-aujardindecamille-tourisme-handicap-foretdesainthubert-6.webp 1024w, https:\/\/www.foretdesainthubert-accessible.be\/wp-content\/uploads\/2024\/06\/gite-aujardindecamille-tourisme-handicap-foretdesainthubert-6-300x225.webp 300w, https:\/\/www.foretdesainthubert-accessible.be\/wp-content\/uploads\/2024\/06\/gite-aujardindecamille-tourisme-handicap-foretdesainthubert-6-768x577.webp 768w\" sizes=\"(max-width: 800px) 100vw, 800px\" \/>\t\t\t\t\t\t\t\t\t\t\t\t\t\t\t<\/div>\n\t\t\t\t<\/div>\n\t\t\t\t<div class=\"elementor-element elementor-element-c63b59c elementor-widget elementor-widget-image\" data-id=\"c63b59c\" data-element_type=\"widget\" data-e-type=\"widget\" data-widget_type=\"image.default\">\n\t\t\t\t<div class=\"elementor-widget-container\">\n\t\t\t\t\t\t\t\t\t\t\t\t\t\t\t<img loading=\"lazy\" decoding=\"async\" width=\"800\" height=\"592\" src=\"https:\/\/www.foretdesainthubert-accessible.be\/wp-content\/uploads\/2024\/06\/gite-aujardindecamille-tourisme-handicap-foretdesainthubert-5.webp\" class=\"attachment-large size-large wp-image-2746\" alt=\"\" srcset=\"https:\/\/www.foretdesainthubert-accessible.be\/wp-content\/uploads\/2024\/06\/gite-aujardindecamille-tourisme-handicap-foretdesainthubert-5.webp 1024w, https:\/\/www.foretdesainthubert-accessible.be\/wp-content\/uploads\/2024\/06\/gite-aujardindecamille-tourisme-handicap-foretdesainthubert-5-300x222.webp 300w, https:\/\/www.foretdesainthubert-accessible.be\/wp-content\/uploads\/2024\/06\/gite-aujardindecamille-tourisme-handicap-foretdesainthubert-5-768x569.webp 768w\" sizes=\"(max-width: 800px) 100vw, 800px\" \/>\t\t\t\t\t\t\t\t\t\t\t\t\t\t\t<\/div>\n\t\t\t\t<\/div>\n\t\t\t\t<div class=\"elementor-element elementor-element-025a5d1 elementor-widget elementor-widget-image\" data-id=\"025a5d1\" data-element_type=\"widget\" data-e-type=\"widget\" data-widget_type=\"image.default\">\n\t\t\t\t<div class=\"elementor-widget-container\">\n\t\t\t\t\t\t\t\t\t\t\t\t\t\t\t<img loading=\"lazy\" decoding=\"async\" width=\"800\" height=\"595\" src=\"https:\/\/www.foretdesainthubert-accessible.be\/wp-content\/uploads\/2024\/06\/gite-aujardindecamille-tourisme-handicap-foretdesainthubert-4.webp\" class=\"attachment-large size-large wp-image-2750\" alt=\"\" srcset=\"https:\/\/www.foretdesainthubert-accessible.be\/wp-content\/uploads\/2024\/06\/gite-aujardindecamille-tourisme-handicap-foretdesainthubert-4.webp 1024w, https:\/\/www.foretdesainthubert-accessible.be\/wp-content\/uploads\/2024\/06\/gite-aujardindecamille-tourisme-handicap-foretdesainthubert-4-300x223.webp 300w, https:\/\/www.foretdesainthubert-accessible.be\/wp-content\/uploads\/2024\/06\/gite-aujardindecamille-tourisme-handicap-foretdesainthubert-4-768x572.webp 768w\" sizes=\"(max-width: 800px) 100vw, 800px\" \/>\t\t\t\t\t\t\t\t\t\t\t\t\t\t\t<\/div>\n\t\t\t\t<\/div>\n\t\t\t\t\t<\/div>\n\t\t\t\t<\/div>\n\t\t<div class=\"elementor-element elementor-element-c22033b e-flex e-con-boxed e-con e-parent\" data-id=\"c22033b\" data-element_type=\"container\" data-e-type=\"container\">\n\t\t\t\t\t<div class=\"e-con-inner\">\n\t\t\t\t<div class=\"elementor-element elementor-element-c83f057 elementor-widget elementor-widget-heading\" data-id=\"c83f057\" data-element_type=\"widget\" data-e-type=\"widget\" data-widget_type=\"heading.default\">\n\t\t\t\t<div class=\"elementor-widget-container\">\n\t\t\t\t\t<h2 class=\"elementor-heading-title elementor-size-default\">Photos of staircases and corridors<\/h2>\t\t\t\t<\/div>\n\t\t\t\t<\/div>\n\t\t\t\t\t<\/div>\n\t\t\t\t<\/div>\n\t\t<div class=\"elementor-element elementor-element-cae30ad e-grid e-con-boxed e-con e-parent\" data-id=\"cae30ad\" data-element_type=\"container\" data-e-type=\"container\">\n\t\t\t\t\t<div class=\"e-con-inner\">\n\t\t\t\t<div class=\"elementor-element elementor-element-a10e7c6 elementor-widget elementor-widget-image\" data-id=\"a10e7c6\" data-element_type=\"widget\" data-e-type=\"widget\" data-widget_type=\"image.default\">\n\t\t\t\t<div class=\"elementor-widget-container\">\n\t\t\t\t\t\t\t\t\t\t\t\t\t\t\t<img loading=\"lazy\" decoding=\"async\" width=\"800\" height=\"598\" src=\"https:\/\/www.foretdesainthubert-accessible.be\/wp-content\/uploads\/2024\/06\/gite-aujardindecamille-tourisme-handicap-foretdesainthubert-3.webp\" class=\"attachment-large size-large wp-image-2754\" alt=\"\" srcset=\"https:\/\/www.foretdesainthubert-accessible.be\/wp-content\/uploads\/2024\/06\/gite-aujardindecamille-tourisme-handicap-foretdesainthubert-3.webp 1024w, https:\/\/www.foretdesainthubert-accessible.be\/wp-content\/uploads\/2024\/06\/gite-aujardindecamille-tourisme-handicap-foretdesainthubert-3-300x224.webp 300w, https:\/\/www.foretdesainthubert-accessible.be\/wp-content\/uploads\/2024\/06\/gite-aujardindecamille-tourisme-handicap-foretdesainthubert-3-768x575.webp 768w\" sizes=\"(max-width: 800px) 100vw, 800px\" \/>\t\t\t\t\t\t\t\t\t\t\t\t\t\t\t<\/div>\n\t\t\t\t<\/div>\n\t\t\t\t<div class=\"elementor-element elementor-element-8219fd7 elementor-widget elementor-widget-image\" data-id=\"8219fd7\" data-element_type=\"widget\" data-e-type=\"widget\" data-widget_type=\"image.default\">\n\t\t\t\t<div class=\"elementor-widget-container\">\n\t\t\t\t\t\t\t\t\t\t\t\t\t\t\t<img loading=\"lazy\" decoding=\"async\" width=\"800\" height=\"599\" src=\"https:\/\/www.foretdesainthubert-accessible.be\/wp-content\/uploads\/2024\/06\/gite-aujardindecamille-tourisme-handicap-foretdesainthubert-2.webp\" class=\"attachment-large size-large wp-image-2758\" alt=\"\" srcset=\"https:\/\/www.foretdesainthubert-accessible.be\/wp-content\/uploads\/2024\/06\/gite-aujardindecamille-tourisme-handicap-foretdesainthubert-2.webp 1024w, https:\/\/www.foretdesainthubert-accessible.be\/wp-content\/uploads\/2024\/06\/gite-aujardindecamille-tourisme-handicap-foretdesainthubert-2-300x225.webp 300w, https:\/\/www.foretdesainthubert-accessible.be\/wp-content\/uploads\/2024\/06\/gite-aujardindecamille-tourisme-handicap-foretdesainthubert-2-768x575.webp 768w\" sizes=\"(max-width: 800px) 100vw, 800px\" \/>\t\t\t\t\t\t\t\t\t\t\t\t\t\t\t<\/div>\n\t\t\t\t<\/div>\n\t\t\t\t<div class=\"elementor-element elementor-element-73810b5 elementor-widget elementor-widget-image\" data-id=\"73810b5\" data-element_type=\"widget\" data-e-type=\"widget\" data-widget_type=\"image.default\">\n\t\t\t\t<div class=\"elementor-widget-container\">\n\t\t\t\t\t\t\t\t\t\t\t\t\t\t\t<img loading=\"lazy\" decoding=\"async\" width=\"800\" height=\"604\" src=\"https:\/\/www.foretdesainthubert-accessible.be\/wp-content\/uploads\/2024\/06\/gite-aujardindecamille-tourisme-handicap-foretdesainthubert-1.webp\" class=\"attachment-large size-large wp-image-2762\" alt=\"\" srcset=\"https:\/\/www.foretdesainthubert-accessible.be\/wp-content\/uploads\/2024\/06\/gite-aujardindecamille-tourisme-handicap-foretdesainthubert-1.webp 1024w, https:\/\/www.foretdesainthubert-accessible.be\/wp-content\/uploads\/2024\/06\/gite-aujardindecamille-tourisme-handicap-foretdesainthubert-1-300x226.webp 300w, https:\/\/www.foretdesainthubert-accessible.be\/wp-content\/uploads\/2024\/06\/gite-aujardindecamille-tourisme-handicap-foretdesainthubert-1-768x580.webp 768w\" sizes=\"(max-width: 800px) 100vw, 800px\" \/>\t\t\t\t\t\t\t\t\t\t\t\t\t\t\t<\/div>\n\t\t\t\t<\/div>\n\t\t\t\t<div class=\"elementor-element elementor-element-6b03ec1 elementor-widget elementor-widget-image\" data-id=\"6b03ec1\" data-element_type=\"widget\" data-e-type=\"widget\" data-widget_type=\"image.default\">\n\t\t\t\t<div class=\"elementor-widget-container\">\n\t\t\t\t\t\t\t\t\t\t\t\t\t\t\t<img loading=\"lazy\" decoding=\"async\" width=\"800\" height=\"594\" src=\"https:\/\/www.foretdesainthubert-accessible.be\/wp-content\/uploads\/2024\/06\/gite-aujardindecamille-tourisme-handicap-foretdesainthubert-21.webp\" class=\"attachment-large size-large wp-image-2766\" alt=\"\" srcset=\"https:\/\/www.foretdesainthubert-accessible.be\/wp-content\/uploads\/2024\/06\/gite-aujardindecamille-tourisme-handicap-foretdesainthubert-21.webp 1024w, https:\/\/www.foretdesainthubert-accessible.be\/wp-content\/uploads\/2024\/06\/gite-aujardindecamille-tourisme-handicap-foretdesainthubert-21-300x223.webp 300w, https:\/\/www.foretdesainthubert-accessible.be\/wp-content\/uploads\/2024\/06\/gite-aujardindecamille-tourisme-handicap-foretdesainthubert-21-768x570.webp 768w\" sizes=\"(max-width: 800px) 100vw, 800px\" \/>\t\t\t\t\t\t\t\t\t\t\t\t\t\t\t<\/div>\n\t\t\t\t<\/div>\n\t\t\t\t\t<\/div>\n\t\t\t\t<\/div>\n\t\t\t\t<\/div>\n\t\t","protected":false},"excerpt":{"rendered":"<p>The Au jardin de camille g\u00eete In collaboration with All Access (Province of Luxembourg), we would like to inform you that facilities have been made available for: the hearing impaired the visually impaired The address is rue de Tribois 79, 6920 Wellin. There are 3 bedrooms in this holiday home. Call 0497 42 85 22 [&hellip;]<\/p>\n","protected":false},"author":4,"featured_media":0,"parent":0,"menu_order":0,"comment_status":"closed","ping_status":"closed","template":"","meta":{"_seopress_robots_primary_cat":"","_seopress_titles_title":"Tourism and disability - Leisure in Belgium (Wallonia)","_seopress_titles_desc":"G\u00eete for rent for 8 people (3 bedrooms) in Wellin in the For\u00eat de Saint-Hubert region. Quiet area with sauna. Label Bienvenue V\u00e9lo.","_seopress_robots_index":"","footnotes":""},"class_list":["post-3540","page","type-page","status-publish","hentry"],"_links":{"self":[{"href":"https:\/\/www.foretdesainthubert-accessible.be\/en\/wp-json\/wp\/v2\/pages\/3540","targetHints":{"allow":["GET"]}}],"collection":[{"href":"https:\/\/www.foretdesainthubert-accessible.be\/en\/wp-json\/wp\/v2\/pages"}],"about":[{"href":"https:\/\/www.foretdesainthubert-accessible.be\/en\/wp-json\/wp\/v2\/types\/page"}],"author":[{"embeddable":true,"href":"https:\/\/www.foretdesainthubert-accessible.be\/en\/wp-json\/wp\/v2\/users\/4"}],"replies":[{"embeddable":true,"href":"https:\/\/www.foretdesainthubert-accessible.be\/en\/wp-json\/wp\/v2\/comments?post=3540"}],"version-history":[{"count":5,"href":"https:\/\/www.foretdesainthubert-accessible.be\/en\/wp-json\/wp\/v2\/pages\/3540\/revisions"}],"predecessor-version":[{"id":8764,"href":"https:\/\/www.foretdesainthubert-accessible.be\/en\/wp-json\/wp\/v2\/pages\/3540\/revisions\/8764"}],"wp:attachment":[{"href":"https:\/\/www.foretdesainthubert-accessible.be\/en\/wp-json\/wp\/v2\/media?parent=3540"}],"curies":[{"name":"wp","href":"https:\/\/api.w.org\/{rel}","templated":true}]}}