{"id":4673,"date":"2024-04-08T14:56:17","date_gmt":"2024-04-08T12:56:17","guid":{"rendered":"https:\/\/www.foretdesainthubert-accessible.be\/wellin\/"},"modified":"2026-02-19T15:07:05","modified_gmt":"2026-02-19T14:07:05","slug":"wellin","status":"publish","type":"page","link":"https:\/\/www.foretdesainthubert-accessible.be\/de\/wellin\/","title":{"rendered":"Wellin"},"content":{"rendered":"\t\t<div data-elementor-type=\"wp-page\" data-elementor-id=\"4673\" class=\"elementor elementor-4673 elementor-946\" data-elementor-post-type=\"page\">\n\t\t\t\t<div class=\"elementor-element elementor-element-c77e008 e-flex e-con-boxed e-con e-parent\" data-id=\"c77e008\" data-element_type=\"container\" data-e-type=\"container\">\n\t\t\t\t\t<div class=\"e-con-inner\">\n\t\t\t\t<div class=\"elementor-element elementor-element-b104c5a elementor-widget elementor-widget-heading\" data-id=\"b104c5a\" data-element_type=\"widget\" data-e-type=\"widget\" data-widget_type=\"heading.default\">\n\t\t\t\t<div class=\"elementor-widget-container\">\n\t\t\t\t\t<h1 class=\"elementor-heading-title elementor-size-default\">Des Empfangsb\u00fcros in Wellin<\/h1>\t\t\t\t<\/div>\n\t\t\t\t<\/div>\n\t\t\t\t\t<\/div>\n\t\t\t\t<\/div>\n\t\t<div class=\"elementor-element elementor-element-a754080 e-flex e-con-boxed e-con e-parent\" data-id=\"a754080\" data-element_type=\"container\" data-e-type=\"container\">\n\t\t\t\t\t<div class=\"e-con-inner\">\n\t\t\t\t<div class=\"elementor-element elementor-element-2300349 elementor-widget elementor-widget-text-editor\" data-id=\"2300349\" data-element_type=\"widget\" data-e-type=\"widget\" data-widget_type=\"text-editor.default\">\n\t\t\t\t<div class=\"elementor-widget-container\">\n\t\t\t\t\t\t\t\t\t<p>In Zusammenarbeit mit All Access (Provinz Luxemburg) teilen wir Ihnen mit, dass dieser Besuchsort f\u00fcr Menschen mit Behinderungen zug\u00e4nglich ist:<\/p>\n<ul>\n<li>Menschen im Rollstuhl<\/li>\n<li>Personen mit Gehbehinderungen<\/li>\n<li>Personen mit Sehbehinderungen<\/li>\n<li>Personen mit H\u00f6rbehinderung (kein visuelles Alarmsystem)<\/li>\n<li>Personen mit Verst\u00e4ndnisschwierigkeiten<\/li>\n<li>Personen mit Autismus<\/li>\n<\/ul>\n\t\t\t\t\t\t\t\t<\/div>\n\t\t\t\t<\/div>\n\t\t\t\t\t<\/div>\n\t\t\t\t<\/div>\n\t\t<div class=\"elementor-element elementor-element-67f04ab e-flex e-con-boxed e-con e-parent\" data-id=\"67f04ab\" data-element_type=\"container\" data-e-type=\"container\">\n\t\t\t\t\t<div class=\"e-con-inner\">\n\t\t<div class=\"elementor-element elementor-element-0f8c107 e-con-full e-flex e-con e-child\" data-id=\"0f8c107\" data-element_type=\"container\" data-e-type=\"container\">\n\t\t\t\t<div class=\"elementor-element elementor-element-0a4e3b7 elementor-widget elementor-widget-image\" data-id=\"0a4e3b7\" data-element_type=\"widget\" data-e-type=\"widget\" data-widget_type=\"image.default\">\n\t\t\t\t<div class=\"elementor-widget-container\">\n\t\t\t\t\t\t\t\t\t\t\t\t\t\t\t<img fetchpriority=\"high\" decoding=\"async\" width=\"800\" height=\"800\" src=\"https:\/\/www.foretdesainthubert-accessible.be\/wp-content\/uploads\/2024\/04\/adresse.webp\" class=\"attachment-large size-large wp-image-557\" alt=\"Pictogramme maison (adresse)\" srcset=\"https:\/\/www.foretdesainthubert-accessible.be\/wp-content\/uploads\/2024\/04\/adresse.webp 1024w, https:\/\/www.foretdesainthubert-accessible.be\/wp-content\/uploads\/2024\/04\/adresse-300x300.webp 300w, https:\/\/www.foretdesainthubert-accessible.be\/wp-content\/uploads\/2024\/04\/adresse-150x150.webp 150w, https:\/\/www.foretdesainthubert-accessible.be\/wp-content\/uploads\/2024\/04\/adresse-768x768.webp 768w\" sizes=\"(max-width: 800px) 100vw, 800px\" \/>\t\t\t\t\t\t\t\t\t\t\t\t\t\t\t<\/div>\n\t\t\t\t<\/div>\n\t\t\t\t<\/div>\n\t\t<div class=\"elementor-element elementor-element-47e4de5 e-con-full e-flex e-con e-child\" data-id=\"47e4de5\" data-element_type=\"container\" data-e-type=\"container\">\n\t\t\t\t<div class=\"elementor-element elementor-element-b0abd34 elementor-widget elementor-widget-text-editor\" data-id=\"b0abd34\" data-element_type=\"widget\" data-e-type=\"widget\" data-widget_type=\"text-editor.default\">\n\t\t\t\t<div class=\"elementor-widget-container\">\n\t\t\t\t\t\t\t\t\t<p>Die Adresse lautet Grand Place 2, 6920 Wellin.<br \/>Der Empfang des Fremdenverkehrsamtes ist leicht zu finden.<br \/>\u201eOffice du Tourisme\u201c steht gro\u00df an der Fassade.<br \/>Es gibt eine Rampe.<br \/>Es gibt auch eine Klingel, falls Sie Hilfe beim Eintreten ben\u00f6tigen.<\/p>\n\t\t\t\t\t\t\t\t<\/div>\n\t\t\t\t<\/div>\n\t\t\t\t<\/div>\n\t\t\t\t\t<\/div>\n\t\t\t\t<\/div>\n\t\t<div class=\"elementor-element elementor-element-4a30506 e-flex e-con-boxed e-con e-parent\" data-id=\"4a30506\" data-element_type=\"container\" data-e-type=\"container\">\n\t\t\t\t\t<div class=\"e-con-inner\">\n\t\t<div class=\"elementor-element elementor-element-31791e0 e-con-full e-flex e-con e-child\" data-id=\"31791e0\" data-element_type=\"container\" data-e-type=\"container\">\n\t\t\t\t<div class=\"elementor-element elementor-element-d3f076a elementor-widget elementor-widget-image\" data-id=\"d3f076a\" data-element_type=\"widget\" data-e-type=\"widget\" data-widget_type=\"image.default\">\n\t\t\t\t<div class=\"elementor-widget-container\">\n\t\t\t\t\t\t\t\t\t\t\t\t\t\t\t<img decoding=\"async\" width=\"800\" height=\"800\" src=\"https:\/\/www.foretdesainthubert-accessible.be\/wp-content\/uploads\/2024\/04\/telephone.webp\" class=\"attachment-large size-large wp-image-553\" alt=\"Pictogramme t\u00e9l\u00e9phone\" srcset=\"https:\/\/www.foretdesainthubert-accessible.be\/wp-content\/uploads\/2024\/04\/telephone.webp 1024w, https:\/\/www.foretdesainthubert-accessible.be\/wp-content\/uploads\/2024\/04\/telephone-300x300.webp 300w, https:\/\/www.foretdesainthubert-accessible.be\/wp-content\/uploads\/2024\/04\/telephone-150x150.webp 150w, https:\/\/www.foretdesainthubert-accessible.be\/wp-content\/uploads\/2024\/04\/telephone-768x768.webp 768w\" sizes=\"(max-width: 800px) 100vw, 800px\" \/>\t\t\t\t\t\t\t\t\t\t\t\t\t\t\t<\/div>\n\t\t\t\t<\/div>\n\t\t\t\t<\/div>\n\t\t<div class=\"elementor-element elementor-element-a887821 e-con-full e-flex e-con e-child\" data-id=\"a887821\" data-element_type=\"container\" data-e-type=\"container\">\n\t\t\t\t<div class=\"elementor-element elementor-element-19c2e6f elementor-widget elementor-widget-text-editor\" data-id=\"19c2e6f\" data-element_type=\"widget\" data-e-type=\"widget\" data-widget_type=\"text-editor.default\">\n\t\t\t\t<div class=\"elementor-widget-container\">\n\t\t\t\t\t\t\t\t\t<p>Rufen Sie an der Rezeption des Fremdenverkehrsamtes unter 084 41 33 59 an.<\/p>\n\t\t\t\t\t\t\t\t<\/div>\n\t\t\t\t<\/div>\n\t\t\t\t<\/div>\n\t\t\t\t\t<\/div>\n\t\t\t\t<\/div>\n\t\t<div class=\"elementor-element elementor-element-80338e5 e-flex e-con-boxed e-con e-parent\" data-id=\"80338e5\" data-element_type=\"container\" data-e-type=\"container\">\n\t\t\t\t\t<div class=\"e-con-inner\">\n\t\t<div class=\"elementor-element elementor-element-f1d0dfa e-con-full e-flex e-con e-child\" data-id=\"f1d0dfa\" data-element_type=\"container\" data-e-type=\"container\">\n\t\t\t\t<div class=\"elementor-element elementor-element-605d1c8 elementor-widget elementor-widget-image\" data-id=\"605d1c8\" data-element_type=\"widget\" data-e-type=\"widget\" data-widget_type=\"image.default\">\n\t\t\t\t<div class=\"elementor-widget-container\">\n\t\t\t\t\t\t\t\t\t\t\t\t\t\t\t<img decoding=\"async\" width=\"800\" height=\"800\" src=\"https:\/\/www.foretdesainthubert-accessible.be\/wp-content\/uploads\/2024\/04\/mail-1024x1024.png\" class=\"attachment-large size-large wp-image-873\" alt=\"Pictogramme e-mail\" srcset=\"https:\/\/www.foretdesainthubert-accessible.be\/wp-content\/uploads\/2024\/04\/mail-1024x1024.png 1024w, https:\/\/www.foretdesainthubert-accessible.be\/wp-content\/uploads\/2024\/04\/mail-300x300.png 300w, https:\/\/www.foretdesainthubert-accessible.be\/wp-content\/uploads\/2024\/04\/mail-150x150.png 150w, https:\/\/www.foretdesainthubert-accessible.be\/wp-content\/uploads\/2024\/04\/mail-768x768.png 768w, https:\/\/www.foretdesainthubert-accessible.be\/wp-content\/uploads\/2024\/04\/mail.png 1280w\" sizes=\"(max-width: 800px) 100vw, 800px\" \/>\t\t\t\t\t\t\t\t\t\t\t\t\t\t\t<\/div>\n\t\t\t\t<\/div>\n\t\t\t\t<\/div>\n\t\t<div class=\"elementor-element elementor-element-59e492e e-con-full e-flex e-con e-child\" data-id=\"59e492e\" data-element_type=\"container\" data-e-type=\"container\">\n\t\t\t\t<div class=\"elementor-element elementor-element-38a4b41 elementor-widget elementor-widget-text-editor\" data-id=\"38a4b41\" data-element_type=\"widget\" data-e-type=\"widget\" data-widget_type=\"text-editor.default\">\n\t\t\t\t<div class=\"elementor-widget-container\">\n\t\t\t\t\t\t\t\t\t<p>Um Informationen zu erhalten, k\u00f6nnen Sie eine E-Mail an die Adresse tourisme@wellin.be schicken.<\/p>\n\t\t\t\t\t\t\t\t<\/div>\n\t\t\t\t<\/div>\n\t\t\t\t<\/div>\n\t\t\t\t\t<\/div>\n\t\t\t\t<\/div>\n\t\t<div class=\"elementor-element elementor-element-066a0b9 e-flex e-con-boxed e-con e-parent\" data-id=\"066a0b9\" data-element_type=\"container\" data-e-type=\"container\">\n\t\t\t\t\t<div class=\"e-con-inner\">\n\t\t<div class=\"elementor-element elementor-element-c8e1ff2 e-con-full e-flex e-con e-child\" data-id=\"c8e1ff2\" data-element_type=\"container\" data-e-type=\"container\">\n\t\t\t\t<div class=\"elementor-element elementor-element-8bdabb4 elementor-widget elementor-widget-image\" data-id=\"8bdabb4\" data-element_type=\"widget\" data-e-type=\"widget\" data-widget_type=\"image.default\">\n\t\t\t\t<div class=\"elementor-widget-container\">\n\t\t\t\t\t\t\t\t\t\t\t\t\t\t\t<img loading=\"lazy\" decoding=\"async\" width=\"800\" height=\"800\" src=\"https:\/\/www.foretdesainthubert-accessible.be\/wp-content\/uploads\/2024\/04\/reservation.webp\" class=\"attachment-large size-large wp-image-549\" alt=\"Pictogramme calendrier\" srcset=\"https:\/\/www.foretdesainthubert-accessible.be\/wp-content\/uploads\/2024\/04\/reservation.webp 1024w, https:\/\/www.foretdesainthubert-accessible.be\/wp-content\/uploads\/2024\/04\/reservation-300x300.webp 300w, https:\/\/www.foretdesainthubert-accessible.be\/wp-content\/uploads\/2024\/04\/reservation-150x150.webp 150w, https:\/\/www.foretdesainthubert-accessible.be\/wp-content\/uploads\/2024\/04\/reservation-768x768.webp 768w\" sizes=\"(max-width: 800px) 100vw, 800px\" \/>\t\t\t\t\t\t\t\t\t\t\t\t\t\t\t<\/div>\n\t\t\t\t<\/div>\n\t\t\t\t<\/div>\n\t\t<div class=\"elementor-element elementor-element-5801eba e-con-full e-flex e-con e-child\" data-id=\"5801eba\" data-element_type=\"container\" data-e-type=\"container\">\n\t\t\t\t<div class=\"elementor-element elementor-element-27559c9 elementor-widget elementor-widget-text-editor\" data-id=\"27559c9\" data-element_type=\"widget\" data-e-type=\"widget\" data-widget_type=\"text-editor.default\">\n\t\t\t\t<div class=\"elementor-widget-container\">\n\t\t\t\t\t\t\t\t\t<p>Das Empfangsb\u00fcro des Fremdenverkehrsamtes in Wellin ist zu den folgenden Zeiten ge\u00f6ffnet:<\/p>\n<ul>\n<li>vom 1. September bis 30. Juni: Montag, Dienstag, Mittwoch, Freitag und Samstag von 9:00 bis 13:00 Uhr.<\/li>\n<li>vom 1. Juli bis 31. August: Montag, Dienstag, Mittwoch, Freitag, Samstag und Sonntag von 10:00 bis 16:00 Uhr.<\/li>\n<\/ul>\n\t\t\t\t\t\t\t\t<\/div>\n\t\t\t\t<\/div>\n\t\t\t\t<\/div>\n\t\t\t\t\t<\/div>\n\t\t\t\t<\/div>\n\t\t<div class=\"elementor-element elementor-element-c81eb1b e-flex e-con-boxed e-con e-parent\" data-id=\"c81eb1b\" data-element_type=\"container\" data-e-type=\"container\">\n\t\t\t\t\t<div class=\"e-con-inner\">\n\t\t<div class=\"elementor-element elementor-element-a4d5aed e-con-full e-flex e-con e-child\" data-id=\"a4d5aed\" data-element_type=\"container\" data-e-type=\"container\">\n\t\t\t\t<div class=\"elementor-element elementor-element-ffec5df elementor-widget elementor-widget-image\" data-id=\"ffec5df\" data-element_type=\"widget\" data-e-type=\"widget\" data-widget_type=\"image.default\">\n\t\t\t\t<div class=\"elementor-widget-container\">\n\t\t\t\t\t\t\t\t\t\t\t\t\t\t\t<img loading=\"lazy\" decoding=\"async\" width=\"800\" height=\"800\" src=\"https:\/\/www.foretdesainthubert-accessible.be\/wp-content\/uploads\/2024\/04\/parking-1024x1024-1.webp\" class=\"attachment-large size-large wp-image-682\" alt=\"Pictogramme parking\" srcset=\"https:\/\/www.foretdesainthubert-accessible.be\/wp-content\/uploads\/2024\/04\/parking-1024x1024-1.webp 1024w, https:\/\/www.foretdesainthubert-accessible.be\/wp-content\/uploads\/2024\/04\/parking-1024x1024-1-300x300.webp 300w, https:\/\/www.foretdesainthubert-accessible.be\/wp-content\/uploads\/2024\/04\/parking-1024x1024-1-150x150.webp 150w, https:\/\/www.foretdesainthubert-accessible.be\/wp-content\/uploads\/2024\/04\/parking-1024x1024-1-768x768.webp 768w\" sizes=\"(max-width: 800px) 100vw, 800px\" \/>\t\t\t\t\t\t\t\t\t\t\t\t\t\t\t<\/div>\n\t\t\t\t<\/div>\n\t\t\t\t<\/div>\n\t\t<div class=\"elementor-element elementor-element-ef551f8 e-con-full e-flex e-con e-child\" data-id=\"ef551f8\" data-element_type=\"container\" data-e-type=\"container\">\n\t\t\t\t<div class=\"elementor-element elementor-element-da5488a elementor-widget elementor-widget-text-editor\" data-id=\"da5488a\" data-element_type=\"widget\" data-e-type=\"widget\" data-widget_type=\"text-editor.default\">\n\t\t\t\t<div class=\"elementor-widget-container\">\n\t\t\t\t\t\t\t\t\t<p>Vor dem Tourismusb\u00fcro gibt es einen Parkplatz mit drei Pl\u00e4tzen.<\/p>\n<p>Der Weg zur Eingangst\u00fcr des Fremdenverkehrsamtes verl\u00e4uft auf einem Belag aus Verbundsteinpflaster.<br \/>Es gibt keine Schr\u00e4gen, Bordsteine oder Stra\u00dfen\u00fcberquerungen.<\/p>\n<p>Ein Behindertenparkplatz befindet sich etwa 50 Meter vom Fremdenverkehrsamt entfernt.<\/p>\n\t\t\t\t\t\t\t\t<\/div>\n\t\t\t\t<\/div>\n\t\t\t\t<\/div>\n\t\t\t\t\t<\/div>\n\t\t\t\t<\/div>\n\t\t<div class=\"elementor-element elementor-element-9984ff1 e-flex e-con-boxed e-con e-parent\" data-id=\"9984ff1\" data-element_type=\"container\" data-e-type=\"container\">\n\t\t\t\t\t<div class=\"e-con-inner\">\n\t\t<div class=\"elementor-element elementor-element-5d75139 e-con-full e-flex e-con e-child\" data-id=\"5d75139\" data-element_type=\"container\" data-e-type=\"container\">\n\t\t\t\t<div class=\"elementor-element elementor-element-3f9019b elementor-widget elementor-widget-image\" data-id=\"3f9019b\" data-element_type=\"widget\" data-e-type=\"widget\" data-widget_type=\"image.default\">\n\t\t\t\t<div class=\"elementor-widget-container\">\n\t\t\t\t\t\t\t\t\t\t\t\t\t\t\t<img loading=\"lazy\" decoding=\"async\" width=\"800\" height=\"676\" src=\"https:\/\/www.foretdesainthubert-accessible.be\/wp-content\/uploads\/2024\/04\/toilette-pmr.webp\" class=\"attachment-large size-large wp-image-564\" alt=\"Pictogramme toilette PMR\" srcset=\"https:\/\/www.foretdesainthubert-accessible.be\/wp-content\/uploads\/2024\/04\/toilette-pmr.webp 1024w, https:\/\/www.foretdesainthubert-accessible.be\/wp-content\/uploads\/2024\/04\/toilette-pmr-300x253.webp 300w, https:\/\/www.foretdesainthubert-accessible.be\/wp-content\/uploads\/2024\/04\/toilette-pmr-768x649.webp 768w\" sizes=\"(max-width: 800px) 100vw, 800px\" \/>\t\t\t\t\t\t\t\t\t\t\t\t\t\t\t<\/div>\n\t\t\t\t<\/div>\n\t\t\t\t<\/div>\n\t\t<div class=\"elementor-element elementor-element-9856afb e-con-full e-flex e-con e-child\" data-id=\"9856afb\" data-element_type=\"container\" data-e-type=\"container\">\n\t\t\t\t<div class=\"elementor-element elementor-element-0d398ca elementor-widget elementor-widget-text-editor\" data-id=\"0d398ca\" data-element_type=\"widget\" data-e-type=\"widget\" data-widget_type=\"text-editor.default\">\n\t\t\t\t<div class=\"elementor-widget-container\">\n\t\t\t\t\t\t\t\t\t<p>Auf Anfrage gibt es eine barrierefreie Toilette.<br \/>Sie ist f\u00fcr Personen mit eingeschr\u00e4nkter Mobilit\u00e4t ausgestattet.<\/p>\n\t\t\t\t\t\t\t\t<\/div>\n\t\t\t\t<\/div>\n\t\t\t\t<\/div>\n\t\t\t\t\t<\/div>\n\t\t\t\t<\/div>\n\t\t<div class=\"elementor-element elementor-element-8bb2d96 e-flex e-con-boxed e-con e-parent\" data-id=\"8bb2d96\" data-element_type=\"container\" data-e-type=\"container\">\n\t\t\t\t\t<div class=\"e-con-inner\">\n\t\t<div class=\"elementor-element elementor-element-0e524f3 e-con-full e-flex e-con e-child\" data-id=\"0e524f3\" data-element_type=\"container\" data-e-type=\"container\">\n\t\t\t\t<div class=\"elementor-element elementor-element-ee72606 elementor-widget elementor-widget-image\" data-id=\"ee72606\" data-element_type=\"widget\" data-e-type=\"widget\" data-widget_type=\"image.default\">\n\t\t\t\t<div class=\"elementor-widget-container\">\n\t\t\t\t\t\t\t\t\t\t\t\t\t\t\t<img loading=\"lazy\" decoding=\"async\" width=\"800\" height=\"708\" src=\"https:\/\/www.foretdesainthubert-accessible.be\/wp-content\/uploads\/2024\/04\/wifi.webp\" class=\"attachment-large size-large wp-image-545\" alt=\"Pictogramme wifi\" srcset=\"https:\/\/www.foretdesainthubert-accessible.be\/wp-content\/uploads\/2024\/04\/wifi.webp 1024w, https:\/\/www.foretdesainthubert-accessible.be\/wp-content\/uploads\/2024\/04\/wifi-300x265.webp 300w, https:\/\/www.foretdesainthubert-accessible.be\/wp-content\/uploads\/2024\/04\/wifi-768x680.webp 768w\" sizes=\"(max-width: 800px) 100vw, 800px\" \/>\t\t\t\t\t\t\t\t\t\t\t\t\t\t\t<\/div>\n\t\t\t\t<\/div>\n\t\t\t\t<\/div>\n\t\t<div class=\"elementor-element elementor-element-673894a e-con-full e-flex e-con e-child\" data-id=\"673894a\" data-element_type=\"container\" data-e-type=\"container\">\n\t\t\t\t<div class=\"elementor-element elementor-element-a58b5ba elementor-widget elementor-widget-text-editor\" data-id=\"a58b5ba\" data-element_type=\"widget\" data-e-type=\"widget\" data-widget_type=\"text-editor.default\">\n\t\t\t\t<div class=\"elementor-widget-container\">\n\t\t\t\t\t\t\t\t\t<p>Wifi ist kostenlos verf\u00fcgbar.<\/p>\n\t\t\t\t\t\t\t\t<\/div>\n\t\t\t\t<\/div>\n\t\t\t\t<\/div>\n\t\t\t\t\t<\/div>\n\t\t\t\t<\/div>\n\t\t<div class=\"elementor-element elementor-element-48d733a e-flex e-con-boxed e-con e-parent\" data-id=\"48d733a\" data-element_type=\"container\" data-e-type=\"container\">\n\t\t\t\t\t<div class=\"e-con-inner\">\n\t\t<div class=\"elementor-element elementor-element-eeefb94 e-con-full e-flex e-con e-child\" data-id=\"eeefb94\" data-element_type=\"container\" data-e-type=\"container\">\n\t\t\t\t<div class=\"elementor-element elementor-element-b36f04f elementor-widget elementor-widget-image\" data-id=\"b36f04f\" data-element_type=\"widget\" data-e-type=\"widget\" data-widget_type=\"image.default\">\n\t\t\t\t<div class=\"elementor-widget-container\">\n\t\t\t\t\t\t\t\t\t\t\t\t\t\t\t<img loading=\"lazy\" decoding=\"async\" width=\"752\" height=\"1024\" src=\"https:\/\/www.foretdesainthubert-accessible.be\/wp-content\/uploads\/2024\/04\/20240403-Autocollant-chien-dassistance-1080x1920-px-ep-752x1024.png\" class=\"attachment-large size-large wp-image-653\" alt=\"Pictogramme chiens d&#039;assistance admis\" srcset=\"https:\/\/www.foretdesainthubert-accessible.be\/wp-content\/uploads\/2024\/04\/20240403-Autocollant-chien-dassistance-1080x1920-px-ep-752x1024.png 752w, https:\/\/www.foretdesainthubert-accessible.be\/wp-content\/uploads\/2024\/04\/20240403-Autocollant-chien-dassistance-1080x1920-px-ep-220x300.png 220w, https:\/\/www.foretdesainthubert-accessible.be\/wp-content\/uploads\/2024\/04\/20240403-Autocollant-chien-dassistance-1080x1920-px-ep-768x1046.png 768w, https:\/\/www.foretdesainthubert-accessible.be\/wp-content\/uploads\/2024\/04\/20240403-Autocollant-chien-dassistance-1080x1920-px-ep-1128x1536.png 1128w, https:\/\/www.foretdesainthubert-accessible.be\/wp-content\/uploads\/2024\/04\/20240403-Autocollant-chien-dassistance-1080x1920-px-ep.png 1410w\" sizes=\"(max-width: 752px) 100vw, 752px\" \/>\t\t\t\t\t\t\t\t\t\t\t\t\t\t\t<\/div>\n\t\t\t\t<\/div>\n\t\t\t\t<\/div>\n\t\t<div class=\"elementor-element elementor-element-242bafe e-con-full e-flex e-con e-child\" data-id=\"242bafe\" data-element_type=\"container\" data-e-type=\"container\">\n\t\t\t\t<div class=\"elementor-element elementor-element-f11e3e0 elementor-widget elementor-widget-text-editor\" data-id=\"f11e3e0\" data-element_type=\"widget\" data-e-type=\"widget\" data-widget_type=\"text-editor.default\">\n\t\t\t\t<div class=\"elementor-widget-container\">\n\t\t\t\t\t\t\t\t\t<p>Assistenzhunde sind willkommen.<br \/>Auf Anfrage wird ein Wasserbeh\u00e4lter zur Verf\u00fcgung gestellt. <\/p>\n\t\t\t\t\t\t\t\t<\/div>\n\t\t\t\t<\/div>\n\t\t\t\t<\/div>\n\t\t\t\t\t<\/div>\n\t\t\t\t<\/div>\n\t\t<div class=\"elementor-element elementor-element-fe7aee1 e-flex e-con-boxed e-con e-parent\" data-id=\"fe7aee1\" data-element_type=\"container\" data-e-type=\"container\">\n\t\t\t\t\t<div class=\"e-con-inner\">\n\t\t<div class=\"elementor-element elementor-element-561b919 e-con-full e-flex e-con e-child\" data-id=\"561b919\" data-element_type=\"container\" data-e-type=\"container\">\n\t\t\t\t<div class=\"elementor-element elementor-element-866f9f8 elementor-widget elementor-widget-image\" data-id=\"866f9f8\" data-element_type=\"widget\" data-e-type=\"widget\" data-widget_type=\"image.default\">\n\t\t\t\t<div class=\"elementor-widget-container\">\n\t\t\t\t\t\t\t\t\t\t\t\t\t\t\t<img loading=\"lazy\" decoding=\"async\" width=\"800\" height=\"696\" src=\"https:\/\/www.foretdesainthubert-accessible.be\/wp-content\/uploads\/2024\/04\/aide-1024x891-1.webp\" class=\"attachment-large size-large wp-image-568\" alt=\"\" srcset=\"https:\/\/www.foretdesainthubert-accessible.be\/wp-content\/uploads\/2024\/04\/aide-1024x891-1.webp 1024w, https:\/\/www.foretdesainthubert-accessible.be\/wp-content\/uploads\/2024\/04\/aide-1024x891-1-300x261.webp 300w, https:\/\/www.foretdesainthubert-accessible.be\/wp-content\/uploads\/2024\/04\/aide-1024x891-1-768x668.webp 768w\" sizes=\"(max-width: 800px) 100vw, 800px\" \/>\t\t\t\t\t\t\t\t\t\t\t\t\t\t\t<\/div>\n\t\t\t\t<\/div>\n\t\t\t\t<\/div>\n\t\t<div class=\"elementor-element elementor-element-3d1678c e-con-full e-flex e-con e-child\" data-id=\"3d1678c\" data-element_type=\"container\" data-e-type=\"container\">\n\t\t\t\t<div class=\"elementor-element elementor-element-6f15406 elementor-widget elementor-widget-text-editor\" data-id=\"6f15406\" data-element_type=\"widget\" data-e-type=\"widget\" data-widget_type=\"text-editor.default\">\n\t\t\t\t<div class=\"elementor-widget-container\">\n\t\t\t\t\t\t\t\t\t<p>Bei Bedarf ist eine Person an der Rezeption anwesend.<br \/>Sie kann Sie ankommen sehen, Ihnen helfen und Sie informieren.<br \/>Das Personal steht jederzeit zur Verf\u00fcgung, um zu helfen und zu beraten.<\/p>\n\t\t\t\t\t\t\t\t<\/div>\n\t\t\t\t<\/div>\n\t\t\t\t<\/div>\n\t\t\t\t\t<\/div>\n\t\t\t\t<\/div>\n\t\t<div class=\"elementor-element elementor-element-fa202cb e-flex e-con-boxed e-con e-parent\" data-id=\"fa202cb\" data-element_type=\"container\" data-e-type=\"container\">\n\t\t\t\t\t<div class=\"e-con-inner\">\n\t\t<div class=\"elementor-element elementor-element-d2144df e-con-full e-flex e-con e-child\" data-id=\"d2144df\" data-element_type=\"container\" data-e-type=\"container\">\n\t\t\t\t<div class=\"elementor-element elementor-element-026cb6a elementor-widget elementor-widget-image\" data-id=\"026cb6a\" data-element_type=\"widget\" data-e-type=\"widget\" data-widget_type=\"image.default\">\n\t\t\t\t<div class=\"elementor-widget-container\">\n\t\t\t\t\t\t\t\t\t\t\t\t\t\t\t<img loading=\"lazy\" decoding=\"async\" width=\"745\" height=\"555\" src=\"https:\/\/www.foretdesainthubert-accessible.be\/wp-content\/uploads\/2024\/04\/bienvenue-velo.jpg\" class=\"attachment-large size-large wp-image-541\" alt=\"Pictogramme Bienvenue v\u00e9lo\" srcset=\"https:\/\/www.foretdesainthubert-accessible.be\/wp-content\/uploads\/2024\/04\/bienvenue-velo.jpg 745w, https:\/\/www.foretdesainthubert-accessible.be\/wp-content\/uploads\/2024\/04\/bienvenue-velo-300x223.jpg 300w\" sizes=\"(max-width: 745px) 100vw, 745px\" \/>\t\t\t\t\t\t\t\t\t\t\t\t\t\t\t<\/div>\n\t\t\t\t<\/div>\n\t\t\t\t<\/div>\n\t\t<div class=\"elementor-element elementor-element-3ba639f e-con-full e-flex e-con e-child\" data-id=\"3ba639f\" data-element_type=\"container\" data-e-type=\"container\">\n\t\t\t\t<div class=\"elementor-element elementor-element-d093200 elementor-widget elementor-widget-text-editor\" data-id=\"d093200\" data-element_type=\"widget\" data-e-type=\"widget\" data-widget_type=\"text-editor.default\">\n\t\t\t\t<div class=\"elementor-widget-container\">\n\t\t\t\t\t\t\t\t\t<p>Es ist m\u00f6glich, mit dem Fahrrad zu kommen, da dieses Touristeninformationsb\u00fcro das G\u00fctesiegel \u201eBienvenue v\u00e9lo\u201c tr\u00e4gt.<br \/>Das bedeutet unter anderem, dass es Routen in der N\u00e4he gibt, dass man sein Fahrrad sicher abstellen kann und dass es vor Ort ein Set gibt, mit dem man grundlegende Reparaturen durchf\u00fchren kann.<\/p>\n\t\t\t\t\t\t\t\t<\/div>\n\t\t\t\t<\/div>\n\t\t\t\t<\/div>\n\t\t\t\t\t<\/div>\n\t\t\t\t<\/div>\n\t\t<div class=\"elementor-element elementor-element-92afc44 e-flex e-con-boxed e-con e-parent\" data-id=\"92afc44\" data-element_type=\"container\" data-e-type=\"container\">\n\t\t\t\t\t<div class=\"e-con-inner\">\n\t\t\t\t<div class=\"elementor-element elementor-element-372f0c2 elementor-widget elementor-widget-heading\" data-id=\"372f0c2\" data-element_type=\"widget\" data-e-type=\"widget\" data-widget_type=\"heading.default\">\n\t\t\t\t<div class=\"elementor-widget-container\">\n\t\t\t\t\t<h2 class=\"elementor-heading-title elementor-size-default\">N\u00fctzliche Informationen<\/h2>\t\t\t\t<\/div>\n\t\t\t\t<\/div>\n\t\t\t\t\t<\/div>\n\t\t\t\t<\/div>\n\t\t<div class=\"elementor-element elementor-element-afa3277 e-flex e-con-boxed e-con e-parent\" data-id=\"afa3277\" data-element_type=\"container\" data-e-type=\"container\">\n\t\t\t\t\t<div class=\"e-con-inner\">\n\t\t\t\t<div class=\"elementor-element elementor-element-1af78b0 elementor-widget elementor-widget-text-editor\" data-id=\"1af78b0\" data-element_type=\"widget\" data-e-type=\"widget\" data-widget_type=\"text-editor.default\">\n\t\t\t\t<div class=\"elementor-widget-container\">\n\t\t\t\t\t\t\t\t\t<p><strong>Zugang zum Geb\u00e4ude:<\/strong><\/p>\n<ul>\n<li>Das Fremdenverkehrsamt ist sehr gut ausgeschildert.<\/li>\n<li>Der freie Durchgang der Eingangst\u00fcr betr\u00e4gt 85 cm.<\/li>\n<li>An der Schwelle der Eingangst\u00fcr befindet sich ein kleiner Rand.<\/li>\n<li>Wenn Sie im Rollstuhl sitzen, ben\u00f6tigen Sie Hilfe beim Eintreten.<br \/>\nDas Personal ist anwesend, um zu helfen.<\/li>\n<\/ul>\n<p><strong>Innerhalb des Geb\u00e4udes:<\/strong><\/p>\n<ul>\n<li>Die Beleuchtung ist gut und blendfrei.<\/li>\n<li>Der Weg von der T\u00fcr zum Empfangstresen ist breit, intuitiv und barrierefrei.<\/li>\n<li>Die W\u00e4nde sind in kontrastierenden Farben gehalten.<\/li>\n<li>Ein Teil des Empfangstresens ist abgesenkt.<\/li>\n<li>Es gibt B\u00e4nke und St\u00fchle mit Armlehnen vor Ort.<\/li>\n<li>Es sind Brosch\u00fcren, Karten, Reiserouten und verschiedene kleine Produkte erh\u00e4ltlich.<\/li>\n<li>Die meisten Brosch\u00fcren und Karten sind f\u00fcr kleine Personen und Rollstuhlfahrer in guter Erreichbarkeitsh\u00f6he angebracht.<\/li>\n<li>Es besteht die M\u00f6glichkeit, mit Karte oder bar zu bezahlen.<\/li>\n<\/ul>\n<p><strong>Weitere n\u00fctzliche Informationen:<\/strong><\/p>\n<ul>\n<li>Eine Schnepfe befindet sich im Tourismusb\u00fcro.<br \/>\nSie ist f\u00fcr Personen mit Mobilit\u00e4tsproblemen verf\u00fcgbar.<br \/>\nWeitere Informationen \u00fcber die Schnepfe finden Sie unter folgendem Link: <a href=\"https:\/\/www.wellin.be\/tourisme\/bouger\/la-becasine\/la-becasine\" target=\"_blank\" rel=\"noopener\">https:\/\/www.wellin.be\/tourisme\/bouger\/la-becasine\/la-becasine<\/a><br \/>\nDas Personal wird Sie \u00fcber die Nutzung der Schnepfe und die m\u00f6glichen Rundwege informieren.<br \/>\nEs gibt einen Rundweg, der beim Fremdenverkehrsamt beginnt.<\/li>\n<li>In der Informationsstelle sind manchmal Ausstellungen von K\u00fcnstlern zu sehen.<\/li>\n<\/ul>\n\t\t\t\t\t\t\t\t<\/div>\n\t\t\t\t<\/div>\n\t\t\t\t\t<\/div>\n\t\t\t\t<\/div>\n\t\t<div class=\"elementor-element elementor-element-1e8e68f e-flex e-con-boxed e-con e-parent\" data-id=\"1e8e68f\" data-element_type=\"container\" data-e-type=\"container\">\n\t\t\t\t\t<div class=\"e-con-inner\">\n\t\t<div class=\"elementor-element elementor-element-bd373f9 e-con-full e-flex e-con e-child\" data-id=\"bd373f9\" data-element_type=\"container\" data-e-type=\"container\">\n\t\t\t\t<div class=\"elementor-element elementor-element-db8b8ea elementor-widget elementor-widget-image\" data-id=\"db8b8ea\" data-element_type=\"widget\" data-e-type=\"widget\" data-widget_type=\"image.default\">\n\t\t\t\t<div class=\"elementor-widget-container\">\n\t\t\t\t\t\t\t\t\t\t\t\t\t\t\t<img loading=\"lazy\" decoding=\"async\" width=\"800\" height=\"800\" src=\"https:\/\/www.foretdesainthubert-accessible.be\/wp-content\/uploads\/2024\/04\/falc.webp\" class=\"attachment-large size-large wp-image-628\" alt=\"\" srcset=\"https:\/\/www.foretdesainthubert-accessible.be\/wp-content\/uploads\/2024\/04\/falc.webp 1024w, https:\/\/www.foretdesainthubert-accessible.be\/wp-content\/uploads\/2024\/04\/falc-300x300.webp 300w, https:\/\/www.foretdesainthubert-accessible.be\/wp-content\/uploads\/2024\/04\/falc-150x150.webp 150w, https:\/\/www.foretdesainthubert-accessible.be\/wp-content\/uploads\/2024\/04\/falc-768x768.webp 768w\" sizes=\"(max-width: 800px) 100vw, 800px\" \/>\t\t\t\t\t\t\t\t\t\t\t\t\t\t\t<\/div>\n\t\t\t\t<\/div>\n\t\t\t\t<\/div>\n\t\t<div class=\"elementor-element elementor-element-1863c9b e-con-full e-flex e-con e-child\" data-id=\"1863c9b\" data-element_type=\"container\" data-e-type=\"container\">\n\t\t\t\t<div class=\"elementor-element elementor-element-a3cf1db elementor-widget elementor-widget-heading\" data-id=\"a3cf1db\" data-element_type=\"widget\" data-e-type=\"widget\" data-widget_type=\"heading.default\">\n\t\t\t\t<div class=\"elementor-widget-container\">\n\t\t\t\t\t<h3 class=\"elementor-heading-title elementor-size-default\">Leicht zu lesen und zu verstehen<\/h3>\t\t\t\t<\/div>\n\t\t\t\t<\/div>\n\t\t\t\t<\/div>\n\t\t\t\t\t<\/div>\n\t\t\t\t<\/div>\n\t\t<div class=\"elementor-element elementor-element-3ebfbf3 e-flex e-con-boxed e-con e-parent\" data-id=\"3ebfbf3\" data-element_type=\"container\" data-e-type=\"container\">\n\t\t\t\t\t<div class=\"e-con-inner\">\n\t\t\t\t<div class=\"elementor-element elementor-element-e1cb7ae elementor-widget elementor-widget-text-editor\" data-id=\"e1cb7ae\" data-element_type=\"widget\" data-e-type=\"widget\" data-widget_type=\"text-editor.default\">\n\t\t\t\t<div class=\"elementor-widget-container\">\n\t\t\t\t\t\t\t\t\t<p>Dieser Text ist in Leicht Lesen und Verstehen geschrieben.<\/p>\n<p><strong>Im Fremdenverkehrsamt von Wellin k\u00f6nnen Sie fragen :<\/strong><\/p>\n<p>Sehensw\u00fcrdigkeiten in der Region wie :<\/p>\n<ul>\n<li>Museen.<\/li>\n<li>Spazierg\u00e4nge zu Fu\u00df oder mit dem Fahrrad.<\/li>\n<li>Vergn\u00fcgungsparks.<\/li>\n<li>Die Restaurants.<\/li>\n<\/ul>\n<p><strong><br \/>\nA l\u2019Office du Tourisme de Wellin, il y a aussi :<\/strong><\/p>\n<ul>\n<li>Eine Schnepfe.<br \/>\nEine Schnepfe ist die Bezeichnung f\u00fcr einen Stuhl mit R\u00e4dern.<br \/>\nEine Schnepfe dient dazu, Spazierg\u00e4nge zu machen.<br \/>\nEs sind Menschen, die schlecht laufen k\u00f6nnen, die in eine Schnepfe gehen k\u00f6nnen.<br \/>\nEs braucht zwei Personen, um die Schnepfe zu fahren.<\/li>\n<li>Manchmal gibt es auch Zeichnungen, Gem\u00e4lde, Fotos oder Skulpturen.<br \/>\nEine Skulptur ist ein Gegenstand, der von einer Person gemacht wurde.<br \/>\nDer Gegenstand kann aus Holz, Erde, Stein oder anderen Dingen bestehen.<br \/>\nSkulpturen sind Objekte zum Anschauen.<\/li>\n<li>Karten, Gegenst\u00e4nde zum Kaufen und kleine B\u00fccher, die erkl\u00e4ren, was man in der Gegend machen kann.<\/li>\n<\/ul>\n<p><strong><br \/>\nParkm\u00f6glichkeiten:<\/strong><\/p>\n<ul>\n<li>Der Parkplatz befindet sich vor dem Tourismusb\u00fcro.<\/li>\n<li>Es gibt drei Parkpl\u00e4tze.<br \/>\nVom Parkplatz bis zum Office du Tourisme ist alles flach.<\/li>\n<li>Ein PMR-Parkplatz befindet sich gegen\u00fcber dem Fremdenverkehrsamt.<br \/>\nPMR steht f\u00fcr Person mit eingeschr\u00e4nkter Mobilit\u00e4t.<br \/>\nPMR haben Schwierigkeiten beim Gehen.<\/li>\n<\/ul>\n<p><strong><br \/>\nZugang zum Geb\u00e4ude:<\/strong><\/p>\n<ul>\n<li>\u00dcber der Eingangst\u00fcr steht \u201eOffice du Tourisme\u201c.<\/li>\n<li>Es gibt eine kleine Stufe, um das B\u00fcro zu betreten.<\/li>\n<li>Wenn Sie im Rollstuhl sitzen, m\u00fcssen Sie sich helfen lassen.<\/li>\n<li>Es gibt jemanden vor Ort, der Ihnen helfen kann.<\/li>\n<\/ul>\n<p><strong><br \/>\nInnerhalb des Geb\u00e4udes:<\/strong><\/p>\n<ul>\n<li>In dem Office du Tourisme ist es hell.<\/li>\n<li>In dem Office du Tourisme ist genug Platz.<\/li>\n<li>Die Farben der W\u00e4nde sind gut sichtbar.<\/li>\n<li>Es gibt einen niedrigeren Schreibtisch, damit Menschen, die im Stuhl sitzen, gut sitzen k\u00f6nnen.<\/li>\n<li>Es gibt B\u00e4nke und St\u00fchle.<\/li>\n<li>Es gibt eine Toilette in der Touristeninformation.<br \/>\nDie Toilette ist gro\u00df f\u00fcr Menschen im Rollstuhl.<br \/>\nDu musst vorsichtig sein, da die Stange zum Festhalten nicht gut angebracht ist.<\/li>\n<li>Man kann mit einer Bankkarte oder mit Geld bezahlen.<\/li>\n<li>Man kann nach Wasser f\u00fcr die Hunde fragen.<\/li>\n<\/ul>\n\t\t\t\t\t\t\t\t<\/div>\n\t\t\t\t<\/div>\n\t\t\t\t\t<\/div>\n\t\t\t\t<\/div>\n\t\t<div class=\"elementor-element elementor-element-6dcb6d8 e-flex e-con-boxed e-con e-parent\" data-id=\"6dcb6d8\" data-element_type=\"container\" data-e-type=\"container\">\n\t\t\t\t\t<div class=\"e-con-inner\">\n\t\t\t\t<div class=\"elementor-element elementor-element-d6ad58e elementor-widget elementor-widget-heading\" data-id=\"d6ad58e\" data-element_type=\"widget\" data-e-type=\"widget\" data-widget_type=\"heading.default\">\n\t\t\t\t<div class=\"elementor-widget-container\">\n\t\t\t\t\t<h2 class=\"elementor-heading-title elementor-size-default\">Fotos von Parkpl\u00e4tzen<\/h2>\t\t\t\t<\/div>\n\t\t\t\t<\/div>\n\t\t\t\t\t<\/div>\n\t\t\t\t<\/div>\n\t\t<div class=\"elementor-element elementor-element-16813a6 e-flex e-con-boxed e-con e-parent\" data-id=\"16813a6\" data-element_type=\"container\" data-e-type=\"container\">\n\t\t\t\t\t<div class=\"e-con-inner\">\n\t\t<div class=\"elementor-element elementor-element-fca0c10 e-con-full e-flex e-con e-child\" data-id=\"fca0c10\" data-element_type=\"container\" data-e-type=\"container\">\n\t\t\t\t<div class=\"elementor-element elementor-element-2002d9b elementor-widget elementor-widget-image\" data-id=\"2002d9b\" data-element_type=\"widget\" data-e-type=\"widget\" data-widget_type=\"image.default\">\n\t\t\t\t<div class=\"elementor-widget-container\">\n\t\t\t\t\t\t\t\t\t\t\t\t\t\t\t<img loading=\"lazy\" decoding=\"async\" width=\"768\" height=\"1024\" src=\"https:\/\/www.foretdesainthubert-accessible.be\/wp-content\/uploads\/2024\/04\/office-du-tourisme-wellin-2-768x1024-1.webp\" class=\"attachment-large size-large wp-image-953\" alt=\"\" srcset=\"https:\/\/www.foretdesainthubert-accessible.be\/wp-content\/uploads\/2024\/04\/office-du-tourisme-wellin-2-768x1024-1.webp 768w, https:\/\/www.foretdesainthubert-accessible.be\/wp-content\/uploads\/2024\/04\/office-du-tourisme-wellin-2-768x1024-1-225x300.webp 225w\" sizes=\"(max-width: 768px) 100vw, 768px\" \/>\t\t\t\t\t\t\t\t\t\t\t\t\t\t\t<\/div>\n\t\t\t\t<\/div>\n\t\t\t\t<\/div>\n\t\t<div class=\"elementor-element elementor-element-1a06d6d e-con-full e-flex e-con e-child\" data-id=\"1a06d6d\" data-element_type=\"container\" data-e-type=\"container\">\n\t\t\t\t<div class=\"elementor-element elementor-element-6e1257d elementor-widget elementor-widget-image\" data-id=\"6e1257d\" data-element_type=\"widget\" data-e-type=\"widget\" data-widget_type=\"image.default\">\n\t\t\t\t<div class=\"elementor-widget-container\">\n\t\t\t\t\t\t\t\t\t\t\t\t\t\t\t<img loading=\"lazy\" decoding=\"async\" width=\"800\" height=\"600\" src=\"https:\/\/www.foretdesainthubert-accessible.be\/wp-content\/uploads\/2024\/04\/office-du-tourisme-wellin-1-1024x768-1.webp\" class=\"attachment-large size-large wp-image-957\" alt=\"\" srcset=\"https:\/\/www.foretdesainthubert-accessible.be\/wp-content\/uploads\/2024\/04\/office-du-tourisme-wellin-1-1024x768-1.webp 1024w, https:\/\/www.foretdesainthubert-accessible.be\/wp-content\/uploads\/2024\/04\/office-du-tourisme-wellin-1-1024x768-1-300x225.webp 300w, https:\/\/www.foretdesainthubert-accessible.be\/wp-content\/uploads\/2024\/04\/office-du-tourisme-wellin-1-1024x768-1-768x576.webp 768w\" sizes=\"(max-width: 800px) 100vw, 800px\" \/>\t\t\t\t\t\t\t\t\t\t\t\t\t\t\t<\/div>\n\t\t\t\t<\/div>\n\t\t\t\t<\/div>\n\t\t\t\t\t<\/div>\n\t\t\t\t<\/div>\n\t\t<div class=\"elementor-element elementor-element-37b0073 e-flex e-con-boxed e-con e-parent\" data-id=\"37b0073\" data-element_type=\"container\" data-e-type=\"container\">\n\t\t\t\t\t<div class=\"e-con-inner\">\n\t\t\t\t<div class=\"elementor-element elementor-element-b6196fd elementor-widget elementor-widget-heading\" data-id=\"b6196fd\" data-element_type=\"widget\" data-e-type=\"widget\" data-widget_type=\"heading.default\">\n\t\t\t\t<div class=\"elementor-widget-container\">\n\t\t\t\t\t<h2 class=\"elementor-heading-title elementor-size-default\">Foto der Fassade<\/h2>\t\t\t\t<\/div>\n\t\t\t\t<\/div>\n\t\t\t\t\t<\/div>\n\t\t\t\t<\/div>\n\t\t<div class=\"elementor-element elementor-element-29d9efe e-grid e-con-boxed e-con e-parent\" data-id=\"29d9efe\" data-element_type=\"container\" data-e-type=\"container\">\n\t\t\t\t\t<div class=\"e-con-inner\">\n\t\t\t\t<div class=\"elementor-element elementor-element-59c1a13 elementor-widget elementor-widget-image\" data-id=\"59c1a13\" data-element_type=\"widget\" data-e-type=\"widget\" data-widget_type=\"image.default\">\n\t\t\t\t<div class=\"elementor-widget-container\">\n\t\t\t\t\t\t\t\t\t\t\t\t\t\t\t<img loading=\"lazy\" decoding=\"async\" width=\"800\" height=\"600\" src=\"https:\/\/www.foretdesainthubert-accessible.be\/wp-content\/uploads\/2024\/10\/wc-pmr-ot-wellin-4-1024x768.jpg\" class=\"attachment-large size-large wp-image-4239\" alt=\"Vue sur la sonnette permettant d&#039;appeler si besoin d&#039;aide pour entrer dans l&#039;Office du Tourisme de Wellin\" srcset=\"https:\/\/www.foretdesainthubert-accessible.be\/wp-content\/uploads\/2024\/10\/wc-pmr-ot-wellin-4-1024x768.jpg 1024w, https:\/\/www.foretdesainthubert-accessible.be\/wp-content\/uploads\/2024\/10\/wc-pmr-ot-wellin-4-300x225.jpg 300w, https:\/\/www.foretdesainthubert-accessible.be\/wp-content\/uploads\/2024\/10\/wc-pmr-ot-wellin-4-768x576.jpg 768w, https:\/\/www.foretdesainthubert-accessible.be\/wp-content\/uploads\/2024\/10\/wc-pmr-ot-wellin-4-1536x1152.jpg 1536w, https:\/\/www.foretdesainthubert-accessible.be\/wp-content\/uploads\/2024\/10\/wc-pmr-ot-wellin-4-2048x1536.jpg 2048w\" sizes=\"(max-width: 800px) 100vw, 800px\" \/>\t\t\t\t\t\t\t\t\t\t\t\t\t\t\t<\/div>\n\t\t\t\t<\/div>\n\t\t\t\t<div class=\"elementor-element elementor-element-60db21d elementor-widget elementor-widget-image\" data-id=\"60db21d\" data-element_type=\"widget\" data-e-type=\"widget\" data-widget_type=\"image.default\">\n\t\t\t\t<div class=\"elementor-widget-container\">\n\t\t\t\t\t\t\t\t\t\t\t\t\t\t\t<img loading=\"lazy\" decoding=\"async\" width=\"768\" height=\"1024\" src=\"https:\/\/www.foretdesainthubert-accessible.be\/wp-content\/uploads\/2024\/10\/wc-pmr-ot-wellin-1-1-768x1024.jpg\" class=\"attachment-large size-large wp-image-4254\" alt=\"Vue sur l&#039;entr\u00e9e de l&#039;Office du Tourisme \u00e0 Wellin\" srcset=\"https:\/\/www.foretdesainthubert-accessible.be\/wp-content\/uploads\/2024\/10\/wc-pmr-ot-wellin-1-1-768x1024.jpg 768w, https:\/\/www.foretdesainthubert-accessible.be\/wp-content\/uploads\/2024\/10\/wc-pmr-ot-wellin-1-1-225x300.jpg 225w, https:\/\/www.foretdesainthubert-accessible.be\/wp-content\/uploads\/2024\/10\/wc-pmr-ot-wellin-1-1-1152x1536.jpg 1152w, https:\/\/www.foretdesainthubert-accessible.be\/wp-content\/uploads\/2024\/10\/wc-pmr-ot-wellin-1-1-1536x2048.jpg 1536w, https:\/\/www.foretdesainthubert-accessible.be\/wp-content\/uploads\/2024\/10\/wc-pmr-ot-wellin-1-1-scaled.jpg 1920w\" sizes=\"(max-width: 768px) 100vw, 768px\" \/>\t\t\t\t\t\t\t\t\t\t\t\t\t\t\t<\/div>\n\t\t\t\t<\/div>\n\t\t\t\t\t<\/div>\n\t\t\t\t<\/div>\n\t\t<div class=\"elementor-element elementor-element-5b07d97 e-flex e-con-boxed e-con e-parent\" data-id=\"5b07d97\" data-element_type=\"container\" data-e-type=\"container\">\n\t\t\t\t\t<div class=\"e-con-inner\">\n\t\t\t\t<div class=\"elementor-element elementor-element-ce11675 elementor-widget elementor-widget-heading\" data-id=\"ce11675\" data-element_type=\"widget\" data-e-type=\"widget\" data-widget_type=\"heading.default\">\n\t\t\t\t<div class=\"elementor-widget-container\">\n\t\t\t\t\t<h2 class=\"elementor-heading-title elementor-size-default\">Foto der Eingangsschleuse<\/h2>\t\t\t\t<\/div>\n\t\t\t\t<\/div>\n\t\t\t\t\t<\/div>\n\t\t\t\t<\/div>\n\t\t<div class=\"elementor-element elementor-element-d3b3f35 e-grid e-con-boxed e-con e-parent\" data-id=\"d3b3f35\" data-element_type=\"container\" data-e-type=\"container\">\n\t\t\t\t\t<div class=\"e-con-inner\">\n\t\t\t\t<div class=\"elementor-element elementor-element-11033a9 elementor-widget elementor-widget-image\" data-id=\"11033a9\" data-element_type=\"widget\" data-e-type=\"widget\" data-widget_type=\"image.default\">\n\t\t\t\t<div class=\"elementor-widget-container\">\n\t\t\t\t\t\t\t\t\t\t\t\t\t\t\t<img loading=\"lazy\" decoding=\"async\" width=\"800\" height=\"600\" src=\"https:\/\/www.foretdesainthubert-accessible.be\/wp-content\/uploads\/2024\/04\/officedutourisme-wellin-3-1024x768-1.webp\" class=\"attachment-large size-large wp-image-974\" alt=\"\" srcset=\"https:\/\/www.foretdesainthubert-accessible.be\/wp-content\/uploads\/2024\/04\/officedutourisme-wellin-3-1024x768-1.webp 1024w, https:\/\/www.foretdesainthubert-accessible.be\/wp-content\/uploads\/2024\/04\/officedutourisme-wellin-3-1024x768-1-300x225.webp 300w, https:\/\/www.foretdesainthubert-accessible.be\/wp-content\/uploads\/2024\/04\/officedutourisme-wellin-3-1024x768-1-768x576.webp 768w\" sizes=\"(max-width: 800px) 100vw, 800px\" \/>\t\t\t\t\t\t\t\t\t\t\t\t\t\t\t<\/div>\n\t\t\t\t<\/div>\n\t\t\t\t\t<\/div>\n\t\t\t\t<\/div>\n\t\t<div class=\"elementor-element elementor-element-834ead8 e-flex e-con-boxed e-con e-parent\" data-id=\"834ead8\" data-element_type=\"container\" data-e-type=\"container\">\n\t\t\t\t\t<div class=\"e-con-inner\">\n\t\t\t\t<div class=\"elementor-element elementor-element-afaa635 elementor-widget elementor-widget-heading\" data-id=\"afaa635\" data-element_type=\"widget\" data-e-type=\"widget\" data-widget_type=\"heading.default\">\n\t\t\t\t<div class=\"elementor-widget-container\">\n\t\t\t\t\t<h2 class=\"elementor-heading-title elementor-size-default\">Fotos von innen<\/h2>\t\t\t\t<\/div>\n\t\t\t\t<\/div>\n\t\t\t\t\t<\/div>\n\t\t\t\t<\/div>\n\t\t<div class=\"elementor-element elementor-element-07f29d5 e-grid e-con-boxed e-con e-parent\" data-id=\"07f29d5\" data-element_type=\"container\" data-e-type=\"container\">\n\t\t\t\t\t<div class=\"e-con-inner\">\n\t\t\t\t<div class=\"elementor-element elementor-element-31d749b elementor-widget elementor-widget-image\" data-id=\"31d749b\" data-element_type=\"widget\" data-e-type=\"widget\" data-widget_type=\"image.default\">\n\t\t\t\t<div class=\"elementor-widget-container\">\n\t\t\t\t\t\t\t\t\t\t\t\t\t\t\t<img loading=\"lazy\" decoding=\"async\" width=\"800\" height=\"601\" src=\"https:\/\/www.foretdesainthubert-accessible.be\/wp-content\/uploads\/2024\/04\/officedutourisme-wellin-6-1024x769-1.webp\" class=\"attachment-large size-large wp-image-978\" alt=\"\" srcset=\"https:\/\/www.foretdesainthubert-accessible.be\/wp-content\/uploads\/2024\/04\/officedutourisme-wellin-6-1024x769-1.webp 1024w, https:\/\/www.foretdesainthubert-accessible.be\/wp-content\/uploads\/2024\/04\/officedutourisme-wellin-6-1024x769-1-300x225.webp 300w, https:\/\/www.foretdesainthubert-accessible.be\/wp-content\/uploads\/2024\/04\/officedutourisme-wellin-6-1024x769-1-768x577.webp 768w\" sizes=\"(max-width: 800px) 100vw, 800px\" \/>\t\t\t\t\t\t\t\t\t\t\t\t\t\t\t<\/div>\n\t\t\t\t<\/div>\n\t\t\t\t<div class=\"elementor-element elementor-element-e511776 elementor-widget elementor-widget-image\" data-id=\"e511776\" data-element_type=\"widget\" data-e-type=\"widget\" data-widget_type=\"image.default\">\n\t\t\t\t<div class=\"elementor-widget-container\">\n\t\t\t\t\t\t\t\t\t\t\t\t\t\t\t<img loading=\"lazy\" decoding=\"async\" width=\"800\" height=\"602\" src=\"https:\/\/www.foretdesainthubert-accessible.be\/wp-content\/uploads\/2024\/04\/officedutourisme-wellin-4-1024x770-1.webp\" class=\"attachment-large size-large wp-image-982\" alt=\"\" srcset=\"https:\/\/www.foretdesainthubert-accessible.be\/wp-content\/uploads\/2024\/04\/officedutourisme-wellin-4-1024x770-1.webp 1024w, https:\/\/www.foretdesainthubert-accessible.be\/wp-content\/uploads\/2024\/04\/officedutourisme-wellin-4-1024x770-1-300x226.webp 300w, https:\/\/www.foretdesainthubert-accessible.be\/wp-content\/uploads\/2024\/04\/officedutourisme-wellin-4-1024x770-1-768x578.webp 768w\" sizes=\"(max-width: 800px) 100vw, 800px\" \/>\t\t\t\t\t\t\t\t\t\t\t\t\t\t\t<\/div>\n\t\t\t\t<\/div>\n\t\t\t\t<div class=\"elementor-element elementor-element-b59fc5c elementor-widget elementor-widget-image\" data-id=\"b59fc5c\" data-element_type=\"widget\" data-e-type=\"widget\" data-widget_type=\"image.default\">\n\t\t\t\t<div class=\"elementor-widget-container\">\n\t\t\t\t\t\t\t\t\t\t\t\t\t\t\t<img loading=\"lazy\" decoding=\"async\" width=\"800\" height=\"600\" src=\"https:\/\/www.foretdesainthubert-accessible.be\/wp-content\/uploads\/2024\/04\/office-du-tourisme-wellin-3-1024x768-1.webp\" class=\"attachment-large size-large wp-image-986\" alt=\"\" srcset=\"https:\/\/www.foretdesainthubert-accessible.be\/wp-content\/uploads\/2024\/04\/office-du-tourisme-wellin-3-1024x768-1.webp 1024w, https:\/\/www.foretdesainthubert-accessible.be\/wp-content\/uploads\/2024\/04\/office-du-tourisme-wellin-3-1024x768-1-300x225.webp 300w, https:\/\/www.foretdesainthubert-accessible.be\/wp-content\/uploads\/2024\/04\/office-du-tourisme-wellin-3-1024x768-1-768x576.webp 768w\" sizes=\"(max-width: 800px) 100vw, 800px\" \/>\t\t\t\t\t\t\t\t\t\t\t\t\t\t\t<\/div>\n\t\t\t\t<\/div>\n\t\t\t\t<div class=\"elementor-element elementor-element-ade1c65 elementor-widget elementor-widget-image\" data-id=\"ade1c65\" data-element_type=\"widget\" data-e-type=\"widget\" data-widget_type=\"image.default\">\n\t\t\t\t<div class=\"elementor-widget-container\">\n\t\t\t\t\t\t\t\t\t\t\t\t\t\t\t<img loading=\"lazy\" decoding=\"async\" width=\"800\" height=\"600\" src=\"https:\/\/www.foretdesainthubert-accessible.be\/wp-content\/uploads\/2024\/04\/officedutourisme-wellin-2-1024x768-1.webp\" class=\"attachment-large size-large wp-image-990\" alt=\"\" srcset=\"https:\/\/www.foretdesainthubert-accessible.be\/wp-content\/uploads\/2024\/04\/officedutourisme-wellin-2-1024x768-1.webp 1024w, https:\/\/www.foretdesainthubert-accessible.be\/wp-content\/uploads\/2024\/04\/officedutourisme-wellin-2-1024x768-1-300x225.webp 300w, https:\/\/www.foretdesainthubert-accessible.be\/wp-content\/uploads\/2024\/04\/officedutourisme-wellin-2-1024x768-1-768x576.webp 768w\" sizes=\"(max-width: 800px) 100vw, 800px\" \/>\t\t\t\t\t\t\t\t\t\t\t\t\t\t\t<\/div>\n\t\t\t\t<\/div>\n\t\t\t\t\t<\/div>\n\t\t\t\t<\/div>\n\t\t<div class=\"elementor-element elementor-element-9bc8a0b e-flex e-con-boxed e-con e-parent\" data-id=\"9bc8a0b\" data-element_type=\"container\" data-e-type=\"container\">\n\t\t\t\t\t<div class=\"e-con-inner\">\n\t\t\t\t<div class=\"elementor-element elementor-element-7209fe4 elementor-widget elementor-widget-heading\" data-id=\"7209fe4\" data-element_type=\"widget\" data-e-type=\"widget\" data-widget_type=\"heading.default\">\n\t\t\t\t<div class=\"elementor-widget-container\">\n\t\t\t\t\t<h2 class=\"elementor-heading-title elementor-size-default\">Ffotos von der pmr-toilette<\/h2>\t\t\t\t<\/div>\n\t\t\t\t<\/div>\n\t\t\t\t\t<\/div>\n\t\t\t\t<\/div>\n\t\t<div class=\"elementor-element elementor-element-82b8cca e-flex e-con-boxed e-con e-parent\" data-id=\"82b8cca\" data-element_type=\"container\" data-e-type=\"container\">\n\t\t\t\t\t<div class=\"e-con-inner\">\n\t\t<div class=\"elementor-element elementor-element-22f2973 e-con-full e-flex e-con e-child\" data-id=\"22f2973\" data-element_type=\"container\" data-e-type=\"container\">\n\t\t\t\t<div class=\"elementor-element elementor-element-673f0cd elementor-widget elementor-widget-image\" data-id=\"673f0cd\" data-element_type=\"widget\" data-e-type=\"widget\" data-widget_type=\"image.default\">\n\t\t\t\t<div class=\"elementor-widget-container\">\n\t\t\t\t\t\t\t\t\t\t\t\t\t\t\t<img loading=\"lazy\" decoding=\"async\" width=\"800\" height=\"600\" src=\"https:\/\/www.foretdesainthubert-accessible.be\/wp-content\/uploads\/2024\/10\/wc-pmr-ot-wellin-2-1024x768.jpg\" class=\"attachment-large size-large wp-image-4235\" alt=\"Toilette adapt\u00e9e dans les locaux de l&#039;Office du Tourisme de Wellin\" srcset=\"https:\/\/www.foretdesainthubert-accessible.be\/wp-content\/uploads\/2024\/10\/wc-pmr-ot-wellin-2-1024x768.jpg 1024w, https:\/\/www.foretdesainthubert-accessible.be\/wp-content\/uploads\/2024\/10\/wc-pmr-ot-wellin-2-300x225.jpg 300w, https:\/\/www.foretdesainthubert-accessible.be\/wp-content\/uploads\/2024\/10\/wc-pmr-ot-wellin-2-768x576.jpg 768w, https:\/\/www.foretdesainthubert-accessible.be\/wp-content\/uploads\/2024\/10\/wc-pmr-ot-wellin-2-1536x1152.jpg 1536w, https:\/\/www.foretdesainthubert-accessible.be\/wp-content\/uploads\/2024\/10\/wc-pmr-ot-wellin-2-2048x1536.jpg 2048w\" sizes=\"(max-width: 800px) 100vw, 800px\" \/>\t\t\t\t\t\t\t\t\t\t\t\t\t\t\t<\/div>\n\t\t\t\t<\/div>\n\t\t\t\t<\/div>\n\t\t<div class=\"elementor-element elementor-element-b9ea2b7 e-con-full e-flex e-con e-child\" data-id=\"b9ea2b7\" data-element_type=\"container\" data-e-type=\"container\">\n\t\t\t\t<\/div>\n\t\t\t\t\t<\/div>\n\t\t\t\t<\/div>\n\t\t\t\t<\/div>\n\t\t","protected":false},"excerpt":{"rendered":"<p>Des Empfangsb\u00fcros in Wellin In Zusammenarbeit mit All Access (Provinz Luxemburg) teilen wir Ihnen mit, dass dieser Besuchsort f\u00fcr Menschen mit Behinderungen zug\u00e4nglich ist: Menschen im Rollstuhl Personen mit Gehbehinderungen Personen mit Sehbehinderungen Personen mit H\u00f6rbehinderung (kein visuelles Alarmsystem) Personen mit Verst\u00e4ndnisschwierigkeiten Personen mit Autismus Die Adresse lautet Grand Place 2, 6920 Wellin.Der Empfang des [&hellip;]<\/p>\n","protected":false},"author":4,"featured_media":982,"parent":0,"menu_order":0,"comment_status":"closed","ping_status":"closed","template":"","meta":{"_seopress_robots_primary_cat":"","_seopress_titles_title":"Tourismus und Behinderung - Freizeit in Belgien (Wallonien)","_seopress_titles_desc":"Informationen \u00fcber die Zug\u00e4nglichkeit des touristischen Empfangsbereichs in Wellin en For\u00eat de Saint-Hubert (Belgische Ardennen).","_seopress_robots_index":"","footnotes":""},"class_list":["post-4673","page","type-page","status-publish","has-post-thumbnail","hentry"],"_links":{"self":[{"href":"https:\/\/www.foretdesainthubert-accessible.be\/de\/wp-json\/wp\/v2\/pages\/4673","targetHints":{"allow":["GET"]}}],"collection":[{"href":"https:\/\/www.foretdesainthubert-accessible.be\/de\/wp-json\/wp\/v2\/pages"}],"about":[{"href":"https:\/\/www.foretdesainthubert-accessible.be\/de\/wp-json\/wp\/v2\/types\/page"}],"author":[{"embeddable":true,"href":"https:\/\/www.foretdesainthubert-accessible.be\/de\/wp-json\/wp\/v2\/users\/4"}],"replies":[{"embeddable":true,"href":"https:\/\/www.foretdesainthubert-accessible.be\/de\/wp-json\/wp\/v2\/comments?post=4673"}],"version-history":[{"count":5,"href":"https:\/\/www.foretdesainthubert-accessible.be\/de\/wp-json\/wp\/v2\/pages\/4673\/revisions"}],"predecessor-version":[{"id":8824,"href":"https:\/\/www.foretdesainthubert-accessible.be\/de\/wp-json\/wp\/v2\/pages\/4673\/revisions\/8824"}],"wp:featuredmedia":[{"embeddable":true,"href":"https:\/\/www.foretdesainthubert-accessible.be\/de\/wp-json\/wp\/v2\/media\/982"}],"wp:attachment":[{"href":"https:\/\/www.foretdesainthubert-accessible.be\/de\/wp-json\/wp\/v2\/media?parent=4673"}],"curies":[{"name":"wp","href":"https:\/\/api.w.org\/{rel}","templated":true}]}}