{"id":3576,"date":"2024-06-13T14:47:54","date_gmt":"2024-06-13T12:47:54","guid":{"rendered":"https:\/\/www.foretdesainthubert-accessible.be\/?page_id=3576"},"modified":"2025-01-19T11:08:38","modified_gmt":"2025-01-19T10:08:38","slug":"hotel-restaurant-le-val-de-poix","status":"publish","type":"page","link":"https:\/\/www.foretdesainthubert-accessible.be\/de\/hotel-restaurant-le-val-de-poix\/","title":{"rendered":"H\u00f4tel-restaurant Le Val de Poix"},"content":{"rendered":"\t\t<div data-elementor-type=\"wp-page\" data-elementor-id=\"3576\" class=\"elementor elementor-3576\" data-elementor-post-type=\"page\">\n\t\t\t\t<div class=\"elementor-element elementor-element-0e44312 e-flex e-con-boxed e-con e-parent\" data-id=\"0e44312\" data-element_type=\"container\" data-e-type=\"container\">\n\t\t\t\t\t<div class=\"e-con-inner\">\n\t\t\t\t<div class=\"elementor-element elementor-element-0d214c8 elementor-widget elementor-widget-heading\" data-id=\"0d214c8\" data-element_type=\"widget\" data-e-type=\"widget\" data-widget_type=\"heading.default\">\n\t\t\t\t<div class=\"elementor-widget-container\">\n\t\t\t\t\t<h1 class=\"elementor-heading-title elementor-size-default\">H\u00f4tel-restaurant Le Val de Poix<\/h1>\t\t\t\t<\/div>\n\t\t\t\t<\/div>\n\t\t\t\t\t<\/div>\n\t\t\t\t<\/div>\n\t\t<div class=\"elementor-element elementor-element-e8be76e e-flex e-con-boxed e-con e-parent\" data-id=\"e8be76e\" data-element_type=\"container\" data-e-type=\"container\">\n\t\t\t\t\t<div class=\"e-con-inner\">\n\t\t\t\t<div class=\"elementor-element elementor-element-dd2a770 elementor-widget elementor-widget-text-editor\" data-id=\"dd2a770\" data-element_type=\"widget\" data-e-type=\"widget\" data-widget_type=\"text-editor.default\">\n\t\t\t\t<div class=\"elementor-widget-container\">\n\t\t\t\t\t\t\t\t\t<p>In Zusammenarbeit mit All Access (Provinz Luxemburg) informieren wir Sie, dass Vorkehrungen getroffen wurden f\u00fcr :<\/p>\n<ul>\n<li>Personen, die schlecht zu Fu\u00df sind<\/li>\n<li>Personen mit Sehbehinderungen<\/li>\n<li>Personen mit Verst\u00e4ndnisschwierigkeiten<\/li>\n<li>Personen mit H\u00f6rbehinderungen (wichtig: kein visuelles Feueralarmsystem)<\/li>\n<\/ul>\n\t\t\t\t\t\t\t\t<\/div>\n\t\t\t\t<\/div>\n\t\t\t\t\t<\/div>\n\t\t\t\t<\/div>\n\t\t<div class=\"elementor-element elementor-element-215adf4 e-flex e-con-boxed e-con e-parent\" data-id=\"215adf4\" data-element_type=\"container\" data-e-type=\"container\">\n\t\t\t\t\t<div class=\"e-con-inner\">\n\t\t<div class=\"elementor-element elementor-element-12db361 e-con-full e-flex e-con e-child\" data-id=\"12db361\" data-element_type=\"container\" data-e-type=\"container\">\n\t\t\t\t<div class=\"elementor-element elementor-element-e091b5b elementor-widget elementor-widget-image\" data-id=\"e091b5b\" data-element_type=\"widget\" data-e-type=\"widget\" data-widget_type=\"image.default\">\n\t\t\t\t<div class=\"elementor-widget-container\">\n\t\t\t\t\t\t\t\t\t\t\t\t\t\t\t<img fetchpriority=\"high\" decoding=\"async\" width=\"800\" height=\"800\" src=\"https:\/\/www.foretdesainthubert-accessible.be\/wp-content\/uploads\/2024\/04\/adresse.webp\" class=\"attachment-large size-large wp-image-557\" alt=\"Pictogramme maison (adresse)\" srcset=\"https:\/\/www.foretdesainthubert-accessible.be\/wp-content\/uploads\/2024\/04\/adresse.webp 1024w, https:\/\/www.foretdesainthubert-accessible.be\/wp-content\/uploads\/2024\/04\/adresse-300x300.webp 300w, https:\/\/www.foretdesainthubert-accessible.be\/wp-content\/uploads\/2024\/04\/adresse-150x150.webp 150w, https:\/\/www.foretdesainthubert-accessible.be\/wp-content\/uploads\/2024\/04\/adresse-768x768.webp 768w\" sizes=\"(max-width: 800px) 100vw, 800px\" \/>\t\t\t\t\t\t\t\t\t\t\t\t\t\t\t<\/div>\n\t\t\t\t<\/div>\n\t\t\t\t<\/div>\n\t\t<div class=\"elementor-element elementor-element-b412b3b e-con-full e-flex e-con e-child\" data-id=\"b412b3b\" data-element_type=\"container\" data-e-type=\"container\">\n\t\t\t\t<div class=\"elementor-element elementor-element-98229cd elementor-widget elementor-widget-text-editor\" data-id=\"98229cd\" data-element_type=\"widget\" data-e-type=\"widget\" data-widget_type=\"text-editor.default\">\n\t\t\t\t<div class=\"elementor-widget-container\">\n\t\t\t\t\t\t\t\t\t<p>Die Adresse lautet Rue des Ardennes 18, 6870 Saint-Hubert.<\/p>\n<p>Das Hotel befindet sich gegen\u00fcber dem Bahnhof von Poix-Saint-Hubert.<\/p>\n<p>Es gibt 42 Zimmer in dem Hotel.<br \/>\nDas Hotel ist in zwei Geb\u00e4uden untergebracht, die durch eine (ungesicherte) Fu\u00dfg\u00e4ngerbr\u00fccke miteinander verbunden sind.<\/p>\n<p>Diese Geb\u00e4ude sind leicht zu erkennen.<br \/>\nAn jedem der beiden Geb\u00e4ude gibt es eine Beschilderung.<\/p>\n\t\t\t\t\t\t\t\t<\/div>\n\t\t\t\t<\/div>\n\t\t\t\t<\/div>\n\t\t\t\t\t<\/div>\n\t\t\t\t<\/div>\n\t\t<div class=\"elementor-element elementor-element-0b7536a e-flex e-con-boxed e-con e-parent\" data-id=\"0b7536a\" data-element_type=\"container\" data-e-type=\"container\">\n\t\t\t\t\t<div class=\"e-con-inner\">\n\t\t<div class=\"elementor-element elementor-element-a27815b e-con-full e-flex e-con e-child\" data-id=\"a27815b\" data-element_type=\"container\" data-e-type=\"container\">\n\t\t\t\t<div class=\"elementor-element elementor-element-c1f316b elementor-widget elementor-widget-image\" data-id=\"c1f316b\" data-element_type=\"widget\" data-e-type=\"widget\" data-widget_type=\"image.default\">\n\t\t\t\t<div class=\"elementor-widget-container\">\n\t\t\t\t\t\t\t\t\t\t\t\t\t\t\t<img decoding=\"async\" width=\"800\" height=\"800\" src=\"https:\/\/www.foretdesainthubert-accessible.be\/wp-content\/uploads\/2024\/04\/telephone.webp\" class=\"attachment-large size-large wp-image-553\" alt=\"Pictogramme t\u00e9l\u00e9phone\" srcset=\"https:\/\/www.foretdesainthubert-accessible.be\/wp-content\/uploads\/2024\/04\/telephone.webp 1024w, https:\/\/www.foretdesainthubert-accessible.be\/wp-content\/uploads\/2024\/04\/telephone-300x300.webp 300w, https:\/\/www.foretdesainthubert-accessible.be\/wp-content\/uploads\/2024\/04\/telephone-150x150.webp 150w, https:\/\/www.foretdesainthubert-accessible.be\/wp-content\/uploads\/2024\/04\/telephone-768x768.webp 768w\" sizes=\"(max-width: 800px) 100vw, 800px\" \/>\t\t\t\t\t\t\t\t\t\t\t\t\t\t\t<\/div>\n\t\t\t\t<\/div>\n\t\t\t\t<\/div>\n\t\t<div class=\"elementor-element elementor-element-c1a3ee9 e-con-full e-flex e-con e-child\" data-id=\"c1a3ee9\" data-element_type=\"container\" data-e-type=\"container\">\n\t\t\t\t<div class=\"elementor-element elementor-element-25129ee elementor-widget elementor-widget-text-editor\" data-id=\"25129ee\" data-element_type=\"widget\" data-e-type=\"widget\" data-widget_type=\"text-editor.default\">\n\t\t\t\t<div class=\"elementor-widget-container\">\n\t\t\t\t\t\t\t\t\t<p>Sie k\u00f6nnen unter der Telefonnummer 061 61 12 81 anrufen.<br \/>\nWenn Sie aus dem Ausland anrufen, bilden Sie die 0032 61 61 12 81.<\/p>\n\t\t\t\t\t\t\t\t<\/div>\n\t\t\t\t<\/div>\n\t\t\t\t<\/div>\n\t\t\t\t\t<\/div>\n\t\t\t\t<\/div>\n\t\t<div class=\"elementor-element elementor-element-88594d0 e-flex e-con-boxed e-con e-parent\" data-id=\"88594d0\" data-element_type=\"container\" data-e-type=\"container\">\n\t\t\t\t\t<div class=\"e-con-inner\">\n\t\t<div class=\"elementor-element elementor-element-26b86f4 e-con-full e-flex e-con e-child\" data-id=\"26b86f4\" data-element_type=\"container\" data-e-type=\"container\">\n\t\t\t\t<div class=\"elementor-element elementor-element-20db075 elementor-widget elementor-widget-image\" data-id=\"20db075\" data-element_type=\"widget\" data-e-type=\"widget\" data-widget_type=\"image.default\">\n\t\t\t\t<div class=\"elementor-widget-container\">\n\t\t\t\t\t\t\t\t\t\t\t\t\t\t\t<img decoding=\"async\" width=\"800\" height=\"800\" src=\"https:\/\/www.foretdesainthubert-accessible.be\/wp-content\/uploads\/2024\/04\/mail-1024x1024.png\" class=\"attachment-large size-large wp-image-873\" alt=\"Pictogramme e-mail\" srcset=\"https:\/\/www.foretdesainthubert-accessible.be\/wp-content\/uploads\/2024\/04\/mail-1024x1024.png 1024w, https:\/\/www.foretdesainthubert-accessible.be\/wp-content\/uploads\/2024\/04\/mail-300x300.png 300w, https:\/\/www.foretdesainthubert-accessible.be\/wp-content\/uploads\/2024\/04\/mail-150x150.png 150w, https:\/\/www.foretdesainthubert-accessible.be\/wp-content\/uploads\/2024\/04\/mail-768x768.png 768w, https:\/\/www.foretdesainthubert-accessible.be\/wp-content\/uploads\/2024\/04\/mail.png 1280w\" sizes=\"(max-width: 800px) 100vw, 800px\" \/>\t\t\t\t\t\t\t\t\t\t\t\t\t\t\t<\/div>\n\t\t\t\t<\/div>\n\t\t\t\t<\/div>\n\t\t<div class=\"elementor-element elementor-element-198e3ca e-con-full e-flex e-con e-child\" data-id=\"198e3ca\" data-element_type=\"container\" data-e-type=\"container\">\n\t\t\t\t<div class=\"elementor-element elementor-element-22746d7 elementor-widget elementor-widget-text-editor\" data-id=\"22746d7\" data-element_type=\"widget\" data-e-type=\"widget\" data-widget_type=\"text-editor.default\">\n\t\t\t\t<div class=\"elementor-widget-container\">\n\t\t\t\t\t\t\t\t\t<p>Sie k\u00f6nnen eine E-Mail an info@levaldepoix.com schicken.<\/p>\n\t\t\t\t\t\t\t\t<\/div>\n\t\t\t\t<\/div>\n\t\t\t\t<\/div>\n\t\t\t\t\t<\/div>\n\t\t\t\t<\/div>\n\t\t<div class=\"elementor-element elementor-element-b52047b e-flex e-con-boxed e-con e-parent\" data-id=\"b52047b\" data-element_type=\"container\" data-e-type=\"container\">\n\t\t\t\t\t<div class=\"e-con-inner\">\n\t\t<div class=\"elementor-element elementor-element-feedab7 e-con-full e-flex e-con e-child\" data-id=\"feedab7\" data-element_type=\"container\" data-e-type=\"container\">\n\t\t\t\t<div class=\"elementor-element elementor-element-2734c9c elementor-widget elementor-widget-image\" data-id=\"2734c9c\" data-element_type=\"widget\" data-e-type=\"widget\" data-widget_type=\"image.default\">\n\t\t\t\t<div class=\"elementor-widget-container\">\n\t\t\t\t\t\t\t\t\t\t\t\t\t\t\t<img loading=\"lazy\" decoding=\"async\" width=\"800\" height=\"800\" src=\"https:\/\/www.foretdesainthubert-accessible.be\/wp-content\/uploads\/2024\/04\/reservation.webp\" class=\"attachment-large size-large wp-image-549\" alt=\"Pictogramme calendrier\" srcset=\"https:\/\/www.foretdesainthubert-accessible.be\/wp-content\/uploads\/2024\/04\/reservation.webp 1024w, https:\/\/www.foretdesainthubert-accessible.be\/wp-content\/uploads\/2024\/04\/reservation-300x300.webp 300w, https:\/\/www.foretdesainthubert-accessible.be\/wp-content\/uploads\/2024\/04\/reservation-150x150.webp 150w, https:\/\/www.foretdesainthubert-accessible.be\/wp-content\/uploads\/2024\/04\/reservation-768x768.webp 768w\" sizes=\"(max-width: 800px) 100vw, 800px\" \/>\t\t\t\t\t\t\t\t\t\t\t\t\t\t\t<\/div>\n\t\t\t\t<\/div>\n\t\t\t\t<\/div>\n\t\t<div class=\"elementor-element elementor-element-7211d9b e-con-full e-flex e-con e-child\" data-id=\"7211d9b\" data-element_type=\"container\" data-e-type=\"container\">\n\t\t\t\t<div class=\"elementor-element elementor-element-6b6cd07 elementor-widget elementor-widget-text-editor\" data-id=\"6b6cd07\" data-element_type=\"widget\" data-e-type=\"widget\" data-widget_type=\"text-editor.default\">\n\t\t\t\t<div class=\"elementor-widget-container\">\n\t\t\t\t\t\t\t\t\t<p>F\u00fcr Reservierungen k\u00f6nnen Sie die Nummer 061 61 12 81 anrufen.<br \/>\nWenn Sie aus dem Ausland anrufen, bilden Sie die 0032 61 61 12 81.<\/p>\n\t\t\t\t\t\t\t\t<\/div>\n\t\t\t\t<\/div>\n\t\t\t\t<\/div>\n\t\t\t\t\t<\/div>\n\t\t\t\t<\/div>\n\t\t<div class=\"elementor-element elementor-element-d8c164b e-flex e-con-boxed e-con e-parent\" data-id=\"d8c164b\" data-element_type=\"container\" data-e-type=\"container\">\n\t\t\t\t\t<div class=\"e-con-inner\">\n\t\t<div class=\"elementor-element elementor-element-aa0664c e-con-full e-flex e-con e-child\" data-id=\"aa0664c\" data-element_type=\"container\" data-e-type=\"container\">\n\t\t\t\t<div class=\"elementor-element elementor-element-1995fc2 elementor-widget elementor-widget-image\" data-id=\"1995fc2\" data-element_type=\"widget\" data-e-type=\"widget\" data-widget_type=\"image.default\">\n\t\t\t\t<div class=\"elementor-widget-container\">\n\t\t\t\t\t\t\t\t\t\t\t\t\t\t\t<img loading=\"lazy\" decoding=\"async\" width=\"800\" height=\"800\" src=\"https:\/\/www.foretdesainthubert-accessible.be\/wp-content\/uploads\/2024\/04\/parking-1024x1024-1.webp\" class=\"attachment-large size-large wp-image-682\" alt=\"Pictogramme parking\" srcset=\"https:\/\/www.foretdesainthubert-accessible.be\/wp-content\/uploads\/2024\/04\/parking-1024x1024-1.webp 1024w, https:\/\/www.foretdesainthubert-accessible.be\/wp-content\/uploads\/2024\/04\/parking-1024x1024-1-300x300.webp 300w, https:\/\/www.foretdesainthubert-accessible.be\/wp-content\/uploads\/2024\/04\/parking-1024x1024-1-150x150.webp 150w, https:\/\/www.foretdesainthubert-accessible.be\/wp-content\/uploads\/2024\/04\/parking-1024x1024-1-768x768.webp 768w\" sizes=\"(max-width: 800px) 100vw, 800px\" \/>\t\t\t\t\t\t\t\t\t\t\t\t\t\t\t<\/div>\n\t\t\t\t<\/div>\n\t\t\t\t<\/div>\n\t\t<div class=\"elementor-element elementor-element-c26d4dd e-con-full e-flex e-con e-child\" data-id=\"c26d4dd\" data-element_type=\"container\" data-e-type=\"container\">\n\t\t\t\t<div class=\"elementor-element elementor-element-b866c24 elementor-widget elementor-widget-text-editor\" data-id=\"b866c24\" data-element_type=\"widget\" data-e-type=\"widget\" data-widget_type=\"text-editor.default\">\n\t\t\t\t<div class=\"elementor-widget-container\">\n\t\t\t\t\t\t\t\t\t<p>Der f\u00fcr Hotelg\u00e4ste reservierte Parkplatz umfasst etwa zehn Pl\u00e4tze.<\/p>\n<p>Es gibt keinen PMR-Platz.<\/p>\n\t\t\t\t\t\t\t\t<\/div>\n\t\t\t\t<\/div>\n\t\t\t\t<\/div>\n\t\t\t\t\t<\/div>\n\t\t\t\t<\/div>\n\t\t<div class=\"elementor-element elementor-element-66cfa60 e-flex e-con-boxed e-con e-parent\" data-id=\"66cfa60\" data-element_type=\"container\" data-e-type=\"container\">\n\t\t\t\t\t<div class=\"e-con-inner\">\n\t\t<div class=\"elementor-element elementor-element-718f61d e-con-full e-flex e-con e-child\" data-id=\"718f61d\" data-element_type=\"container\" data-e-type=\"container\">\n\t\t\t\t<div class=\"elementor-element elementor-element-03efac3 elementor-widget elementor-widget-image\" data-id=\"03efac3\" data-element_type=\"widget\" data-e-type=\"widget\" data-widget_type=\"image.default\">\n\t\t\t\t<div class=\"elementor-widget-container\">\n\t\t\t\t\t\t\t\t\t\t\t\t\t\t\t<img loading=\"lazy\" decoding=\"async\" width=\"800\" height=\"676\" src=\"https:\/\/www.foretdesainthubert-accessible.be\/wp-content\/uploads\/2024\/04\/toilette-pmr.webp\" class=\"attachment-large size-large wp-image-564\" alt=\"Pictogramme toilette PMR\" srcset=\"https:\/\/www.foretdesainthubert-accessible.be\/wp-content\/uploads\/2024\/04\/toilette-pmr.webp 1024w, https:\/\/www.foretdesainthubert-accessible.be\/wp-content\/uploads\/2024\/04\/toilette-pmr-300x253.webp 300w, https:\/\/www.foretdesainthubert-accessible.be\/wp-content\/uploads\/2024\/04\/toilette-pmr-768x649.webp 768w\" sizes=\"(max-width: 800px) 100vw, 800px\" \/>\t\t\t\t\t\t\t\t\t\t\t\t\t\t\t<\/div>\n\t\t\t\t<\/div>\n\t\t\t\t<\/div>\n\t\t<div class=\"elementor-element elementor-element-a94b157 e-con-full e-flex e-con e-child\" data-id=\"a94b157\" data-element_type=\"container\" data-e-type=\"container\">\n\t\t\t\t<div class=\"elementor-element elementor-element-bde5033 elementor-widget elementor-widget-text-editor\" data-id=\"bde5033\" data-element_type=\"widget\" data-e-type=\"widget\" data-widget_type=\"text-editor.default\">\n\t\t\t\t<div class=\"elementor-widget-container\">\n\t\t\t\t\t\t\t\t\t<p>Es gibt ein barrierefreies WC.<br \/>\nEs befindet sich im Untergeschoss.<br \/>\nEs kann mit dem Aufzug erreicht werden.<\/p>\n\t\t\t\t\t\t\t\t<\/div>\n\t\t\t\t<\/div>\n\t\t\t\t<\/div>\n\t\t\t\t\t<\/div>\n\t\t\t\t<\/div>\n\t\t<div class=\"elementor-element elementor-element-959825c e-flex e-con-boxed e-con e-parent\" data-id=\"959825c\" data-element_type=\"container\" data-e-type=\"container\">\n\t\t\t\t\t<div class=\"e-con-inner\">\n\t\t<div class=\"elementor-element elementor-element-1e8c1a7 e-con-full e-flex e-con e-child\" data-id=\"1e8c1a7\" data-element_type=\"container\" data-e-type=\"container\">\n\t\t\t\t<div class=\"elementor-element elementor-element-dcb7679 elementor-widget elementor-widget-image\" data-id=\"dcb7679\" data-element_type=\"widget\" data-e-type=\"widget\" data-widget_type=\"image.default\">\n\t\t\t\t<div class=\"elementor-widget-container\">\n\t\t\t\t\t\t\t\t\t\t\t\t\t\t\t<img loading=\"lazy\" decoding=\"async\" width=\"800\" height=\"708\" src=\"https:\/\/www.foretdesainthubert-accessible.be\/wp-content\/uploads\/2024\/04\/wifi.webp\" class=\"attachment-large size-large wp-image-545\" alt=\"Pictogramme wifi\" srcset=\"https:\/\/www.foretdesainthubert-accessible.be\/wp-content\/uploads\/2024\/04\/wifi.webp 1024w, https:\/\/www.foretdesainthubert-accessible.be\/wp-content\/uploads\/2024\/04\/wifi-300x265.webp 300w, https:\/\/www.foretdesainthubert-accessible.be\/wp-content\/uploads\/2024\/04\/wifi-768x680.webp 768w\" sizes=\"(max-width: 800px) 100vw, 800px\" \/>\t\t\t\t\t\t\t\t\t\t\t\t\t\t\t<\/div>\n\t\t\t\t<\/div>\n\t\t\t\t<\/div>\n\t\t<div class=\"elementor-element elementor-element-fa50bcc e-con-full e-flex e-con e-child\" data-id=\"fa50bcc\" data-element_type=\"container\" data-e-type=\"container\">\n\t\t\t\t<div class=\"elementor-element elementor-element-4d4fc24 elementor-widget elementor-widget-text-editor\" data-id=\"4d4fc24\" data-element_type=\"widget\" data-e-type=\"widget\" data-widget_type=\"text-editor.default\">\n\t\t\t\t<div class=\"elementor-widget-container\">\n\t\t\t\t\t\t\t\t\t<p>Wifi ist im Hotel kostenlos verf\u00fcgbar.<\/p>\n\t\t\t\t\t\t\t\t<\/div>\n\t\t\t\t<\/div>\n\t\t\t\t<\/div>\n\t\t\t\t\t<\/div>\n\t\t\t\t<\/div>\n\t\t<div class=\"elementor-element elementor-element-1155294 e-flex e-con-boxed e-con e-parent\" data-id=\"1155294\" data-element_type=\"container\" data-e-type=\"container\">\n\t\t\t\t\t<div class=\"e-con-inner\">\n\t\t<div class=\"elementor-element elementor-element-04db06f e-con-full e-flex e-con e-child\" data-id=\"04db06f\" data-element_type=\"container\" data-e-type=\"container\">\n\t\t\t\t<div class=\"elementor-element elementor-element-997c2a9 elementor-widget elementor-widget-image\" data-id=\"997c2a9\" data-element_type=\"widget\" data-e-type=\"widget\" data-widget_type=\"image.default\">\n\t\t\t\t<div class=\"elementor-widget-container\">\n\t\t\t\t\t\t\t\t\t\t\t\t\t\t\t<img loading=\"lazy\" decoding=\"async\" width=\"752\" height=\"1024\" src=\"https:\/\/www.foretdesainthubert-accessible.be\/wp-content\/uploads\/2024\/04\/20240403-Autocollant-chien-dassistance-1080x1920-px-ep-752x1024.png\" class=\"attachment-large size-large wp-image-653\" alt=\"Pictogramme chiens d&#039;assistance admis\" srcset=\"https:\/\/www.foretdesainthubert-accessible.be\/wp-content\/uploads\/2024\/04\/20240403-Autocollant-chien-dassistance-1080x1920-px-ep-752x1024.png 752w, https:\/\/www.foretdesainthubert-accessible.be\/wp-content\/uploads\/2024\/04\/20240403-Autocollant-chien-dassistance-1080x1920-px-ep-220x300.png 220w, https:\/\/www.foretdesainthubert-accessible.be\/wp-content\/uploads\/2024\/04\/20240403-Autocollant-chien-dassistance-1080x1920-px-ep-768x1046.png 768w, https:\/\/www.foretdesainthubert-accessible.be\/wp-content\/uploads\/2024\/04\/20240403-Autocollant-chien-dassistance-1080x1920-px-ep-1128x1536.png 1128w, https:\/\/www.foretdesainthubert-accessible.be\/wp-content\/uploads\/2024\/04\/20240403-Autocollant-chien-dassistance-1080x1920-px-ep.png 1410w\" sizes=\"(max-width: 752px) 100vw, 752px\" \/>\t\t\t\t\t\t\t\t\t\t\t\t\t\t\t<\/div>\n\t\t\t\t<\/div>\n\t\t\t\t<\/div>\n\t\t<div class=\"elementor-element elementor-element-147bb80 e-con-full e-flex e-con e-child\" data-id=\"147bb80\" data-element_type=\"container\" data-e-type=\"container\">\n\t\t\t\t<div class=\"elementor-element elementor-element-021cba5 elementor-widget elementor-widget-text-editor\" data-id=\"021cba5\" data-element_type=\"widget\" data-e-type=\"widget\" data-widget_type=\"text-editor.default\">\n\t\t\t\t<div class=\"elementor-widget-container\">\n\t\t\t\t\t\t\t\t\t<p>Assistenzhunde sind willkommen.<\/p>\n\t\t\t\t\t\t\t\t<\/div>\n\t\t\t\t<\/div>\n\t\t\t\t<\/div>\n\t\t\t\t\t<\/div>\n\t\t\t\t<\/div>\n\t\t<div class=\"elementor-element elementor-element-ad106f8 e-flex e-con-boxed e-con e-parent\" data-id=\"ad106f8\" data-element_type=\"container\" data-e-type=\"container\">\n\t\t\t\t\t<div class=\"e-con-inner\">\n\t\t\t\t<div class=\"elementor-element elementor-element-142a99c elementor-widget elementor-widget-heading\" data-id=\"142a99c\" data-element_type=\"widget\" data-e-type=\"widget\" data-widget_type=\"heading.default\">\n\t\t\t\t<div class=\"elementor-widget-container\">\n\t\t\t\t\t<h3 class=\"elementor-heading-title elementor-size-default\">Fotos von Parkpl\u00e4tzen<\/h3>\t\t\t\t<\/div>\n\t\t\t\t<\/div>\n\t\t\t\t\t<\/div>\n\t\t\t\t<\/div>\n\t\t<div class=\"elementor-element elementor-element-5b44592 e-flex e-con-boxed e-con e-parent\" data-id=\"5b44592\" data-element_type=\"container\" data-e-type=\"container\">\n\t\t\t\t\t<div class=\"e-con-inner\">\n\t\t<div class=\"elementor-element elementor-element-de15784 e-con-full e-flex e-con e-child\" data-id=\"de15784\" data-element_type=\"container\" data-e-type=\"container\">\n\t\t\t\t<div class=\"elementor-element elementor-element-f0575cc elementor-widget elementor-widget-image\" data-id=\"f0575cc\" data-element_type=\"widget\" data-e-type=\"widget\" data-widget_type=\"image.default\">\n\t\t\t\t<div class=\"elementor-widget-container\">\n\t\t\t\t\t\t\t\t\t\t\t\t\t\t\t<img loading=\"lazy\" decoding=\"async\" width=\"800\" height=\"600\" src=\"https:\/\/www.foretdesainthubert-accessible.be\/wp-content\/uploads\/2024\/10\/hotel-tourisme-handicap-foretdesainthubert-belgique-ardenne-22.jpg\" class=\"attachment-large size-large wp-image-3680\" alt=\"\" \/>\t\t\t\t\t\t\t\t\t\t\t\t\t\t\t<\/div>\n\t\t\t\t<\/div>\n\t\t\t\t<\/div>\n\t\t<div class=\"elementor-element elementor-element-a952945 e-con-full e-flex e-con e-child\" data-id=\"a952945\" data-element_type=\"container\" data-e-type=\"container\">\n\t\t\t\t<div class=\"elementor-element elementor-element-15219c3 elementor-widget elementor-widget-image\" data-id=\"15219c3\" data-element_type=\"widget\" data-e-type=\"widget\" data-widget_type=\"image.default\">\n\t\t\t\t<div class=\"elementor-widget-container\">\n\t\t\t\t\t\t\t\t\t\t\t\t\t\t\t<img loading=\"lazy\" decoding=\"async\" width=\"800\" height=\"600\" src=\"https:\/\/www.foretdesainthubert-accessible.be\/wp-content\/uploads\/2024\/10\/hotel-tourisme-handicap-foretdesainthubert-belgique-ardenne-20.jpg\" class=\"attachment-large size-large wp-image-3684\" alt=\"\" \/>\t\t\t\t\t\t\t\t\t\t\t\t\t\t\t<\/div>\n\t\t\t\t<\/div>\n\t\t\t\t<\/div>\n\t\t<div class=\"elementor-element elementor-element-e6bdc99 e-con-full e-flex e-con e-child\" data-id=\"e6bdc99\" data-element_type=\"container\" data-e-type=\"container\">\n\t\t\t\t<div class=\"elementor-element elementor-element-dc10453 elementor-widget elementor-widget-image\" data-id=\"dc10453\" data-element_type=\"widget\" data-e-type=\"widget\" data-widget_type=\"image.default\">\n\t\t\t\t<div class=\"elementor-widget-container\">\n\t\t\t\t\t\t\t\t\t\t\t\t\t\t\t<img loading=\"lazy\" decoding=\"async\" width=\"800\" height=\"600\" src=\"https:\/\/www.foretdesainthubert-accessible.be\/wp-content\/uploads\/2024\/10\/hotel-tourisme-handicap-foretdesainthubert-belgique-ardenne-21.jpg\" class=\"attachment-large size-large wp-image-3688\" alt=\"\" \/>\t\t\t\t\t\t\t\t\t\t\t\t\t\t\t<\/div>\n\t\t\t\t<\/div>\n\t\t\t\t<\/div>\n\t\t<div class=\"elementor-element elementor-element-e777d0b e-con-full e-flex e-con e-child\" data-id=\"e777d0b\" data-element_type=\"container\" data-e-type=\"container\">\n\t\t\t\t<\/div>\n\t\t\t\t\t<\/div>\n\t\t\t\t<\/div>\n\t\t<div class=\"elementor-element elementor-element-a314a32 e-flex e-con-boxed e-con e-parent\" data-id=\"a314a32\" data-element_type=\"container\" data-e-type=\"container\">\n\t\t\t\t\t<div class=\"e-con-inner\">\n\t\t\t\t<div class=\"elementor-element elementor-element-6cf7501 elementor-widget elementor-widget-heading\" data-id=\"6cf7501\" data-element_type=\"widget\" data-e-type=\"widget\" data-widget_type=\"heading.default\">\n\t\t\t\t<div class=\"elementor-widget-container\">\n\t\t\t\t\t<h3 class=\"elementor-heading-title elementor-size-default\">Fotos vom Eingang durch das Restaurant<\/h3>\t\t\t\t<\/div>\n\t\t\t\t<\/div>\n\t\t\t\t\t<\/div>\n\t\t\t\t<\/div>\n\t\t<div class=\"elementor-element elementor-element-217bdfa e-grid e-con-boxed e-con e-parent\" data-id=\"217bdfa\" data-element_type=\"container\" data-e-type=\"container\">\n\t\t\t\t\t<div class=\"e-con-inner\">\n\t\t\t\t<div class=\"elementor-element elementor-element-c8c0619 elementor-widget elementor-widget-image\" data-id=\"c8c0619\" data-element_type=\"widget\" data-e-type=\"widget\" data-widget_type=\"image.default\">\n\t\t\t\t<div class=\"elementor-widget-container\">\n\t\t\t\t\t\t\t\t\t\t\t\t\t\t\t<img loading=\"lazy\" decoding=\"async\" width=\"800\" height=\"600\" src=\"https:\/\/www.foretdesainthubert-accessible.be\/wp-content\/uploads\/2024\/10\/hotel-tourisme-handicap-foretdesainthubert-belgique-ardenne-23.jpg\" class=\"attachment-large size-large wp-image-3646\" alt=\"\" \/>\t\t\t\t\t\t\t\t\t\t\t\t\t\t\t<\/div>\n\t\t\t\t<\/div>\n\t\t\t\t<div class=\"elementor-element elementor-element-b448d27 elementor-widget elementor-widget-image\" data-id=\"b448d27\" data-element_type=\"widget\" data-e-type=\"widget\" data-widget_type=\"image.default\">\n\t\t\t\t<div class=\"elementor-widget-container\">\n\t\t\t\t\t\t\t\t\t\t\t\t\t\t\t<img loading=\"lazy\" decoding=\"async\" width=\"800\" height=\"600\" src=\"https:\/\/www.foretdesainthubert-accessible.be\/wp-content\/uploads\/2024\/10\/hotel-tourisme-handicap-foretdesainthubert-belgique-ardenne-24.jpg\" class=\"attachment-large size-large wp-image-3650\" alt=\"\" \/>\t\t\t\t\t\t\t\t\t\t\t\t\t\t\t<\/div>\n\t\t\t\t<\/div>\n\t\t\t\t\t<\/div>\n\t\t\t\t<\/div>\n\t\t<div class=\"elementor-element elementor-element-1dd38a3 e-flex e-con-boxed e-con e-parent\" data-id=\"1dd38a3\" data-element_type=\"container\" data-e-type=\"container\">\n\t\t\t\t\t<div class=\"e-con-inner\">\n\t\t\t\t<div class=\"elementor-element elementor-element-f4b9895 elementor-widget elementor-widget-heading\" data-id=\"f4b9895\" data-element_type=\"widget\" data-e-type=\"widget\" data-widget_type=\"heading.default\">\n\t\t\t\t<div class=\"elementor-widget-container\">\n\t\t\t\t\t<h3 class=\"elementor-heading-title elementor-size-default\">Fotos vom Eingang \u00fcber das Hotel<\/h3>\t\t\t\t<\/div>\n\t\t\t\t<\/div>\n\t\t\t\t\t<\/div>\n\t\t\t\t<\/div>\n\t\t<div class=\"elementor-element elementor-element-109ba36 e-flex e-con-boxed e-con e-parent\" data-id=\"109ba36\" data-element_type=\"container\" data-e-type=\"container\">\n\t\t\t\t\t<div class=\"e-con-inner\">\n\t\t<div class=\"elementor-element elementor-element-6d25935 e-con-full e-flex e-con e-child\" data-id=\"6d25935\" data-element_type=\"container\" data-e-type=\"container\">\n\t\t\t\t<div class=\"elementor-element elementor-element-568020f elementor-widget elementor-widget-image\" data-id=\"568020f\" data-element_type=\"widget\" data-e-type=\"widget\" data-widget_type=\"image.default\">\n\t\t\t\t<div class=\"elementor-widget-container\">\n\t\t\t\t\t\t\t\t\t\t\t\t\t\t\t<img loading=\"lazy\" decoding=\"async\" width=\"800\" height=\"600\" src=\"https:\/\/www.foretdesainthubert-accessible.be\/wp-content\/uploads\/2024\/10\/hotel-tourisme-handicap-foretdesainthubert-belgique-ardenne-18.jpg\" class=\"attachment-large size-large wp-image-3657\" alt=\"\" \/>\t\t\t\t\t\t\t\t\t\t\t\t\t\t\t<\/div>\n\t\t\t\t<\/div>\n\t\t\t\t<\/div>\n\t\t<div class=\"elementor-element elementor-element-8fd7b4c e-con-full e-flex e-con e-child\" data-id=\"8fd7b4c\" data-element_type=\"container\" data-e-type=\"container\">\n\t\t<div class=\"elementor-element elementor-element-3a808f4 e-con-full e-flex e-con e-child\" data-id=\"3a808f4\" data-element_type=\"container\" data-e-type=\"container\">\n\t\t\t\t<div class=\"elementor-element elementor-element-3ac0518 elementor-widget elementor-widget-image\" data-id=\"3ac0518\" data-element_type=\"widget\" data-e-type=\"widget\" data-widget_type=\"image.default\">\n\t\t\t\t<div class=\"elementor-widget-container\">\n\t\t\t\t\t\t\t\t\t\t\t\t\t\t\t<img loading=\"lazy\" decoding=\"async\" width=\"800\" height=\"819\" src=\"https:\/\/www.foretdesainthubert-accessible.be\/wp-content\/uploads\/2024\/10\/hotel-tourisme-handicap-foretdesainthubert-belgique.jpg\" class=\"attachment-large size-large wp-image-3665\" alt=\"\" srcset=\"https:\/\/www.foretdesainthubert-accessible.be\/wp-content\/uploads\/2024\/10\/hotel-tourisme-handicap-foretdesainthubert-belgique.jpg 876w, https:\/\/www.foretdesainthubert-accessible.be\/wp-content\/uploads\/2024\/10\/hotel-tourisme-handicap-foretdesainthubert-belgique-293x300.jpg 293w, https:\/\/www.foretdesainthubert-accessible.be\/wp-content\/uploads\/2024\/10\/hotel-tourisme-handicap-foretdesainthubert-belgique-768x786.jpg 768w\" sizes=\"(max-width: 800px) 100vw, 800px\" \/>\t\t\t\t\t\t\t\t\t\t\t\t\t\t\t<\/div>\n\t\t\t\t<\/div>\n\t\t\t\t<\/div>\n\t\t<div class=\"elementor-element elementor-element-4e89e70 e-con-full e-flex e-con e-child\" data-id=\"4e89e70\" data-element_type=\"container\" data-e-type=\"container\">\n\t\t\t\t<div class=\"elementor-element elementor-element-13dfcb1 elementor-widget elementor-widget-image\" data-id=\"13dfcb1\" data-element_type=\"widget\" data-e-type=\"widget\" data-widget_type=\"image.default\">\n\t\t\t\t<div class=\"elementor-widget-container\">\n\t\t\t\t\t\t\t\t\t\t\t\t\t\t\t<img loading=\"lazy\" decoding=\"async\" width=\"800\" height=\"600\" src=\"https:\/\/www.foretdesainthubert-accessible.be\/wp-content\/uploads\/2024\/10\/hotel-tourisme-handicap-foretdesainthubert-belgique-ardenne-14.jpg\" class=\"attachment-large size-large wp-image-3669\" alt=\"\" \/>\t\t\t\t\t\t\t\t\t\t\t\t\t\t\t<\/div>\n\t\t\t\t<\/div>\n\t\t\t\t<\/div>\n\t\t\t\t<\/div>\n\t\t\t\t\t<\/div>\n\t\t\t\t<\/div>\n\t\t<div class=\"elementor-element elementor-element-c3bdc5f e-flex e-con-boxed e-con e-parent\" data-id=\"c3bdc5f\" data-element_type=\"container\" data-e-type=\"container\">\n\t\t\t\t\t<div class=\"e-con-inner\">\n\t\t\t\t<div class=\"elementor-element elementor-element-74aeb43 elementor-widget elementor-widget-heading\" data-id=\"74aeb43\" data-element_type=\"widget\" data-e-type=\"widget\" data-widget_type=\"heading.default\">\n\t\t\t\t<div class=\"elementor-widget-container\">\n\t\t\t\t\t<h3 class=\"elementor-heading-title elementor-size-default\">Fotos vom Aufzug<\/h3>\t\t\t\t<\/div>\n\t\t\t\t<\/div>\n\t\t\t\t\t<\/div>\n\t\t\t\t<\/div>\n\t\t<div class=\"elementor-element elementor-element-c0a7f47 e-grid e-con-boxed e-con e-parent\" data-id=\"c0a7f47\" data-element_type=\"container\" data-e-type=\"container\">\n\t\t\t\t\t<div class=\"e-con-inner\">\n\t\t\t\t<div class=\"elementor-element elementor-element-9aa1f86 elementor-widget elementor-widget-image\" data-id=\"9aa1f86\" data-element_type=\"widget\" data-e-type=\"widget\" data-widget_type=\"image.default\">\n\t\t\t\t<div class=\"elementor-widget-container\">\n\t\t\t\t\t\t\t\t\t\t\t\t\t\t\t<img loading=\"lazy\" decoding=\"async\" width=\"800\" height=\"600\" src=\"https:\/\/www.foretdesainthubert-accessible.be\/wp-content\/uploads\/2024\/10\/hotel-tourisme-handicap-foretdesainthubert-belgique-ardenne-14-1.jpg\" class=\"attachment-large size-large wp-image-3703\" alt=\"\" \/>\t\t\t\t\t\t\t\t\t\t\t\t\t\t\t<\/div>\n\t\t\t\t<\/div>\n\t\t\t\t<div class=\"elementor-element elementor-element-c01eba7 elementor-widget elementor-widget-image\" data-id=\"c01eba7\" data-element_type=\"widget\" data-e-type=\"widget\" data-widget_type=\"image.default\">\n\t\t\t\t<div class=\"elementor-widget-container\">\n\t\t\t\t\t\t\t\t\t\t\t\t\t\t\t<img loading=\"lazy\" decoding=\"async\" width=\"800\" height=\"873\" src=\"https:\/\/www.foretdesainthubert-accessible.be\/wp-content\/uploads\/2024\/10\/hotel-tourisme-handicap-foretdesainthubert-belgique_1.jpg\" class=\"attachment-large size-large wp-image-3711\" alt=\"\" srcset=\"https:\/\/www.foretdesainthubert-accessible.be\/wp-content\/uploads\/2024\/10\/hotel-tourisme-handicap-foretdesainthubert-belgique_1.jpg 817w, https:\/\/www.foretdesainthubert-accessible.be\/wp-content\/uploads\/2024\/10\/hotel-tourisme-handicap-foretdesainthubert-belgique_1-275x300.jpg 275w, https:\/\/www.foretdesainthubert-accessible.be\/wp-content\/uploads\/2024\/10\/hotel-tourisme-handicap-foretdesainthubert-belgique_1-768x839.jpg 768w\" sizes=\"(max-width: 800px) 100vw, 800px\" \/>\t\t\t\t\t\t\t\t\t\t\t\t\t\t\t<\/div>\n\t\t\t\t<\/div>\n\t\t\t\t\t<\/div>\n\t\t\t\t<\/div>\n\t\t<div class=\"elementor-element elementor-element-ebeb057 e-flex e-con-boxed e-con e-parent\" data-id=\"ebeb057\" data-element_type=\"container\" data-e-type=\"container\">\n\t\t\t\t\t<div class=\"e-con-inner\">\n\t\t\t\t<div class=\"elementor-element elementor-element-50dff14 elementor-widget elementor-widget-heading\" data-id=\"50dff14\" data-element_type=\"widget\" data-e-type=\"widget\" data-widget_type=\"heading.default\">\n\t\t\t\t<div class=\"elementor-widget-container\">\n\t\t\t\t\t<h3 class=\"elementor-heading-title elementor-size-default\">Fotos vom Empfang<\/h3>\t\t\t\t<\/div>\n\t\t\t\t<\/div>\n\t\t\t\t\t<\/div>\n\t\t\t\t<\/div>\n\t\t<div class=\"elementor-element elementor-element-55e7c3b e-flex e-con-boxed e-con e-parent\" data-id=\"55e7c3b\" data-element_type=\"container\" data-e-type=\"container\">\n\t\t\t\t\t<div class=\"e-con-inner\">\n\t\t<div class=\"elementor-element elementor-element-5fa49aa e-con-full e-flex e-con e-child\" data-id=\"5fa49aa\" data-element_type=\"container\" data-e-type=\"container\">\n\t\t\t\t<div class=\"elementor-element elementor-element-e803098 elementor-widget elementor-widget-image\" data-id=\"e803098\" data-element_type=\"widget\" data-e-type=\"widget\" data-widget_type=\"image.default\">\n\t\t\t\t<div class=\"elementor-widget-container\">\n\t\t\t\t\t\t\t\t\t\t\t\t\t\t\t<img loading=\"lazy\" decoding=\"async\" width=\"800\" height=\"600\" src=\"https:\/\/www.foretdesainthubert-accessible.be\/wp-content\/uploads\/2024\/10\/hotel-tourisme-handicap-foretdesainthubert-belgique-ardenne-33.jpg\" class=\"attachment-large size-large wp-image-3741\" alt=\"\" \/>\t\t\t\t\t\t\t\t\t\t\t\t\t\t\t<\/div>\n\t\t\t\t<\/div>\n\t\t\t\t<\/div>\n\t\t<div class=\"elementor-element elementor-element-eb3eff1 e-con-full e-flex e-con e-child\" data-id=\"eb3eff1\" data-element_type=\"container\" data-e-type=\"container\">\n\t\t\t\t<div class=\"elementor-element elementor-element-d2c461a elementor-widget elementor-widget-image\" data-id=\"d2c461a\" data-element_type=\"widget\" data-e-type=\"widget\" data-widget_type=\"image.default\">\n\t\t\t\t<div class=\"elementor-widget-container\">\n\t\t\t\t\t\t\t\t\t\t\t\t\t\t\t<img loading=\"lazy\" decoding=\"async\" width=\"800\" height=\"600\" src=\"https:\/\/www.foretdesainthubert-accessible.be\/wp-content\/uploads\/2024\/10\/hotel-tourisme-handicap-foretdesainthubert-belgique-ardenne-32.jpg\" class=\"attachment-large size-large wp-image-3745\" alt=\"\" \/>\t\t\t\t\t\t\t\t\t\t\t\t\t\t\t<\/div>\n\t\t\t\t<\/div>\n\t\t\t\t<\/div>\n\t\t\t\t\t<\/div>\n\t\t\t\t<\/div>\n\t\t<div class=\"elementor-element elementor-element-6b74b9b e-flex e-con-boxed e-con e-parent\" data-id=\"6b74b9b\" data-element_type=\"container\" data-e-type=\"container\">\n\t\t\t\t\t<div class=\"e-con-inner\">\n\t\t\t\t<div class=\"elementor-element elementor-element-d2655b5 elementor-widget elementor-widget-heading\" data-id=\"d2655b5\" data-element_type=\"widget\" data-e-type=\"widget\" data-widget_type=\"heading.default\">\n\t\t\t\t<div class=\"elementor-widget-container\">\n\t\t\t\t\t<h3 class=\"elementor-heading-title elementor-size-default\">Fotos vom Buffetbereich<\/h3>\t\t\t\t<\/div>\n\t\t\t\t<\/div>\n\t\t\t\t\t<\/div>\n\t\t\t\t<\/div>\n\t\t<div class=\"elementor-element elementor-element-b6a3884 e-flex e-con-boxed e-con e-parent\" data-id=\"b6a3884\" data-element_type=\"container\" data-e-type=\"container\">\n\t\t\t\t\t<div class=\"e-con-inner\">\n\t\t<div class=\"elementor-element elementor-element-9e5c156 e-con-full e-flex e-con e-child\" data-id=\"9e5c156\" data-element_type=\"container\" data-e-type=\"container\">\n\t\t\t\t<div class=\"elementor-element elementor-element-878e77b elementor-widget elementor-widget-image\" data-id=\"878e77b\" data-element_type=\"widget\" data-e-type=\"widget\" data-widget_type=\"image.default\">\n\t\t\t\t<div class=\"elementor-widget-container\">\n\t\t\t\t\t\t\t\t\t\t\t\t\t\t\t<img loading=\"lazy\" decoding=\"async\" width=\"800\" height=\"600\" src=\"https:\/\/www.foretdesainthubert-accessible.be\/wp-content\/uploads\/2024\/10\/hotel-tourisme-handicap-foretdesainthubert-belgique-ardenne-26.jpg\" class=\"attachment-large size-large wp-image-3695\" alt=\"\" \/>\t\t\t\t\t\t\t\t\t\t\t\t\t\t\t<\/div>\n\t\t\t\t<\/div>\n\t\t\t\t<\/div>\n\t\t<div class=\"elementor-element elementor-element-2032176 e-con-full e-flex e-con e-child\" data-id=\"2032176\" data-element_type=\"container\" data-e-type=\"container\">\n\t\t\t\t<div class=\"elementor-element elementor-element-7e6d4f5 elementor-widget elementor-widget-image\" data-id=\"7e6d4f5\" data-element_type=\"widget\" data-e-type=\"widget\" data-widget_type=\"image.default\">\n\t\t\t\t<div class=\"elementor-widget-container\">\n\t\t\t\t\t\t\t\t\t\t\t\t\t\t\t<img loading=\"lazy\" decoding=\"async\" width=\"800\" height=\"600\" src=\"https:\/\/www.foretdesainthubert-accessible.be\/wp-content\/uploads\/2024\/10\/hotel-tourisme-handicap-foretdesainthubert-belgique-ardenne-25.jpg\" class=\"attachment-large size-large wp-image-3699\" alt=\"\" \/>\t\t\t\t\t\t\t\t\t\t\t\t\t\t\t<\/div>\n\t\t\t\t<\/div>\n\t\t\t\t<\/div>\n\t\t\t\t\t<\/div>\n\t\t\t\t<\/div>\n\t\t<div class=\"elementor-element elementor-element-ecb4d5f e-flex e-con-boxed e-con e-parent\" data-id=\"ecb4d5f\" data-element_type=\"container\" data-e-type=\"container\">\n\t\t\t\t\t<div class=\"e-con-inner\">\n\t\t\t\t<div class=\"elementor-element elementor-element-8b4114f elementor-widget elementor-widget-heading\" data-id=\"8b4114f\" data-element_type=\"widget\" data-e-type=\"widget\" data-widget_type=\"heading.default\">\n\t\t\t\t<div class=\"elementor-widget-container\">\n\t\t\t\t\t<h3 class=\"elementor-heading-title elementor-size-default\">Fotos des Restaurantbereichs und des Barbereichs<\/h3>\t\t\t\t<\/div>\n\t\t\t\t<\/div>\n\t\t\t\t\t<\/div>\n\t\t\t\t<\/div>\n\t\t<div class=\"elementor-element elementor-element-2b0db99 e-flex e-con-boxed e-con e-parent\" data-id=\"2b0db99\" data-element_type=\"container\" data-e-type=\"container\">\n\t\t\t\t\t<div class=\"e-con-inner\">\n\t\t<div class=\"elementor-element elementor-element-b282851 e-con-full e-flex e-con e-child\" data-id=\"b282851\" data-element_type=\"container\" data-e-type=\"container\">\n\t\t\t\t<div class=\"elementor-element elementor-element-46d0470 elementor-widget elementor-widget-image\" data-id=\"46d0470\" data-element_type=\"widget\" data-e-type=\"widget\" data-widget_type=\"image.default\">\n\t\t\t\t<div class=\"elementor-widget-container\">\n\t\t\t\t\t\t\t\t\t\t\t\t\t\t\t<img loading=\"lazy\" decoding=\"async\" width=\"800\" height=\"600\" src=\"https:\/\/www.foretdesainthubert-accessible.be\/wp-content\/uploads\/2024\/10\/hotel-tourisme-handicap-foretdesainthubert-belgique-ardenne-28.jpg\" class=\"attachment-large size-large wp-image-3718\" alt=\"\" \/>\t\t\t\t\t\t\t\t\t\t\t\t\t\t\t<\/div>\n\t\t\t\t<\/div>\n\t\t\t\t<\/div>\n\t\t<div class=\"elementor-element elementor-element-5b64262 e-con-full e-flex e-con e-child\" data-id=\"5b64262\" data-element_type=\"container\" data-e-type=\"container\">\n\t\t\t\t<div class=\"elementor-element elementor-element-8517d4f elementor-widget elementor-widget-image\" data-id=\"8517d4f\" data-element_type=\"widget\" data-e-type=\"widget\" data-widget_type=\"image.default\">\n\t\t\t\t<div class=\"elementor-widget-container\">\n\t\t\t\t\t\t\t\t\t\t\t\t\t\t\t<img loading=\"lazy\" decoding=\"async\" width=\"800\" height=\"600\" src=\"https:\/\/www.foretdesainthubert-accessible.be\/wp-content\/uploads\/2024\/10\/hotel-tourisme-handicap-foretdesainthubert-belgique-ardenne-31.jpg\" class=\"attachment-large size-large wp-image-3722\" alt=\"\" \/>\t\t\t\t\t\t\t\t\t\t\t\t\t\t\t<\/div>\n\t\t\t\t<\/div>\n\t\t\t\t<\/div>\n\t\t\t\t\t<\/div>\n\t\t\t\t<\/div>\n\t\t<div class=\"elementor-element elementor-element-7fdee9e e-flex e-con-boxed e-con e-parent\" data-id=\"7fdee9e\" data-element_type=\"container\" data-e-type=\"container\">\n\t\t\t\t\t<div class=\"e-con-inner\">\n\t\t<div class=\"elementor-element elementor-element-879d31c e-con-full e-flex e-con e-child\" data-id=\"879d31c\" data-element_type=\"container\" data-e-type=\"container\">\n\t\t\t\t<div class=\"elementor-element elementor-element-ef38a80 elementor-widget elementor-widget-image\" data-id=\"ef38a80\" data-element_type=\"widget\" data-e-type=\"widget\" data-widget_type=\"image.default\">\n\t\t\t\t<div class=\"elementor-widget-container\">\n\t\t\t\t\t\t\t\t\t\t\t\t\t\t\t<img loading=\"lazy\" decoding=\"async\" width=\"800\" height=\"600\" src=\"https:\/\/www.foretdesainthubert-accessible.be\/wp-content\/uploads\/2024\/10\/hotel-tourisme-handicap-foretdesainthubert-belgique-ardenne-29.jpg\" class=\"attachment-large size-large wp-image-3726\" alt=\"\" \/>\t\t\t\t\t\t\t\t\t\t\t\t\t\t\t<\/div>\n\t\t\t\t<\/div>\n\t\t\t\t<\/div>\n\t\t<div class=\"elementor-element elementor-element-025d4ba e-con-full e-flex e-con e-child\" data-id=\"025d4ba\" data-element_type=\"container\" data-e-type=\"container\">\n\t\t\t\t<div class=\"elementor-element elementor-element-9341266 elementor-widget elementor-widget-image\" data-id=\"9341266\" data-element_type=\"widget\" data-e-type=\"widget\" data-widget_type=\"image.default\">\n\t\t\t\t<div class=\"elementor-widget-container\">\n\t\t\t\t\t\t\t\t\t\t\t\t\t\t\t<img loading=\"lazy\" decoding=\"async\" width=\"800\" height=\"600\" src=\"https:\/\/www.foretdesainthubert-accessible.be\/wp-content\/uploads\/2024\/10\/hotel-tourisme-handicap-foretdesainthubert-belgique-ardenne-27.jpg\" class=\"attachment-large size-large wp-image-3730\" alt=\"\" \/>\t\t\t\t\t\t\t\t\t\t\t\t\t\t\t<\/div>\n\t\t\t\t<\/div>\n\t\t\t\t<\/div>\n\t\t\t\t\t<\/div>\n\t\t\t\t<\/div>\n\t\t<div class=\"elementor-element elementor-element-759a35b e-flex e-con-boxed e-con e-parent\" data-id=\"759a35b\" data-element_type=\"container\" data-e-type=\"container\">\n\t\t\t\t\t<div class=\"e-con-inner\">\n\t\t\t\t<div class=\"elementor-element elementor-element-905e9df elementor-widget elementor-widget-heading\" data-id=\"905e9df\" data-element_type=\"widget\" data-e-type=\"widget\" data-widget_type=\"heading.default\">\n\t\t\t\t<div class=\"elementor-widget-container\">\n\t\t\t\t\t<h3 class=\"elementor-heading-title elementor-size-default\">Fotos von Schlafzimmern und Badezimmern<\/h3>\t\t\t\t<\/div>\n\t\t\t\t<\/div>\n\t\t\t\t\t<\/div>\n\t\t\t\t<\/div>\n\t\t<div class=\"elementor-element elementor-element-53a3a9b e-flex e-con-boxed e-con e-parent\" data-id=\"53a3a9b\" data-element_type=\"container\" data-e-type=\"container\">\n\t\t\t\t\t<div class=\"e-con-inner\">\n\t\t<div class=\"elementor-element elementor-element-395adf9 e-con-full e-flex e-con e-child\" data-id=\"395adf9\" data-element_type=\"container\" data-e-type=\"container\">\n\t\t\t\t<div class=\"elementor-element elementor-element-03753ce elementor-widget elementor-widget-image\" data-id=\"03753ce\" data-element_type=\"widget\" data-e-type=\"widget\" data-widget_type=\"image.default\">\n\t\t\t\t<div class=\"elementor-widget-container\">\n\t\t\t\t\t\t\t\t\t\t\t\t\t\t\t<img loading=\"lazy\" decoding=\"async\" width=\"800\" height=\"600\" src=\"https:\/\/www.foretdesainthubert-accessible.be\/wp-content\/uploads\/2024\/10\/hotel-tourisme-handicap-foretdesainthubert-belgique-ardenne-1.jpg\" class=\"attachment-large size-large wp-image-3789\" alt=\"Vue d&#039;une chambre dans l&#039;h\u00f4tel le Val de Poix\" \/>\t\t\t\t\t\t\t\t\t\t\t\t\t\t\t<\/div>\n\t\t\t\t<\/div>\n\t\t\t\t<div class=\"elementor-element elementor-element-9116e90 elementor-widget elementor-widget-image\" data-id=\"9116e90\" data-element_type=\"widget\" data-e-type=\"widget\" data-widget_type=\"image.default\">\n\t\t\t\t<div class=\"elementor-widget-container\">\n\t\t\t\t\t\t\t\t\t\t\t\t\t\t\t<img loading=\"lazy\" decoding=\"async\" width=\"800\" height=\"600\" src=\"https:\/\/www.foretdesainthubert-accessible.be\/wp-content\/uploads\/2024\/10\/hotel-tourisme-handicap-foretdesainthubert-belgique-ardenne-4.jpg\" class=\"attachment-large size-large wp-image-3809\" alt=\"Vue d&#039;une chambre dans l&#039;h\u00f4tel le Val de Poix\" \/>\t\t\t\t\t\t\t\t\t\t\t\t\t\t\t<\/div>\n\t\t\t\t<\/div>\n\t\t\t\t<\/div>\n\t\t<div class=\"elementor-element elementor-element-1afde6d e-con-full e-flex e-con e-child\" data-id=\"1afde6d\" data-element_type=\"container\" data-e-type=\"container\">\n\t\t\t\t<div class=\"elementor-element elementor-element-c0b1af3 elementor-widget elementor-widget-image\" data-id=\"c0b1af3\" data-element_type=\"widget\" data-e-type=\"widget\" data-widget_type=\"image.default\">\n\t\t\t\t<div class=\"elementor-widget-container\">\n\t\t\t\t\t\t\t\t\t\t\t\t\t\t\t<img loading=\"lazy\" decoding=\"async\" width=\"660\" height=\"530\" src=\"https:\/\/www.foretdesainthubert-accessible.be\/wp-content\/uploads\/2024\/10\/hotel-tourisme-handicap-foretdesainthubert-belgique_6.jpg\" class=\"attachment-large size-large wp-image-3797\" alt=\"Vue d&#039;un obstacle au sol dans une chambre de l&#039;h\u00f4tel le Val de Poix\" srcset=\"https:\/\/www.foretdesainthubert-accessible.be\/wp-content\/uploads\/2024\/10\/hotel-tourisme-handicap-foretdesainthubert-belgique_6.jpg 660w, https:\/\/www.foretdesainthubert-accessible.be\/wp-content\/uploads\/2024\/10\/hotel-tourisme-handicap-foretdesainthubert-belgique_6-300x241.jpg 300w\" sizes=\"(max-width: 660px) 100vw, 660px\" \/>\t\t\t\t\t\t\t\t\t\t\t\t\t\t\t<\/div>\n\t\t\t\t<\/div>\n\t\t\t\t<div class=\"elementor-element elementor-element-ac8e580 elementor-widget elementor-widget-image\" data-id=\"ac8e580\" data-element_type=\"widget\" data-e-type=\"widget\" data-widget_type=\"image.default\">\n\t\t\t\t<div class=\"elementor-widget-container\">\n\t\t\t\t\t\t\t\t\t\t\t\t\t\t\t<img loading=\"lazy\" decoding=\"async\" width=\"800\" height=\"600\" src=\"https:\/\/www.foretdesainthubert-accessible.be\/wp-content\/uploads\/2024\/10\/hotel-tourisme-handicap-foretdesainthubert-belgique-ardenne-7.jpg\" class=\"attachment-large size-large wp-image-3813\" alt=\"Vue d&#039;une chambre dans l&#039;h\u00f4tel le Val de Poix\" \/>\t\t\t\t\t\t\t\t\t\t\t\t\t\t\t<\/div>\n\t\t\t\t<\/div>\n\t\t\t\t<\/div>\n\t\t<div class=\"elementor-element elementor-element-1f5e30e e-con-full e-flex e-con e-child\" data-id=\"1f5e30e\" data-element_type=\"container\" data-e-type=\"container\">\n\t\t\t\t<div class=\"elementor-element elementor-element-53e4838 elementor-widget elementor-widget-image\" data-id=\"53e4838\" data-element_type=\"widget\" data-e-type=\"widget\" data-widget_type=\"image.default\">\n\t\t\t\t<div class=\"elementor-widget-container\">\n\t\t\t\t\t\t\t\t\t\t\t\t\t\t\t<img loading=\"lazy\" decoding=\"async\" width=\"652\" height=\"855\" src=\"https:\/\/www.foretdesainthubert-accessible.be\/wp-content\/uploads\/2024\/10\/hotel-tourisme-handicap-foretdesainthubert-belgique_7.jpg\" class=\"attachment-large size-large wp-image-3801\" alt=\"Vue d&#039;une salle de bain dans l&#039;h\u00f4tel le Val de Poix\" srcset=\"https:\/\/www.foretdesainthubert-accessible.be\/wp-content\/uploads\/2024\/10\/hotel-tourisme-handicap-foretdesainthubert-belgique_7.jpg 652w, https:\/\/www.foretdesainthubert-accessible.be\/wp-content\/uploads\/2024\/10\/hotel-tourisme-handicap-foretdesainthubert-belgique_7-229x300.jpg 229w\" sizes=\"(max-width: 652px) 100vw, 652px\" \/>\t\t\t\t\t\t\t\t\t\t\t\t\t\t\t<\/div>\n\t\t\t\t<\/div>\n\t\t\t\t<\/div>\n\t\t<div class=\"elementor-element elementor-element-d7bfccb e-con-full e-flex e-con e-child\" data-id=\"d7bfccb\" data-element_type=\"container\" data-e-type=\"container\">\n\t\t\t\t<div class=\"elementor-element elementor-element-106cc62 elementor-widget elementor-widget-image\" data-id=\"106cc62\" data-element_type=\"widget\" data-e-type=\"widget\" data-widget_type=\"image.default\">\n\t\t\t\t<div class=\"elementor-widget-container\">\n\t\t\t\t\t\t\t\t\t\t\t\t\t\t\t<img loading=\"lazy\" decoding=\"async\" width=\"642\" height=\"856\" src=\"https:\/\/www.foretdesainthubert-accessible.be\/wp-content\/uploads\/2024\/10\/hotel-tourisme-handicap-foretdesainthubert-belgique_8.jpg\" class=\"attachment-large size-large wp-image-3805\" alt=\"Vue d&#039;une salle de bain dans l&#039;h\u00f4tel le Val de Poix\" srcset=\"https:\/\/www.foretdesainthubert-accessible.be\/wp-content\/uploads\/2024\/10\/hotel-tourisme-handicap-foretdesainthubert-belgique_8.jpg 642w, https:\/\/www.foretdesainthubert-accessible.be\/wp-content\/uploads\/2024\/10\/hotel-tourisme-handicap-foretdesainthubert-belgique_8-225x300.jpg 225w\" sizes=\"(max-width: 642px) 100vw, 642px\" \/>\t\t\t\t\t\t\t\t\t\t\t\t\t\t\t<\/div>\n\t\t\t\t<\/div>\n\t\t\t\t<\/div>\n\t\t\t\t\t<\/div>\n\t\t\t\t<\/div>\n\t\t<div class=\"elementor-element elementor-element-2fbe80b e-flex e-con-boxed e-con e-parent\" data-id=\"2fbe80b\" data-element_type=\"container\" data-e-type=\"container\">\n\t\t\t\t\t<div class=\"e-con-inner\">\n\t\t\t\t<div class=\"elementor-element elementor-element-1cca9da elementor-widget elementor-widget-heading\" data-id=\"1cca9da\" data-element_type=\"widget\" data-e-type=\"widget\" data-widget_type=\"heading.default\">\n\t\t\t\t<div class=\"elementor-widget-container\">\n\t\t\t\t\t<h3 class=\"elementor-heading-title elementor-size-default\">Fotos vom Telefon- und Kaffeeautomatenbereich<\/h3>\t\t\t\t<\/div>\n\t\t\t\t<\/div>\n\t\t\t\t\t<\/div>\n\t\t\t\t<\/div>\n\t\t<div class=\"elementor-element elementor-element-a386ed1 e-flex e-con-boxed e-con e-parent\" data-id=\"a386ed1\" data-element_type=\"container\" data-e-type=\"container\">\n\t\t\t\t\t<div class=\"e-con-inner\">\n\t\t<div class=\"elementor-element elementor-element-9cda4a0 e-con-full e-flex e-con e-child\" data-id=\"9cda4a0\" data-element_type=\"container\" data-e-type=\"container\">\n\t\t\t\t<div class=\"elementor-element elementor-element-8d22d18 elementor-widget elementor-widget-image\" data-id=\"8d22d18\" data-element_type=\"widget\" data-e-type=\"widget\" data-widget_type=\"image.default\">\n\t\t\t\t<div class=\"elementor-widget-container\">\n\t\t\t\t\t\t\t\t\t\t\t\t\t\t\t<img loading=\"lazy\" decoding=\"async\" width=\"637\" height=\"835\" src=\"https:\/\/www.foretdesainthubert-accessible.be\/wp-content\/uploads\/2024\/10\/hotel-tourisme-handicap-foretdesainthubert-belgique_9.jpg\" class=\"attachment-large size-large wp-image-3830\" alt=\"Vue d&#039;un espace calme dans l&#039;h\u00f4tel le Val de Poix\" srcset=\"https:\/\/www.foretdesainthubert-accessible.be\/wp-content\/uploads\/2024\/10\/hotel-tourisme-handicap-foretdesainthubert-belgique_9.jpg 637w, https:\/\/www.foretdesainthubert-accessible.be\/wp-content\/uploads\/2024\/10\/hotel-tourisme-handicap-foretdesainthubert-belgique_9-229x300.jpg 229w\" sizes=\"(max-width: 637px) 100vw, 637px\" \/>\t\t\t\t\t\t\t\t\t\t\t\t\t\t\t<\/div>\n\t\t\t\t<\/div>\n\t\t\t\t<\/div>\n\t\t<div class=\"elementor-element elementor-element-a94e582 e-con-full e-flex e-con e-child\" data-id=\"a94e582\" data-element_type=\"container\" data-e-type=\"container\">\n\t\t\t\t<\/div>\n\t\t\t\t\t<\/div>\n\t\t\t\t<\/div>\n\t\t<div class=\"elementor-element elementor-element-bcb63df e-flex e-con-boxed e-con e-parent\" data-id=\"bcb63df\" data-element_type=\"container\" data-e-type=\"container\">\n\t\t\t\t\t<div class=\"e-con-inner\">\n\t\t\t\t<div class=\"elementor-element elementor-element-63efa8b elementor-widget elementor-widget-heading\" data-id=\"63efa8b\" data-element_type=\"widget\" data-e-type=\"widget\" data-widget_type=\"heading.default\">\n\t\t\t\t<div class=\"elementor-widget-container\">\n\t\t\t\t\t<h3 class=\"elementor-heading-title elementor-size-default\">Fotos der PMR-Toilette im Untergeschoss<\/h3>\t\t\t\t<\/div>\n\t\t\t\t<\/div>\n\t\t\t\t\t<\/div>\n\t\t\t\t<\/div>\n\t\t<div class=\"elementor-element elementor-element-7280fc6 e-flex e-con-boxed e-con e-parent\" data-id=\"7280fc6\" data-element_type=\"container\" data-e-type=\"container\">\n\t\t\t\t\t<div class=\"e-con-inner\">\n\t\t<div class=\"elementor-element elementor-element-b6b62be e-con-full e-flex e-con e-child\" data-id=\"b6b62be\" data-element_type=\"container\" data-e-type=\"container\">\n\t\t\t\t<div class=\"elementor-element elementor-element-6996759 elementor-widget elementor-widget-image\" data-id=\"6996759\" data-element_type=\"widget\" data-e-type=\"widget\" data-widget_type=\"image.default\">\n\t\t\t\t<div class=\"elementor-widget-container\">\n\t\t\t\t\t\t\t\t\t\t\t\t\t\t\t<img loading=\"lazy\" decoding=\"async\" width=\"800\" height=\"600\" src=\"https:\/\/www.foretdesainthubert-accessible.be\/wp-content\/uploads\/2024\/10\/hotel-tourisme-handicap-foretdesainthubert-belgique-ardenne-14-2.jpg\" class=\"attachment-large size-large wp-image-3758\" alt=\"\" \/>\t\t\t\t\t\t\t\t\t\t\t\t\t\t\t<\/div>\n\t\t\t\t<\/div>\n\t\t\t\t<\/div>\n\t\t<div class=\"elementor-element elementor-element-fef5517 e-con-full e-flex e-con e-child\" data-id=\"fef5517\" data-element_type=\"container\" data-e-type=\"container\">\n\t\t\t\t<div class=\"elementor-element elementor-element-1cf90ea elementor-widget elementor-widget-image\" data-id=\"1cf90ea\" data-element_type=\"widget\" data-e-type=\"widget\" data-widget_type=\"image.default\">\n\t\t\t\t<div class=\"elementor-widget-container\">\n\t\t\t\t\t\t\t\t\t\t\t\t\t\t\t<img loading=\"lazy\" decoding=\"async\" width=\"800\" height=\"600\" src=\"https:\/\/www.foretdesainthubert-accessible.be\/wp-content\/uploads\/2024\/10\/hotel-tourisme-handicap-foretdesainthubert-belgique-ardenne-12.jpg\" class=\"attachment-large size-large wp-image-3762\" alt=\"\" \/>\t\t\t\t\t\t\t\t\t\t\t\t\t\t\t<\/div>\n\t\t\t\t<\/div>\n\t\t\t\t<\/div>\n\t\t\t\t\t<\/div>\n\t\t\t\t<\/div>\n\t\t<div class=\"elementor-element elementor-element-820ed9c e-grid e-con-boxed e-con e-parent\" data-id=\"820ed9c\" data-element_type=\"container\" data-e-type=\"container\">\n\t\t\t\t\t<div class=\"e-con-inner\">\n\t\t\t\t<div class=\"elementor-element elementor-element-41c69c0 elementor-widget elementor-widget-image\" data-id=\"41c69c0\" data-element_type=\"widget\" data-e-type=\"widget\" data-widget_type=\"image.default\">\n\t\t\t\t<div class=\"elementor-widget-container\">\n\t\t\t\t\t\t\t\t\t\t\t\t\t\t\t<img loading=\"lazy\" decoding=\"async\" width=\"640\" height=\"847\" src=\"https:\/\/www.foretdesainthubert-accessible.be\/wp-content\/uploads\/2024\/10\/hotel-tourisme-handicap-foretdesainthubert-belgique_4.jpg\" class=\"attachment-large size-large wp-image-3774\" alt=\"Vue de l&#039;entr\u00e9e de la toilette adapt\u00e9e dans l&#039;h\u00f4tel le Val de Poix\" srcset=\"https:\/\/www.foretdesainthubert-accessible.be\/wp-content\/uploads\/2024\/10\/hotel-tourisme-handicap-foretdesainthubert-belgique_4.jpg 640w, https:\/\/www.foretdesainthubert-accessible.be\/wp-content\/uploads\/2024\/10\/hotel-tourisme-handicap-foretdesainthubert-belgique_4-227x300.jpg 227w\" sizes=\"(max-width: 640px) 100vw, 640px\" \/>\t\t\t\t\t\t\t\t\t\t\t\t\t\t\t<\/div>\n\t\t\t\t<\/div>\n\t\t\t\t<div class=\"elementor-element elementor-element-ec194f7 elementor-widget elementor-widget-image\" data-id=\"ec194f7\" data-element_type=\"widget\" data-e-type=\"widget\" data-widget_type=\"image.default\">\n\t\t\t\t<div class=\"elementor-widget-container\">\n\t\t\t\t\t\t\t\t\t\t\t\t\t\t\t<img loading=\"lazy\" decoding=\"async\" width=\"632\" height=\"847\" src=\"https:\/\/www.foretdesainthubert-accessible.be\/wp-content\/uploads\/2024\/10\/hotel-tourisme-handicap-foretdesainthubert-belgique_2.jpg\" class=\"attachment-large size-large wp-image-3778\" alt=\"Vue dans la toilette commune adapt\u00e9e dans l&#039;h\u00f4tel le Val de Poix\" srcset=\"https:\/\/www.foretdesainthubert-accessible.be\/wp-content\/uploads\/2024\/10\/hotel-tourisme-handicap-foretdesainthubert-belgique_2.jpg 632w, https:\/\/www.foretdesainthubert-accessible.be\/wp-content\/uploads\/2024\/10\/hotel-tourisme-handicap-foretdesainthubert-belgique_2-224x300.jpg 224w\" sizes=\"(max-width: 632px) 100vw, 632px\" \/>\t\t\t\t\t\t\t\t\t\t\t\t\t\t\t<\/div>\n\t\t\t\t<\/div>\n\t\t\t\t<div class=\"elementor-element elementor-element-db0959d elementor-widget elementor-widget-image\" data-id=\"db0959d\" data-element_type=\"widget\" data-e-type=\"widget\" data-widget_type=\"image.default\">\n\t\t\t\t<div class=\"elementor-widget-container\">\n\t\t\t\t\t\t\t\t\t\t\t\t\t\t\t<img loading=\"lazy\" decoding=\"async\" width=\"642\" height=\"866\" src=\"https:\/\/www.foretdesainthubert-accessible.be\/wp-content\/uploads\/2024\/10\/hotel-tourisme-handicap-foretdesainthubert-belgique_3.jpg\" class=\"attachment-large size-large wp-image-3782\" alt=\"Vue dans la toilette commune adapt\u00e9e dans l&#039;h\u00f4tel le Val de Poix\" srcset=\"https:\/\/www.foretdesainthubert-accessible.be\/wp-content\/uploads\/2024\/10\/hotel-tourisme-handicap-foretdesainthubert-belgique_3.jpg 642w, https:\/\/www.foretdesainthubert-accessible.be\/wp-content\/uploads\/2024\/10\/hotel-tourisme-handicap-foretdesainthubert-belgique_3-222x300.jpg 222w\" sizes=\"(max-width: 642px) 100vw, 642px\" \/>\t\t\t\t\t\t\t\t\t\t\t\t\t\t\t<\/div>\n\t\t\t\t<\/div>\n\t\t\t\t\t<\/div>\n\t\t\t\t<\/div>\n\t\t<div class=\"elementor-element elementor-element-7913fe1 e-flex e-con-boxed e-con e-parent\" data-id=\"7913fe1\" data-element_type=\"container\" data-e-type=\"container\">\n\t\t\t\t\t<div class=\"e-con-inner\">\n\t\t\t\t<div class=\"elementor-element elementor-element-08d9422 elementor-widget elementor-widget-heading\" data-id=\"08d9422\" data-element_type=\"widget\" data-e-type=\"widget\" data-widget_type=\"heading.default\">\n\t\t\t\t<div class=\"elementor-widget-container\">\n\t\t\t\t\t<h3 class=\"elementor-heading-title elementor-size-default\">Fotos von im Hotel vorhandenen Stufen<\/h3>\t\t\t\t<\/div>\n\t\t\t\t<\/div>\n\t\t\t\t\t<\/div>\n\t\t\t\t<\/div>\n\t\t<div class=\"elementor-element elementor-element-f4e8d99 e-flex e-con-boxed e-con e-parent\" data-id=\"f4e8d99\" data-element_type=\"container\" data-e-type=\"container\">\n\t\t\t\t\t<div class=\"e-con-inner\">\n\t\t<div class=\"elementor-element elementor-element-2179c87 e-con-full e-flex e-con e-child\" data-id=\"2179c87\" data-element_type=\"container\" data-e-type=\"container\">\n\t\t\t\t<div class=\"elementor-element elementor-element-15ffdaa elementor-widget elementor-widget-image\" data-id=\"15ffdaa\" data-element_type=\"widget\" data-e-type=\"widget\" data-widget_type=\"image.default\">\n\t\t\t\t<div class=\"elementor-widget-container\">\n\t\t\t\t\t\t\t\t\t\t\t\t\t\t\t<img loading=\"lazy\" decoding=\"async\" width=\"800\" height=\"600\" src=\"https:\/\/www.foretdesainthubert-accessible.be\/wp-content\/uploads\/2024\/10\/hotel-tourisme-handicap-foretdesainthubert-belgique-ardenne-15.jpg\" class=\"attachment-large size-large wp-image-3834\" alt=\"Vue sur une marche pour sortir de l&#039;h\u00f4tel le Val de Poix\" \/>\t\t\t\t\t\t\t\t\t\t\t\t\t\t\t<\/div>\n\t\t\t\t<\/div>\n\t\t\t\t<\/div>\n\t\t<div class=\"elementor-element elementor-element-189133b e-con-full e-flex e-con e-child\" data-id=\"189133b\" data-element_type=\"container\" data-e-type=\"container\">\n\t\t\t\t<div class=\"elementor-element elementor-element-2367e1b elementor-widget elementor-widget-image\" data-id=\"2367e1b\" data-element_type=\"widget\" data-e-type=\"widget\" data-widget_type=\"image.default\">\n\t\t\t\t<div class=\"elementor-widget-container\">\n\t\t\t\t\t\t\t\t\t\t\t\t\t\t\t<img loading=\"lazy\" decoding=\"async\" width=\"800\" height=\"600\" src=\"https:\/\/www.foretdesainthubert-accessible.be\/wp-content\/uploads\/2024\/10\/hotel-tourisme-handicap-foretdesainthubert-belgique-ardenne-39.jpg\" class=\"attachment-large size-large wp-image-3838\" alt=\"Vue sur un escalier dans l&#039;h\u00f4tel le Val de Poix\" \/>\t\t\t\t\t\t\t\t\t\t\t\t\t\t\t<\/div>\n\t\t\t\t<\/div>\n\t\t\t\t<\/div>\n\t\t<div class=\"elementor-element elementor-element-af03509 e-con-full e-flex e-con e-child\" data-id=\"af03509\" data-element_type=\"container\" data-e-type=\"container\">\n\t\t\t\t<div class=\"elementor-element elementor-element-a1cbc6d elementor-widget elementor-widget-image\" data-id=\"a1cbc6d\" data-element_type=\"widget\" data-e-type=\"widget\" data-widget_type=\"image.default\">\n\t\t\t\t<div class=\"elementor-widget-container\">\n\t\t\t\t\t\t\t\t\t\t\t\t\t\t\t<img loading=\"lazy\" decoding=\"async\" width=\"617\" height=\"790\" src=\"https:\/\/www.foretdesainthubert-accessible.be\/wp-content\/uploads\/2024\/10\/hotel-tourisme-handicap-foretdesainthubert-belgique_10.jpg\" class=\"attachment-large size-large wp-image-3842\" alt=\"Vue sur un escalier dans l&#039;h\u00f4tel Le Val de Poix\" srcset=\"https:\/\/www.foretdesainthubert-accessible.be\/wp-content\/uploads\/2024\/10\/hotel-tourisme-handicap-foretdesainthubert-belgique_10.jpg 617w, https:\/\/www.foretdesainthubert-accessible.be\/wp-content\/uploads\/2024\/10\/hotel-tourisme-handicap-foretdesainthubert-belgique_10-234x300.jpg 234w\" sizes=\"(max-width: 617px) 100vw, 617px\" \/>\t\t\t\t\t\t\t\t\t\t\t\t\t\t\t<\/div>\n\t\t\t\t<\/div>\n\t\t\t\t<\/div>\n\t\t<div class=\"elementor-element elementor-element-8027866 e-con-full e-flex e-con e-child\" data-id=\"8027866\" data-element_type=\"container\" data-e-type=\"container\">\n\t\t\t\t<\/div>\n\t\t\t\t\t<\/div>\n\t\t\t\t<\/div>\n\t\t<div class=\"elementor-element elementor-element-efc3a96 e-flex e-con-boxed e-con e-parent\" data-id=\"efc3a96\" data-element_type=\"container\" data-e-type=\"container\">\n\t\t\t\t\t<div class=\"e-con-inner\">\n\t\t\t\t<div class=\"elementor-element elementor-element-56658af elementor-widget elementor-widget-heading\" data-id=\"56658af\" data-element_type=\"widget\" data-e-type=\"widget\" data-widget_type=\"heading.default\">\n\t\t\t\t<div class=\"elementor-widget-container\">\n\t\t\t\t\t<h3 class=\"elementor-heading-title elementor-size-default\">N\u00fctzliche Informationen<\/h3>\t\t\t\t<\/div>\n\t\t\t\t<\/div>\n\t\t\t\t\t<\/div>\n\t\t\t\t<\/div>\n\t\t<div class=\"elementor-element elementor-element-51d0642 e-flex e-con-boxed e-con e-parent\" data-id=\"51d0642\" data-element_type=\"container\" data-e-type=\"container\">\n\t\t\t\t\t<div class=\"e-con-inner\">\n\t\t\t\t<div class=\"elementor-element elementor-element-bc96c97 elementor-widget elementor-widget-text-editor\" data-id=\"bc96c97\" data-element_type=\"widget\" data-e-type=\"widget\" data-widget_type=\"text-editor.default\">\n\t\t\t\t<div class=\"elementor-widget-container\">\n\t\t\t\t\t\t\t\t\t<p><strong>Eingangen :<br \/>\n<\/strong><\/p>\n<p>Es sind zwei Eingaben m\u00f6glich:<\/p>\n<ul>\n<li>durch das Restaurant (Rue des Ardennes 18)<\/li>\n<li>\u00fcber das Hotel (Rue des Ardennes 10 \u00fcber die Fu\u00dfg\u00e4ngerbr\u00fccke)<\/li>\n<\/ul>\n<p>Wenn Sie durch die T\u00fcr des Restaurants gehen, gibt es eine kleine Stufe.<br \/>\nDiese T\u00fcr ist nicht durch eine kontrastreiche Markierung gesichert.<br \/>\nDie Eingangst\u00fcr wird von Hand ge\u00f6ffnet.<\/p>\n<p>Wenn Sie das Hotel betreten, befinden Sie sich im Keller.<br \/>\nDort gibt es eine Dreht\u00fcr.<br \/>\nAnschlie\u00dfend m\u00fcssen Sie den Aufzug oder die Treppe nehmen.<br \/>\nDer Empfangstresen befindet sich im weiteren Verlauf des Weges.<\/p>\n<p><strong>Erdgeschoss:<\/strong><\/p>\n<ul>\n<li>Hier befindet sich die Rezeption des Hotels.<br \/>\nDer Empfangstresen besteht aus einem niedrigen Teil.<br \/>\nEs gibt Sitzgelegenheiten zum Warten.<\/li>\n<li>Es gibt das Restaurant und den Fr\u00fchst\u00fccksraum.<br \/>\nEs gibt runde Tische.<br \/>\nDie H\u00f6he der Tische variiert zwischen 73 und 76 cm.<\/li>\n<li>Es gibt eine Bar.<br \/>\nNeben der Bar befindet sich ein ungesicherter H\u00f6henunterschied.<\/li>\n<li>Es gibt einen Bereich, in dem Sie in Ruhe telefonieren oder einen Kaffee aus dem Automaten kaufen k\u00f6nnen.<\/li>\n<li>Es gibt einen Konferenzraum.<\/li>\n<li>Es gibt einen kleinen Bereich mit touristischem Informationsmaterial.<\/li>\n<li>Es ist einfach, sich zu bewegen<\/li>\n<li>Die R\u00e4ume sind gut beleuchtet und erleichtern das Lippenlesen.<\/li>\n<li>Es gibt generell Kontraste zwischen dem Boden und den W\u00e4nden.<\/li>\n<\/ul>\n<p><strong>Treppen und Aufz\u00fcge :<\/strong><\/p>\n<ul>\n<li>Es gibt einen Aufzug zu den verschiedenen Stockwerken (keine Sprachausgabe).<\/li>\n<li>Die Flure sind schmal.<br \/>\nIn den Fluren gibt es im Wohnzimmer Teppichboden.<br \/>\nDies kann schwer begehbar sein.<\/li>\n<li>Die verschiedenen Treppen sind weder mit vollst\u00e4ndigen Handl\u00e4ufen noch mit Aufmerksamkeitsstreifen gesichert.<\/li>\n<\/ul>\n<p><strong>Zimmer:<\/strong><\/p>\n<ul>\n<li>An den Zimmert\u00fcren befindet sich eine kontrastreiche Beschilderung.<\/li>\n<li>Wenn Sie schlecht zu Fu\u00df sind, sollten Sie die Zimmer Nummer 28 und 29 bevorzugen.<\/li>\n<li>Die Breite der T\u00fcr, durch die Sie in das Zimmer gelangen, ist schmal.<\/li>\n<li>In einigen Zimmern gibt es Holzbalken.<br \/>\nSie stellen ein Hindernis dar, wenn Sie sehbehindert sind.<\/li>\n<\/ul>\n<p><strong><br \/>\nWeitere Informationen :<\/strong><\/p>\n<ul>\n<li>Das Fr\u00fchst\u00fcck wird in Form eines Buffets serviert.<br \/>\nDas Personal ist anwesend, um bei Bedarf zu helfen.<\/li>\n<li>Auf der Ebene des Hoteleingangs (im Untergeschoss) befindet sich eine Terrasse.<\/li>\n<\/ul>\n\t\t\t\t\t\t\t\t<\/div>\n\t\t\t\t<\/div>\n\t\t\t\t\t<\/div>\n\t\t\t\t<\/div>\n\t\t<div class=\"elementor-element elementor-element-e41fcb3 e-flex e-con-boxed e-con e-parent\" data-id=\"e41fcb3\" data-element_type=\"container\" data-e-type=\"container\">\n\t\t\t\t\t<div class=\"e-con-inner\">\n\t\t<div class=\"elementor-element elementor-element-8ea93ff e-con-full e-flex e-con e-child\" data-id=\"8ea93ff\" data-element_type=\"container\" data-e-type=\"container\">\n\t\t\t\t<div class=\"elementor-element elementor-element-0f94292 elementor-widget elementor-widget-image\" data-id=\"0f94292\" data-element_type=\"widget\" data-e-type=\"widget\" data-widget_type=\"image.default\">\n\t\t\t\t<div class=\"elementor-widget-container\">\n\t\t\t\t\t\t\t\t\t\t\t\t\t\t\t<img loading=\"lazy\" decoding=\"async\" width=\"800\" height=\"800\" src=\"https:\/\/www.foretdesainthubert-accessible.be\/wp-content\/uploads\/2024\/04\/falc.webp\" class=\"attachment-large size-large wp-image-628\" alt=\"\" srcset=\"https:\/\/www.foretdesainthubert-accessible.be\/wp-content\/uploads\/2024\/04\/falc.webp 1024w, https:\/\/www.foretdesainthubert-accessible.be\/wp-content\/uploads\/2024\/04\/falc-300x300.webp 300w, https:\/\/www.foretdesainthubert-accessible.be\/wp-content\/uploads\/2024\/04\/falc-150x150.webp 150w, https:\/\/www.foretdesainthubert-accessible.be\/wp-content\/uploads\/2024\/04\/falc-768x768.webp 768w\" sizes=\"(max-width: 800px) 100vw, 800px\" \/>\t\t\t\t\t\t\t\t\t\t\t\t\t\t\t<\/div>\n\t\t\t\t<\/div>\n\t\t\t\t<\/div>\n\t\t<div class=\"elementor-element elementor-element-b319fb6 e-con-full e-flex e-con e-child\" data-id=\"b319fb6\" data-element_type=\"container\" data-e-type=\"container\">\n\t\t\t\t<div class=\"elementor-element elementor-element-fc00781 elementor-widget elementor-widget-heading\" data-id=\"fc00781\" data-element_type=\"widget\" data-e-type=\"widget\" data-widget_type=\"heading.default\">\n\t\t\t\t<div class=\"elementor-widget-container\">\n\t\t\t\t\t<h2 class=\"elementor-heading-title elementor-size-default\">Leicht zu lesen und zu verstehen<\/h2>\t\t\t\t<\/div>\n\t\t\t\t<\/div>\n\t\t\t\t<\/div>\n\t\t\t\t\t<\/div>\n\t\t\t\t<\/div>\n\t\t<div class=\"elementor-element elementor-element-6108170 e-flex e-con-boxed e-con e-parent\" data-id=\"6108170\" data-element_type=\"container\" data-e-type=\"container\">\n\t\t\t\t\t<div class=\"e-con-inner\">\n\t\t\t\t<div class=\"elementor-element elementor-element-822efbf elementor-widget elementor-widget-text-editor\" data-id=\"822efbf\" data-element_type=\"widget\" data-e-type=\"widget\" data-widget_type=\"text-editor.default\">\n\t\t\t\t<div class=\"elementor-widget-container\">\n\t\t\t\t\t\t\t\t\t<p>Dieser Text ist in Leicht Lesen und Verstehen geschrieben.<\/p>\n<p><strong>Eing\u00e4nge:<\/strong><br \/>Es gibt zwei Eing\u00e4nge<\/p>\n<ul>\n<li>Durch das Restaurant betreten (Adresse: rue des Ardennes 18)<\/li>\n<li>\u00dcber das Hotel betreten (Adresse: Rue des Ardennes 10, \u00fcber die Fu\u00dfg\u00e4ngerbr\u00fccke)\n<\/li>\n<\/ul>\n<p>Wenn Sie durch das Restaurant eintreten :<\/p>\n<ul>\n<li>Es gibt eine kleine Stufe am Eingang<\/li>\n<li>Die T\u00fcr ist verglast.<\/li>\n<li>Sie m\u00fcssen die T\u00fcr selbst \u00f6ffnen.\n<\/li>\n<\/ul>\n<p>Wenn Sie \u00fcber das Hotel einreisen :<\/p>\n<ul>\n<li>Sie gelangen in den Keller<\/li>\n<li>Es gibt eine runde T\u00fcr, die sich dreht<\/li>\n<li>Sie m\u00fcssen den Aufzug oder die Treppe nehmen.<\/li>\n<li>Der Empfang liegt vor Ihnen.<\/li>\n<\/ul>\n<p><strong>Erdgeschoss :<\/strong><br \/>Erdgeschoss :<\/p>\n<ul>\n<li>Es gibt die Rezeption des Hotels.<\/li>\n<li>Die Theke an der Rezeption hat einen niedrigeren Teil.<\/li>\n<li>Es gibt Sitzgelegenheiten zum Warten.<\/li>\n<li>Es gibt das Restaurant und den Fr\u00fchst\u00fccksraum.<\/li>\n<li>Es gibt runde Tische.<\/li>\n<li>Die Tische sind zwischen 73 und 76 cm hoch.<\/li>\n<li>Es gibt eine Bar.<\/li>\n<li>Neben der Bar befindet sich ein Hang.<\/li>\n<li>Es gibt einen ruhigen Bereich, in dem Sie telefonieren oder einen Kaffee aus dem Automaten kaufen k\u00f6nnen.<\/li>\n<li>Es gibt einen Konferenzraum.<\/li>\n<li>Es gibt einen kleinen Bereich mit informativen B\u00fcchern.<\/li>\n<li>Es ist einfach, sich zu bewegen.<\/li>\n<\/ul>\n<p><strong>Treppen und Aufz\u00fcge :<\/strong><\/p>\n<ul>\n<li>Das Hotel hat mehrere Stockwerke.<\/li>\n<li>Es gibt einen Aufzug f\u00fcr Menschen im Rollstuhl oder mit besonderen Bed\u00fcrfnissen<\/li>\n<li>Die Korridore sind eng<\/li>\n<li>Auf dem Boden liegt ein Teppich.<\/li>\n<li>Die Treppen sind nicht ausreichend gesichert, weil :\n<ul>\n<li>Es gibt nur einen Handlauf, um sich auf der Treppe zu halten.<\/li>\n<li>Dieser Handlauf beginnt nicht am Anfang der Treppe.<\/li>\n<\/ul>\n<\/li>\n<\/ul>\n<p><strong>Zimmer:<\/strong><\/p>\n<ul>\n<li>Wenn Sie schlecht zu Fu\u00df sind, k\u00f6nnen Sie bei der Buchung nachfragen, um Zimmer Nummer 28 oder 29 zu bekommen.\n<p><\/li>\n<li>Die Breite der T\u00fcr, um in das Zimmer zu gelangen, ist schmal.<\/li>\n<li>In einigen Zimmern gibt es Holzbalken. Man muss aufpassen, dass man sich nicht den Kopf st\u00f6\u00dft.\n<\/li>\n<\/ul>\n<p><strong>Weitere Informationen :<\/strong><\/p>\n<ul>\n<li>Beim Fr\u00fchst\u00fcck k\u00f6nnen Sie sich selbst bedienen.<\/li>\n<li>Das Personal ist da, um Ihnen zu helfen, wenn Sie es brauchen.<\/li>\n<li>Es gibt eine Terrasse in der N\u00e4he des Hoteleingangs (im Untergeschoss).<\/li>\n<\/ul>\n\t\t\t\t\t\t\t\t<\/div>\n\t\t\t\t<\/div>\n\t\t\t\t\t<\/div>\n\t\t\t\t<\/div>\n\t\t\t\t<\/div>\n\t\t","protected":false},"excerpt":{"rendered":"<p>H\u00f4tel-restaurant Le Val de Poix In Zusammenarbeit mit All Access (Provinz Luxemburg) informieren wir Sie, dass Vorkehrungen getroffen wurden f\u00fcr : Personen, die schlecht zu Fu\u00df sind Personen mit Sehbehinderungen Personen mit Verst\u00e4ndnisschwierigkeiten Personen mit H\u00f6rbehinderungen (wichtig: kein visuelles Feueralarmsystem) Die Adresse lautet Rue des Ardennes 18, 6870 Saint-Hubert. Das Hotel befindet sich gegen\u00fcber dem [&hellip;]<\/p>\n","protected":false},"author":4,"featured_media":0,"parent":0,"menu_order":0,"comment_status":"closed","ping_status":"closed","template":"","meta":{"_seopress_robots_primary_cat":"","_seopress_titles_title":"","_seopress_titles_desc":"","_seopress_robots_index":"","footnotes":""},"class_list":["post-3576","page","type-page","status-publish","hentry"],"_links":{"self":[{"href":"https:\/\/www.foretdesainthubert-accessible.be\/de\/wp-json\/wp\/v2\/pages\/3576","targetHints":{"allow":["GET"]}}],"collection":[{"href":"https:\/\/www.foretdesainthubert-accessible.be\/de\/wp-json\/wp\/v2\/pages"}],"about":[{"href":"https:\/\/www.foretdesainthubert-accessible.be\/de\/wp-json\/wp\/v2\/types\/page"}],"author":[{"embeddable":true,"href":"https:\/\/www.foretdesainthubert-accessible.be\/de\/wp-json\/wp\/v2\/users\/4"}],"replies":[{"embeddable":true,"href":"https:\/\/www.foretdesainthubert-accessible.be\/de\/wp-json\/wp\/v2\/comments?post=3576"}],"version-history":[{"count":4,"href":"https:\/\/www.foretdesainthubert-accessible.be\/de\/wp-json\/wp\/v2\/pages\/3576\/revisions"}],"predecessor-version":[{"id":6299,"href":"https:\/\/www.foretdesainthubert-accessible.be\/de\/wp-json\/wp\/v2\/pages\/3576\/revisions\/6299"}],"wp:attachment":[{"href":"https:\/\/www.foretdesainthubert-accessible.be\/de\/wp-json\/wp\/v2\/media?parent=3576"}],"curies":[{"name":"wp","href":"https:\/\/api.w.org\/{rel}","templated":true}]}}