{"id":3558,"date":"2024-05-06T14:03:19","date_gmt":"2024-05-06T12:03:19","guid":{"rendered":"https:\/\/www.foretdesainthubert-accessible.be\/?page_id=3558"},"modified":"2026-02-19T15:26:16","modified_gmt":"2026-02-19T14:26:16","slug":"ehemalige-schule-in-laneuville-au-bois","status":"publish","type":"page","link":"https:\/\/www.foretdesainthubert-accessible.be\/de\/ehemalige-schule-in-laneuville-au-bois\/","title":{"rendered":"Ehemalige Schule in Laneuville-au-Bois"},"content":{"rendered":"\t\t<div data-elementor-type=\"wp-page\" data-elementor-id=\"3558\" class=\"elementor elementor-3558 elementor-1739\" data-elementor-post-type=\"page\">\n\t\t\t\t<div class=\"elementor-element elementor-element-2d3371e e-flex e-con-boxed e-con e-parent\" data-id=\"2d3371e\" data-element_type=\"container\" data-e-type=\"container\">\n\t\t\t\t\t<div class=\"e-con-inner\">\n\t\t\t\t<div class=\"elementor-element elementor-element-8cc60cb elementor-widget elementor-widget-heading\" data-id=\"8cc60cb\" data-element_type=\"widget\" data-e-type=\"widget\" data-widget_type=\"heading.default\">\n\t\t\t\t<div class=\"elementor-widget-container\">\n\t\t\t\t\t<h1 class=\"elementor-heading-title elementor-size-default\">Der alten Schule in Laneuville-au-bois<\/h1>\t\t\t\t<\/div>\n\t\t\t\t<\/div>\n\t\t\t\t\t<\/div>\n\t\t\t\t<\/div>\n\t\t<div class=\"elementor-element elementor-element-3b2baf63 e-flex e-con-boxed e-con e-parent\" data-id=\"3b2baf63\" data-element_type=\"container\" data-e-type=\"container\">\n\t\t\t\t\t<div class=\"e-con-inner\">\n\t\t\t\t<div class=\"elementor-element elementor-element-7d0e09f8 elementor-widget elementor-widget-text-editor\" data-id=\"7d0e09f8\" data-element_type=\"widget\" data-e-type=\"widget\" data-widget_type=\"text-editor.default\">\n\t\t\t\t<div class=\"elementor-widget-container\">\n\t\t\t\t\t\t\t\t\t<p>In Zusammenarbeit mit All Access (Provinz Luxemburg) teilen wir Ihnen mit, dass dieser Besuchsort f\u00fcr Menschen mit Behinderungen zug\u00e4nglich ist:<\/p>\n<ul>\n<li>Personen mit Gehbehinderungen<\/li>\n<li>Personen mit Sehbehinderungen<\/li>\n<li>Personen mit geistiger Behinderung<\/li>\n<li>Personen mit Autismus<\/li>\n<\/ul>\n\t\t\t\t\t\t\t\t<\/div>\n\t\t\t\t<\/div>\n\t\t\t\t\t<\/div>\n\t\t\t\t<\/div>\n\t\t<div class=\"elementor-element elementor-element-3413d5f e-flex e-con-boxed e-con e-parent\" data-id=\"3413d5f\" data-element_type=\"container\" data-e-type=\"container\">\n\t\t\t\t\t<div class=\"e-con-inner\">\n\t\t<div class=\"elementor-element elementor-element-1cb062d e-con-full e-flex e-con e-child\" data-id=\"1cb062d\" data-element_type=\"container\" data-e-type=\"container\">\n\t\t\t\t<div class=\"elementor-element elementor-element-be8cc2c elementor-widget elementor-widget-image\" data-id=\"be8cc2c\" data-element_type=\"widget\" data-e-type=\"widget\" data-widget_type=\"image.default\">\n\t\t\t\t<div class=\"elementor-widget-container\">\n\t\t\t\t\t\t\t\t\t\t\t\t\t\t\t<img fetchpriority=\"high\" decoding=\"async\" width=\"800\" height=\"800\" src=\"https:\/\/www.foretdesainthubert-accessible.be\/wp-content\/uploads\/2024\/04\/adresse.webp\" class=\"attachment-large size-large wp-image-557\" alt=\"Pictogramme maison (adresse)\" srcset=\"https:\/\/www.foretdesainthubert-accessible.be\/wp-content\/uploads\/2024\/04\/adresse.webp 1024w, https:\/\/www.foretdesainthubert-accessible.be\/wp-content\/uploads\/2024\/04\/adresse-300x300.webp 300w, https:\/\/www.foretdesainthubert-accessible.be\/wp-content\/uploads\/2024\/04\/adresse-150x150.webp 150w, https:\/\/www.foretdesainthubert-accessible.be\/wp-content\/uploads\/2024\/04\/adresse-768x768.webp 768w\" sizes=\"(max-width: 800px) 100vw, 800px\" \/>\t\t\t\t\t\t\t\t\t\t\t\t\t\t\t<\/div>\n\t\t\t\t<\/div>\n\t\t\t\t<\/div>\n\t\t<div class=\"elementor-element elementor-element-e5d4cc7 e-con-full e-flex e-con e-child\" data-id=\"e5d4cc7\" data-element_type=\"container\" data-e-type=\"container\">\n\t\t\t\t<div class=\"elementor-element elementor-element-66fa796 elementor-widget elementor-widget-text-editor\" data-id=\"66fa796\" data-element_type=\"widget\" data-e-type=\"widget\" data-widget_type=\"text-editor.default\">\n\t\t\t\t<div class=\"elementor-widget-container\">\n\t\t\t\t\t\t\t\t\t<p>Die Adresse lautet Laneuville-au-Bois 11, 6970 Tenneville.<\/p>\n<p>Die alte Schule von Laneuville wird auf Wallonisch auch Al v\u00ee scole dol No\u00fbv\u00e8ye genannt.<\/p>\n<p>Das Geb\u00e4ude befindet sich gegen\u00fcber der Dorfkirche von Laneuville-au-Bois.<\/p>\n\t\t\t\t\t\t\t\t<\/div>\n\t\t\t\t<\/div>\n\t\t\t\t<\/div>\n\t\t\t\t\t<\/div>\n\t\t\t\t<\/div>\n\t\t<div class=\"elementor-element elementor-element-254c14b e-flex e-con-boxed e-con e-parent\" data-id=\"254c14b\" data-element_type=\"container\" data-e-type=\"container\">\n\t\t\t\t\t<div class=\"e-con-inner\">\n\t\t<div class=\"elementor-element elementor-element-f192282 e-con-full e-flex e-con e-child\" data-id=\"f192282\" data-element_type=\"container\" data-e-type=\"container\">\n\t\t\t\t<div class=\"elementor-element elementor-element-2a4fb72 elementor-widget elementor-widget-image\" data-id=\"2a4fb72\" data-element_type=\"widget\" data-e-type=\"widget\" data-widget_type=\"image.default\">\n\t\t\t\t<div class=\"elementor-widget-container\">\n\t\t\t\t\t\t\t\t\t\t\t\t\t\t\t<img decoding=\"async\" width=\"800\" height=\"800\" src=\"https:\/\/www.foretdesainthubert-accessible.be\/wp-content\/uploads\/2024\/04\/telephone.webp\" class=\"attachment-large size-large wp-image-553\" alt=\"Pictogramme t\u00e9l\u00e9phone\" srcset=\"https:\/\/www.foretdesainthubert-accessible.be\/wp-content\/uploads\/2024\/04\/telephone.webp 1024w, https:\/\/www.foretdesainthubert-accessible.be\/wp-content\/uploads\/2024\/04\/telephone-300x300.webp 300w, https:\/\/www.foretdesainthubert-accessible.be\/wp-content\/uploads\/2024\/04\/telephone-150x150.webp 150w, https:\/\/www.foretdesainthubert-accessible.be\/wp-content\/uploads\/2024\/04\/telephone-768x768.webp 768w\" sizes=\"(max-width: 800px) 100vw, 800px\" \/>\t\t\t\t\t\t\t\t\t\t\t\t\t\t\t<\/div>\n\t\t\t\t<\/div>\n\t\t\t\t<\/div>\n\t\t<div class=\"elementor-element elementor-element-60a7b51 e-con-full e-flex e-con e-child\" data-id=\"60a7b51\" data-element_type=\"container\" data-e-type=\"container\">\n\t\t\t\t<div class=\"elementor-element elementor-element-e07bd30 elementor-widget elementor-widget-text-editor\" data-id=\"e07bd30\" data-element_type=\"widget\" data-e-type=\"widget\" data-widget_type=\"text-editor.default\">\n\t\t\t\t<div class=\"elementor-widget-container\">\n\t\t\t\t\t\t\t\t\t<p>Reservierungen k\u00f6nnen telefonisch oder per E-Mail vorgenommen werden.<\/p>\n<p>Sie k\u00f6nnen unter 084 45 53 54 anrufen.<\/p>\n\t\t\t\t\t\t\t\t<\/div>\n\t\t\t\t<\/div>\n\t\t\t\t<\/div>\n\t\t\t\t\t<\/div>\n\t\t\t\t<\/div>\n\t\t<div class=\"elementor-element elementor-element-b4a69ef e-flex e-con-boxed e-con e-parent\" data-id=\"b4a69ef\" data-element_type=\"container\" data-e-type=\"container\">\n\t\t\t\t\t<div class=\"e-con-inner\">\n\t\t<div class=\"elementor-element elementor-element-3ef684b e-con-full e-flex e-con e-child\" data-id=\"3ef684b\" data-element_type=\"container\" data-e-type=\"container\">\n\t\t\t\t<div class=\"elementor-element elementor-element-0b10d96 elementor-widget elementor-widget-image\" data-id=\"0b10d96\" data-element_type=\"widget\" data-e-type=\"widget\" data-widget_type=\"image.default\">\n\t\t\t\t<div class=\"elementor-widget-container\">\n\t\t\t\t\t\t\t\t\t\t\t\t\t\t\t<img decoding=\"async\" width=\"800\" height=\"800\" src=\"https:\/\/www.foretdesainthubert-accessible.be\/wp-content\/uploads\/2024\/04\/mail-1024x1024.png\" class=\"attachment-large size-large wp-image-873\" alt=\"Pictogramme e-mail\" srcset=\"https:\/\/www.foretdesainthubert-accessible.be\/wp-content\/uploads\/2024\/04\/mail-1024x1024.png 1024w, https:\/\/www.foretdesainthubert-accessible.be\/wp-content\/uploads\/2024\/04\/mail-300x300.png 300w, https:\/\/www.foretdesainthubert-accessible.be\/wp-content\/uploads\/2024\/04\/mail-150x150.png 150w, https:\/\/www.foretdesainthubert-accessible.be\/wp-content\/uploads\/2024\/04\/mail-768x768.png 768w, https:\/\/www.foretdesainthubert-accessible.be\/wp-content\/uploads\/2024\/04\/mail.png 1280w\" sizes=\"(max-width: 800px) 100vw, 800px\" \/>\t\t\t\t\t\t\t\t\t\t\t\t\t\t\t<\/div>\n\t\t\t\t<\/div>\n\t\t\t\t<\/div>\n\t\t<div class=\"elementor-element elementor-element-63f4e67 e-con-full e-flex e-con e-child\" data-id=\"63f4e67\" data-element_type=\"container\" data-e-type=\"container\">\n\t\t\t\t<div class=\"elementor-element elementor-element-a8f2cb4 elementor-widget elementor-widget-text-editor\" data-id=\"a8f2cb4\" data-element_type=\"widget\" data-e-type=\"widget\" data-widget_type=\"text-editor.default\">\n\t\t\t\t<div class=\"elementor-widget-container\">\n\t\t\t\t\t\t\t\t\t<p>Sie k\u00f6nnen eine E-Mail an die Adresse myriam.hesbois@skynet.be schicken.<\/p>\n\t\t\t\t\t\t\t\t<\/div>\n\t\t\t\t<\/div>\n\t\t\t\t<\/div>\n\t\t\t\t\t<\/div>\n\t\t\t\t<\/div>\n\t\t<div class=\"elementor-element elementor-element-42cdbd1 e-flex e-con-boxed e-con e-parent\" data-id=\"42cdbd1\" data-element_type=\"container\" data-e-type=\"container\">\n\t\t\t\t\t<div class=\"e-con-inner\">\n\t\t<div class=\"elementor-element elementor-element-8783edb e-con-full e-flex e-con e-child\" data-id=\"8783edb\" data-element_type=\"container\" data-e-type=\"container\">\n\t\t\t\t<div class=\"elementor-element elementor-element-9760581 elementor-widget elementor-widget-image\" data-id=\"9760581\" data-element_type=\"widget\" data-e-type=\"widget\" data-widget_type=\"image.default\">\n\t\t\t\t<div class=\"elementor-widget-container\">\n\t\t\t\t\t\t\t\t\t\t\t\t\t\t\t<img loading=\"lazy\" decoding=\"async\" width=\"800\" height=\"800\" src=\"https:\/\/www.foretdesainthubert-accessible.be\/wp-content\/uploads\/2024\/04\/reservation.webp\" class=\"attachment-large size-large wp-image-549\" alt=\"Pictogramme calendrier\" srcset=\"https:\/\/www.foretdesainthubert-accessible.be\/wp-content\/uploads\/2024\/04\/reservation.webp 1024w, https:\/\/www.foretdesainthubert-accessible.be\/wp-content\/uploads\/2024\/04\/reservation-300x300.webp 300w, https:\/\/www.foretdesainthubert-accessible.be\/wp-content\/uploads\/2024\/04\/reservation-150x150.webp 150w, https:\/\/www.foretdesainthubert-accessible.be\/wp-content\/uploads\/2024\/04\/reservation-768x768.webp 768w\" sizes=\"(max-width: 800px) 100vw, 800px\" \/>\t\t\t\t\t\t\t\t\t\t\t\t\t\t\t<\/div>\n\t\t\t\t<\/div>\n\t\t\t\t<\/div>\n\t\t<div class=\"elementor-element elementor-element-f4af1c7 e-con-full e-flex e-con e-child\" data-id=\"f4af1c7\" data-element_type=\"container\" data-e-type=\"container\">\n\t\t\t\t<div class=\"elementor-element elementor-element-68cf8f7 elementor-widget elementor-widget-text-editor\" data-id=\"68cf8f7\" data-element_type=\"widget\" data-e-type=\"widget\" data-widget_type=\"text-editor.default\">\n\t\t\t\t<div class=\"elementor-widget-container\">\n\t\t\t\t\t\t\t\t\t<p>Die alte Schule in Laneuville-au-Bois kann nur nach vorheriger Absprache besichtigt werden.<\/p>\n<p>Die Dauer des Besuchs h\u00e4ngt vom Interesse der Teilnehmer ab.<br \/>Rechnen Sie mit etwa einer Stunde.<\/p>\n\t\t\t\t\t\t\t\t<\/div>\n\t\t\t\t<\/div>\n\t\t\t\t<\/div>\n\t\t\t\t\t<\/div>\n\t\t\t\t<\/div>\n\t\t<div class=\"elementor-element elementor-element-b4fd4a7 e-flex e-con-boxed e-con e-parent\" data-id=\"b4fd4a7\" data-element_type=\"container\" data-e-type=\"container\">\n\t\t\t\t\t<div class=\"e-con-inner\">\n\t\t<div class=\"elementor-element elementor-element-098489f e-con-full e-flex e-con e-child\" data-id=\"098489f\" data-element_type=\"container\" data-e-type=\"container\">\n\t\t\t\t<div class=\"elementor-element elementor-element-29ea0ae elementor-widget elementor-widget-image\" data-id=\"29ea0ae\" data-element_type=\"widget\" data-e-type=\"widget\" data-widget_type=\"image.default\">\n\t\t\t\t<div class=\"elementor-widget-container\">\n\t\t\t\t\t\t\t\t\t\t\t\t\t\t\t<img loading=\"lazy\" decoding=\"async\" width=\"800\" height=\"800\" src=\"https:\/\/www.foretdesainthubert-accessible.be\/wp-content\/uploads\/2024\/04\/parking-1024x1024-1.webp\" class=\"attachment-large size-large wp-image-682\" alt=\"Pictogramme parking\" srcset=\"https:\/\/www.foretdesainthubert-accessible.be\/wp-content\/uploads\/2024\/04\/parking-1024x1024-1.webp 1024w, https:\/\/www.foretdesainthubert-accessible.be\/wp-content\/uploads\/2024\/04\/parking-1024x1024-1-300x300.webp 300w, https:\/\/www.foretdesainthubert-accessible.be\/wp-content\/uploads\/2024\/04\/parking-1024x1024-1-150x150.webp 150w, https:\/\/www.foretdesainthubert-accessible.be\/wp-content\/uploads\/2024\/04\/parking-1024x1024-1-768x768.webp 768w\" sizes=\"(max-width: 800px) 100vw, 800px\" \/>\t\t\t\t\t\t\t\t\t\t\t\t\t\t\t<\/div>\n\t\t\t\t<\/div>\n\t\t\t\t<\/div>\n\t\t<div class=\"elementor-element elementor-element-36efcba e-con-full e-flex e-con e-child\" data-id=\"36efcba\" data-element_type=\"container\" data-e-type=\"container\">\n\t\t\t\t<div class=\"elementor-element elementor-element-80b8755 elementor-widget elementor-widget-text-editor\" data-id=\"80b8755\" data-element_type=\"widget\" data-e-type=\"widget\" data-widget_type=\"text-editor.default\">\n\t\t\t\t<div class=\"elementor-widget-container\">\n\t\t\t\t\t\t\t\t\t<p>Es gibt drei Parkpl\u00e4tze in der N\u00e4he deshemaligen Klassenzimmers.<\/p>\n<p>Au\u00dferdem gibt es auf Anfrage einen Parkplatz f\u00fcr Menschen mit Behinderungen im Hof auf dem Grundst\u00fcck der Eigent\u00fcmer.<br \/>Der Stellplatz ist eben und durch eine niedrige Mauer gesichert.<\/p>\n\t\t\t\t\t\t\t\t<\/div>\n\t\t\t\t<\/div>\n\t\t\t\t<\/div>\n\t\t\t\t\t<\/div>\n\t\t\t\t<\/div>\n\t\t<div class=\"elementor-element elementor-element-0b569e4 e-flex e-con-boxed e-con e-parent\" data-id=\"0b569e4\" data-element_type=\"container\" data-e-type=\"container\">\n\t\t\t\t\t<div class=\"e-con-inner\">\n\t\t<div class=\"elementor-element elementor-element-d7b8651 e-con-full e-flex e-con e-child\" data-id=\"d7b8651\" data-element_type=\"container\" data-e-type=\"container\">\n\t\t\t\t<div class=\"elementor-element elementor-element-336b92f elementor-widget elementor-widget-image\" data-id=\"336b92f\" data-element_type=\"widget\" data-e-type=\"widget\" data-widget_type=\"image.default\">\n\t\t\t\t<div class=\"elementor-widget-container\">\n\t\t\t\t\t\t\t\t\t\t\t\t\t\t\t<img loading=\"lazy\" decoding=\"async\" width=\"800\" height=\"676\" src=\"https:\/\/www.foretdesainthubert-accessible.be\/wp-content\/uploads\/2024\/04\/toilette-pmr.webp\" class=\"attachment-large size-large wp-image-564\" alt=\"Pictogramme toilette PMR\" srcset=\"https:\/\/www.foretdesainthubert-accessible.be\/wp-content\/uploads\/2024\/04\/toilette-pmr.webp 1024w, https:\/\/www.foretdesainthubert-accessible.be\/wp-content\/uploads\/2024\/04\/toilette-pmr-300x253.webp 300w, https:\/\/www.foretdesainthubert-accessible.be\/wp-content\/uploads\/2024\/04\/toilette-pmr-768x649.webp 768w\" sizes=\"(max-width: 800px) 100vw, 800px\" \/>\t\t\t\t\t\t\t\t\t\t\t\t\t\t\t<\/div>\n\t\t\t\t<\/div>\n\t\t\t\t<\/div>\n\t\t<div class=\"elementor-element elementor-element-e9b83f7 e-con-full e-flex e-con e-child\" data-id=\"e9b83f7\" data-element_type=\"container\" data-e-type=\"container\">\n\t\t\t\t<div class=\"elementor-element elementor-element-2d3de96 elementor-widget elementor-widget-text-editor\" data-id=\"2d3de96\" data-element_type=\"widget\" data-e-type=\"widget\" data-widget_type=\"text-editor.default\">\n\t\t\t\t<div class=\"elementor-widget-container\">\n\t\t\t\t\t\t\t\t\t<p>Es gibt keine PMR-Toilette.<\/p>\n\t\t\t\t\t\t\t\t<\/div>\n\t\t\t\t<\/div>\n\t\t\t\t<\/div>\n\t\t\t\t\t<\/div>\n\t\t\t\t<\/div>\n\t\t<div class=\"elementor-element elementor-element-0c1fef7 e-flex e-con-boxed e-con e-parent\" data-id=\"0c1fef7\" data-element_type=\"container\" data-e-type=\"container\">\n\t\t\t\t\t<div class=\"e-con-inner\">\n\t\t<div class=\"elementor-element elementor-element-a9d6031 e-con-full e-flex e-con e-child\" data-id=\"a9d6031\" data-element_type=\"container\" data-e-type=\"container\">\n\t\t\t\t<div class=\"elementor-element elementor-element-60a2779 elementor-widget elementor-widget-image\" data-id=\"60a2779\" data-element_type=\"widget\" data-e-type=\"widget\" data-widget_type=\"image.default\">\n\t\t\t\t<div class=\"elementor-widget-container\">\n\t\t\t\t\t\t\t\t\t\t\t\t\t\t\t<img loading=\"lazy\" decoding=\"async\" width=\"752\" height=\"1024\" src=\"https:\/\/www.foretdesainthubert-accessible.be\/wp-content\/uploads\/2024\/04\/20240403-Autocollant-chien-dassistance-1080x1920-px-ep-752x1024.png\" class=\"attachment-large size-large wp-image-653\" alt=\"Pictogramme chiens d&#039;assistance admis\" srcset=\"https:\/\/www.foretdesainthubert-accessible.be\/wp-content\/uploads\/2024\/04\/20240403-Autocollant-chien-dassistance-1080x1920-px-ep-752x1024.png 752w, https:\/\/www.foretdesainthubert-accessible.be\/wp-content\/uploads\/2024\/04\/20240403-Autocollant-chien-dassistance-1080x1920-px-ep-220x300.png 220w, https:\/\/www.foretdesainthubert-accessible.be\/wp-content\/uploads\/2024\/04\/20240403-Autocollant-chien-dassistance-1080x1920-px-ep-768x1046.png 768w, https:\/\/www.foretdesainthubert-accessible.be\/wp-content\/uploads\/2024\/04\/20240403-Autocollant-chien-dassistance-1080x1920-px-ep-1128x1536.png 1128w, https:\/\/www.foretdesainthubert-accessible.be\/wp-content\/uploads\/2024\/04\/20240403-Autocollant-chien-dassistance-1080x1920-px-ep.png 1410w\" sizes=\"(max-width: 752px) 100vw, 752px\" \/>\t\t\t\t\t\t\t\t\t\t\t\t\t\t\t<\/div>\n\t\t\t\t<\/div>\n\t\t\t\t<\/div>\n\t\t<div class=\"elementor-element elementor-element-eb6b0b6 e-con-full e-flex e-con e-child\" data-id=\"eb6b0b6\" data-element_type=\"container\" data-e-type=\"container\">\n\t\t\t\t<div class=\"elementor-element elementor-element-71cfc12 elementor-widget elementor-widget-text-editor\" data-id=\"71cfc12\" data-element_type=\"widget\" data-e-type=\"widget\" data-widget_type=\"text-editor.default\">\n\t\t\t\t<div class=\"elementor-widget-container\">\n\t\t\t\t\t\t\t\t\t<p>Assistenzhunde sind willkommen.<\/p>\n\t\t\t\t\t\t\t\t<\/div>\n\t\t\t\t<\/div>\n\t\t\t\t<\/div>\n\t\t\t\t\t<\/div>\n\t\t\t\t<\/div>\n\t\t<div class=\"elementor-element elementor-element-2009ba2 e-flex e-con-boxed e-con e-parent\" data-id=\"2009ba2\" data-element_type=\"container\" data-e-type=\"container\">\n\t\t\t\t\t<div class=\"e-con-inner\">\n\t\t<div class=\"elementor-element elementor-element-9846cd3 e-con-full e-flex e-con e-child\" data-id=\"9846cd3\" data-element_type=\"container\" data-e-type=\"container\">\n\t\t\t\t<div class=\"elementor-element elementor-element-6e6e3ce elementor-widget elementor-widget-image\" data-id=\"6e6e3ce\" data-element_type=\"widget\" data-e-type=\"widget\" data-widget_type=\"image.default\">\n\t\t\t\t<div class=\"elementor-widget-container\">\n\t\t\t\t\t\t\t\t\t\t\t\t\t\t\t<img loading=\"lazy\" decoding=\"async\" width=\"800\" height=\"696\" src=\"https:\/\/www.foretdesainthubert-accessible.be\/wp-content\/uploads\/2024\/04\/aide-1024x891-1.webp\" class=\"attachment-large size-large wp-image-568\" alt=\"\" srcset=\"https:\/\/www.foretdesainthubert-accessible.be\/wp-content\/uploads\/2024\/04\/aide-1024x891-1.webp 1024w, https:\/\/www.foretdesainthubert-accessible.be\/wp-content\/uploads\/2024\/04\/aide-1024x891-1-300x261.webp 300w, https:\/\/www.foretdesainthubert-accessible.be\/wp-content\/uploads\/2024\/04\/aide-1024x891-1-768x668.webp 768w\" sizes=\"(max-width: 800px) 100vw, 800px\" \/>\t\t\t\t\t\t\t\t\t\t\t\t\t\t\t<\/div>\n\t\t\t\t<\/div>\n\t\t\t\t<\/div>\n\t\t<div class=\"elementor-element elementor-element-350e44c e-con-full e-flex e-con e-child\" data-id=\"350e44c\" data-element_type=\"container\" data-e-type=\"container\">\n\t\t\t\t<div class=\"elementor-element elementor-element-3ea318f elementor-widget elementor-widget-text-editor\" data-id=\"3ea318f\" data-element_type=\"widget\" data-e-type=\"widget\" data-widget_type=\"text-editor.default\">\n\t\t\t\t<div class=\"elementor-widget-container\">\n\t\t\t\t\t\t\t\t\t<p>Myriam, die Eigent\u00fcmerin, ist f\u00fcr den Empfang von Menschen mit Behinderungen sensibilisiert.<\/p>\n<p>Myriam, die Eigent\u00fcmerin, ist f\u00fcr den Empfang von Menschen mit Behinderungen sensibilisiert.<\/p>\n\t\t\t\t\t\t\t\t<\/div>\n\t\t\t\t<\/div>\n\t\t\t\t<\/div>\n\t\t\t\t\t<\/div>\n\t\t\t\t<\/div>\n\t\t<div class=\"elementor-element elementor-element-7baa9ad e-flex e-con-boxed e-con e-parent\" data-id=\"7baa9ad\" data-element_type=\"container\" data-e-type=\"container\">\n\t\t\t\t\t<div class=\"e-con-inner\">\n\t\t\t\t<div class=\"elementor-element elementor-element-f028a3a elementor-widget elementor-widget-heading\" data-id=\"f028a3a\" data-element_type=\"widget\" data-e-type=\"widget\" data-widget_type=\"heading.default\">\n\t\t\t\t<div class=\"elementor-widget-container\">\n\t\t\t\t\t<h2 class=\"elementor-heading-title elementor-size-default\">N\u00fctzliche Informationen<\/h2>\t\t\t\t<\/div>\n\t\t\t\t<\/div>\n\t\t\t\t\t<\/div>\n\t\t\t\t<\/div>\n\t\t<div class=\"elementor-element elementor-element-556bb6b e-flex e-con-boxed e-con e-parent\" data-id=\"556bb6b\" data-element_type=\"container\" data-e-type=\"container\">\n\t\t\t\t\t<div class=\"e-con-inner\">\n\t\t\t\t<div class=\"elementor-element elementor-element-23cf78a elementor-widget elementor-widget-text-editor\" data-id=\"23cf78a\" data-element_type=\"widget\" data-e-type=\"widget\" data-widget_type=\"text-editor.default\">\n\t\t\t\t<div class=\"elementor-widget-container\">\n\t\t\t\t\t\t\t\t\t<p>Zugang zum Geb\u00e4ude:<\/p>\n<ul>\n<li>Der Haupteingang des Museums ist f\u00fcr Rollstuhlfahrer nicht selbstst\u00e4ndig zug\u00e4nglich, da es einige Stufen gibt und der T\u00fcrdurchgang f\u00fcr einige Rollst\u00fchle zu schmal ist.<\/li>\n<li>Der T\u00fcrdurchgang ist 84 cm breit.<\/li>\n<\/ul>\n<p>In der alten Schule:<\/p>\n<ul>\n<li>Das ehemalige Klassenzimmer ist auf einer Etage eingerichtet.<\/li>\n<li>Im Klassenzimmer gibt es Sitzgelegenheiten.<\/li>\n<li>Neonr\u00f6hren beleuchten das Klassenzimmer.<br \/>\nSensible Menschen und\/oder Menschen mit Autismus k\u00f6nnen sich durch diese Art der Beleuchtung gest\u00f6rt f\u00fchlen.<\/li>\n<li>Die Tafeln sind gro\u00df und gut lesbar.<br \/>\nDie auf den Tafeln wiedergegebenen Informationen sind auf Franz\u00f6sisch.<\/li>\n<li>Die F\u00fchrungen sind auf die Besonderheiten von Menschen mit Behinderungen (Blinde, Menschen mit geistiger Behinderung und Menschen mit Autismus) abgestimmt.<\/li>\n<li>Im Klassenzimmer befinden sich zahlreiche Objekte, die abwechselnd die Sinne (Ber\u00fchren, Sehen, Riechen, H\u00f6ren) ansprechen, da Animationen wie das Schreiben mit der Feder, mit violetter Tinte oder mit dem Finger auf der Schiefertafel angeboten werden.<\/li>\n<li>Es gibt viele Gegenst\u00e4nde zum Anfassen.<\/li>\n<li>Es gibt keine organisierten F\u00fchrungen in der franz\u00f6sischsprachigen Geb\u00e4rdensprache Belgiens.<\/li>\n<\/ul>\n\t\t\t\t\t\t\t\t<\/div>\n\t\t\t\t<\/div>\n\t\t\t\t\t<\/div>\n\t\t\t\t<\/div>\n\t\t<div class=\"elementor-element elementor-element-0b8931c e-flex e-con-boxed e-con e-parent\" data-id=\"0b8931c\" data-element_type=\"container\" data-e-type=\"container\">\n\t\t\t\t\t<div class=\"e-con-inner\">\n\t\t<div class=\"elementor-element elementor-element-66961fc e-con-full e-flex e-con e-child\" data-id=\"66961fc\" data-element_type=\"container\" data-e-type=\"container\">\n\t\t\t\t<div class=\"elementor-element elementor-element-17ff7d2 elementor-widget elementor-widget-image\" data-id=\"17ff7d2\" data-element_type=\"widget\" data-e-type=\"widget\" data-widget_type=\"image.default\">\n\t\t\t\t<div class=\"elementor-widget-container\">\n\t\t\t\t\t\t\t\t\t\t\t\t\t\t\t<img loading=\"lazy\" decoding=\"async\" width=\"150\" height=\"150\" src=\"https:\/\/www.foretdesainthubert-accessible.be\/wp-content\/uploads\/2024\/04\/falc-150x150.webp\" class=\"attachment-thumbnail size-thumbnail wp-image-628\" alt=\"\" srcset=\"https:\/\/www.foretdesainthubert-accessible.be\/wp-content\/uploads\/2024\/04\/falc-150x150.webp 150w, https:\/\/www.foretdesainthubert-accessible.be\/wp-content\/uploads\/2024\/04\/falc-300x300.webp 300w, https:\/\/www.foretdesainthubert-accessible.be\/wp-content\/uploads\/2024\/04\/falc-768x768.webp 768w, https:\/\/www.foretdesainthubert-accessible.be\/wp-content\/uploads\/2024\/04\/falc.webp 1024w\" sizes=\"(max-width: 150px) 100vw, 150px\" \/>\t\t\t\t\t\t\t\t\t\t\t\t\t\t\t<\/div>\n\t\t\t\t<\/div>\n\t\t\t\t<\/div>\n\t\t<div class=\"elementor-element elementor-element-b9b789f e-con-full e-flex e-con e-child\" data-id=\"b9b789f\" data-element_type=\"container\" data-e-type=\"container\">\n\t\t\t\t<div class=\"elementor-element elementor-element-bebc860 elementor-widget elementor-widget-heading\" data-id=\"bebc860\" data-element_type=\"widget\" data-e-type=\"widget\" data-widget_type=\"heading.default\">\n\t\t\t\t<div class=\"elementor-widget-container\">\n\t\t\t\t\t<h3 class=\"elementor-heading-title elementor-size-default\">Leicht zu lesen und zu verstehen<\/h3>\t\t\t\t<\/div>\n\t\t\t\t<\/div>\n\t\t\t\t<\/div>\n\t\t\t\t\t<\/div>\n\t\t\t\t<\/div>\n\t\t<div class=\"elementor-element elementor-element-ec6c30d e-flex e-con-boxed e-con e-parent\" data-id=\"ec6c30d\" data-element_type=\"container\" data-e-type=\"container\">\n\t\t\t\t\t<div class=\"e-con-inner\">\n\t\t\t\t<div class=\"elementor-element elementor-element-6408a00 elementor-widget elementor-widget-text-editor\" data-id=\"6408a00\" data-element_type=\"widget\" data-e-type=\"widget\" data-widget_type=\"text-editor.default\">\n\t\t\t\t<div class=\"elementor-widget-container\">\n\t\t\t\t\t\t\t\t\t<p>Dieser Text ist in Leicht Lesen und Verstehen geschrieben.<\/p>\n<p>Die F\u00fchrungen sind f\u00fcr blinde Menschen, Menschen mit Verst\u00e4ndnisschwierigkeiten und Menschen mit Autismus geeignet.<br \/>Das bedeutet, dass Myriam erkl\u00e4rt, damit die Personen die Erkl\u00e4rungen gut verstehen.<br \/>F\u00fcr geh\u00f6rlose Menschen gibt es keine F\u00fchrungen in Geb\u00e4rdensprache.<br \/>Geh\u00f6rlose Personen sind Personen, die nicht h\u00f6ren k\u00f6nnen.<\/p>\n<p>Die Parkpl\u00e4tze:<\/p>\n<p>Es gibt drei Parkpl\u00e4tze.<\/p>\n<p>Es gibt auch einen Parkplatz auf dem Hof der alten Schule.<br \/>Sie m\u00fcssen fragen, um auf diesem Parkplatz parken zu d\u00fcrfen.<br \/>Der Parkplatz ist flach und es gibt eine niedrige Mauer rundherum.<\/p>\n<p>Das Geb\u00e4ude betreten:<\/p>\n<ul>\n<li>Rollst\u00fchle k\u00f6nnen die Alte Schule nicht betreten, da der Eingang zu klein ist.<\/li>\n<li>Myriam ist die Person, die Sie durch das Klassenzimmer f\u00fchrt.<\/li>\n<li>Myriam l\u00e4utet die Glocke, bevor sie eintritt.<br \/>\nDu musst Myriam sagen, wenn du die Glockenger\u00e4usche nicht magst.<\/li>\n<\/ul>\n<p><strong><br \/>\n<\/strong>Innerhalb des Geb\u00e4udes:<\/p>\n<ul>\n<li>Das Klassenzimmer befindet sich in einem gro\u00dfen Raum.<\/li>\n<li>Im Klassenzimmer gibt es St\u00fchle und B\u00e4nke zum Sitzen.<\/li>\n<li>Die Lampen im Klassenzimmer sind Neonr\u00f6hren.<br \/>\nDiese Lampen machen ein starkes Licht, das ein bisschen zittert.<br \/>\nManche Menschen m\u00f6gen diese Lampen nicht, weil sie ihnen weh tun.<\/li>\n<li>Im Klassenzimmer gibt es gro\u00dfe Tafeln mit Fotos und Texten.<br \/>\nDie Tafeln sind auf Franz\u00f6sisch.<\/li>\n<li>Es gibt auch einige Gegenst\u00e4nde im Klassenzimmer.<\/li>\n<li>Myriam zeigt Ihnen alte Gegenst\u00e4nde und Sie d\u00fcrfen sie anfassen.<\/li>\n<li>Es gibt Gegenst\u00e4nde, die Sie benutzen k\u00f6nnen:\n<ul>\n<li>mit einer Feder schreiben.<\/li>\n<li>auf einer Schreibmaschine tippen.<\/li>\n<li>auf einer Schiefertafel schreiben.<br \/>\nEine Schiefertafel ist eine kleine schwarze oder gr\u00fcne Tafel zum Schreiben.<\/li>\n<\/ul>\n<p><\/li>\n<p> \t<\/p>\n<li>Myriam sagt dir, welchen Gegenstand du nicht ber\u00fchren darfst, weil sie zerbrechlich sind.<\/li>\n<p><\/ul>\n\t\t\t\t\t\t\t\t<\/div>\n\t\t\t\t<\/div>\n\t\t\t\t\t<\/div>\n\t\t\t\t<\/div>\n\t\t<div class=\"elementor-element elementor-element-cf04dfa e-flex e-con-boxed e-con e-parent\" data-id=\"cf04dfa\" data-element_type=\"container\" data-e-type=\"container\">\n\t\t\t\t\t<div class=\"e-con-inner\">\n\t\t\t\t<div class=\"elementor-element elementor-element-ee79dad elementor-widget elementor-widget-heading\" data-id=\"ee79dad\" data-element_type=\"widget\" data-e-type=\"widget\" data-widget_type=\"heading.default\">\n\t\t\t\t<div class=\"elementor-widget-container\">\n\t\t\t\t\t<h2 class=\"elementor-heading-title elementor-size-default\">Fotos vom Eingang<\/h2>\t\t\t\t<\/div>\n\t\t\t\t<\/div>\n\t\t\t\t\t<\/div>\n\t\t\t\t<\/div>\n\t\t<div class=\"elementor-element elementor-element-a9d5185 e-grid e-con-boxed e-con e-parent\" data-id=\"a9d5185\" data-element_type=\"container\" data-e-type=\"container\">\n\t\t\t\t\t<div class=\"e-con-inner\">\n\t\t\t\t<div class=\"elementor-element elementor-element-a4c1cab elementor-widget elementor-widget-image\" data-id=\"a4c1cab\" data-element_type=\"widget\" data-e-type=\"widget\" data-widget_type=\"image.default\">\n\t\t\t\t<div class=\"elementor-widget-container\">\n\t\t\t\t\t\t\t\t\t\t\t\t\t\t\t<img loading=\"lazy\" decoding=\"async\" width=\"800\" height=\"600\" src=\"https:\/\/www.foretdesainthubert-accessible.be\/wp-content\/uploads\/2024\/05\/ancienne-ecole-laneuvilleaubois-1.jpg\" class=\"attachment-large size-large wp-image-1748\" alt=\"\" \/>\t\t\t\t\t\t\t\t\t\t\t\t\t\t\t<\/div>\n\t\t\t\t<\/div>\n\t\t\t\t<div class=\"elementor-element elementor-element-5ed0367 elementor-widget elementor-widget-image\" data-id=\"5ed0367\" data-element_type=\"widget\" data-e-type=\"widget\" data-widget_type=\"image.default\">\n\t\t\t\t<div class=\"elementor-widget-container\">\n\t\t\t\t\t\t\t\t\t\t\t\t\t\t\t<img loading=\"lazy\" decoding=\"async\" width=\"800\" height=\"600\" src=\"https:\/\/www.foretdesainthubert-accessible.be\/wp-content\/uploads\/2024\/05\/ancienne-ecole-laneuvilleaubois-1.webp\" class=\"attachment-large size-large wp-image-1752\" alt=\"\" \/>\t\t\t\t\t\t\t\t\t\t\t\t\t\t\t<\/div>\n\t\t\t\t<\/div>\n\t\t\t\t<div class=\"elementor-element elementor-element-dd176d5 elementor-widget elementor-widget-image\" data-id=\"dd176d5\" data-element_type=\"widget\" data-e-type=\"widget\" data-widget_type=\"image.default\">\n\t\t\t\t<div class=\"elementor-widget-container\">\n\t\t\t\t\t\t\t\t\t\t\t\t\t\t\t<img loading=\"lazy\" decoding=\"async\" width=\"800\" height=\"600\" src=\"https:\/\/www.foretdesainthubert-accessible.be\/wp-content\/uploads\/2024\/05\/ancienne-ecole-laneuvilleaubois-2.webp\" class=\"attachment-large size-large wp-image-1756\" alt=\"\" \/>\t\t\t\t\t\t\t\t\t\t\t\t\t\t\t<\/div>\n\t\t\t\t<\/div>\n\t\t\t\t\t<\/div>\n\t\t\t\t<\/div>\n\t\t<div class=\"elementor-element elementor-element-7ac7057 e-flex e-con-boxed e-con e-parent\" data-id=\"7ac7057\" data-element_type=\"container\" data-e-type=\"container\">\n\t\t\t\t\t<div class=\"e-con-inner\">\n\t\t\t\t<div class=\"elementor-element elementor-element-ddc7c35 elementor-widget elementor-widget-heading\" data-id=\"ddc7c35\" data-element_type=\"widget\" data-e-type=\"widget\" data-widget_type=\"heading.default\">\n\t\t\t\t<div class=\"elementor-widget-container\">\n\t\t\t\t\t<h2 class=\"elementor-heading-title elementor-size-default\">Fotos von innen<\/h2>\t\t\t\t<\/div>\n\t\t\t\t<\/div>\n\t\t\t\t\t<\/div>\n\t\t\t\t<\/div>\n\t\t<div class=\"elementor-element elementor-element-c42727c e-grid e-con-boxed e-con e-parent\" data-id=\"c42727c\" data-element_type=\"container\" data-e-type=\"container\">\n\t\t\t\t\t<div class=\"e-con-inner\">\n\t\t\t\t<div class=\"elementor-element elementor-element-7bc403f elementor-widget elementor-widget-image\" data-id=\"7bc403f\" data-element_type=\"widget\" data-e-type=\"widget\" data-widget_type=\"image.default\">\n\t\t\t\t<div class=\"elementor-widget-container\">\n\t\t\t\t\t\t\t\t\t\t\t\t\t\t\t<img loading=\"lazy\" decoding=\"async\" width=\"800\" height=\"600\" src=\"https:\/\/www.foretdesainthubert-accessible.be\/wp-content\/uploads\/2024\/05\/ancienne-ecole-laneuvilleaubois-4.webp\" class=\"attachment-large size-large wp-image-1760\" alt=\"\" \/>\t\t\t\t\t\t\t\t\t\t\t\t\t\t\t<\/div>\n\t\t\t\t<\/div>\n\t\t\t\t<div class=\"elementor-element elementor-element-655426a elementor-widget elementor-widget-image\" data-id=\"655426a\" data-element_type=\"widget\" data-e-type=\"widget\" data-widget_type=\"image.default\">\n\t\t\t\t<div class=\"elementor-widget-container\">\n\t\t\t\t\t\t\t\t\t\t\t\t\t\t\t<img loading=\"lazy\" decoding=\"async\" width=\"800\" height=\"600\" src=\"https:\/\/www.foretdesainthubert-accessible.be\/wp-content\/uploads\/2024\/05\/ancienne-ecole-laneuvilleaubois-5.webp\" class=\"attachment-large size-large wp-image-1764\" alt=\"\" \/>\t\t\t\t\t\t\t\t\t\t\t\t\t\t\t<\/div>\n\t\t\t\t<\/div>\n\t\t\t\t<div class=\"elementor-element elementor-element-0dd395d elementor-widget elementor-widget-image\" data-id=\"0dd395d\" data-element_type=\"widget\" data-e-type=\"widget\" data-widget_type=\"image.default\">\n\t\t\t\t<div class=\"elementor-widget-container\">\n\t\t\t\t\t\t\t\t\t\t\t\t\t\t\t<img loading=\"lazy\" decoding=\"async\" width=\"800\" height=\"600\" src=\"https:\/\/www.foretdesainthubert-accessible.be\/wp-content\/uploads\/2024\/05\/ancienne-ecole-laneuvilleaubois-7.webp\" class=\"attachment-large size-large wp-image-1768\" alt=\"\" \/>\t\t\t\t\t\t\t\t\t\t\t\t\t\t\t<\/div>\n\t\t\t\t<\/div>\n\t\t\t\t\t<\/div>\n\t\t\t\t<\/div>\n\t\t\t\t<\/div>\n\t\t","protected":false},"excerpt":{"rendered":"<p>Der alten Schule in Laneuville-au-bois In Zusammenarbeit mit All Access (Provinz Luxemburg) teilen wir Ihnen mit, dass dieser Besuchsort f\u00fcr Menschen mit Behinderungen zug\u00e4nglich ist: Personen mit Gehbehinderungen Personen mit Sehbehinderungen Personen mit geistiger Behinderung Personen mit Autismus Die Adresse lautet Laneuville-au-Bois 11, 6970 Tenneville. Die alte Schule von Laneuville wird auf Wallonisch auch Al [&hellip;]<\/p>\n","protected":false},"author":4,"featured_media":0,"parent":0,"menu_order":0,"comment_status":"closed","ping_status":"closed","template":"","meta":{"_seopress_robots_primary_cat":"","_seopress_titles_title":"Tourismus und Behinderung - Freizeit in Belgien (Wallonien)","_seopress_titles_desc":"Besuchen Sie das ehemalige Klassenzimmer des Dorfes Laneuville-au-Bois in der Gemeinde Tenneville. Entdecken Sie mit der Besitzerin die Schule von fr\u00fcher.","_seopress_robots_index":"","footnotes":""},"class_list":["post-3558","page","type-page","status-publish","hentry"],"_links":{"self":[{"href":"https:\/\/www.foretdesainthubert-accessible.be\/de\/wp-json\/wp\/v2\/pages\/3558","targetHints":{"allow":["GET"]}}],"collection":[{"href":"https:\/\/www.foretdesainthubert-accessible.be\/de\/wp-json\/wp\/v2\/pages"}],"about":[{"href":"https:\/\/www.foretdesainthubert-accessible.be\/de\/wp-json\/wp\/v2\/types\/page"}],"author":[{"embeddable":true,"href":"https:\/\/www.foretdesainthubert-accessible.be\/de\/wp-json\/wp\/v2\/users\/4"}],"replies":[{"embeddable":true,"href":"https:\/\/www.foretdesainthubert-accessible.be\/de\/wp-json\/wp\/v2\/comments?post=3558"}],"version-history":[{"count":5,"href":"https:\/\/www.foretdesainthubert-accessible.be\/de\/wp-json\/wp\/v2\/pages\/3558\/revisions"}],"predecessor-version":[{"id":8876,"href":"https:\/\/www.foretdesainthubert-accessible.be\/de\/wp-json\/wp\/v2\/pages\/3558\/revisions\/8876"}],"wp:attachment":[{"href":"https:\/\/www.foretdesainthubert-accessible.be\/de\/wp-json\/wp\/v2\/media?parent=3558"}],"curies":[{"name":"wp","href":"https:\/\/api.w.org\/{rel}","templated":true}]}}